{"id":5941,"date":"2017-05-10T13:49:46","date_gmt":"2017-05-10T13:49:46","guid":{"rendered":"https:\/\/neu.tropica-verde.de\/proyectos\/monte-alto\/"},"modified":"2025-10-19T18:58:50","modified_gmt":"2025-10-19T16:58:50","slug":"monte-alto","status":"publish","type":"page","link":"https:\/\/tropica-verde.de\/es\/proyectos\/monte-alto\/","title":{"rendered":"Monte Alto"},"content":{"rendered":"<p>[et_pb_section fb_built=\u00bb1&#8243; fullwidth=\u00bbon\u00bb _builder_version=\u00bb4.16&#8243; _module_preset=\u00bbdefault\u00bb min_height_tablet=\u00bb\u00bb min_height_phone=\u00bb\u00bb min_height_last_edited=\u00bbon|phone\u00bb saved_tabs=\u00bball\u00bb global_colors_info=\u00bb{}\u00bb][et_pb_fullwidth_header title=\u00bbRESERVA NATURAL MONTE ALTO\u00bb subhead=\u00bbLa deforestaci\u00f3n provoca escasez de agua en la regi\u00f3n\u00bb _builder_version=\u00bb4.23.1&#8243; _module_preset=\u00bbdefault\u00bb title_font=\u00bb|800|||||||\u00bb title_font_size=\u00bb70px\u00bb title_line_height=\u00bb0.8em\u00bb subhead_font=\u00bbSource Serif Pro Semibold||||||||\u00bb subhead_font_size=\u00bb36px\u00bb subhead_line_height=\u00bb1.2em\u00bb background_color=\u00bbrgba(0,13,53,0.24)\u00bb background_image=\u00bbhttps:\/\/tropica-verde.de\/wp-content\/uploads\/2022\/08\/Huegellandschaft_Monte_Alto-scaled.jpg\u00bb background_position=\u00bbtop_center\u00bb background_vertical_offset=\u00bb30%\u00bb background_blend=\u00bbmultiply\u00bb transform_translate_linked=\u00bboff\u00bb min_height=\u00bb464px\u00bb min_height_tablet=\u00bb\u00bb min_height_phone=\u00bb\u00bb min_height_last_edited=\u00bbon|desktop\u00bb custom_margin=\u00bb||||false|false\u00bb custom_padding=\u00bb180px||||false|false\u00bb custom_padding_tablet=\u00bb60px||||false|false\u00bb custom_padding_phone=\u00bb||||false|false\u00bb custom_padding_last_edited=\u00bbon|tablet\u00bb title_font_size_tablet=\u00bb56px\u00bb title_font_size_phone=\u00bb43px\u00bb title_font_size_last_edited=\u00bbon|desktop\u00bb subhead_font_size_tablet=\u00bb30px\u00bb subhead_font_size_phone=\u00bb24px\u00bb subhead_font_size_last_edited=\u00bbon|phone\u00bb global_colors_info=\u00bb{}\u00bb][\/et_pb_fullwidth_header][\/et_pb_section][et_pb_section fb_built=\u00bb1&#8243; _builder_version=\u00bb4.16&#8243; _module_preset=\u00bbdefault\u00bb custom_padding=\u00bb56px||85px|||\u00bb global_colors_info=\u00bb{}\u00bb][et_pb_row _builder_version=\u00bb4.16&#8243; _module_preset=\u00bbdefault\u00bb width=\u00bb65%\u00bb width_tablet=\u00bb\u00bb width_phone=\u00bb\u00bb width_last_edited=\u00bbon|desktop\u00bb custom_padding=\u00bb41px|||||\u00bb global_colors_info=\u00bb{}\u00bb][et_pb_column type=\u00bb4_4&#8243; _builder_version=\u00bb4.16&#8243; _module_preset=\u00bbdefault\u00bb global_colors_info=\u00bb{}\u00bb][et_pb_text _builder_version=\u00bb4.23.1&#8243; _module_preset=\u00bbdefault\u00bb header_font=\u00bb|600|||||||\u00bb header_text_color=\u00bb#006B46&#8243; header_font_size=\u00bb36px\u00bb header_2_font=\u00bb||||||||\u00bb header_2_text_color=\u00bb#006B46&#8243; header_2_font_size=\u00bb36px\u00bb header_2_line_height=\u00bb1.5em\u00bb header_font_size_tablet=\u00bb30px\u00bb header_font_size_phone=\u00bb24px\u00bb header_font_size_last_edited=\u00bbon|phone\u00bb header_2_font_size_tablet=\u00bb30px\u00bb header_2_font_size_phone=\u00bb24px\u00bb header_2_font_size_last_edited=\u00bbon|desktop\u00bb global_colors_info=\u00bb{}\u00bb]<\/p>\n<h2>La reforestaci\u00f3n se hizo necesaria<\/h2>\n<p>Originalmente, amplias zonas de la costa del Pac\u00edfico de Am\u00e9rica Central estaban cubiertas de bosques secos tropicales ricos en especies. Pero entre los a\u00f1os 30 y 80 se talaron casi por completo. Esto provoc\u00f3 una p\u00e9rdida de la biodiversidad natural y, durante la estaci\u00f3n seca anual, una dr\u00e1stica escasez de agua, ya que los r\u00edos se secaron.<\/p>\n<p>[\/et_pb_text][\/et_pb_column][\/et_pb_row][\/et_pb_section][et_pb_section fb_built=\u00bb1&#8243; _builder_version=\u00bb4.16&#8243; _module_preset=\u00bbdefault\u00bb background_color=\u00bb#b6d79f\u00bb custom_padding=\u00bb||50px|||\u00bb global_colors_info=\u00bb{}\u00bb][et_pb_row column_structure=\u00bb1_2,1_2&#8243; _builder_version=\u00bb4.23.1&#8243; _module_preset=\u00bbdefault\u00bb width=\u00bb65%\u00bb width_tablet=\u00bb\u00bb width_phone=\u00bb\u00bb width_last_edited=\u00bbon|phone\u00bb custom_margin_tablet=\u00bb|0px||0px|false|false\u00bb custom_margin_phone=\u00bb|0px||0px|false|false\u00bb custom_margin_last_edited=\u00bbon|phone\u00bb custom_css_main_element=\u00bbdisplay: flex;||align-items: center;\u00bb global_colors_info=\u00bb{}\u00bb custom_css_main_element_last_edited=\u00bbon|tablet\u00bb custom_css_main_element_tablet=\u00bbdisplay: block;\u00bb custom_css_main_element_phone=\u00bbdisplay: block;\u00bb][et_pb_column type=\u00bb1_2&#8243; _builder_version=\u00bb4.16&#8243; _module_preset=\u00bbdefault\u00bb global_colors_info=\u00bb{}\u00bb][et_pb_text _builder_version=\u00bb4.23.1&#8243; _module_preset=\u00bbdefault\u00bb header_text_color=\u00bb#006B46&#8243; header_2_font=\u00bb|700|||||||\u00bb header_2_text_color=\u00bb#006B46&#8243; header_2_font_size=\u00bb36px\u00bb header_2_line_height=\u00bb1.1em\u00bb header_2_font_size_tablet=\u00bb30px\u00bb header_2_font_size_phone=\u00bb24px\u00bb global_colors_info=\u00bb{}\u00bb]<\/p>\n<h2>La poblaci\u00f3n reacciona<\/h2>\n<p>S\u00f3lo la protecci\u00f3n de las zonas forestales restantes y la reforestaci\u00f3n en la cuenca del R\u00edo Nosara promet\u00edan revertir esta situaci\u00f3n. En 1992, los ciudadanos de Hojancha fundaron la organizaci\u00f3n local Fundaci\u00f3n Pro Reserva Forestal Monte Alto. Dos a\u00f1os m\u00e1s tarde, una cuenca de 924 hect\u00e1reas, en gran parte deforestada, fue designada zona protegida oficial. En 2022, m\u00e1s del 60 % de esta superficie se habr\u00e1 reforestado con bosque mixto natural. Los arroyos de la cabecera del r\u00edo Nosara vuelven a llevar agua todo el a\u00f1o, y la biodiversidad de la zona protegida aumenta constantemente. Un aspecto especial de este proyecto es la combinaci\u00f3n de protecci\u00f3n forestal y agricultura a peque\u00f1a escala (caf\u00e9 y naranjas), de modo que la conservaci\u00f3n de la naturaleza y las plantaciones frutales puedan coexistir.<\/p>\n<p>[\/et_pb_text][\/et_pb_column][et_pb_column type=\u00bb1_2&#8243; _builder_version=\u00bb4.16&#8243; _module_preset=\u00bbdefault\u00bb global_colors_info=\u00bb{}\u00bb][et_pb_image src=\u00bbhttps:\/\/tropica-verde.de\/wp-content\/uploads\/2022\/08\/kinder_monte_alto4.jpg\u00bb alt=\u00bbLos alumnos est\u00e1n orgullosos de su bosque plantado\u00bb title_text=\u00bbLos alumnos est\u00e1n orgullosos de su bosque plantado\u00bb _builder_version=\u00bb4.16&#8243; _module_preset=\u00bbdefault\u00bb custom_margin=\u00bb||1px|||\u00bb custom_padding=\u00bb||6px|||\u00bb global_colors_info=\u00bb{}\u00bb][\/et_pb_image][\/et_pb_column][\/et_pb_row][\/et_pb_section][et_pb_section fb_built=\u00bb1&#8243; _builder_version=\u00bb4.16&#8243; _module_preset=\u00bbdefault\u00bb custom_padding=\u00bb2px||4px|||\u00bb global_colors_info=\u00bb{}\u00bb][et_pb_row _builder_version=\u00bb4.16&#8243; _module_preset=\u00bbdefault\u00bb custom_padding=\u00bb3px|||||\u00bb global_colors_info=\u00bb{}\u00bb][et_pb_column type=\u00bb4_4&#8243; _builder_version=\u00bb4.16&#8243; _module_preset=\u00bbdefault\u00bb global_colors_info=\u00bb{}\u00bb][et_pb_divider show_divider=\u00bboff\u00bb _builder_version=\u00bb4.16&#8243; _module_preset=\u00bbdefault\u00bb global_colors_info=\u00bb{}\u00bb][\/et_pb_divider][\/et_pb_column][\/et_pb_row][\/et_pb_section][et_pb_section fb_built=\u00bb1&#8243; use_custom_gutter=\u00bbon\u00bb gutter_width=\u00bb1&#8243; specialty=\u00bbon\u00bb padding_top_1=\u00bb0px\u00bb padding_bottom_1=\u00bb0px\u00bb admin_label=\u00bbImage Gallery Section\u00bb module_class=\u00bb et_pb_specialty_fullwidth\u00bb _builder_version=\u00bb4.16&#8243; inner_width=\u00bb100%\u00bb inner_width_tablet=\u00bb100%\u00bb inner_width_phone=\u00bb\u00bb inner_width_last_edited=\u00bbon|desktop\u00bb inner_max_width=\u00bb100%\u00bb inner_max_width_tablet=\u00bb100%\u00bb inner_max_width_phone=\u00bb\u00bb inner_max_width_last_edited=\u00bbon|desktop\u00bb custom_padding=\u00bb0px|0px|0px|0px\u00bb make_fullwidth=\u00bbon\u00bb global_colors_info=\u00bb{}\u00bb][et_pb_column type=\u00bb1_2&#8243; _builder_version=\u00bb4.16&#8243; custom_padding=\u00bb|||\u00bb global_colors_info=\u00bb{}\u00bb custom_padding__hover=\u00bb|||\u00bb][et_pb_image src=\u00bbhttps:\/\/tropica-verde.de\/wp-content\/uploads\/2022\/08\/Bruellaffe2.jpg\u00bb alt=\u00bbLos peque\u00f1os monos aulladores se oyen por todo el valle. Pero es un rugido pac\u00edfico y s\u00f3lo est\u00e1n presumiendo: Este delicioso \u00e1rbol ya est\u00e1 ocupado por nosotros. \u00a1Para que no tengas que luchar!\u00bb title_text=\u00bbMono aullador\u00bb show_in_lightbox=\u00bbon\u00bb use_overlay=\u00bbon\u00bb overlay_icon_color=\u00bb#ffffff\u00bb hover_overlay_color=\u00bbrgba(0,0,0,0.3)\u00bb hover_icon=\u00bb&#x30;||divi||400&#8243; force_fullwidth=\u00bbon\u00bb align_tablet=\u00bbcenter\u00bb align_phone=\u00bb\u00bb align_last_edited=\u00bbon|desktop\u00bb _builder_version=\u00bb4.16&#8243; custom_margin=\u00bb|||\u00bb box_shadow_style=\u00bbpreset7&#8243; box_shadow_horizontal=\u00bb0px\u00bb box_shadow_vertical=\u00bb0px\u00bb box_shadow_spread=\u00bb8px\u00bb box_shadow_color=\u00bb#ffffff\u00bb locked=\u00bboff\u00bb global_colors_info=\u00bb{}\u00bb][\/et_pb_image][\/et_pb_column][et_pb_column type=\u00bb1_2&#8243; specialty_columns=\u00bb2&#8243; _builder_version=\u00bb4.16&#8243; custom_padding=\u00bb|||\u00bb global_colors_info=\u00bb{}\u00bb custom_padding__hover=\u00bb|||\u00bb][et_pb_row_inner _builder_version=\u00bb4.16&#8243; custom_padding=\u00bb0px|0px|0px|0px\u00bb global_colors_info=\u00bb{}\u00bb][et_pb_column_inner saved_specialty_column_type=\u00bb1_2&#8243; _builder_version=\u00bb4.16&#8243; custom_padding=\u00bb|||\u00bb global_colors_info=\u00bb{}\u00bb custom_padding__hover=\u00bb|||\u00bb][et_pb_image src=\u00bbhttps:\/\/tropica-verde.de\/wp-content\/uploads\/2022\/08\/Lodge-Monte-Alto-\u00a9-Stefan-Rother-Faunity-.jpg\u00bb alt=\u00bbEl Monte Alto Lodge es muy sencillo pero est\u00e1 situado en medio del bosque reforestado. Casi duermes en las copas de los \u00e1rboles.\u00bb title_text=\u00bbAlbergue Monte Alto\u00bb show_in_lightbox=\u00bbon\u00bb use_overlay=\u00bbon\u00bb overlay_icon_color=\u00bb#ffffff\u00bb hover_overlay_color=\u00bbrgba(0,0,0,0.3)\u00bb hover_icon=\u00bb&#x30;||divi||400&#8243; force_fullwidth=\u00bbon\u00bb align_tablet=\u00bbcenter\u00bb align_phone=\u00bb\u00bb align_last_edited=\u00bbon|desktop\u00bb _builder_version=\u00bb4.16&#8243; custom_margin=\u00bb|||\u00bb box_shadow_style=\u00bbpreset7&#8243; box_shadow_horizontal=\u00bb0px\u00bb box_shadow_vertical=\u00bb0px\u00bb box_shadow_spread=\u00bb8px\u00bb box_shadow_color=\u00bb#ffffff\u00bb locked=\u00bboff\u00bb global_colors_info=\u00bb{}\u00bb][\/et_pb_image][\/et_pb_column_inner][\/et_pb_row_inner][et_pb_row_inner column_structure=\u00bb1_2,1_2&#8243; use_custom_gutter=\u00bbon\u00bb gutter_width=\u00bb1&#8243; _builder_version=\u00bb4.16&#8243; custom_padding=\u00bb0px|0px|0px|0px\u00bb global_colors_info=\u00bb{}\u00bb][et_pb_column_inner type=\u00bb1_2&#8243; saved_specialty_column_type=\u00bb1_2&#8243; _builder_version=\u00bb4.16&#8243; custom_padding=\u00bb|||\u00bb global_colors_info=\u00bb{}\u00bb custom_padding__hover=\u00bb|||\u00bb][et_pb_image src=\u00bbhttps:\/\/tropica-verde.de\/wp-content\/uploads\/2023\/01\/Monte_alto_ameisenbaer.jpg\u00bb alt=\u00bbEl tamandua (peque\u00f1o oso hormiguero) en busca de su comida favorita\u00bb title_text=\u00bbEl tamandua (peque\u00f1o oso hormiguero) en busca de su comida favorita\u00bb show_in_lightbox=\u00bbon\u00bb use_overlay=\u00bbon\u00bb overlay_icon_color=\u00bb#ffffff\u00bb hover_overlay_color=\u00bbrgba(0,0,0,0.3)\u00bb hover_icon=\u00bb&#x30;||divi||400&#8243; force_fullwidth=\u00bbon\u00bb align_tablet=\u00bbcenter\u00bb align_phone=\u00bb\u00bb align_last_edited=\u00bbon|desktop\u00bb _builder_version=\u00bb4.16&#8243; custom_margin=\u00bb|||\u00bb box_shadow_style=\u00bbpreset7&#8243; box_shadow_horizontal=\u00bb0px\u00bb box_shadow_vertical=\u00bb0px\u00bb box_shadow_spread=\u00bb8px\u00bb box_shadow_color=\u00bb#ffffff\u00bb locked=\u00bboff\u00bb global_colors_info=\u00bb{}\u00bb][\/et_pb_image][\/et_pb_column_inner][et_pb_column_inner type=\u00bb1_2&#8243; saved_specialty_column_type=\u00bb1_2&#8243; _builder_version=\u00bb4.16&#8243; custom_padding=\u00bb|||\u00bb global_colors_info=\u00bb{}\u00bb custom_padding__hover=\u00bb|||\u00bb][et_pb_image src=\u00bbhttps:\/\/tropica-verde.de\/wp-content\/uploads\/2022\/08\/Miguel_Baumschule_Monte_Alto3.jpg\u00bb alt=\u00bbEl director del proyecto, Miguel M\u00e9ndez, con los arbolitos sanos de un vivero de Monte Alto.\u00bb title_text=\u00bbEl director del proyecto, Miguel M\u00e9ndez, con los arbolitos sanos de un vivero de Monte Alto.\u00bb show_in_lightbox=\u00bbon\u00bb use_overlay=\u00bbon\u00bb overlay_icon_color=\u00bb#ffffff\u00bb hover_overlay_color=\u00bbrgba(0,0,0,0.3)\u00bb hover_icon=\u00bb&#x30;||divi||400&#8243; force_fullwidth=\u00bbon\u00bb align_tablet=\u00bbcenter\u00bb align_phone=\u00bb\u00bb align_last_edited=\u00bbon|desktop\u00bb _builder_version=\u00bb4.16&#8243; custom_margin=\u00bb|||\u00bb box_shadow_style=\u00bbpreset7&#8243; box_shadow_horizontal=\u00bb0px\u00bb box_shadow_vertical=\u00bb0px\u00bb box_shadow_spread=\u00bb8px\u00bb box_shadow_color=\u00bb#ffffff\u00bb locked=\u00bboff\u00bb global_colors_info=\u00bb{}\u00bb][\/et_pb_image][\/et_pb_column_inner][\/et_pb_row_inner][\/et_pb_column][\/et_pb_section][et_pb_section fb_built=\u00bb1&#8243; admin_label=\u00bbFeature Section\u00bb _builder_version=\u00bb4.16&#8243; custom_padding=\u00bb29px||2px|||\u00bb global_colors_info=\u00bb{}\u00bb][et_pb_row column_structure=\u00bb1_2,1_2&#8243; custom_padding_last_edited=\u00bbon|desktop\u00bb admin_label=\u00bbElemento 01 Zona\u00bb _builder_version=\u00bb4.16&#8243; custom_padding=\u00bb35px|0px|0px|0px||\u00bb custom_padding_tablet=\u00bb0px||||false|false\u00bb custom_padding_phone=\u00bb0px||||false|false\u00bb global_colors_info=\u00bb{}\u00bb][et_pb_column type=\u00bb1_2&#8243; _builder_version=\u00bb4.16&#8243; custom_padding=\u00bb|||\u00bb global_colors_info=\u00bb{}\u00bb custom_padding__hover=\u00bb|||\u00bb][et_pb_image src=\u00bbhttps:\/\/tropica-verde.de\/wp-content\/uploads\/2022\/08\/Victor_Finca_Alicia.jpg\u00bb alt=\u00bbEl ingeniero forestal V\u00edctor Esquivel cataloga y eval\u00faa el crecimiento de la reforestaci\u00f3n en la Finca Alicia\u00bb title_text=\u00bbVictor en Finca Alicia\u00bb force_fullwidth=\u00bbon\u00bb align_tablet=\u00bbcenter\u00bb align_phone=\u00bb\u00bb align_last_edited=\u00bbon|desktop\u00bb _builder_version=\u00bb4.16&#8243; custom_margin=\u00bb|||\u00bb custom_margin_tablet=\u00bb\u00bb custom_margin_phone=\u00bb\u00bb custom_margin_last_edited=\u00bbon|phone\u00bb custom_padding=\u00bb||26px|40px||\u00bb custom_padding_tablet=\u00bb||0px|0px|false|false\u00bb custom_padding_phone=\u00bb\u00bb custom_padding_last_edited=\u00bbon|desktop\u00bb animation_style=\u00bbslide\u00bb animation_direction=\u00bbright\u00bb animation_intensity_slide=\u00bb8%\u00bb animation_starting_opacity=\u00bb100%\u00bb global_colors_info=\u00bb{}\u00bb][\/et_pb_image][\/et_pb_column][et_pb_column type=\u00bb1_2&#8243; _builder_version=\u00bb4.16&#8243; custom_padding=\u00bb5%|5%|5%|5%\u00bb global_colors_info=\u00bb{}\u00bb custom_padding__hover=\u00bb|||\u00bb][et_pb_text admin_label=\u00bbTitle\u00bb _builder_version=\u00bb4.23.1&#8243; text_font=\u00bb||||||||\u00bb text_text_color=\u00bb#00512C\u00bb header_font=\u00bb|||on|||||\u00bb header_text_color=\u00bb#00512C\u00bb header_font_size=\u00bb36px\u00bb header_2_font=\u00bb|700|||||||\u00bb header_2_text_color=\u00bb#006B46&#8243; header_2_font_size=\u00bb35px\u00bb module_alignment=\u00bbcenter\u00bb custom_margin=\u00bb||15px|\u00bb custom_margin_tablet=\u00bb\u00bb custom_margin_phone=\u00bb||0px||false|false\u00bb custom_margin_last_edited=\u00bbon|phone\u00bb custom_padding=\u00bb64px|||||\u00bb custom_padding_tablet=\u00bb0px||||false|false\u00bb custom_padding_phone=\u00bb0px||||false|false\u00bb custom_padding_last_edited=\u00bbon|desktop\u00bb animation_direction=\u00bbleft\u00bb header_font_size_tablet=\u00bb30px\u00bb header_font_size_phone=\u00bb24px\u00bb header_font_size_last_edited=\u00bbon|phone\u00bb header_2_font_size_phone=\u00bb27px\u00bb global_colors_info=\u00bb{}\u00bb]<\/p>\n<h2>Reforestaci\u00f3n de varias zonas de pastos<\/h2>\n<p>[\/et_pb_text][et_pb_text _builder_version=\u00bb4.23.1&#8243; text_font=\u00bb||||||||\u00bb header_font=\u00bb||||||||\u00bb max_width=\u00bb525px\u00bb module_alignment=\u00bbleft\u00bb custom_margin_tablet=\u00bb\u00bb custom_margin_phone=\u00bb||30px||false|false\u00bb custom_margin_last_edited=\u00bbon|phone\u00bb animation_direction=\u00bbleft\u00bb global_colors_info=\u00bb{}\u00bb]<\/p>\n<p>Junto con los escolares y la poblaci\u00f3n local, Tropica Verde ha reforestado m\u00e1s de 50 hect\u00e1reas de pastizales para el ganado en el valle de Monte Alto. Aqu\u00ed vemos al ingeniero forestal V\u00edctor Esquivel catalogando y evaluando el crecimiento de las plantaciones ricas en especies de la Finca Alicia.<\/p>\n<p>[\/et_pb_text][\/et_pb_column][\/et_pb_row][et_pb_row column_structure=\u00bb1_2,1_2&#8243; admin_label=\u00bbElemento 02 Zona\u00bb _builder_version=\u00bb4.16&#8243; background_color=\u00bb#b8d79e\u00bb custom_margin=\u00bb|auto|12px|auto||\u00bb custom_margin_tablet=\u00bb\u00bb custom_margin_phone=\u00bb\u00bb custom_margin_last_edited=\u00bbon|desktop\u00bb custom_padding=\u00bb0px|0px|0px|0px\u00bb global_colors_info=\u00bb{}\u00bb][et_pb_column type=\u00bb1_2&#8243; _builder_version=\u00bb4.16&#8243; custom_padding=\u00bb5%|5%|5%|5%\u00bb custom_padding_tablet=\u00bb0px|0px|0px|0px\u00bb custom_padding_last_edited=\u00bboff|desktop\u00bb global_colors_info=\u00bb{}\u00bb padding_tablet=\u00bb0px|0px|0px|0px\u00bb padding_last_edited=\u00bboff|desktop\u00bb custom_padding__hover=\u00bb|||\u00bb][et_pb_text admin_label=\u00bbTitle\u00bb _builder_version=\u00bb4.23.1&#8243; text_font=\u00bb||||||||\u00bb text_font_size=\u00bb16px\u00bb text_line_height=\u00bb1.8em\u00bb header_font=\u00bb|600|||||||\u00bb header_text_color=\u00bb#00512C\u00bb header_2_font=\u00bb|700|||||||\u00bb header_2_text_color=\u00bb#006B46&#8243; header_2_font_size=\u00bb36px\u00bb background_layout=\u00bbdark\u00bb module_alignment=\u00bbcenter\u00bb custom_margin=\u00bb||15px|\u00bb custom_padding=\u00bb|||\u00bb animation_direction=\u00bbleft\u00bb header_2_font_size_tablet=\u00bb30px\u00bb header_2_font_size_phone=\u00bb24px\u00bb locked=\u00bboff\u00bb global_colors_info=\u00bb{}\u00bb]<\/p>\n<h2>Semillas de \u00e1rboles locales<\/h2>\n<p>[\/et_pb_text][et_pb_text _builder_version=\u00bb4.16&#8243; text_font=\u00bb||||||||\u00bb text_text_color=\u00bb#575656&#8243; header_font=\u00bb||||||||\u00bb background_layout=\u00bbdark\u00bb max_width=\u00bb525px\u00bb module_alignment=\u00bbleft\u00bb animation_direction=\u00bbleft\u00bb locked=\u00bboff\u00bb global_colors_info=\u00bb{}\u00bb]<\/p>\n<p>En el bosque se recogieron semillas de m\u00e1s de 30 especies de \u00e1rboles, que germinaron en el vivero y tras 15 meses fueron plantadas al aire libre. Para que los \u00e1rboles crezcan, es necesario recortar la agresiva hierba de los pastizales durante otros 5 a\u00f1os.<\/p>\n<p>[\/et_pb_text][\/et_pb_column][et_pb_column type=\u00bb1_2&#8243; _builder_version=\u00bb4.16&#8243; custom_padding=\u00bb|||\u00bb global_colors_info=\u00bb{}\u00bb custom_padding__hover=\u00bb|||\u00bb][et_pb_image src=\u00bbhttps:\/\/tropica-verde.de\/wp-content\/uploads\/2022\/08\/Baumsamen-Bank-Monte-Alto-\u00a9-Stefan-Rother-Faunity-4-scaled.jpg\u00bb alt=\u00bbLas semillas de los \u00e1rboles primero ten\u00edan que recolectarse laboriosamente en el bosque y germinarse antes de que los \u00e1rboles j\u00f3venes pudieran desarrollarse en el vivero.\u00bb title_text=\u00bbBanco de semillas de \u00e1rboles de Monte Alto \u00a9 Stefan Rother Faunity-4&#8243; force_fullwidth=\u00bbon\u00bb align_tablet=\u00bbcenter\u00bb align_phone=\u00bb\u00bb align_last_edited=\u00bbon|desktop\u00bb _builder_version=\u00bb4.16&#8243; custom_margin=\u00bb-20px||-100px|\u00bb custom_margin_tablet=\u00bb0px||0px||false|false\u00bb custom_margin_phone=\u00bb0px||0px||false|false\u00bb custom_margin_last_edited=\u00bbon|tablet\u00bb animation_style=\u00bbslide\u00bb animation_direction=\u00bbleft\u00bb animation_intensity_slide=\u00bb8%\u00bb animation_starting_opacity=\u00bb100%\u00bb box_shadow_style=\u00bbpreset1&#8243; box_shadow_blur=\u00bb80px\u00bb global_colors_info=\u00bb{}\u00bb][\/et_pb_image][\/et_pb_column][\/et_pb_row][et_pb_row column_structure=\u00bb1_2,1_2&#8243; admin_label=\u00bbElemento 01 Zona\u00bb _builder_version=\u00bb4.16&#8243; min_height=\u00bb602.8px\u00bb min_height_tablet=\u00bb\u00bb min_height_phone=\u00bb\u00bb min_height_last_edited=\u00bbon|phone\u00bb custom_padding=\u00bb3px|0px|0px|0px||\u00bb global_colors_info=\u00bb{}\u00bb][et_pb_column type=\u00bb1_2&#8243; _builder_version=\u00bb4.16&#8243; custom_padding=\u00bb|||\u00bb global_colors_info=\u00bb{}\u00bb custom_padding__hover=\u00bb|||\u00bb][et_pb_image src=\u00bbhttps:\/\/tropica-verde.de\/wp-content\/uploads\/2022\/08\/Stefan-Alexis-Miguel-mit-Kamerafalle-in-Mo-nte-Aoeto-\u00a9-Stefan-Rother-Faunity-Kopie-scaled.jpg\u00bb alt=\u00bbStefan Rother, Alexis Obreg\u00f3n y Miguel M\u00e9ndez (desde la izquierda) con c\u00e1mara trampa en Monte Alto \u00a9 V\u00edctor Esquivel\u00bb title_text=\u00bbStefan Rother, Alexis Obreg\u00f3n y Miguel M\u00e9ndez (desde la izquierda) con c\u00e1mara trampa en Monte Alto \u00a9 V\u00edctor Esquivel\u00bb force_fullwidth=\u00bbon\u00bb align_tablet=\u00bbcenter\u00bb align_phone=\u00bb\u00bb align_last_edited=\u00bbon|desktop\u00bb _builder_version=\u00bb4.16&#8243; custom_margin=\u00bb34px|||||\u00bb custom_padding=\u00bb0px|||40px||\u00bb custom_padding_tablet=\u00bb|||0px\u00bb custom_padding_phone=\u00bb\u00bb custom_padding_last_edited=\u00bbon|tablet\u00bb animation_style=\u00bbslide\u00bb animation_direction=\u00bbright\u00bb animation_intensity_slide=\u00bb8%\u00bb animation_starting_opacity=\u00bb100%\u00bb global_colors_info=\u00bb{}\u00bb][\/et_pb_image][\/et_pb_column][et_pb_column type=\u00bb1_2&#8243; _builder_version=\u00bb4.16&#8243; custom_padding=\u00bb5%|5%|5%|5%\u00bb global_colors_info=\u00bb{}\u00bb custom_padding__hover=\u00bb|||\u00bb][et_pb_text _builder_version=\u00bb4.23.1&#8243; text_font=\u00bb||||||||\u00bb header_font=\u00bb||||||||\u00bb header_font_size=\u00bb36px\u00bb header_2_font=\u00bb|700|||||||\u00bb header_2_text_color=\u00bb#006B46&#8243; header_2_font_size=\u00bb36px\u00bb max_width=\u00bb525px\u00bb module_alignment=\u00bbleft\u00bb custom_margin=\u00bb112px||15px||false|false\u00bb custom_margin_tablet=\u00bb0px||||false|false\u00bb custom_margin_phone=\u00bb0px||||false|false\u00bb custom_margin_last_edited=\u00bbon|phone\u00bb animation_direction=\u00bbleft\u00bb text_font_size_tablet=\u00bb\u00bb text_font_size_phone=\u00bb16px\u00bb text_font_size_last_edited=\u00bbon|phone\u00bb header_font_size_tablet=\u00bb30px\u00bb header_font_size_phone=\u00bb24px\u00bb header_font_size_last_edited=\u00bbon|phone\u00bb header_2_font_size_phone=\u00bb28px\u00bb global_colors_info=\u00bb{}\u00bb]<\/p>\n<h2>C\u00e1maras trampa<\/h2>\n<p>[\/et_pb_text][et_pb_text _builder_version=\u00bb4.16&#8243; text_font=\u00bb||||||||\u00bb text_text_color=\u00bb#575656&#8243; header_font=\u00bb||||||||\u00bb background_layout=\u00bbdark\u00bb max_width=\u00bb525px\u00bb module_alignment=\u00bbleft\u00bb animation_direction=\u00bbleft\u00bb locked=\u00bboff\u00bb global_colors_info=\u00bb{}\u00bb]<\/p>\n<p>En Monte Alto, las c\u00e1maras trampa financiadas mediante crowdfunding se utilizan desde hace varios a\u00f1os para documentar continuamente la biodiversidad.<\/p>\n<p>[\/et_pb_text][et_pb_blurb title=\u00bbVer la pel\u00edcula\u00bb url=\u00bbhttps:\/\/www.youtube.com\/watch?v=GtWIwq6KlX0&#8243; use_icon=\u00bbon\u00bb font_icon=\u00bb&#xe04e;||divi||400&#8243; icon_color=\u00bb#006B46&#8243; icon_placement=\u00bbleft\u00bb _builder_version=\u00bb4.23.1&#8243; _module_preset=\u00bbdefault\u00bb header_level=\u00bbh2&#8243; header_text_color=\u00bb#006B46&#8243; header_font_size=\u00bb32px\u00bb body_font_size=\u00bb18px\u00bb link_option_url_new_window=\u00bbon\u00bb global_colors_info=\u00bb{}\u00bb]<\/p>\n<p>Grabaciones de v\u00eddeo de c\u00e1maras trampa de la zona de Monte Alto<\/p>\n<p>[\/et_pb_blurb][et_pb_blurb title=\u00bbEscuchar y ver podcast\u00bb url=\u00bbhttps:\/\/www.youtube.com\/watch?v=czJkDBjW7us\u00bb url_new_window=\u00bbon\u00bb use_icon=\u00bbon\u00bb font_icon=\u00bb&#xe04e;||divi||400&#8243; icon_color=\u00bb#006B46&#8243; icon_placement=\u00bbleft\u00bb _builder_version=\u00bb4.23.1&#8243; _module_preset=\u00bbdefault\u00bb header_level=\u00bbh2&#8243; header_text_color=\u00bb#006B46&#8243; header_font_size=\u00bb32px\u00bb body_font_size=\u00bb18px\u00bb link_option_url=\u00bbhttps:\/\/www.youtube.com\/watch?v=czJkDBjW7us\u00bb link_option_url_new_window=\u00bbon\u00bb global_colors_info=\u00bb{}\u00bb]<\/p>\n<div class=\"et_pb_blurb_content\">\n<div class=\"et_pb_blurb_container\">\n<div class=\"et_pb_blurb_description\">\n<div data-shortcode-id=\"2.0.0.1-1732040620809\" data-quickaccess-id=\"body\" data-quickaccess-editable=\"yes\" class=\"et-fb-popover-tinymce\">\n<div class=\"mce-content-body\" contenteditable=\"true\" style=\"position: relative;\">\n<p>(V\u00eddeo) podcast del Palmengarten de Frankfurt sobre Costa Rica, la cama de Monte Alto y la educaci\u00f3n medioambiental en proyectos de conservaci\u00f3n de la naturaleza<\/p>\n<\/div>\n<\/div>\n<\/div>\n<\/div>\n<\/div>\n<div class=\"et-fb-mousetrap et-fb-mousetrap--module et-fb-mousetrap-pointer\" style=\"background: rgba(76, 88, 102, 0.1); pointer-events: auto;\"><\/div>\n<p>[\/et_pb_blurb][\/et_pb_column][\/et_pb_row][\/et_pb_section][et_pb_section fb_built=\u00bb1&#8243; _builder_version=\u00bb4.23.1&#8243; _module_preset=\u00bbdefault\u00bb background_image=\u00bbhttps:\/\/tropica-verde.de\/wp-content\/uploads\/2023\/01\/Lodge-Fundacion-Monte-Alto-0043.jpg\u00bb custom_margin=\u00bb70px||||false|false\u00bb custom_padding=\u00bb||||false|false\u00bb saved_tabs=\u00bball\u00bb global_colors_info=\u00bb{}\u00bb][et_pb_row column_structure=\u00bb2_5,3_5&#8243; _builder_version=\u00bb4.23.1&#8243; _module_preset=\u00bbdefault\u00bb global_colors_info=\u00bb{}\u00bb][et_pb_column type=\u00bb2_5&#8243; _builder_version=\u00bb4.16&#8243; _module_preset=\u00bbdefault\u00bb global_colors_info=\u00bb{}\u00bb][\/et_pb_column][et_pb_column type=\u00bb3_5&#8243; _builder_version=\u00bb4.16&#8243; _module_preset=\u00bbdefault\u00bb global_colors_info=\u00bb{}\u00bb][et_pb_text module_class=\u00bbwmtvbox\u00bb _builder_version=\u00bb4.23.1&#8243; _module_preset=\u00bbdefault\u00bb text_text_color=\u00bb#0a0a0a\u00bb link_text_color=\u00bb#FFFFFF\u00bb header_text_color=\u00bb#ffffff\u00bb header_2_font=\u00bbSource Sans 3|800|||||||\u00bb header_2_text_color=\u00bb#ffffff\u00bb background_color=\u00bbrgba(161,198,17,0.9)\u00bb custom_margin=\u00bb||||false|true\u00bb custom_padding=\u00bb55px|55px|55px|55px|true|true\u00bb custom_padding_tablet=\u00bb|20px||20px|true|true\u00bb custom_padding_phone=\u00bb|20px||20px|true|true\u00bb custom_padding_last_edited=\u00bbon|desktop\u00bb text_text_color_tablet=\u00bb\u00bb text_text_color_phone=\u00bb\u00bb text_text_color_last_edited=\u00bbon|desktop\u00bb header_2_font_size_phone=\u00bb28px\u00bb global_colors_info=\u00bb{}\u00bb]<\/p>\n<h2>\u00bfQU\u00c9 HACE TROPICA VERDE?<\/h2>\n<ul class=\"wmtv\">\n<li>Tropica Verde es miembro de la Fundaci\u00f3n desde marzo de 1997. Desde entonces, se han adquirido conjuntamente varios pastizales que no permit\u00edan la reforestaci\u00f3n natural debido a la agresividad de la hierba. Para restaurar los bosques ricos en especies, se recogieron semillas de \u00e1rboles locales con los lugare\u00f1os, escolares y estudiantes y se cultivaron en viveros. El \u00faltimo proyecto de reforestaci\u00f3n se estableci\u00f3 en Finca Alicia en 2018. Junto con las escuelas locales, se plantaron m\u00e1s de 30 especies de \u00e1rboles locales diferentes. La reforestaci\u00f3n intensiva con estos \u00e1rboles j\u00f3venes fue un \u00e9xito: m\u00e1s del 80% de los 1.100 \u00e1rboles plantados hab\u00edan crecido bien en 2022 y contribuir\u00e1n a la biodiversidad de la regi\u00f3n en el futuro.<\/li>\n<li>Tropica Verde apoya la educaci\u00f3n medioambiental mediante visitas a las escuelas vecinas y excursiones escolares a la zona protegida. Todos los a\u00f1os se organizan cursos de formaci\u00f3n sobre interacci\u00f3n respetuosa con la naturaleza, campa\u00f1as de limpieza de r\u00edos, cursos de identificaci\u00f3n de animales y mucho m\u00e1s. Un centro de formaci\u00f3n en la Reserva tambi\u00e9n permite seguir form\u00e1ndose en plena naturaleza. Los principios de la Educaci\u00f3n para el Desarrollo Sostenible (EDS) son importantes para nosotros.<\/li>\n<li><span> <\/span><span> <\/span>C<span>on el fin de vincular las actividades de educaci\u00f3n medioambiental en toda Costa Rica de nuestras organizaciones locales asociadas, Tropica Verde 2024 puso en marcha una<\/span><a href=\"https:\/\/tropica-verde.de\/es\/red-de-educacion-en-costa-rica-entrevista-con-la-nueva-coordinadora\/\" target=\"_blank\" rel=\"noopener\">red de educaci\u00f3n entre proyectos<\/a>.<\/li>\n<li>Desde 2020, apoyamos la cartograf\u00eda cient\u00edfica de la zona mediante c\u00e1maras trampa y huellas de animales en arcilla, entre otras cosas, para documentar el aumento de la biodiversidad.<\/li>\n<\/ul>\n<p>[\/et_pb_text][\/et_pb_column][\/et_pb_row][\/et_pb_section][et_pb_section fb_built=\u00bb1&#8243; _builder_version=\u00bb4.16&#8243; _module_preset=\u00bbdefault\u00bb custom_padding=\u00bb1px||4px|||\u00bb global_colors_info=\u00bb{}\u00bb][et_pb_row _builder_version=\u00bb4.16&#8243; _module_preset=\u00bbdefault\u00bb global_colors_info=\u00bb{}\u00bb][et_pb_column type=\u00bb4_4&#8243; _builder_version=\u00bb4.16&#8243; _module_preset=\u00bbdefault\u00bb global_colors_info=\u00bb{}\u00bb][et_pb_divider show_divider=\u00bboff\u00bb _builder_version=\u00bb4.16&#8243; _module_preset=\u00bbdefault\u00bb global_colors_info=\u00bb{}\u00bb][\/et_pb_divider][\/et_pb_column][\/et_pb_row][\/et_pb_section][et_pb_section fb_built=\u00bb1&#8243; _builder_version=\u00bb4.16&#8243; _module_preset=\u00bbdefault\u00bb background_color=\u00bb#C2DBE0&#8243; min_height=\u00bb95.6px\u00bb global_colors_info=\u00bb{}\u00bb][et_pb_row _builder_version=\u00bb4.16&#8243; _module_preset=\u00bbdefault\u00bb global_colors_info=\u00bb{}\u00bb][et_pb_column type=\u00bb4_4&#8243; _builder_version=\u00bb4.16&#8243; _module_preset=\u00bbdefault\u00bb global_colors_info=\u00bb{}\u00bb][et_pb_text _builder_version=\u00bb4.23.1&#8243; _module_preset=\u00bbdefault\u00bb header_2_text_align=\u00bbcenter\u00bb header_2_font_size=\u00bb36px\u00bb header_3_text_align=\u00bbcenter\u00bb header_3_font_size=\u00bb36px\u00bb custom_margin=\u00bb10px||||false|false\u00bb custom_margin_tablet=\u00bb0px||||false|false\u00bb custom_margin_phone=\u00bb0px||||false|false\u00bb custom_margin_last_edited=\u00bbon|phone\u00bb header_2_font_size_tablet=\u00bb30px\u00bb header_2_font_size_phone=\u00bb24px\u00bb header_3_font_size_tablet=\u00bb30px\u00bb header_3_font_size_phone=\u00bb24px\u00bb header_3_font_size_last_edited=\u00bbon|phone\u00bb global_colors_info=\u00bb{}\u00bb]<\/p>\n<h2>Noticias sobre este proyecto<\/h2>\n<p>[\/et_pb_text][\/et_pb_column][\/et_pb_row][\/et_pb_section][et_pb_section fb_built=\u00bb1&#8243; _builder_version=\u00bb4.16&#8243; _module_preset=\u00bbdefault\u00bb global_colors_info=\u00bb{}\u00bb][et_pb_row _builder_version=\u00bb4.23.1&#8243; _module_preset=\u00bbdefault\u00bb global_colors_info=\u00bb{}\u00bb][et_pb_column type=\u00bb4_4&#8243; admin_label=\u00bbColumna\u00bb _builder_version=\u00bb4.16&#8243; _module_preset=\u00bbdefault\u00bb global_colors_info=\u00bb{}\u00bb][et_pb_post_nav in_same_term=\u00bbon\u00bb admin_label=\u00bbBeitragsnavigation\u00bb _builder_version=\u00bb4.16&#8243; _module_preset=\u00bbdefault\u00bb global_colors_info=\u00bb{}\u00bb][\/et_pb_post_nav][et_pb_blog fullwidth=\u00bboff\u00bb posts_number=\u00bb3&#8243; include_categories=\u00bb33&#8243; meta_date=\u00bbj. F Y\u00bb show_more=\u00bbon\u00bb show_author=\u00bboff\u00bb module_class=\u00bbdt-blog-equal-height\u00bb _builder_version=\u00bb4.27.4&#8243; global_colors_info=\u00bb{}\u00bb][\/et_pb_blog][\/et_pb_column][\/et_pb_row][\/et_pb_section]<\/p>\n","protected":false},"excerpt":{"rendered":"<p>La reforestaci\u00f3n se hizo necesaria Originalmente, amplias zonas de la costa del Pac\u00edfico de Am\u00e9rica Central estaban cubiertas de bosques secos tropicales ricos en especies. Pero entre los a\u00f1os 30 y 80 se talaron casi por completo. Esto provoc\u00f3 una p\u00e9rdida de la biodiversidad natural y, durante la estaci\u00f3n seca anual, una dr\u00e1stica escasez de [&hellip;]<\/p>\n","protected":false},"author":2,"featured_media":0,"parent":5838,"menu_order":0,"comment_status":"closed","ping_status":"closed","template":"","meta":{"_et_pb_use_builder":"on","_et_pb_old_content":"","_et_gb_content_width":"","inline_featured_image":false,"footnotes":""},"class_list":["post-5941","page","type-page","status-publish","hentry"],"_links":{"self":[{"href":"https:\/\/tropica-verde.de\/es\/wp-json\/wp\/v2\/pages\/5941","targetHints":{"allow":["GET"]}}],"collection":[{"href":"https:\/\/tropica-verde.de\/es\/wp-json\/wp\/v2\/pages"}],"about":[{"href":"https:\/\/tropica-verde.de\/es\/wp-json\/wp\/v2\/types\/page"}],"author":[{"embeddable":true,"href":"https:\/\/tropica-verde.de\/es\/wp-json\/wp\/v2\/users\/2"}],"replies":[{"embeddable":true,"href":"https:\/\/tropica-verde.de\/es\/wp-json\/wp\/v2\/comments?post=5941"}],"version-history":[{"count":76,"href":"https:\/\/tropica-verde.de\/es\/wp-json\/wp\/v2\/pages\/5941\/revisions"}],"predecessor-version":[{"id":249518,"href":"https:\/\/tropica-verde.de\/es\/wp-json\/wp\/v2\/pages\/5941\/revisions\/249518"}],"up":[{"embeddable":true,"href":"https:\/\/tropica-verde.de\/es\/wp-json\/wp\/v2\/pages\/5838"}],"wp:attachment":[{"href":"https:\/\/tropica-verde.de\/es\/wp-json\/wp\/v2\/media?parent=5941"}],"curies":[{"name":"wp","href":"https:\/\/api.w.org\/{rel}","templated":true}]}}