{"id":5894,"date":"2017-04-03T09:23:53","date_gmt":"2017-04-03T09:23:53","guid":{"rendered":"https:\/\/neu.tropica-verde.de\/quienes-somos\/press\/"},"modified":"2026-07-21T15:51:21","modified_gmt":"2026-07-21T13:51:21","slug":"presse","status":"publish","type":"page","link":"https:\/\/tropica-verde.de\/es\/quienes-somos\/presse\/","title":{"rendered":"Prensa"},"content":{"rendered":"\n<div class=\"et_pb_section_0 et_pb_section et_pb_fullwidth_section et_section_regular et_block_section\"><section class=\"et_pb_fullwidth_header_0 et_pb_fullwidth_header et_pb_bg_layout_dark et_pb_text_align_left et_pb_module et_flex_module preset--module--divi-fullwidth-header--default\"><div class=\"et_pb_fullwidth_header_container left\"><div class=\"header-content-container center\"><div class=\"header-content et_flex_module\"><h1 class=\"et_pb_module_header\">Art\u00edculo de prensa sobre Tropica Verde<\/h1><div class=\"et_pb_header_button_wrapper\"><\/div><\/div><\/div><\/div><div class=\"et_pb_fullwidth_header_overlay\"><\/div><div class=\"et_pb_fullwidth_header_scroll\"><\/div><\/section><\/div><div class=\"et_pb_section_1 et_pb_section et_section_regular et_block_section\"><div class=\"et_pb_row_0 et_pb_row et_block_row\"><div class=\"et_pb_column_0 et_pb_column et_pb_column_4_4 et-last-child et_block_column et_pb_css_mix_blend_mode_passthrough\"><div class=\"et_pb_accordion_0 et_pb_accordion et_pb_module et_block_module\"><div class=\"et_pb_accordion_item_0 et_pb_accordion_item et_pb_toggle et_pb_module et_clickable et_pb_toggle_open et_block_module\"><h4 class=\"et_pb_toggle_title\">10.02.2026 | Frankfurter Rundschau: Bocadillos para la selva tropical<\/h4><div class=\"et_pb_toggle_content\"><h1>Merienda para la selva tropical<\/h1>\n<p><img loading=\"lazy\" decoding=\"async\" src=\"https:\/\/tropica-verde.de\/wp-content\/uploads\/2026\/04\/Presseartikel-Frankfurter-Rundschau-vom-10.02.2026-scaled.jpg\" width=\"1204\" height=\"1718\" class=\"wp-image-245148 size-full\" alt=\"\" title=\"\"><\/p>\n<p class=\"author\">Fuente: <a href=\"https:\/\/www.fr.de\/\" target=\"_blank\" rel=\"noopener nofollow\">Frankfurter Rundschau<\/a><\/p>\n<p>&nbsp;<\/p>\n<\/div><\/div><div class=\"et_pb_accordion_item_1 et_pb_accordion_item et_pb_toggle et_pb_module et_pb_toggle_close et_block_module\"><h4 class=\"et_pb_toggle_title\">16.10.2024 | Frankfurt Live: La sostenibilidad tambi\u00e9n traspasa los horizontes<\/h4><div class=\"et_pb_toggle_content\"><h1>Sostenibilidad m\u00e1s all\u00e1 de los horizontes<\/h1>\n<h2>Se han anunciado los ganadores del Premio Planeta de Oro 2024<\/h2>\n<p class=\"author\">por Norbert D\u00f6rholt<br \/><a href=\"https:\/\/www.frankfurt-live.com\/nachhaltigkeit-auch-jenseits-der-horizonte-169902.html\" target=\"_blank\" rel=\"noopener nofollow\"><em>(Haz clic aqu\u00ed para ver el original en Frankfurt live)<\/em><\/a><\/p>\n<div class=\"datetext\">\n<p><span>(16.10.2024<\/span> ) Se han anunciado los ganadores del Premio Planeta de Oro 2024, que ser\u00e1n galardonados el 2 de noviembre en Fr\u00e1ncfort. Entre los nominados figuran la cantante Julia Neigel, Costa Rica, representada por el Ministro de Asuntos Exteriores, Dr. Arnoldo Andr\u00e9, la cantante Marianne Rosenberg, el empresario Prof. Dr. Hermann B\u00fchlbecker y el Banco GLS. <\/p>\n<\/div>\n<p>Los motivos de la nominaci\u00f3n ser\u00e1n explicados por la galardonada, la Dra. Ina Knobloch, y la Presidenta de la Asociaci\u00f3n de Ayuda a la Voz, Astrid Arens, en una rueda de prensa que tendr\u00e1 lugar el 23 de octubre en los Estudios Skyline de Radio Frankfurt, en la plaza de los Nibelungos. El premio honra a personalidades, organizaciones y empresas excepcionales que marcan pautas con su compromiso con la sostenibilidad en tres continentes y, a partir de este a\u00f1o, tambi\u00e9n a pa\u00edses comprometidos con la sostenibilidad. El jurado decidi\u00f3 a favor de Costa Rica por amplia mayor\u00eda.  <\/p>\n<p>En un momento en que la acci\u00f3n sostenible es de suma importancia para el futuro de nuestro mundo, el Premio Planeta de Oro ofrece una plataforma para dar visibilidad a iniciativas destacadas. Ina Knobloch, cineasta galardonada y reconocida internacionalmente, autora de bestsellers y bi\u00f3loga doctorada, fue el icono clim\u00e1tico de los a\u00f1os 90, no s\u00f3lo denunciando agravios entonces, sino tambi\u00e9n se\u00f1alando soluciones, y desde entonces ha participado activamente en la protecci\u00f3n de la naturaleza y el clima. \"Ayudar en lugar de quejarse\" era y es su lema, con el que tambi\u00e9n fund\u00f3 la asociaci\u00f3n Tropica Verde e.V. en Frankfurt.  <\/p>\n<p>En su libro \"Mi Costa Rica - 40 a\u00f1os de compromiso con la selva\", publicado recientemente por National Geographic, cuenta y rinde homenaje a la historia del movimiento ecologista en Costa Rica y a la transformaci\u00f3n del pa\u00eds en un estado clim\u00e1ticamente neutro con m\u00e1s del 30% de su territorio como reserva natural.<\/p>\n<p>El Premio Planeta de Oro es el \u00fanico galard\u00f3n que distingue a personalidades comprometidas internacionalmente y a personas muy entregadas que llevan d\u00e9cadas comprometidas de forma constante con el clima y la sostenibilidad y no siguen ninguna tendencia pol\u00edtica. Este premio pretende honrar a todos aquellos que se comprometen a forjar un futuro sostenible con coraz\u00f3n y mente. La ganadora del premio 2023 y laureada del 2024, la Dra. Ina Knobloch, hablar\u00e1 en el acto sobre su nuevo libro y su motivaci\u00f3n en la lucha por la protecci\u00f3n de la naturaleza y el clima, y facilitar\u00e1 ejemplares de rese\u00f1a.  <\/p>\n<p>Julia Neigel es una c\u00e9lebre m\u00fasica y compositora desde hace d\u00e9cadas; Udo Lindenberg la nombr\u00f3 la voz m\u00e1s bella de Alemania. Neigel fue nominada por sus extraordinarias contribuciones art\u00edsticas y por su compromiso con la naturaleza y el medio ambiente, los derechos humanos y la justicia social. Valiente como ninguna otra artista, no reh\u00faye acudir a los tribunales para actuar contra los pecados medioambientales de la industria o para luchar por la justicia para sus colegas.  <\/p>\n<p>Marianne Rosenberg, icono de la m\u00fasica alemana, utiliza su arte para ejercer influencia social. Para ella, la m\u00fasica es una herramienta importante para llamar la atenci\u00f3n sobre los agravios sociales y defender la libertad, el respeto y la tolerancia. Su m\u00fasica y su trabajo art\u00edstico contribuyen a promover la tolerancia y a defender los derechos humanos, por ejemplo a trav\u00e9s de su compromiso con los derechos de los gitanos.  <\/p>\n<p>El Prof. Dr. Herrmann B\u00fchlbecker es un empresario modelo en lo que respecta a la sostenibilidad en la pr\u00e1ctica empresarial. Su filosof\u00eda empresarial se basa en una cultura tradicional de sostenibilidad, anclada tanto en los procesos empresariales como en la selecci\u00f3n de materias primas. Con sus iniciativas, B\u00fchlbecker demuestra c\u00f3mo las empresas pueden forjar un futuro mejor actuando de forma sostenible.  <\/p>\n<p>GLS Bank, representado por el signatario autorizado Christoff L\u00fctzel, tambi\u00e9n ha sido nominado. GLS Bank desempe\u00f1a un papel especial en el \u00e1mbito de la sostenibilidad ecol\u00f3gica y social. <\/p>\n<p>Los organizadores tambi\u00e9n desean agradecer a la marca coreana de autom\u00f3viles de alta gama GENESIS su amable apoyo al proporcionar su flota electrificada como transporte VIP exclusivo. El Premio Planeta de Oro es un proyecto conjunto de la Asociaci\u00f3n Voice Aid, el Grupo Radio y D.I.P.S.H. y re\u00fane a personalidades de los negocios, la pol\u00edtica, la cultura y la filantrop\u00eda que defienden el valor de la sostenibilidad. <\/p>\n<p>&nbsp;<\/p>\n<\/div><\/div><div class=\"et_pb_accordion_item_2 et_pb_accordion_item et_pb_toggle et_pb_module et_pb_toggle_close et_block_module\"><h4 class=\"et_pb_toggle_title\">09\/2024 | \u00d6KO-TEST: La selva vuelve a crecer - Entrevista con Michael Ott y Wolfgang Schmitt<\/h4><div class=\"et_pb_toggle_content\"><p>\u00a1Gracias por esta gran entrevista!<br \/><a href=\"https:\/\/shop.oekotest.de\/m2409\/%20\n%20\" target=\"_blank\" rel=\"noopener nofollow\">Consigue aqu\u00ed la revista \u00d6KO-TEST de septiembre de 2024: Caf\u00e9<\/a><\/p>\n<div id=\"attachment_245148\" style=\"width: 1214px\" class=\"wp-caption alignleft\"><img loading=\"lazy\" decoding=\"async\" aria-describedby=\"caption-attachment-245148\" src=\"https:\/\/tropica-verde.de\/wp-content\/uploads\/2024\/10\/Oekotest-Interview2024-1.avif\" width=\"1204\" height=\"1718\" alt=\"Entrevista Revista \u00d6kotest n\u00famero 9-2024\" class=\"wp-image-245148 size-full\" title=\"\"><p id=\"caption-attachment-245148\" class=\"wp-caption-text\">Revista \u00d6kotest N\u00famero 9-2024<\/p><\/div>\n<p><img loading=\"lazy\" decoding=\"async\" src=\"https:\/\/tropica-verde.de\/wp-content\/uploads\/2024\/10\/Oekotest-Interview2024-2.png\" width=\"1204\" height=\"1718\" alt=\"\" class=\"wp-image-245151 alignleft size-full\" title=\"\"><img loading=\"lazy\" decoding=\"async\" src=\"https:\/\/tropica-verde.de\/wp-content\/uploads\/2024\/10\/Oekotest-Interview2024-3.png\" width=\"1204\" height=\"1718\" alt=\"\" class=\"wp-image-245154 alignleft size-full\" title=\"\"><\/p>\n<p><img loading=\"lazy\" decoding=\"async\" src=\"https:\/\/tropica-verde.de\/wp-content\/uploads\/2024\/10\/Oekotest-Interview2024-4.png\" width=\"1204\" height=\"1718\" alt=\"\" class=\"wp-image-245157 alignleft size-full\" title=\"\"><\/p>\n<\/div><\/div><div class=\"et_pb_accordion_item_3 et_pb_accordion_item et_pb_toggle et_pb_module et_pb_toggle_close et_block_module\"><h4 class=\"et_pb_toggle_title\">29.05.2024 | Frankfurter Neue Presse: Luchando juntos por la selva tropical<\/h4><div class=\"et_pb_toggle_content\"><div id=\"attachment_244787\" style=\"width: 1249px\" class=\"wp-caption alignleft\"><img loading=\"lazy\" decoding=\"async\" aria-describedby=\"caption-attachment-244787\" class=\"wp-image-244787 size-full\" src=\"https:\/\/tropica-verde.de\/wp-content\/uploads\/2024\/08\/20240529-FNP-Botschafterbesuch-Infobuero-TV.jpg\" alt=\"Art\u00edculo Visita del embajador de Costa Rica a Tropica Verde\" width=\"1239\" height=\"1754\" title=\"\"><p id=\"caption-attachment-244787\" class=\"wp-caption-text\">Art\u00edculo en la Frankfurter Neue Presse (FNP) del 29\/05\/2024: El embajador de Costa Rica visita la oficina de informaci\u00f3n<\/p><\/div>\n<\/div><\/div><div class=\"et_pb_accordion_item_4 et_pb_accordion_item et_pb_toggle et_pb_module et_pb_toggle_close et_block_module\"><h4 class=\"et_pb_toggle_title\">22.05.2024 | hr: Conferencia en l\u00ednea de BioFrankfurt y Tropica Verdes presentada en \"alle wetter!\" (\u00a1Todo m\u00e1s mojado!)<\/h4><div class=\"et_pb_toggle_content\"><p>22.05.2024<\/p>\n<h2 class=\"id-StoryElement-headline\">BioFrankfurt y Tropica Verde se mencionan en hr televisi\u00f3n en el D\u00eda de la Biodiversidad<\/h2>\n<h3 class=\"id-StoryElement-leadText\">\u00a1BioFrankfurt con la semana de acci\u00f3n por la biodiversidad como invitado en alle wetter!<\/h3>\n<p>En el hr-Mediathek encontrar\u00e1s una interesante contribuci\u00f3n en el programa<a href=\"https:\/\/www.ardmediathek.de\/video\/alle-wetter\/alle-wetter-vom-22-05-2024\/hr-fernsehen\/NWM5YzkwYjMtYmFlYS00YjBhLTlhN2EtYTA4ZmVjN2ZhODZk\" rel=\"nofollow noopener\" target=\"_blank\"> alle wetter! del 22.05.2024<\/a> sobre el tiempo, las fresas y la semana de acci\u00f3n de BioFrankfurt. A partir del minuto 07:07 trata sobre BioFrankfurt, la red y por qu\u00e9 es importante la biodiversidad. <\/p>\n<p>A partir del minuto 8, tambi\u00e9n se menciona Tropica Verde con su conferencia en l\u00ednea el 23 de mayo de 2024 como parte de la Semana de Acci\u00f3n de la Biodiversidad<\/p>\n<\/div><\/div><div class=\"et_pb_accordion_item_5 et_pb_accordion_item et_pb_toggle et_pb_module et_pb_toggle_close et_block_module\"><h4 class=\"et_pb_toggle_title\">20.01.2020 | Wiesbadener Kurier: Recaudaci\u00f3n de las actuaciones para causas sociales<\/h4><div class=\"et_pb_toggle_content\"><p><img loading=\"lazy\" decoding=\"async\" class=\"aligncenter wp-image-3689 size-full\" src=\"http:\/\/www.tropica-verde.de\/wp-content\/uploads\/2017\/04\/819_21071_21071446_44591600.jpg\" alt=\"\" width=\"1020\" height=\"510\" title=\"\"><\/p>\n<p>El equipo Kolping entrega la donaci\u00f3n a Walter B\u00fcrkin (izquierda), de la asociaci\u00f3n \"Tropica Verde\". (Foto: Familia Kolping) <\/p>\n<p>20.01.2020, de hol<\/p>\n<p><strong>Ingresos de las actuaciones para fines sociales<\/strong><\/p>\n<p>Tropica Verde recibi\u00f3 donativos del grupo de teatro de la familia Kolping de Biebrich.<br \/><a href=\"https:\/\/www.wiesbadener-kurier.de\/lokales\/wiesbaden\/wiesbaden-biebrich\/erloese-aus-auffuehrungen-fuer-soziale-zwecke-1457080\" rel=\"nofollow noopener\" target=\"_blank\">Haz clic aqu\u00ed para leer el art\u00edculo completo en Wiesbadener Kurier<\/a><\/p>\n<\/div><\/div><div class=\"et_pb_accordion_item_6 et_pb_accordion_item et_pb_toggle et_pb_module et_pb_toggle_close et_block_module\"><h4 class=\"et_pb_toggle_title\">12.09.2019 | Frankfurter Rundschau: 30 a\u00f1os de Amigos de la Selva en Fr\u00e1ncfort<\/h4><div class=\"et_pb_toggle_content\"><p><img loading=\"lazy\" decoding=\"async\" class=\"aligncenter wp-image-3613 size-large\" src=\"http:\/\/www.tropica-verde.de\/wp-content\/uploads\/2017\/04\/20191205-Foto-Faunity-von-FR-Artikel-im-Sept-2019-1024x576.jpg\" alt=\"\" width=\"1024\" height=\"576\" title=\"\"><\/p>\n<p>Monte Alto en Costa Rica: Tropica Verde trabaja all\u00ed desde 1997 \u00a9 Faunity-Tropica Verde <\/p>\n<p>12.09.19 18:12<\/p>\n<p>&nbsp;<\/p>\n<p><strong>TROPICA VERDE<\/strong><\/p>\n<p><strong>30 a\u00f1os de Amigos de la Selva en Frankfurt<\/strong><\/p>\n<p>porThomas Stillbauer<\/p>\n<p>&nbsp;<\/p>\n<p><strong>La asociaci\u00f3n celebra su cumplea\u00f1os en el Palmengarten. Su trabajo durante tres d\u00e9cadas tambi\u00e9n dice mucho sobre el problema clim\u00e1tico actual. <\/strong><\/p>\n<p>Las mariposas que enriquecer\u00e1n el Jard\u00edn de Palmeras en el futuro proceder\u00e1n de Costa Rica, y la asociaci\u00f3n Tropica Verde, que celebra su 30 aniversario este s\u00e1bado, est\u00e1 activa en Costa Rica. \u00bfD\u00f3nde lo celebra? Exacto: en el Jard\u00edn de Palmeras. Y as\u00ed se cierra el c\u00edrculo.   <\/p>\n<p>Fundada en 1989 por un grupo de bi\u00f3logos de Frankfurt para hacer algo contra la destrucci\u00f3n de las selvas tropicales, la organizaci\u00f3n ha puesto en marcha muchos proyectos de conservaci\u00f3n en las \u00faltimas tres d\u00e9cadas. Al principio, se centr\u00f3 en sensibilizar a la opini\u00f3n p\u00fablica alemana para llamar la atenci\u00f3n sobre los problemas. M\u00e1s tarde se realizaron campa\u00f1as sobre el terreno.  <\/p>\n<p>El ejemplo de Monte Alto es un buen ejemplo de lo que ocurre cuando no se pone fin a la sobreexplotaci\u00f3n de las selvas tropicales, como en Brasil. En Monte Alto, en la pen\u00ednsula costarricense de Nicoya, grandes empresas talaron en su d\u00eda sin piedad lo que all\u00ed crec\u00eda: bosques ricos en especies. La tala s\u00f3lo benefici\u00f3 a los ganaderos que necesitaban tierras de pastoreo y, en \u00faltima instancia, perjudic\u00f3 a todo el mundo.  <\/p>\n<p>En primer lugar, la deforestaci\u00f3n provoc\u00f3 la erosi\u00f3n y el descenso del nivel del agua. El r\u00edo local, el R\u00edo Nosara, en las tierras altas, fuente de agua potable de la poblaci\u00f3n, perdi\u00f3 el 90% de su nivel de agua en los 25 a\u00f1os siguientes a la tala, informa Tropica Verde. En segundo lugar, el planeta est\u00e1 perdiendo el ox\u00edgeno para el que son tan importantes los \u00e1rboles, especialmente las extensas selvas tropicales.  <\/p>\n<p>En 1993, la poblaci\u00f3n local fund\u00f3 la Fundaci\u00f3n Pro Reserva Forestal Monte Alto y comenz\u00f3 la reforestaci\u00f3n. Designaron una reserva forestal, recibieron ayuda estatal y Tropica Verde es miembro de la Fundaci\u00f3n desde 1997. La asociaci\u00f3n compr\u00f3 terrenos para la reforestaci\u00f3n con la ayuda de patrocinadores. En los \u00faltimos a\u00f1os, se han a\u00f1adido m\u00e1s zonas y la naturaleza se est\u00e1 recuperando lentamente: una historia de \u00e9xito, pero a\u00fan queda mucho por hacer en Monte Alto y en otros proyectos. La ayuda de Frankfurt lleg\u00f3, entre otros, de los alumnos de IGS Nordend, que organizaron carreras ben\u00e9ficas.    <\/p>\n<p>\"Ayudar en lugar de quejarse\" ha sido siempre un lema de Tropica Verde, as\u00ed como \"Si se puede\": Yes, we can do it (S\u00ed, podemos hacerlo), quiz\u00e1 familiar para algunos de la pol\u00edtica estadounidense y federal. De vez en cuando, la asociaci\u00f3n ofrece informaci\u00f3n sobre su trabajo en el Palmengarten, donde el s\u00e1bado hay un programa completo. <\/p>\n<p><strong>La fiesta del 30 cumplea\u00f1os est\u00e1 abierta a todo el mundo el 14 de septiembre de 14.00 a 18.00 h. En el Jard\u00edn de Palmeras de Villa Leonhardi habr\u00e1 entrevistas sobre la conservaci\u00f3n de la biodiversidad, charlas en directo con socios de Costa Rica y stands informativos sobre educaci\u00f3n medioambiental.  Todo lo que necesitas saber:  <\/strong><a href=\"http:\/\/tropica-verde.de\/es\/\"><br \/>\n  <strong>www.tropica-verde.de<\/strong><br \/>\n<\/a><strong>.<\/strong><\/p>\n<\/div><\/div><div class=\"et_pb_accordion_item_7 et_pb_accordion_item et_pb_toggle et_pb_module et_pb_toggle_close et_block_module\"><h4 class=\"et_pb_toggle_title\">16.11.2023 | Frankfurter Rundschau: Frankfurt: Desarrollar la conciencia para un mundo mejor<\/h4><div class=\"et_pb_toggle_content\"><div class=\"id-RatioPlaceholder\"><img loading=\"lazy\" decoding=\"async\" class=\"id-RatioPlaceholder-element wv_story_el_image\" src=\"https:\/\/www.fr.de\/assets\/images\/33\/247\/33247543-loai-li-und-nelida-von-der-bettinaschule-zeigen-ihre-sparsymbole-im-klassenraum-15fe.jpg\" sizes=\"(min-width: 769px) 768px, 100vw\" srcset=\"https:\/\/www.fr.de\/assets\/images\/33\/247\/33247543-loai-li-und-nelida-von-der-bettinaschule-zeigen-ihre-sparsymbole-im-klassenraum-15b6.jpg 448w,https:\/\/www.fr.de\/assets\/images\/33\/247\/33247543-loai-li-und-nelida-von-der-bettinaschule-zeigen-ihre-sparsymbole-im-klassenraum-1570.jpg 768w,https:\/\/www.fr.de\/assets\/images\/33\/247\/33247543-loai-li-und-nelida-von-der-bettinaschule-zeigen-ihre-sparsymbole-im-klassenraum-15fe.jpg 1100w,https:\/\/www.fr.de\/assets\/images\/33\/247\/33247543-loai-li-und-nelida-von-der-bettinaschule-zeigen-ihre-sparsymbole-im-klassenraum-157a.jpg 1408w,https:\/\/www.fr.de\/assets\/images\/33\/247\/33247543-loai-li-und-nelida-von-der-bettinaschule-zeigen-ihre-sparsymbole-im-klassenraum-15MH.jpg 1600w\" alt=\"Loai (izquierda) y Nelida de la Escuela Bettina muestran sus s\u00edmbolos de ahorro en el aula.\" width=\"1100\" height=\"619\" title=\"\"><\/div>\n<p>Loai (izquierda) y Nelida, de la escuela Bettina, muestran sus s\u00edmbolos de ahorro en el aula. \u00a9 Renate Hoyer; Fuente: FR Art\u00edculo original <\/p>\n<p>&nbsp;<\/p>\n<p>16.11.2023<\/p>\n<h2 class=\"id-StoryElement-headline\">Frankfurt: Desarrollar la conciencia para un mundo mejor<\/h2>\n<h3 class=\"id-StoryElement-leadText\">La ciudad premia a las escuelas que se preocupan por el clima y la conservaci\u00f3n de los recursos.<\/h3>\n<p class=\"id-StoryElement-paragraph\">Un intercambio de ropa, dispensadores de agua potable en el edificio escolar, descarga de inodoros con agua de lluvia, un \"aula verde\" en el exterior, sistemas fotovoltaicos en el tejado y desprecintar el patio del colegio son s\u00f3lo algunas de las muchas ideas de los alumnos del grupo de trabajo sobre energ\u00eda para lograr m\u00e1s sostenibilidad en la Schule am Ried de Bergen-Enkheim. \"Queremos llamar la atenci\u00f3n sobre los residuos. En lugar de apoyar la moda r\u00e1pida, los alumnos pueden intercambiar ropa, por ejemplo\", dice Paulina R\u00fchl, de 15 a\u00f1os, explicando la idea del intercambio de ropa. Alexander Gall, profesor y director del grupo, est\u00e1 orgulloso de los j\u00f3venes. \"Ponen el alma y el coraz\u00f3n en ello y trabajan mucho\".   <\/p>\n<p class=\"id-StoryElement-paragraph\">La Schule am Ried no est\u00e1 sola en la lucha contra el cambio clim\u00e1tico. Hay muchas m\u00e1s en la ciudad comprometidas con el clima y la sostenibilidad. El jueves, Sylvia Weber (SPD), jefa del Departamento de Educaci\u00f3n, homenaje\u00f3 a las llamadas \"escuelas de ahorro energ\u00e9tico\" de Fr\u00e1ncfort en el auditorio de la Bettinaschule de Westend. Los j\u00f3venes de la escuela de Ried est\u00e1n encantados: \"El certificado nos demuestra lo mucho que se puede cambiar con peque\u00f1as cosas\".   <\/p>\n<p class=\"id-StoryElement-paragraph\">Como parte del programa \"\u00c9xito compartido para el ahorro de energ\u00eda y agua en los centros escolares de Fr\u00e1ncfort\", los participantes pudieron ahorrar emisiones de CO2 de unas 3.600 toneladas en 2022 y, por tanto, unos costes de casi 1,7 millones de euros. Seg\u00fan el lema \"Ahorrar energ\u00eda - aumentar el presupuesto\", los centros escolares tienen la oportunidad de reducir su consumo de energ\u00eda y, a cambio, recibir de vuelta la mitad de los costes ahorrados. La otra mitad la utiliza la Oficina de Construcci\u00f3n e Inmuebles (ABI) para inversiones de ahorro energ\u00e9tico en instalaciones educativas.  <\/p>\n<div class=\"id-TBeepSlot\">\n<div id=\"trf_ad_desktop_news_fixed_after_count_3_92679153_content_2_idx_11\" class=\"Content_2 trf-center-container trf-declaration-container\" data-google-query-id=\"CICei8fcgIMDFYjsKAUdUD0GfA\">\n<div id=\"google_ads_iframe_\/307308315,5176\/idan.fr.de\/localnews_3__container__\">Para participar, los equipos energ\u00e9ticos formados por profesores, alumnos y conserjes de los centros deben unir sus fuerzas. A partir del consumo de agua, electricidad y calefacci\u00f3n de los \u00faltimos tres a\u00f1os, se determina el valor de referencia de la instalaci\u00f3n y se calcula el potencial de ahorro. El asesor energ\u00e9tico Albrecht Pfrommer, de la Asociaci\u00f3n de Aprendizaje Medioambiental de Frankfurt, presta su apoyo. Da a las direcciones de los centros escolares consejos pr\u00e1cticos sobre c\u00f3mo pueden ahorrar energ\u00eda de forma espec\u00edfica en el edificio.   <\/div>\n<\/div>\n<\/div>\n<p class=\"id-StoryElement-paragraph\">Su colega Jenny Gebert inicia talleres de aprendizaje para las comunidades escolares. \"Pero las escuelas asociadas tambi\u00e9n se comprometen a anclar continuamente los temas del ahorro energ\u00e9tico y la protecci\u00f3n del clima en sus clases\". \"La protecci\u00f3n del clima es un marat\u00f3n, no un sprint\", subraya Mathias Linder, Jefe del Departamento de Gesti\u00f3n Energ\u00e9tica de ABI. Por eso le complace a\u00fan m\u00e1s que al menos cinco de los nueve centros escolares de la fase piloto de 1998 sigan participando en el proyecto hoy en d\u00eda y que siga tan vivo 25 a\u00f1os despu\u00e9s de su fundaci\u00f3n.  <\/p>\n<h3 class=\"id-StoryElement-crosshead\">92 escuelas participaron en 2022<\/h3>\n<p class=\"id-StoryElement-paragraph\">Uno de los puntos fuertes de Frankfurt y la raz\u00f3n del \u00e9xito del proyecto es la implicaci\u00f3n de la administraci\u00f3n de la escuela. \"S\u00f3lo funciona si se unen muchas partes interesadas\". Y lo hacen. En 2022, 92 centros escolares se comprometieron a ahorrar energ\u00eda.   <\/p>\n<div class=\"id-TBeepSlot\">\n<div id=\"trf_ad_desktop_news_fixed_after_count_3_92679153_content_3_idx_16\" class=\"Content_3 trfLazyload trf-center-container trf-declaration-container\" data-google-query-id=\"COfhk-fcgIMDFfETigMdwhIENQ\">\n<div id=\"google_ads_iframe_\/307308315,5176\/idan.fr.de\/localnews_7__container__\">IGS-Nordend tambi\u00e9n persigue objetivos ambiciosos. Lleva m\u00e1s de diez a\u00f1os ahorrando energ\u00eda. Seg\u00fan el profesor de ciencias Matthias Walter, el centro est\u00e1 \"en camino hacia la neutralidad de CO2\". El lema es: \"Reducir y compensar\". Esto \u00faltimo en forma de un proyecto de reforestaci\u00f3n en Costa Rica en colaboraci\u00f3n con la asociaci\u00f3n Tropica Verde, con sede en Frankfurt.    <\/div>\n<\/div>\n<\/div>\n<p class=\"id-StoryElement-paragraph\">La Escuela Bettina, anfitriona del premio, ha anclado firmemente la protecci\u00f3n del clima en su filosof\u00eda escolar. \"Estamos muy orgullosos de haber participado en el proyecto desde el principio\", subraya la directora, Elke Schinkel. Los j\u00f3venes prestan atenci\u00f3n a una calefacci\u00f3n econ\u00f3mica, una ventilaci\u00f3n correcta y el consumo de electricidad.  <\/p>\n<p class=\"id-StoryElement-paragraph\">En la asignatura optativa obligatoria Geograf\u00eda+, se ocupan de la sostenibilidad. Actualmente se centran en los tel\u00e9fonos inteligentes y su impacto en el medio ambiente. \"Ahora soy m\u00e1s consciente de las circunstancias en las que se fabrican los tel\u00e9fonos m\u00f3viles\", dice Nike Akebrand, de 15 a\u00f1os. Le sorprendi\u00f3 especialmente la forma en que se tratan los derechos humanos y la extracci\u00f3n de minerales. Dice: \"El tema fue mi segunda elecci\u00f3n, no me arrepiento\". (Sophia Kr\u00e4mer)    <\/p>\n<\/div><\/div><\/div><\/div><\/div><\/div>\n","protected":false},"excerpt":{"rendered":"","protected":false},"author":2,"featured_media":0,"parent":5847,"menu_order":0,"comment_status":"closed","ping_status":"closed","template":"","meta":{"inline_featured_image":false,"footnotes":""},"class_list":["post-5894","page","type-page","status-publish","hentry"],"_links":{"self":[{"href":"https:\/\/tropica-verde.de\/es\/wp-json\/wp\/v2\/pages\/5894","targetHints":{"allow":["GET"]}}],"collection":[{"href":"https:\/\/tropica-verde.de\/es\/wp-json\/wp\/v2\/pages"}],"about":[{"href":"https:\/\/tropica-verde.de\/es\/wp-json\/wp\/v2\/types\/page"}],"author":[{"embeddable":true,"href":"https:\/\/tropica-verde.de\/es\/wp-json\/wp\/v2\/users\/2"}],"replies":[{"embeddable":true,"href":"https:\/\/tropica-verde.de\/es\/wp-json\/wp\/v2\/comments?post=5894"}],"version-history":[{"count":68,"href":"https:\/\/tropica-verde.de\/es\/wp-json\/wp\/v2\/pages\/5894\/revisions"}],"predecessor-version":[{"id":252851,"href":"https:\/\/tropica-verde.de\/es\/wp-json\/wp\/v2\/pages\/5894\/revisions\/252851"}],"up":[{"embeddable":true,"href":"https:\/\/tropica-verde.de\/es\/wp-json\/wp\/v2\/pages\/5847"}],"wp:attachment":[{"href":"https:\/\/tropica-verde.de\/es\/wp-json\/wp\/v2\/media?parent=5894"}],"curies":[{"name":"wp","href":"https:\/\/api.w.org\/{rel}","templated":true}]}}