{"id":5882,"date":"2017-04-03T09:22:47","date_gmt":"2017-04-03T09:22:47","guid":{"rendered":"https:\/\/neu.tropica-verde.de\/quienes-somos\/team\/"},"modified":"2026-04-22T01:14:39","modified_gmt":"2026-04-21T23:14:39","slug":"equipo","status":"publish","type":"page","link":"https:\/\/tropica-verde.de\/es\/quienes-somos\/equipo\/","title":{"rendered":"Equipo"},"content":{"rendered":"<p>[et_pb_section fb_built=\u00bb1&#8243; fullwidth=\u00bbon\u00bb _builder_version=\u00bb4.16&#8243; _module_preset=\u00bbdefault\u00bb min_height_tablet=\u00bb\u00bb min_height_phone=\u00bb\u00bb min_height_last_edited=\u00bbon|phone\u00bb saved_tabs=\u00bball\u00bb global_colors_info=\u00bb{}\u00bb][et_pb_fullwidth_header title=\u00bbEquipo\u00bb _builder_version=\u00bb4.23.1&#8243; _module_preset=\u00bbdefault\u00bb title_font=\u00bb|800||on|||||\u00bb title_font_size=\u00bb70px\u00bb title_line_height=\u00bb0.8em\u00bb subhead_font=\u00bbSource Serif Pro Semibold||||||||\u00bb subhead_font_size=\u00bb36px\u00bb subhead_line_height=\u00bb1.2em\u00bb background_color=\u00bbrgba(0,13,53,0.24)\u00bb background_image=\u00bbhttps:\/\/tropica-verde.de\/wp-content\/uploads\/2024\/07\/JHV_2017_header-1-scaled.jpg\u00bb background_position=\u00bbtop_center\u00bb background_vertical_offset=\u00bb30%\u00bb background_blend=\u00bbmultiply\u00bb transform_translate_linked=\u00bboff\u00bb min_height=\u00bb464px\u00bb min_height_tablet=\u00bb\u00bb min_height_phone=\u00bb\u00bb min_height_last_edited=\u00bbon|desktop\u00bb custom_margin=\u00bb||||false|false\u00bb custom_padding=\u00bb180px||||false|false\u00bb custom_padding_tablet=\u00bb60px||||false|false\u00bb custom_padding_phone=\u00bb||||false|false\u00bb custom_padding_last_edited=\u00bbon|tablet\u00bb title_font_size_tablet=\u00bb56px\u00bb title_font_size_phone=\u00bb43px\u00bb title_font_size_last_edited=\u00bbon|desktop\u00bb subhead_font_size_tablet=\u00bb30px\u00bb subhead_font_size_phone=\u00bb24px\u00bb subhead_font_size_last_edited=\u00bbon|phone\u00bb global_colors_info=\u00bb{}\u00bb][\/et_pb_fullwidth_header][\/et_pb_section][et_pb_section fb_built=\u00bb1&#8243; _builder_version=\u00bb4.23.1&#8243; _module_preset=\u00bbdefault\u00bb background_color=\u00bb#e9eeea\u00bb custom_margin=\u00bb||||false|false\u00bb custom_padding=\u00bb100px||100px||false|false\u00bb global_colors_info=\u00bb{}\u00bb][et_pb_row _builder_version=\u00bb4.23.1&#8243; _module_preset=\u00bbdefault\u00bb width=\u00bb65%\u00bb width_tablet=\u00bb\u00bb width_phone=\u00bb\u00bb width_last_edited=\u00bbon|desktop\u00bb custom_padding=\u00bb0px||0px||false|false\u00bb global_colors_info=\u00bb{}\u00bb][et_pb_column type=\u00bb4_4&#8243; _builder_version=\u00bb4.16&#8243; _module_preset=\u00bbdefault\u00bb global_colors_info=\u00bb{}\u00bb][et_pb_text _builder_version=\u00bb4.23.1&#8243; _module_preset=\u00bbdefault\u00bb header_font=\u00bb|600|||||||\u00bb header_text_color=\u00bb#105427&#8243; header_2_font=\u00bb||||||||\u00bb header_2_text_color=\u00bb#006B46&#8243; header_2_font_size=\u00bb36px\u00bb header_2_line_height=\u00bb1.1em\u00bb header_2_font_size_tablet=\u00bb30px\u00bb header_2_font_size_phone=\u00bb24px\u00bb global_colors_info=\u00bb{}\u00bb]<\/p>\n<h2>Presentamos al equipo de Tropica Verde<\/h2>\n<p>&nbsp;<\/p>\n<p>El trabajo de TROPICA VERDE e.V. se basa en el apoyo voluntario de todos sus miembros y patrocinadores. El Consejo Ejecutivo representa a la asociaci\u00f3n y es elegido entre los miembros. El comit\u00e9 es el \u00f3rgano de los miembros, tambi\u00e9n es elegido de entre sus filas y supervisa la aplicaci\u00f3n de las resoluciones y la finalidad de la asociaci\u00f3n de conformidad con los estatutos. <br \/>Todos los miembros del Consejo Ejecutivo y del Comit\u00e9 trabajan de forma voluntaria y no reciben ninguna remuneraci\u00f3n por su compromiso. El<a href=\"https:\/\/tropica-verde.de\/wp-content\/uploads\/2023\/01\/TropicaVerde-Web-Organigram_V2_korr-scaled.jpg\" target=\"_blank\" rel=\"noopener\">organigrama<\/a> ofrece una visi\u00f3n general de la estructura de TROPICA VERDE.<\/p>\n<p>[\/et_pb_text][\/et_pb_column][\/et_pb_row][\/et_pb_section][et_pb_section fb_built=\u00bb1&#8243; custom_padding_last_edited=\u00bbon|desktop\u00bb _builder_version=\u00bb4.23.1&#8243; _module_preset=\u00bbdefault\u00bb background_color=\u00bb#e9eeea\u00bb custom_padding=\u00bb0px||50px||false|false\u00bb custom_padding_tablet=\u00bb0px||50px||false|false\u00bb custom_padding_phone=\u00bb0px||30px||false|false\u00bb global_colors_info=\u00bb{}\u00bb][et_pb_row column_structure=\u00bb1_3,1_3,1_3&#8243; _builder_version=\u00bb4.23.1&#8243; _module_preset=\u00bbdefault\u00bb custom_padding=\u00bb0px||0px||false|false\u00bb global_colors_info=\u00bb{}\u00bb][et_pb_column type=\u00bb1_3&#8243; module_class=\u00bbtvteam\u00bb _builder_version=\u00bb4.16&#8243; _module_preset=\u00bbdefault\u00bb global_colors_info=\u00bb{}\u00bb][et_pb_team_member name=\u00bbMichael Ott\u00bb position=\u00bbPresidente del Consejo de Administraci\u00f3n\u00bb image_url=\u00bbhttps:\/\/tropica-verde.de\/wp-content\/uploads\/2023\/01\/Team_Michael_Ott.jpg\u00bb module_class=\u00bb.tvteam\u00bb _builder_version=\u00bb4.16&#8243; _module_preset=\u00bbdefault\u00bb custom_margin=\u00bb||0px||false|false\u00bb custom_padding=\u00bb||0px||false|false\u00bb global_colors_info=\u00bb{}\u00bb]<\/p>\n<p>ha sido miembro activo del consejo de Tropica Verde como tesorero desde 1993 y es el sucesor del Dr. Stefan Rother desde 2010.<\/p>\n<p>[\/et_pb_team_member][et_pb_button button_url=\u00bb#more\u00bb button_text=\u00bbM\u00c1S INFO\u00bb module_id=\u00bbmorebutton\u00bb module_class=\u00bbdl-read-more\u00bb _builder_version=\u00bb4.23.1&#8243; _module_preset=\u00bb70b994c3-2b68-43f9-baa1-aee328fdc428&#8243; custom_margin=\u00bb5px||0px||false|false\u00bb custom_padding=\u00bb||||false|false\u00bb global_colors_info=\u00bb{}\u00bb][\/et_pb_button][et_pb_text module_id=\u00bbmore\u00bb _builder_version=\u00bb4.23.1&#8243; _module_preset=\u00bbdefault\u00bb text_font_size=\u00bb15px\u00bb custom_padding=\u00bb|20px||20px|false|false\u00bb custom_padding_tablet=\u00bb|0px||0px|false|false\u00bb custom_padding_phone=\u00bb|0px||0px|false|false\u00bb custom_padding_last_edited=\u00bbon|desktop\u00bb global_colors_info=\u00bb{}\u00bb]<\/p>\n<p>Presidente del Consejo de Administraci\u00f3n. Es banquero y lleva muchos a\u00f1os apoyando la labor de Tropica Verde. En su cargo anterior, tambi\u00e9n era responsable de la gesti\u00f3n de socios y donantes. Es responsable de los aspectos jur\u00eddicos y organizativos de la asociaci\u00f3n.<\/p>\n<p>[\/et_pb_text][et_pb_code _builder_version=\u00bb4.16&#8243; _module_preset=\u00bbdefault\u00bb global_colors_info=\u00bb{}\u00bb]<script><!-- [et_pb_line_break_holder] -->jQuery(document).ready(function($) {<!-- [et_pb_line_break_holder] -->\t$('.dl-read-more').unbind().click(function(e){<!-- [et_pb_line_break_holder] -->\t\te.preventDefault();<!-- [et_pb_line_break_holder] -->\t\ttarget = $(this).attr('href');<!-- [et_pb_line_break_holder] -->\t\t$(target).slideDown();<!-- [et_pb_line_break_holder] -->\t\t$(this).hide();<!-- [et_pb_line_break_holder] -->\t});<!-- [et_pb_line_break_holder] -->});<!-- [et_pb_line_break_holder] --><\/script>[\/et_pb_code][\/et_pb_column][et_pb_column type=\u00bb1_3&#8243; module_class=\u00bbtvteam\u00bb _builder_version=\u00bb4.16&#8243; _module_preset=\u00bbdefault\u00bb global_colors_info=\u00bb{}\u00bb][et_pb_team_member name=\u00bbGabriele Schaar-von R\u00f6mer  \u00bb position=\u00bbVicepresidenta del Comit\u00e9 Ejecutivo\u00bb image_url=\u00bbhttps:\/\/tropica-verde.de\/wp-content\/uploads\/2024\/08\/Foto-Gabi-SvR-322x443px.jpg\u00bb _builder_version=\u00bb4.23.1&#8243; _module_preset=\u00bbdefault\u00bb custom_margin=\u00bb||0px||false|false\u00bb custom_padding=\u00bb||0px||false|false\u00bb global_colors_info=\u00bb{}\u00bb]<\/p>\n<p>es miembro de Tropica Verde desde hace muchos a\u00f1os y fue elegido miembro de la junta directiva de la asociaci\u00f3n en julio de 2024.<\/p>\n<p>[\/et_pb_team_member][et_pb_button button_url=\u00bb#more2&#8243; button_text=\u00bbM\u00c1S INFO\u00bb module_id=\u00bbmorebutton\u00bb module_class=\u00bbdl-read-more2&#8243; _builder_version=\u00bb4.23.1&#8243; _module_preset=\u00bb70b994c3-2b68-43f9-baa1-aee328fdc428&#8243; custom_margin=\u00bb5px||0px||false|false\u00bb global_colors_info=\u00bb{}\u00bb][\/et_pb_button][et_pb_text module_id=\u00bbmore2&#8243; _builder_version=\u00bb4.23.1&#8243; _module_preset=\u00bbdefault\u00bb text_font_size=\u00bb15px\u00bb custom_margin=\u00bb0px||||false|false\u00bb custom_padding=\u00bb0px|20px||20px|false|false\u00bb custom_padding_tablet=\u00bb|0px||0px|false|false\u00bb custom_padding_phone=\u00bb|0px||0px|false|false\u00bb custom_padding_last_edited=\u00bbon|phone\u00bb global_colors_info=\u00bb{}\u00bb]<\/p>\n<p>Su principal cometido en el equipo es la ejecuci\u00f3n del programa educativo y de actos. Tiene experiencia en eventos educativos y en la aplicaci\u00f3n de los 17 Objetivos de Desarrollo Sostenible (ODS) gracias a sus muchos a\u00f1os de gesti\u00f3n del Centro Medioambiental de Hanau. De 2013 a 2024, apoy\u00f3 las actividades de Tropica Verde en el comit\u00e9 de la asociaci\u00f3n y, junto con la junta directiva, contribuy\u00f3 a la protecci\u00f3n de la selva tropical en Costa Rica a trav\u00e9s de numerosos proyectos.  <\/p>\n<p>[\/et_pb_text][et_pb_code _builder_version=\u00bb4.16&#8243; _module_preset=\u00bbdefault\u00bb global_colors_info=\u00bb{}\u00bb]<script><!-- [et_pb_line_break_holder] -->jQuery(document).ready(function($) {<!-- [et_pb_line_break_holder] -->\t$('.dl-read-more2').unbind().click(function(e){<!-- [et_pb_line_break_holder] -->\t\te.preventDefault();<!-- [et_pb_line_break_holder] -->\t\ttarget = $(this).attr('href');<!-- [et_pb_line_break_holder] -->\t\t$(target).slideDown();<!-- [et_pb_line_break_holder] -->\t\t$(this).hide();<!-- [et_pb_line_break_holder] -->\t});<!-- [et_pb_line_break_holder] -->});<!-- [et_pb_line_break_holder] --><\/script>[\/et_pb_code][\/et_pb_column][et_pb_column type=\u00bb1_3&#8243; module_class=\u00bbtvteam\u00bb _builder_version=\u00bb4.16&#8243; _module_preset=\u00bbdefault\u00bb global_colors_info=\u00bb{}\u00bb][et_pb_team_member name=\u00bbRudolf Widmann\u00bb position=\u00bbTesorero\u00bb image_url=\u00bbhttps:\/\/tropica-verde.de\/wp-content\/uploads\/2026\/04\/Rudolf-Widmann_Schatzmeister.jpg\u00bb _builder_version=\u00bb4.27.6&#8243; _module_preset=\u00bbdefault\u00bb custom_margin=\u00bb||0px||false|false\u00bb custom_padding=\u00bb||0px||false|false\u00bb hover_enabled=\u00bb0&#8243; global_colors_info=\u00bb{}\u00bb title_text=\u00bbRudolf Widmann - Schatzmeister von Tropica Verde\u00bb sticky_enabled=\u00bb0&#8243;]<\/p>\n<p>es miembro de Tropica Verde desde hace muchos a\u00f1os y se incorpor\u00f3 a la junta directiva de la asociaci\u00f3n en octubre de 2025.<\/p>\n<p>[\/et_pb_team_member][et_pb_button button_url=\u00bb#more3&#8243; button_text=\u00bbM\u00c1S INFO\u00bb module_id=\u00bbmorebutton\u00bb module_class=\u00bbdl-read-more3&#8243; _builder_version=\u00bb4.23.1&#8243; _module_preset=\u00bb70b994c3-2b68-43f9-baa1-aee328fdc428&#8243; custom_margin=\u00bb5px||0px||false|false\u00bb global_colors_info=\u00bb{}\u00bb][\/et_pb_button][et_pb_text module_id=\u00bbmore3&#8243; _builder_version=\u00bb4.23.1&#8243; _module_preset=\u00bbdefault\u00bb text_font_size=\u00bb15px\u00bb custom_margin=\u00bb0px||||false|false\u00bb custom_padding=\u00bb0px|20px||20px|false|false\u00bb custom_padding_tablet=\u00bb|0px||0px|false|false\u00bb custom_padding_phone=\u00bb|||0px|false|false\u00bb custom_padding_last_edited=\u00bbon|phone\u00bb global_colors_info=\u00bb{}\u00bb]<\/p>\n<p>Es responsable de finanzas en el Comit\u00e9 Ejecutivo y sucesora de Andrea Delbr\u00fcck desde octubre de 2025.<\/p>\n<p>[\/et_pb_text][et_pb_code _builder_version=\u00bb4.16&#8243; _module_preset=\u00bbdefault\u00bb global_colors_info=\u00bb{}\u00bb]<script><!-- [et_pb_line_break_holder] -->jQuery(document).ready(function($) {<!-- [et_pb_line_break_holder] -->\t$('.dl-read-more3').unbind().click(function(e){<!-- [et_pb_line_break_holder] -->\t\te.preventDefault();<!-- [et_pb_line_break_holder] -->\t\ttarget = $(this).attr('href');<!-- [et_pb_line_break_holder] -->\t\t$(target).slideDown();<!-- [et_pb_line_break_holder] -->\t\t$(this).hide();<!-- [et_pb_line_break_holder] -->\t});<!-- [et_pb_line_break_holder] -->});<!-- [et_pb_line_break_holder] --><\/script>[\/et_pb_code][\/et_pb_column][\/et_pb_row][\/et_pb_section][et_pb_section fb_built=\u00bb1&#8243; custom_padding_last_edited=\u00bbon|tablet\u00bb _builder_version=\u00bb4.23.1&#8243; _module_preset=\u00bbdefault\u00bb background_color=\u00bb#e9eeea\u00bb custom_padding=\u00bb0px||50px||false|false\u00bb custom_padding_tablet=\u00bb0px||30px||false|false\u00bb custom_padding_phone=\u00bb0px||30px||false|false\u00bb global_colors_info=\u00bb{}\u00bb][et_pb_row column_structure=\u00bb1_3,1_3,1_3&#8243; _builder_version=\u00bb4.23.1&#8243; _module_preset=\u00bbdefault\u00bb custom_padding=\u00bb0px||0px||false|false\u00bb global_colors_info=\u00bb{}\u00bb][et_pb_column type=\u00bb1_3&#8243; module_class=\u00bbtvteam\u00bb _builder_version=\u00bb4.16&#8243; _module_preset=\u00bbdefault\u00bb global_colors_info=\u00bb{}\u00bb][et_pb_team_member name=\u00bbLina Herr  \u00bb position=\u00bbSecretario\u00bb image_url=\u00bbhttps:\/\/tropica-verde.de\/wp-content\/uploads\/2023\/02\/Team_Lina_Herr2.jpg\u00bb _builder_version=\u00bb4.16&#8243; _module_preset=\u00bbdefault\u00bb custom_margin=\u00bb||0px||false|false\u00bb custom_padding=\u00bb||0px||false|false\u00bb global_colors_info=\u00bb{}\u00bb]<\/p>\n<p>es la secretaria de Tropica Verde. Naci\u00f3 en Fr\u00e1ncfort y estudi\u00f3 Geograf\u00eda F\u00edsica en Marburgo y Fr\u00e1ncfort.<\/p>\n<p>[\/et_pb_team_member][et_pb_button button_url=\u00bb#more4&#8243; button_text=\u00bbM\u00c1S INFO\u00bb module_id=\u00bbmorebutton\u00bb module_class=\u00bbdl-read-more4&#8243; _builder_version=\u00bb4.23.1&#8243; _module_preset=\u00bb70b994c3-2b68-43f9-baa1-aee328fdc428&#8243; custom_margin=\u00bb5px||0px||false|false\u00bb custom_padding=\u00bb||||false|false\u00bb global_colors_info=\u00bb{}\u00bb][\/et_pb_button][et_pb_text module_id=\u00bbmore4&#8243; _builder_version=\u00bb4.23.1&#8243; _module_preset=\u00bbdefault\u00bb text_font_size=\u00bb15px\u00bb custom_padding=\u00bb|20px||20px|false|false\u00bb custom_padding_tablet=\u00bb|0px||0px|false|false\u00bb custom_padding_phone=\u00bb|0px||0px|false|false\u00bb custom_padding_last_edited=\u00bbon|desktop\u00bb global_colors_info=\u00bb{}\u00bb]<\/p>\n<p>estudiado. Desde ni\u00f1a le ha interesado la selva tropical y pudo pasar tres meses en Costa Rica como parte de su tesis de m\u00e1ster sobre el \u00e1rea de conservaci\u00f3n Finca Curr\u00e9, de Tropica Verde. All\u00ed pudo conocer y amar este bosque tan especial y tambi\u00e9n visitar los dem\u00e1s proyectos. Lina trabaja en planificaci\u00f3n medioambiental y tiene dos hijos. La protecci\u00f3n de la selva tropical y la educaci\u00f3n medioambiental son hoy m\u00e1s importantes que nunca, y a ella le encanta formar parte del equipo de Tropica Verde.<\/p>\n<p>[\/et_pb_text][et_pb_code _builder_version=\u00bb4.16&#8243; _module_preset=\u00bbdefault\u00bb global_colors_info=\u00bb{}\u00bb]<script><!-- [et_pb_line_break_holder] -->jQuery(document).ready(function($) {<!-- [et_pb_line_break_holder] -->\t$('.dl-read-more4').unbind().click(function(e){<!-- [et_pb_line_break_holder] -->\t\te.preventDefault();<!-- [et_pb_line_break_holder] -->\t\ttarget = $(this).attr('href');<!-- [et_pb_line_break_holder] -->\t\t$(target).slideDown();<!-- [et_pb_line_break_holder] -->\t\t$(this).hide();<!-- [et_pb_line_break_holder] -->\t});<!-- [et_pb_line_break_holder] -->});<!-- [et_pb_line_break_holder] --><\/script>[\/et_pb_code][\/et_pb_column][et_pb_column type=\u00bb1_3&#8243; module_class=\u00bbtvteam\u00bb _builder_version=\u00bb4.16&#8243; _module_preset=\u00bbdefault\u00bb global_colors_info=\u00bb{}\u00bb][et_pb_team_member name=\u00bbHeribert Becker  \u00bb position=\u00bbPresidente del Comit\u00e9\u00bb image_url=\u00bbhttps:\/\/tropica-verde.de\/wp-content\/uploads\/2023\/01\/Team_Heribert_Becker.jpg\u00bb _builder_version=\u00bb4.16&#8243; _module_preset=\u00bbdefault\u00bb custom_margin=\u00bb||-1px|||\u00bb global_colors_info=\u00bb{}\u00bb]<\/p>\n<p>lleva muchos a\u00f1os apoyando los proyectos de Tropica Verde. Conoce muy bien los proyectos gracias a varios viajes.  <\/p>\n<p>[\/et_pb_team_member][et_pb_button button_url=\u00bb#more6&#8243; button_text=\u00bbM\u00c1S INFO\u00bb module_id=\u00bbmorebutton\u00bb module_class=\u00bbdl-read-more6&#8243; _builder_version=\u00bb4.23.1&#8243; _module_preset=\u00bb70b994c3-2b68-43f9-baa1-aee328fdc428&#8243; custom_margin=\u00bb5px||0px||false|false\u00bb custom_padding=\u00bb||||false|false\u00bb global_colors_info=\u00bb{}\u00bb][\/et_pb_button][et_pb_text module_id=\u00bbmore6&#8243; _builder_version=\u00bb4.23.1&#8243; _module_preset=\u00bbdefault\u00bb text_font_size=\u00bb15px\u00bb custom_padding=\u00bb|20px||20px|false|false\u00bb custom_padding_tablet=\u00bb|0px||0px|false|false\u00bb custom_padding_phone=\u00bb|0px||0px|false|false\u00bb custom_padding_last_edited=\u00bbon|phone\u00bb global_colors_info=\u00bb{}\u00bb]<\/p>\n<p>Heribert Becker es miembro del Comit\u00e9 de Asociaci\u00f3n desde 2014.<\/p>\n<p>[\/et_pb_text][et_pb_code _builder_version=\u00bb4.16&#8243; _module_preset=\u00bbdefault\u00bb global_colors_info=\u00bb{}\u00bb]<script><!-- [et_pb_line_break_holder] -->jQuery(document).ready(function($) {<!-- [et_pb_line_break_holder] -->\t$('.dl-read-more6').unbind().click(function(e){<!-- [et_pb_line_break_holder] -->\t\te.preventDefault();<!-- [et_pb_line_break_holder] -->\t\ttarget = $(this).attr('href');<!-- [et_pb_line_break_holder] -->\t\t$(target).slideDown();<!-- [et_pb_line_break_holder] -->\t\t$(this).hide();<!-- [et_pb_line_break_holder] -->\t});<!-- [et_pb_line_break_holder] -->});<!-- [et_pb_line_break_holder] --><\/script>[\/et_pb_code][\/et_pb_column][et_pb_column type=\u00bb1_3&#8243; module_class=\u00bbtvteam\u00bb _builder_version=\u00bb4.16&#8243; _module_preset=\u00bbdefault\u00bb global_colors_info=\u00bb{}\u00bb][et_pb_team_member name=\u00bbProf. Dr. Martin Scholz\u00bb position=\u00bbMiembro del Comit\u00e9\u00bb image_url=\u00bbhttps:\/\/tropica-verde.de\/wp-content\/uploads\/2023\/02\/Team_Martin_Scholz2.jpg\u00bb _builder_version=\u00bb4.16&#8243; _module_preset=\u00bbdefault\u00bb custom_margin=\u00bb||0px||false|false\u00bb custom_padding=\u00bb||0px||false|false\u00bb global_colors_info=\u00bb{}\u00bb]<\/p>\n<p>es miembro de Tropica Verde desde hace muchos a\u00f1os, form\u00f3 parte de la junta directiva de la asociaci\u00f3n y se incorpor\u00f3 al comit\u00e9 en julio de 2024.<\/p>\n<p>[\/et_pb_team_member][et_pb_button button_url=\u00bb#more5&#8243; button_text=\u00bbM\u00c1S INFO\u00bb module_id=\u00bbmorebutton\u00bb module_class=\u00bbdl-read-more5&#8243; _builder_version=\u00bb4.23.1&#8243; _module_preset=\u00bb70b994c3-2b68-43f9-baa1-aee328fdc428&#8243; custom_margin=\u00bb5px||0px||false|false\u00bb custom_padding=\u00bb||||false|false\u00bb global_colors_info=\u00bb{}\u00bb][\/et_pb_button][et_pb_text module_id=\u00bbmore5&#8243; _builder_version=\u00bb4.23.1&#8243; _module_preset=\u00bbdefault\u00bb text_font_size=\u00bb15px\u00bb custom_padding=\u00bb|20px||20px|false|false\u00bb custom_padding_tablet=\u00bb|0px||0px|false|true\u00bb custom_padding_phone=\u00bb|0px||0px|false|true\u00bb custom_padding_last_edited=\u00bbon|phone\u00bb global_colors_info=\u00bb{}\u00bb]<\/p>\n<p>Martin estudi\u00f3 biolog\u00eda en Fr\u00e1ncfort y es miembro fundador de TROPICA VERDE desde 1989. Considera que la protecci\u00f3n de los h\u00e1bitats tropicales y, por tanto, la estabilizaci\u00f3n del equilibrio ecol\u00f3gico mundial es uno de los retos m\u00e1s importantes para las generaciones futuras. Junto con el equipo de Tropica Verde, quiere contribuir significativamente a ello.<\/p>\n<p>[\/et_pb_text][et_pb_code _builder_version=\u00bb4.16&#8243; _module_preset=\u00bbdefault\u00bb global_colors_info=\u00bb{}\u00bb]<script><!-- [et_pb_line_break_holder] -->jQuery(document).ready(function($) {<!-- [et_pb_line_break_holder] -->\t$('.dl-read-more5').unbind().click(function(e){<!-- [et_pb_line_break_holder] -->\t\te.preventDefault();<!-- [et_pb_line_break_holder] -->\t\ttarget = $(this).attr('href');<!-- [et_pb_line_break_holder] -->\t\t$(target).slideDown();<!-- [et_pb_line_break_holder] -->\t\t$(this).hide();<!-- [et_pb_line_break_holder] -->\t});<!-- [et_pb_line_break_holder] -->});<!-- [et_pb_line_break_holder] --><\/script>[\/et_pb_code][\/et_pb_column][\/et_pb_row][\/et_pb_section][et_pb_section fb_built=\u00bb1&#8243; custom_padding_last_edited=\u00bbon|desktop\u00bb _builder_version=\u00bb4.23.1&#8243; _module_preset=\u00bbdefault\u00bb background_color=\u00bb#e9eeea\u00bb custom_padding=\u00bb0px||100px||false|false\u00bb custom_padding_tablet=\u00bb||50px||false|false\u00bb custom_padding_phone=\u00bb||50px||false|false\u00bb global_colors_info=\u00bb{}\u00bb][et_pb_row column_structure=\u00bb1_3,1_3,1_3&#8243; _builder_version=\u00bb4.23.1&#8243; _module_preset=\u00bbdefault\u00bb custom_padding=\u00bb0px||0px||false|false\u00bb global_colors_info=\u00bb{}\u00bb][et_pb_column type=\u00bb1_3&#8243; module_class=\u00bbtvteam\u00bb _builder_version=\u00bb4.16&#8243; _module_preset=\u00bbdefault\u00bb global_colors_info=\u00bb{}\u00bb][et_pb_team_member name=\u00bbSabine Schiller\u00bb position=\u00bbMiembro del Comit\u00e9\u00bb image_url=\u00bbhttps:\/\/tropica-verde.de\/wp-content\/uploads\/2024\/10\/Foto-Sabine-Schiller-e1728082827456.jpg\u00bb _builder_version=\u00bb4.23.1&#8243; _module_preset=\u00bbdefault\u00bb custom_margin=\u00bb||0px|||\u00bb global_colors_info=\u00bb{}\u00bb]<\/p>\n<p>es dise\u00f1adora gr\u00e1fica y propietaria de una agencia de comunicaci\u00f3n. Viaj\u00f3 por primera vez a Costa Rica hace 25 a\u00f1os y se enamor\u00f3 del pa\u00eds y de su magn\u00edfica naturaleza. <\/p>\n<p>[\/et_pb_team_member][et_pb_button button_url=\u00bb#more7&#8243; button_text=\u00bbM\u00c1S INFO\u00bb module_id=\u00bbmorebutton\u00bb module_class=\u00bbdl-read-more7&#8243; _builder_version=\u00bb4.23.1&#8243; _module_preset=\u00bb70b994c3-2b68-43f9-baa1-aee328fdc428&#8243; custom_margin=\u00bb5px||0px||false|false\u00bb custom_padding=\u00bb||||false|false\u00bb global_colors_info=\u00bb{}\u00bb][\/et_pb_button][et_pb_text module_id=\u00bbmore7&#8243; _builder_version=\u00bb4.23.1&#8243; _module_preset=\u00bbdefault\u00bb text_font_size=\u00bb15px\u00bb custom_padding=\u00bb|20px||20px|false|false\u00bb custom_padding_tablet=\u00bb|0px||0px|false|false\u00bb custom_padding_phone=\u00bb|||0px|false|false\u00bb custom_padding_last_edited=\u00bbon|phone\u00bb global_colors_info=\u00bb{}\u00bb]<\/p>\n<p>Como oriunda de Fr\u00e1ncfort, le sorprendi\u00f3 gratamente encontrar en su ciudad natal una organizaci\u00f3n que lleva m\u00e1s de 30 a\u00f1os trabajando para proteger la selva tropical de Costa Rica. Por ello, desde 2020 apoya a Tropica Verde e.V. de forma voluntaria en las \u00e1reas de dise\u00f1o y relaciones p\u00fablicas.  Fue elegida miembro del Comit\u00e9 en julio de 2024.  <\/p>\n<p>[\/et_pb_text][et_pb_code _builder_version=\u00bb4.16&#8243; _module_preset=\u00bbdefault\u00bb global_colors_info=\u00bb{}\u00bb]<script><!-- [et_pb_line_break_holder] -->jQuery(document).ready(function($) {<!-- [et_pb_line_break_holder] -->\t$('.dl-read-more7').unbind().click(function(e){<!-- [et_pb_line_break_holder] -->\t\te.preventDefault();<!-- [et_pb_line_break_holder] -->\t\ttarget = $(this).attr('href');<!-- [et_pb_line_break_holder] -->\t\t$(target).slideDown();<!-- [et_pb_line_break_holder] -->\t\t$(this).hide();<!-- [et_pb_line_break_holder] -->\t});<!-- [et_pb_line_break_holder] -->});<!-- [et_pb_line_break_holder] --><\/script>[\/et_pb_code][\/et_pb_column][et_pb_column type=\u00bb1_3&#8243; module_class=\u00bbtvteam\u00bb _builder_version=\u00bb4.16&#8243; _module_preset=\u00bbdefault\u00bb global_colors_info=\u00bb{}\u00bb][et_pb_team_member name=\u00bbDr. Stefan Rother\u00bb position=\u00bbCoordinador de proyectos\u00bb image_url=\u00bbhttps:\/\/tropica-verde.de\/wp-content\/uploads\/2023\/02\/Team_Stefan_Rother2.jpg\u00bb _builder_version=\u00bb4.16&#8243; _module_preset=\u00bbdefault\u00bb custom_margin=\u00bb||-1px|||\u00bb global_colors_info=\u00bb{}\u00bb]<\/p>\n<p>es miembro fundador de Tropica Verde, fue responsable de las relaciones p\u00fablicas de la organizaci\u00f3n durante varios a\u00f1os <span>y desde 2002<\/span><\/p>\n<p>[\/et_pb_team_member][et_pb_button button_url=\u00bb#more8&#8243; button_text=\u00bbM\u00c1S INFO\u00bb module_id=\u00bbmorebutton\u00bb module_class=\u00bbdl-read-more8&#8243; _builder_version=\u00bb4.23.1&#8243; _module_preset=\u00bb70b994c3-2b68-43f9-baa1-aee328fdc428&#8243; custom_margin=\u00bb5px||0px||false|false\u00bb custom_padding=\u00bb||||false|false\u00bb global_colors_info=\u00bb{}\u00bb][\/et_pb_button][et_pb_text module_id=\u00bbmore8&#8243; _builder_version=\u00bb4.23.1&#8243; _module_preset=\u00bbdefault\u00bb text_font_size=\u00bb15px\u00bb custom_padding=\u00bb|20px||20px|false|false\u00bb custom_padding_tablet=\u00bb|0px||0px|false|false\u00bb custom_padding_phone=\u00bb|0px||0px|false|false\u00bb custom_padding_last_edited=\u00bbon|tablet\u00bb global_colors_info=\u00bb{}\u00bb]<\/p>\n<p>Presidente del Comit\u00e9 Ejecutivo hasta 2010. Tras mudarse de Alemania en 2010, sigui\u00f3 estrechamente vinculado a la organizaci\u00f3n y hoy apoya al equipo como coordinador de proyectos y asesor cient\u00edfico. Como bi\u00f3logo, fot\u00f3grafo de animales y experto en selvas tropicales, tambi\u00e9n ofrece conferencias, por ejemplo para colegios o actos p\u00fablicos, sobre el tema de las selvas tropicales.<\/p>\n<p>[\/et_pb_text][et_pb_code _builder_version=\u00bb4.16&#8243; _module_preset=\u00bbdefault\u00bb global_colors_info=\u00bb{}\u00bb]<script><!-- [et_pb_line_break_holder] -->jQuery(document).ready(function($) {<!-- [et_pb_line_break_holder] -->\t$('.dl-read-more8').unbind().click(function(e){<!-- [et_pb_line_break_holder] -->\t\te.preventDefault();<!-- [et_pb_line_break_holder] -->\t\ttarget = $(this).attr('href');<!-- [et_pb_line_break_holder] -->\t\t$(target).slideDown();<!-- [et_pb_line_break_holder] -->\t\t$(this).hide();<!-- [et_pb_line_break_holder] -->\t});<!-- [et_pb_line_break_holder] -->});<!-- [et_pb_line_break_holder] --><\/script>[\/et_pb_code][\/et_pb_column][et_pb_column type=\u00bb1_3&#8243; module_class=\u00bbtvteam\u00bb _builder_version=\u00bb4.16&#8243; _module_preset=\u00bbdefault\u00bb global_colors_info=\u00bb{}\u00bb][et_pb_team_member name=\u00bbIngrith Carolina Tilly\u00bb position=\u00bbJefe de la Oficina de Informaci\u00f3n\u00bb image_url=\u00bbhttps:\/\/tropica-verde.de\/wp-content\/uploads\/2023\/11\/Ingrith-Tilly-Bueroleitung-Tropica-Verde-Teams322x443.png\u00bb _builder_version=\u00bb4.16&#8243; _module_preset=\u00bbdefault\u00bb custom_margin=\u00bb||0px|||\u00bb global_colors_info=\u00bb{}\u00bb]<\/p>\n<p>ha adquirido una valiosa experiencia en varios pa\u00edses y perfeccionado sus conocimientos en distintos \u00e1mbitos.<\/p>\n<p>[\/et_pb_team_member][et_pb_button button_url=\u00bb#more9&#8243; button_text=\u00bbM\u00c1S INFO\u00bb module_id=\u00bbmorebutton\u00bb module_class=\u00bbdl-read-more9&#8243; _builder_version=\u00bb4.23.1&#8243; _module_preset=\u00bb70b994c3-2b68-43f9-baa1-aee328fdc428&#8243; custom_margin=\u00bb5px||0px||false|false\u00bb custom_padding=\u00bb||||false|false\u00bb global_colors_info=\u00bb{}\u00bb][\/et_pb_button][et_pb_text module_id=\u00bbmore9&#8243; _builder_version=\u00bb4.23.1&#8243; _module_preset=\u00bbdefault\u00bb text_font_size=\u00bb15px\u00bb custom_padding=\u00bb|20px||20px|false|false\u00bb custom_padding_tablet=\u00bb|0px||0px|false|false\u00bb custom_padding_phone=\u00bb|0px||0px|false|false\u00bb custom_padding_last_edited=\u00bbon|tablet\u00bb global_colors_info=\u00bb{}\u00bb]<\/p>\n<p>como las ventas sobre el terreno, la industria de la moda y el marketing en l\u00ednea. Su profundo compromiso con la naturaleza y su apasionada dedicaci\u00f3n a la protecci\u00f3n de nuestro medio ambiente son el motor de su compromiso profesional. Naci\u00f3 en Colombia.<\/p>\n<p>[\/et_pb_text][et_pb_code _builder_version=\u00bb4.16&#8243; _module_preset=\u00bbdefault\u00bb global_colors_info=\u00bb{}\u00bb]<script><!-- [et_pb_line_break_holder] -->jQuery(document).ready(function($) {<!-- [et_pb_line_break_holder] -->\t$('.dl-read-more9').unbind().click(function(e){<!-- [et_pb_line_break_holder] -->\t\te.preventDefault();<!-- [et_pb_line_break_holder] -->\t\ttarget = $(this).attr('href');<!-- [et_pb_line_break_holder] -->\t\t$(target).slideDown();<!-- [et_pb_line_break_holder] -->\t\t$(this).hide();<!-- [et_pb_line_break_holder] -->\t});<!-- [et_pb_line_break_holder] -->});<!-- [et_pb_line_break_holder] --><\/script>[\/et_pb_code][\/et_pb_column][\/et_pb_row][\/et_pb_section][et_pb_section fb_built=\u00bb1&#8243; fullwidth=\u00bbon\u00bb admin_label=\u00bbCall to Action\u00bb _builder_version=\u00bb4.16&#8243; animation_style=\u00bbslide\u00bb animation_direction=\u00bbbottom\u00bb animation_intensity_slide=\u00bb6%\u00bb animation_starting_opacity=\u00bb100%\u00bb locked=\u00bboff\u00bb global_colors_info=\u00bb{}\u00bb][et_pb_fullwidth_header title=\u00bbAyudar en lugar de quejarse\u00bb subhead=\u00bbApoye la selva tropical con su donativo o h\u00e1gase socio de la organizaci\u00f3n\u00bb text_orientation=\u00bbcenter\u00bb button_one_text=\u00bbDONAR AHORA\u00bb button_one_url=\u00bbhttps:\/\/tropica-verde.de\/es\/ayudardonar\/donaciones\/\u00bb button_two_text=\u00bbH\u00c1GASE SOCIO\u00bb button_two_url=\u00bbhttps:\/\/tropica-verde.de\/es\/ayudardonar\/afiliarse\/\u00bb content_max_width=\u00bb800px\u00bb _builder_version=\u00bb4.23.1&#8243; title_level=\u00bbh2&#8243; title_font=\u00bb|700|||||||\u00bb title_text_color=\u00bb#006B46&#8243; title_font_size=\u00bb60px\u00bb title_line_height=\u00bb1.2em\u00bb content_font=\u00bbSource Sans 3||||||||\u00bb content_font_size=\u00bb20px\u00bb content_line_height=\u00bb1.8em\u00bb subhead_font=\u00bb||||||||\u00bb subhead_text_color=\u00bb#555858&#8243; subhead_font_size=\u00bb28px\u00bb subhead_line_height=\u00bb1.5em\u00bb background_color=\u00bbrgba(255, 255, 255, 0)\u00bb background_color_gradient_direction=\u00bb90deg\u00bb background_image=\u00bbhttps:\/\/tropica-verde.de\/wp-content\/uploads\/2022\/08\/footer_bg.png\u00bb button_one_text_size=\u00bb26px\u00bb button_one_text_color=\u00bb#ffffff\u00bb button_one_bg_color=\u00bb#ff6a09&#8243; button_one_border_width=\u00bb1px\u00bb button_one_border_color=\u00bb#ff6a09&#8243; button_one_border_radius=\u00bb15px\u00bb button_one_letter_spacing=\u00bb1px\u00bb button_two_text_size=\u00bb26px\u00bb button_two_text_color=\u00bb#555858&#8243; button_two_bg_color=\u00bb#ffffff\u00bb button_two_border_width=\u00bb1px\u00bb button_two_border_radius=\u00bb15px\u00bb min_height=\u00bb542.8px\u00bb custom_margin=\u00bb|||\u00bb custom_padding=\u00bb8%||8%|\u00bb animation_style=\u00bbfade\u00bb title_font_size_tablet=\u00bb48px\u00bb title_font_size_phone=\u00bb36px\u00bb title_font_size_last_edited=\u00bbon|phone\u00bb custom_css_subtitle=\u00bbfont-family: &#8216;Source Sans 3 Bold&#8217;!important;||  \u00bb button_one_letter_spacing_hover=\u00bb1px\u00bb button_two_letter_spacing_hover=\u00bb1px\u00bb global_colors_info=\u00bb{}\u00bb button_one_text_size__hover_enabled=\u00bboff\u00bb button_one_text_color__hover_enabled=\u00bboff\u00bb button_one_border_width__hover_enabled=\u00bboff\u00bb button_one_border_color__hover_enabled=\u00bboff\u00bb button_one_border_radius__hover_enabled=\u00bboff\u00bb button_one_letter_spacing__hover_enabled=\u00bbon|desktop\u00bb button_one_letter_spacing__hover=\u00bb1px\u00bb button_one_bg_color__hover_enabled=\u00bboff\u00bb button_two_letter_spacing__hover=\u00bb\u00bb button_two_letter_spacing__hover_enabled=\u00bbon|desktop\u00bb][\/et_pb_fullwidth_header][\/et_pb_section]<\/p>\n","protected":false},"excerpt":{"rendered":"<p>Presentamos al equipo de Tropica Verde &nbsp; El trabajo de TROPICA VERDE e.V. se basa en el apoyo voluntario de todos sus miembros y patrocinadores. El Consejo Ejecutivo representa a la asociaci\u00f3n y es elegido entre los miembros. El comit\u00e9 es el \u00f3rgano de los miembros, tambi\u00e9n es elegido de entre sus filas y supervisa [&hellip;]<\/p>\n","protected":false},"author":2,"featured_media":0,"parent":5847,"menu_order":0,"comment_status":"closed","ping_status":"closed","template":"","meta":{"_et_pb_use_builder":"on","_et_pb_old_content":"","_et_gb_content_width":"","inline_featured_image":false,"footnotes":""},"class_list":["post-5882","page","type-page","status-publish","hentry"],"_links":{"self":[{"href":"https:\/\/tropica-verde.de\/es\/wp-json\/wp\/v2\/pages\/5882","targetHints":{"allow":["GET"]}}],"collection":[{"href":"https:\/\/tropica-verde.de\/es\/wp-json\/wp\/v2\/pages"}],"about":[{"href":"https:\/\/tropica-verde.de\/es\/wp-json\/wp\/v2\/types\/page"}],"author":[{"embeddable":true,"href":"https:\/\/tropica-verde.de\/es\/wp-json\/wp\/v2\/users\/2"}],"replies":[{"embeddable":true,"href":"https:\/\/tropica-verde.de\/es\/wp-json\/wp\/v2\/comments?post=5882"}],"version-history":[{"count":33,"href":"https:\/\/tropica-verde.de\/es\/wp-json\/wp\/v2\/pages\/5882\/revisions"}],"predecessor-version":[{"id":250657,"href":"https:\/\/tropica-verde.de\/es\/wp-json\/wp\/v2\/pages\/5882\/revisions\/250657"}],"up":[{"embeddable":true,"href":"https:\/\/tropica-verde.de\/es\/wp-json\/wp\/v2\/pages\/5847"}],"wp:attachment":[{"href":"https:\/\/tropica-verde.de\/es\/wp-json\/wp\/v2\/media?parent=5882"}],"curies":[{"name":"wp","href":"https:\/\/api.w.org\/{rel}","templated":true}]}}