{"id":5852,"date":"2017-04-03T08:49:54","date_gmt":"2017-04-03T08:49:54","guid":{"rendered":"https:\/\/neu.tropica-verde.de\/proteccion-de-la-naturaleza\/umweltbildung\/"},"modified":"2026-02-20T04:17:39","modified_gmt":"2026-02-20T02:17:39","slug":"educacion-ambiental","status":"publish","type":"page","link":"https:\/\/tropica-verde.de\/es\/proyectos\/educacion-ambiental\/","title":{"rendered":"Educaci\u00f3n medioambiental en Costa Rica"},"content":{"rendered":"<p>[et_pb_section fb_built=\u00bb1&#8243; fullwidth=\u00bbon\u00bb _builder_version=\u00bb4.16&#8243; _module_preset=\u00bbdefault\u00bb min_height_tablet=\u00bb\u00bb min_height_phone=\u00bb\u00bb min_height_last_edited=\u00bbon|phone\u00bb saved_tabs=\u00bball\u00bb global_colors_info=\u00bb{}\u00bb][et_pb_fullwidth_header title=\u00bbConservaci\u00f3n de la naturaleza mediante la educaci\u00f3n medioambiental\u00bb button_one_text=\u00bbEn Costa Rica\u00bb button_one_url=\u00bbhttps:\/\/tropica-verde.de\/es\/proyectos\/educacion-ambiental\/\u00bb button_two_text=\u00bbEn Alemania\u00bb button_two_url=\u00bbhttps:\/\/tropica-verde.de\/es\/proyectos\/educacion-medioambiental-en-alemania\/\u00bb _builder_version=\u00bb4.23.1&#8243; _module_preset=\u00bbdefault\u00bb title_font=\u00bb|800||on|||||\u00bb title_font_size=\u00bb70px\u00bb title_line_height=\u00bb0.8em\u00bb subhead_font=\u00bbSource Serif Pro Semibold||||||||\u00bb subhead_font_size=\u00bb36px\u00bb subhead_line_height=\u00bb1.2em\u00bb background_color=\u00bbrgba(0,13,53,0.24)\u00bb background_image=\u00bbhttps:\/\/tropica-verde.de\/wp-content\/uploads\/2023\/01\/header_bildung.jpg\u00bb background_position=\u00bbtop_center\u00bb background_vertical_offset=\u00bb30%\u00bb background_blend=\u00bbmultiply\u00bb button_one_bg_color=\u00bb#A1C611&#8243; transform_translate_linked=\u00bboff\u00bb min_height=\u00bb464px\u00bb min_height_tablet=\u00bb\u00bb min_height_phone=\u00bb\u00bb min_height_last_edited=\u00bbon|desktop\u00bb custom_margin=\u00bb||||false|false\u00bb custom_padding=\u00bb180px||||false|false\u00bb custom_padding_tablet=\u00bb60px||||false|false\u00bb custom_padding_phone=\u00bb||||false|false\u00bb custom_padding_last_edited=\u00bbon|tablet\u00bb title_font_size_tablet=\u00bb56px\u00bb title_font_size_phone=\u00bb43px\u00bb title_font_size_last_edited=\u00bbon|desktop\u00bb subhead_font_size_tablet=\u00bb30px\u00bb subhead_font_size_phone=\u00bb24px\u00bb subhead_font_size_last_edited=\u00bbon|phone\u00bb global_colors_info=\u00bb{}\u00bb button_two_bg_color__hover_enabled=\u00bboff|desktop\u00bb button_two_border_color__hover_enabled=\u00bbon|hover\u00bb][\/et_pb_fullwidth_header][\/et_pb_section][et_pb_section fb_built=\u00bb1&#8243; custom_padding_last_edited=\u00bbon|tablet\u00bb _builder_version=\u00bb4.23.1&#8243; _module_preset=\u00bbdefault\u00bb custom_padding=\u00bb100px||100px||false|false\u00bb custom_padding_tablet=\u00bb50px||50px||false|false\u00bb custom_padding_phone=\u00bb50px||50px||false|false\u00bb global_colors_info=\u00bb{}\u00bb][et_pb_row _builder_version=\u00bb4.23.1&#8243; _module_preset=\u00bbdefault\u00bb width_tablet=\u00bb\u00bb width_phone=\u00bb\u00bb width_last_edited=\u00bbon|desktop\u00bb custom_padding=\u00bb0px||0px||false|false\u00bb global_colors_info=\u00bb{}\u00bb][et_pb_column type=\u00bb4_4&#8243; _builder_version=\u00bb4.16&#8243; _module_preset=\u00bbdefault\u00bb custom_padding_tablet=\u00bb\u00bb custom_padding_phone=\u00bb\u00bb custom_padding_last_edited=\u00bbon|phone\u00bb global_colors_info=\u00bb{}\u00bb][et_pb_text _builder_version=\u00bb4.23.1&#8243; _module_preset=\u00bbdefault\u00bb header_font=\u00bb|600|||||||\u00bb header_text_color=\u00bb#006B46&#8243; header_font_size=\u00bb36px\u00bb header_2_font=\u00bb|700|||||||\u00bb header_2_font_size=\u00bb36px\u00bb custom_margin_tablet=\u00bb\u00bb custom_margin_phone=\u00bb\u00bb custom_margin_last_edited=\u00bbon|desktop\u00bb custom_padding_tablet=\u00bb\u00bb custom_padding_phone=\u00bb\u00bb custom_padding_last_edited=\u00bbon|phone\u00bb header_font_size_tablet=\u00bb30px\u00bb header_font_size_phone=\u00bb24px\u00bb header_font_size_last_edited=\u00bbon|phone\u00bb header_2_font_size_tablet=\u00bb30px\u00bb header_2_font_size_phone=\u00bb24px\u00bb global_colors_info=\u00bb{}\u00bb]<\/p>\n<h2>S\u00f3lo mediante una conciencia aguda de nuestro entorno natural es posible hacer algo contra las amenazas.<\/h2>\n<h2>Por ello, para Tropica Verde es especialmente importante complementar sus proyectos de protecci\u00f3n del medio ambiente con la educaci\u00f3n en guarder\u00edas, escuelas, universidades y centros de aprendizaje extraescolar, tanto en Costa Rica como en Alemania y Suiza, \u00a1y ahora tambi\u00e9n en l\u00ednea!<\/h2>\n<p>[\/et_pb_text][\/et_pb_column][\/et_pb_row][\/et_pb_section][et_pb_section fb_built=\u00bb1&#8243; module_id=\u00bbeducacion_ambiental_costa_rica\u00bb _builder_version=\u00bb4.23.1&#8243; _module_preset=\u00bbdefault\u00bb background_color=\u00bb#C2DBE0&#8243; custom_margin=\u00bb||||false|false\u00bb custom_padding=\u00bb41px|||||\u00bb global_colors_info=\u00bb{}\u00bb][et_pb_row _builder_version=\u00bb4.16&#8243; _module_preset=\u00bbdefault\u00bb global_colors_info=\u00bb{}\u00bb][et_pb_column type=\u00bb4_4&#8243; _builder_version=\u00bb4.16&#8243; _module_preset=\u00bbdefault\u00bb global_colors_info=\u00bb{}\u00bb][et_pb_text _builder_version=\u00bb4.23.1&#8243; _module_preset=\u00bbdefault\u00bb text_font=\u00bb|700|||||||\u00bb text_text_color=\u00bb#333333&#8243; text_font_size=\u00bb20px\u00bb header_text_color=\u00bb#105427&#8243; header_2_font=\u00bb|700|||||||\u00bb header_2_text_color=\u00bb#006B46&#8243; header_2_font_size=\u00bb36px\u00bb header_2_font_size_tablet=\u00bb30px\u00bb header_2_font_size_phone=\u00bb24px\u00bb global_colors_info=\u00bb{}\u00bb]<\/p>\n<h2>EDUCACI\u00d3N AMBIENTAL EN COSTA RICA<\/h2>\n<p>[\/et_pb_text][\/et_pb_column][\/et_pb_row][et_pb_row column_structure=\u00bb1_2,1_2&#8243; _builder_version=\u00bb4.23.1&#8243; _module_preset=\u00bbdefault\u00bb global_colors_info=\u00bb{}\u00bb][et_pb_column type=\u00bb1_2&#8243; _builder_version=\u00bb4.23.1&#8243; _module_preset=\u00bbdefault\u00bb global_colors_info=\u00bb{}\u00bb][et_pb_text _builder_version=\u00bb4.23.1&#8243; _module_preset=\u00bbdefault\u00bb text_font=\u00bb|700|||||||\u00bb text_text_color=\u00bb#333333&#8243; text_font_size=\u00bb20px\u00bb header_text_color=\u00bb#105427&#8243; header_2_font=\u00bb|700|||||||\u00bb header_2_text_color=\u00bb#006B46&#8243; header_2_font_size=\u00bb36px\u00bb header_2_font_size_tablet=\u00bb30px\u00bb header_2_font_size_phone=\u00bb24px\u00bb global_colors_info=\u00bb{}\u00bb]<\/p>\n<p>El objetivo es combinar todos los proyectos de conservaci\u00f3n de la naturaleza en Costa Rica con la educaci\u00f3n medioambiental. Las actividades se dirigen principalmente a escolares, estudiantes, padres y profesores. Sin embargo, tambi\u00e9n se integran las generaciones mayores, y nos esforzamos por transmitir sus experiencias a la siguiente generaci\u00f3n en cooperaci\u00f3n con socios locales.  <\/p>\n<p>[\/et_pb_text][\/et_pb_column][et_pb_column type=\u00bb1_2&#8243; _builder_version=\u00bb4.23.1&#8243; _module_preset=\u00bbdefault\u00bb global_colors_info=\u00bb{}\u00bb][et_pb_blurb title=\u00bbRed de educaci\u00f3n medioambiental\u00bb url=\u00bbhttps:\/\/tropica-verde.de\/es\/los-socios-del-proyecto-se-presentan-entrevista-con-ariana-oporta-mccarthy\/\u00bb use_icon=\u00bbon\u00bb font_icon=\u00bb&#xe04e;||divi||400&#8243; icon_color=\u00bb#006B46&#8243; icon_placement=\u00bbleft\u00bb _builder_version=\u00bb4.23.1&#8243; _module_preset=\u00bbdefault\u00bb header_level=\u00bbh2&#8243; header_text_color=\u00bb#006B46&#8243; header_font_size=\u00bb32px\u00bb body_font_size=\u00bb18px\u00bb link_option_url_new_window=\u00bbon\u00bb global_colors_info=\u00bb{}\u00bb]<\/p>\n<p><span>Para vincular las actividades de educaci\u00f3n medioambiental de nuestras organizaciones locales asociadas en toda Costa Rica, Tropica Verde est\u00e1 creando una red de educaci\u00f3n medioambiental entre proyectos.<br \/><\/span><a href=\"https:\/\/tropica-verde.de\/es\/red-de-educacion-en-costa-rica-entrevista-con-la-nueva-coordinadora\/\"><span style=\"font-size: 18px;\">M\u00e1s informaci\u00f3n sobre la red en la entrevista con M\u00f3nica Chinchilla Vargas<\/span><\/a><\/p>\n<p><span><\/span><\/p>\n<p>[\/et_pb_blurb][\/et_pb_column][\/et_pb_row][\/et_pb_section][et_pb_section fb_built=\u00bb1&#8243; custom_padding_last_edited=\u00bbon|desktop\u00bb disabled_on=\u00bboff|off|off\u00bb _builder_version=\u00bb4.23.1&#8243; _module_preset=\u00bbdefault\u00bb background_color=\u00bb#439095&#8243; custom_padding=\u00bb60px||60px||false|false\u00bb custom_padding_tablet=\u00bb0px||0px||false|false\u00bb custom_padding_phone=\u00bb||||false|false\u00bb global_colors_info=\u00bb{}\u00bb][et_pb_row column_structure=\u00bb1_2,1_2&#8243; custom_padding_last_edited=\u00bbon|desktop\u00bb _builder_version=\u00bb4.23.1&#8243; _module_preset=\u00bbdefault\u00bb custom_margin_last_edited=\u00bboff|desktop\u00bb custom_padding=\u00bb30px||||false|false\u00bb custom_padding_tablet=\u00bb0px||||false|false\u00bb custom_padding_phone=\u00bb||||false|false\u00bb custom_css_main_element=\u00bbdisplay: flex;||align-items: center;\u00bb global_colors_info=\u00bb{}\u00bb custom_css_main_element_last_edited=\u00bbon|desktop\u00bb custom_css_main_element_tablet=\u00bbflex-direction: column-reverse;||display: flex;\u00bb custom_css_main_element_phone=\u00bbflex-direction: column-reverse;||display: flex;\u00bb][et_pb_column type=\u00bb1_2&#8243; _builder_version=\u00bb4.23.1&#8243; _module_preset=\u00bbdefault\u00bb global_colors_info=\u00bb{}\u00bb][et_pb_text _builder_version=\u00bb4.23.1&#8243; _module_preset=\u00bbdefault\u00bb text_text_color=\u00bb#ffffff\u00bb header_font_size=\u00bb36px\u00bb header_2_text_color=\u00bb#ffffff\u00bb header_2_font_size=\u00bb40px\u00bb header_font_size_tablet=\u00bb30px\u00bb header_font_size_phone=\u00bb24px\u00bb header_font_size_last_edited=\u00bbon|phone\u00bb global_colors_info=\u00bb{}\u00bb]<\/p>\n<h2>Monte Alto - Conocer, comprender y proteger la naturaleza<\/h2>\n<p>[\/et_pb_text][et_pb_text _builder_version=\u00bb4.23.1&#8243; _module_preset=\u00bbdefault\u00bb text_text_color=\u00bb#ffffff\u00bb global_colors_info=\u00bb{}\u00bb]<\/p>\n<p>En Monte Alto, el programa de educaci\u00f3n medioambiental de la fundaci\u00f3n local Pro Reserva Forestal Monte Alto est\u00e1 financiado en gran parte por Tropica Verde. Adem\u00e1s, junto con varias organizaciones asociadas, se hizo posible la creaci\u00f3n de un centro de educaci\u00f3n medioambiental, que sirve de base para las visitas al proyecto de clases escolares y grupos tur\u00edsticos. Durante una visita, pueden explorar varios senderos educativos, como el de las orqu\u00eddeas y los \u00e1rboles, y conocer la asombrosa biodiversidad de un bosque secundario reforestado con \u00e9xito. Durante muchos a\u00f1os se han impartido cursos de educaci\u00f3n medioambiental en varias escuelas vecinas con el objetivo de sensibilizar a los ni\u00f1os de primaria sobre la fauna y la flora de su tierra natal y aumentar su comprensi\u00f3n de la importancia de las distintas especies para un ecosistema que funcione y un ciclo del agua intacto.   <\/p>\n<p>Tambi\u00e9n se organizan regularmente excursiones a Monte Alto, como el \u00abD\u00eda del \u00c1rbol\u00bb anual, para que los ni\u00f1os conozcan distintas especies animales y aprendan sobre su h\u00e1bitat natural mientras plantan \u00e1rboles. A partir de 2020, se observar\u00e1 y documentar\u00e1 la creciente biodiversidad en colaboraci\u00f3n con estudiantes del Colegio T\u00e9cnico Profesional de Hojancha, utilizando, entre otras cosas, datos recogidos con c\u00e1maras trampa. <\/p>\n<p>[\/et_pb_text][\/et_pb_column][et_pb_column type=\u00bb1_2&#8243; _builder_version=\u00bb4.23.1&#8243; _module_preset=\u00bbdefault\u00bb background_enable_image=\u00bboff\u00bb custom_padding=\u00bb30px||0px||false|false\u00bb custom_padding_tablet=\u00bb0px||30px||false|false\u00bb custom_padding_phone=\u00bb||||false|false\u00bb custom_padding_last_edited=\u00bbon|tablet\u00bb global_colors_info=\u00bb{}\u00bb custom_css_main_element_last_edited=\u00bboff|desktop\u00bb][et_pb_image src=\u00bbhttps:\/\/tropica-verde.de\/wp-content\/uploads\/2023\/02\/Kinder_MonteAlto_Lodge-scaled.jpg\u00bb alt=\u00bbLos ni\u00f1os descubren la naturaleza en la plataforma de observaci\u00f3n del centro de educaci\u00f3n medioambiental de Monte Alto\u00bb title_text=\u00bbLos ni\u00f1os descubren la naturaleza en la plataforma de observaci\u00f3n del centro de educaci\u00f3n medioambiental de Monte Alto\u00bb _builder_version=\u00bb4.16&#8243; _module_preset=\u00bbdefault\u00bb global_colors_info=\u00bb{}\u00bb][\/et_pb_image][\/et_pb_column][\/et_pb_row][\/et_pb_section][et_pb_section fb_built=\u00bb1&#8243; custom_padding_last_edited=\u00bbon|tablet\u00bb disabled_on=\u00bboff|off|off\u00bb _builder_version=\u00bb4.23.1&#8243; _module_preset=\u00bbdefault\u00bb custom_margin=\u00bb||||false|false\u00bb custom_padding=\u00bb100px||100px||false|false\u00bb custom_padding_tablet=\u00bb50px||50px||false|false\u00bb custom_padding_phone=\u00bb50px||50px||false|false\u00bb global_colors_info=\u00bb{}\u00bb][et_pb_row column_structure=\u00bb1_2,1_2&#8243; module_id=\u00bbacbtc\u00bb _builder_version=\u00bb4.23.1&#8243; _module_preset=\u00bbdefault\u00bb custom_css_main_element=\u00bbdisplay: flex;||align-items: center;\u00bb global_colors_info=\u00bb{}\u00bb custom_css_main_element_last_edited=\u00bbon|desktop\u00bb custom_css_main_element_tablet=\u00bbdisplay: block;\u00bb custom_css_main_element_phone=\u00bbdisplay: block;\u00bb][et_pb_column type=\u00bb1_2&#8243; _builder_version=\u00bb4.16&#8243; _module_preset=\u00bbdefault\u00bb global_colors_info=\u00bb{}\u00bb][et_pb_image src=\u00bbhttps:\/\/tropica-verde.de\/wp-content\/uploads\/2023\/02\/wissen_kinder_talamanca2.jpg\u00bb alt=\u00bbEn la aldea ind\u00edgena de Bribri, los ni\u00f1os comprometidos se entusiasman con la conservaci\u00f3n de la naturaleza y desarrollan sus propios proyectos\u00bb title_text=\u00bbEn la aldea ind\u00edgena de Bribri, los ni\u00f1os comprometidos se entusiasman con la conservaci\u00f3n de la naturaleza y desarrollan sus propios proyectos\u00bb _builder_version=\u00bb4.16&#8243; _module_preset=\u00bbdefault\u00bb global_colors_info=\u00bb{}\u00bb][\/et_pb_image][\/et_pb_column][et_pb_column type=\u00bb1_2&#8243; _builder_version=\u00bb4.16&#8243; _module_preset=\u00bbdefault\u00bb background_enable_image=\u00bboff\u00bb global_colors_info=\u00bb{}\u00bb][et_pb_text _builder_version=\u00bb4.23.1&#8243; _module_preset=\u00bbdefault\u00bb text_text_color=\u00bb#ffffff\u00bb header_font_size=\u00bb32px\u00bb header_2_font_size=\u00bb36px\u00bb header_2_font_size_tablet=\u00bb30px\u00bb header_2_font_size_phone=\u00bb24px\u00bb global_colors_info=\u00bb{}\u00bb]<\/p>\n<h2>ACBTC -<br \/>Conservaci\u00f3n de la selva tropical mediante proyectos escolares<\/h2>\n<p>[\/et_pb_text][et_pb_text _builder_version=\u00bb4.23.1&#8243; _module_preset=\u00bbdefault\u00bb global_colors_info=\u00bb{}\u00bb]<\/p>\n<p><span>En el Corredor Biol\u00f3gico Talamanca, Tropica Verde financia proyectos escolares a trav\u00e9s de la organizaci\u00f3n local ACBTC (Asociaci\u00f3n Corredor Biol\u00f3gico Talamanca Caribe). Aqu\u00ed se tratan temas importantes, como los efectos del cambio clim\u00e1tico y la importancia de proteger los bosques ricos en especies de la regi\u00f3n. Este trabajo llega tanto a los alumnos como a sus padres. Los profesores cuentan con el apoyo de Tropica Verde, entre otros, para su labor de educaci\u00f3n medioambiental. En el \u00abFestival Ambiental Por La Vida\u00bb que se celebra anualmente en Bribri, la principal ciudad de la poblaci\u00f3n ind\u00edgena, los alumnos presentan sus proyectos con gran orgullo y compromiso mediante juegos, bailes y teatro.  <\/span><\/p>\n<p>[\/et_pb_text][\/et_pb_column][\/et_pb_row][\/et_pb_section][et_pb_section fb_built=\u00bb1&#8243; disabled_on=\u00bbon|off|off\u00bb _builder_version=\u00bb4.16&#8243; _module_preset=\u00bbdefault\u00bb background_image=\u00bbhttps:\/\/tropica-verde.de\/wp-content\/uploads\/2023\/02\/wissen_expedition_kinkajou.jpg\u00bb background_position=\u00bbtop_center\u00bb global_colors_info=\u00bb{}\u00bb][et_pb_row column_structure=\u00bb1_2,1_2&#8243; _builder_version=\u00bb4.16&#8243; _module_preset=\u00bbdefault\u00bb global_colors_info=\u00bb{}\u00bb][et_pb_column type=\u00bb1_2&#8243; _builder_version=\u00bb4.16&#8243; _module_preset=\u00bbdefault\u00bb global_colors_info=\u00bb{}\u00bb][et_pb_text _builder_version=\u00bb4.23.1&#8243; _module_preset=\u00bbdefault\u00bb text_text_color=\u00bb#ffffff\u00bb header_text_color=\u00bb#ffffff\u00bb header_font_size=\u00bb32px\u00bb header_2_text_color=\u00bb#ffffff\u00bb header_2_font_size=\u00bb36px\u00bb header_2_font_size_tablet=\u00bb30px\u00bb header_2_font_size_phone=\u00bb24px\u00bb global_colors_info=\u00bb{}\u00bb]<\/p>\n<h2>Reserva Kinkajou -<br \/>Visitas guiadas para amantes de la naturaleza<\/h2>\n<p>[\/et_pb_text][et_pb_text _builder_version=\u00bb4.23.1&#8243; _module_preset=\u00bbdefault\u00bb text_text_color=\u00bb#ffffff\u00bb global_colors_info=\u00bb{}\u00bb]<\/p>\n<p>Partiendo del cercano Ecolodge Yatama, los grupos de turistas son guiados por la naturaleza virgen del Parque Nacional Braulio Carrillo y la zona vecina del proyecto. Pedro, el gu\u00eda naturalista, explica las amenazas para el medio ambiente que acechan m\u00e1s all\u00e1 de los l\u00edmites del parque nacional. Explica los m\u00e9todos de reforestaci\u00f3n para la conservaci\u00f3n y creaci\u00f3n de corredores biol\u00f3gicos, vitales para la supervivencia de numerosas especies animales como prolongaci\u00f3n de su h\u00e1bitat. En un futuro pr\u00f3ximo tambi\u00e9n se construir\u00e1 un peque\u00f1o centro medioambiental, que tambi\u00e9n podr\u00e1n visitar grupos escolares y servir\u00e1 de punto de partida para la investigaci\u00f3n cient\u00edfica.   <\/p>\n<p>&nbsp;<\/p>\n<p>[\/et_pb_text][\/et_pb_column][et_pb_column type=\u00bb1_2&#8243; _builder_version=\u00bb4.16&#8243; _module_preset=\u00bbdefault\u00bb global_colors_info=\u00bb{}\u00bb][\/et_pb_column][\/et_pb_row][\/et_pb_section][et_pb_section fb_built=\u00bb1&#8243; custom_padding_last_edited=\u00bbon|tablet\u00bb disabled_on=\u00bboff|off|on\u00bb _builder_version=\u00bb4.23.1&#8243; _module_preset=\u00bbdefault\u00bb background_color=\u00bb#439095&#8243; custom_padding=\u00bb50px||||false|false\u00bb custom_padding_tablet=\u00bb0px||||false|false\u00bb custom_padding_phone=\u00bb0px||||false|false\u00bb global_colors_info=\u00bb{}\u00bb][et_pb_row column_structure=\u00bb1_2,1_2&#8243; _builder_version=\u00bb4.23.1&#8243; _module_preset=\u00bbdefault\u00bb custom_margin=\u00bb0px||||false|false\u00bb custom_padding=\u00bb0px||||false|false\u00bb global_colors_info=\u00bb{}\u00bb][et_pb_column type=\u00bb1_2&#8243; _builder_version=\u00bb4.16&#8243; _module_preset=\u00bbdefault\u00bb global_colors_info=\u00bb{}\u00bb][et_pb_image src=\u00bbhttps:\/\/tropica-verde.de\/wp-content\/uploads\/2023\/02\/wissen_expedition_kinkajou2.jpg\u00bb alt=\u00bbExcursi\u00f3n matinal por la carretera a la Reserva Kinkajou\u00bb title_text=\u00bbExcursi\u00f3n matinal por la carretera a la Reserva Kinkajou\u00bb _builder_version=\u00bb4.16&#8243; _module_preset=\u00bbdefault\u00bb global_colors_info=\u00bb{}\u00bb][\/et_pb_image][\/et_pb_column][et_pb_column type=\u00bb1_2&#8243; _builder_version=\u00bb4.16&#8243; _module_preset=\u00bbdefault\u00bb background_enable_image=\u00bboff\u00bb global_colors_info=\u00bb{}\u00bb][et_pb_text disabled_on=\u00bboff|off|off\u00bb _builder_version=\u00bb4.23.1&#8243; _module_preset=\u00bbdefault\u00bb text_text_color=\u00bb#ffffff\u00bb header_font_size=\u00bb32px\u00bb header_2_text_color=\u00bb#ffffff\u00bb header_2_font_size=\u00bb36px\u00bb header_2_font_size_tablet=\u00bb30px\u00bb header_2_font_size_phone=\u00bb24px\u00bb global_colors_info=\u00bb{}\u00bb]<\/p>\n<h2>Reserva Kinkajou -<br \/>Visitas guiadas para amantes de la naturaleza<\/h2>\n<p>[\/et_pb_text][et_pb_text _builder_version=\u00bb4.23.1&#8243; _module_preset=\u00bbdefault\u00bb text_text_color=\u00bb#ffffff\u00bb global_colors_info=\u00bb{}\u00bb]<\/p>\n<p>Partiendo del cercano Ecolodge Yatama, los grupos de turistas son guiados por la naturaleza virgen del Parque Nacional Braulio Carrillo y la zona vecina del proyecto. Pedro, el gu\u00eda naturalista, explica las amenazas para el medio ambiente que acechan m\u00e1s all\u00e1 de los l\u00edmites del parque nacional. Explica los m\u00e9todos de reforestaci\u00f3n para la conservaci\u00f3n y creaci\u00f3n de corredores biol\u00f3gicos, vitales para la supervivencia de numerosas especies animales como prolongaci\u00f3n de su h\u00e1bitat. En un futuro pr\u00f3ximo tambi\u00e9n se construir\u00e1 un peque\u00f1o centro medioambiental, que tambi\u00e9n podr\u00e1n visitar grupos escolares y servir\u00e1 de punto de partida para la investigaci\u00f3n cient\u00edfica.   <\/p>\n<p>[\/et_pb_text][\/et_pb_column][\/et_pb_row][\/et_pb_section][et_pb_section fb_built=\u00bb1&#8243; module_id=\u00bbecodesi\u00bb _builder_version=\u00bb4.23.1&#8243; _module_preset=\u00bbdefault\u00bb background_color=\u00bb#e9eeea\u00bb custom_padding=\u00bb||||false|false\u00bb global_colors_info=\u00bb{}\u00bb][et_pb_row column_structure=\u00bb1_2,1_2&#8243; _builder_version=\u00bb4.23.1&#8243; _module_preset=\u00bbdefault\u00bb custom_margin=\u00bb||||false|false\u00bb custom_css_main_element=\u00bbdisplay: flex;||align-items: center;\u00bb global_colors_info=\u00bb{}\u00bb custom_css_main_element_last_edited=\u00bbon|tablet\u00bb custom_css_main_element_tablet=\u00bbdisplay: flex;||flex-direction: column-reverse;\u00bb custom_css_main_element_phone=\u00bbdisplay: flex;||flex-direction: column-reverse;\u00bb][et_pb_column type=\u00bb1_2&#8243; _builder_version=\u00bb4.16&#8243; _module_preset=\u00bbdefault\u00bb global_colors_info=\u00bb{}\u00bb][et_pb_text _builder_version=\u00bb4.23.1&#8243; _module_preset=\u00bbdefault\u00bb header_font=\u00bb|600|||||||\u00bb header_text_color=\u00bb#006B46&#8243; header_font_size=\u00bb36px\u00bb header_2_font=\u00bb|700|||||||\u00bb header_2_font_size=\u00bb36px\u00bb header_2_line_height=\u00bb1.1em\u00bb custom_margin=\u00bb||18px|||\u00bb header_font_size_tablet=\u00bb30px\u00bb header_font_size_phone=\u00bb24px\u00bb header_font_size_last_edited=\u00bbon|phone\u00bb header_2_font_size_tablet=\u00bb30px\u00bb header_2_font_size_phone=\u00bb24px\u00bb global_colors_info=\u00bb{}\u00bb]<\/p>\n<h2>ECODESI - Educaci\u00f3n medioambiental para j\u00f3venes y mayores<\/h2>\n<p>[\/et_pb_text][et_pb_text _builder_version=\u00bb4.23.1&#8243; _module_preset=\u00bbdefault\u00bb global_colors_info=\u00bb{}\u00bb]<\/p>\n<p>En el peque\u00f1o pueblo de Villareal, cerca de Tamarindo, Tropica Verde apoya desde hace a\u00f1os el proyecto \u00abColores de Identidad\u00bb de la organizaci\u00f3n local asociada ECODESI. Los principales grupos destinatarios de este proyecto son las personas mayores del municipio de Villareal y los escolares de la regi\u00f3n. Se apoya a los mayores para que aprendan y apliquen medidas medioambientales importantes (reciclar, plantar, etc.).<\/p>\n<p>Al mismo tiempo, los participantes de m\u00e1s edad transmiten su experiencia en el cultivo tradicional de hortalizas y frutas a la generaci\u00f3n m\u00e1s joven. Adem\u00e1s de numerosos talleres y cursos de formaci\u00f3n, las actividades de este proyecto incluyen la creaci\u00f3n de un vivero con plantas locales, reforestaci\u00f3n, reciclaje, compostaje, campa\u00f1as para r\u00edos limpios, un banco de semillas con semillas locales y mucho m\u00e1s.<\/p>\n<p>[\/et_pb_text][\/et_pb_column][et_pb_column type=\u00bb1_2&#8243; _builder_version=\u00bb4.23.1&#8243; _module_preset=\u00bbdefault\u00bb custom_padding=\u00bb||0px||false|false\u00bb custom_padding_tablet=\u00bb||30px||false|false\u00bb custom_padding_phone=\u00bb||30px||false|false\u00bb custom_padding_last_edited=\u00bbon|desktop\u00bb global_colors_info=\u00bb{}\u00bb][et_pb_image src=\u00bbhttps:\/\/tropica-verde.de\/wp-content\/uploads\/2023\/02\/ECODESI_Keimungsaktion.png\u00bb alt=\u00bbParticipantes en una campa\u00f1a de propagaci\u00f3n de plantas en el proyecto ECODESI\u00bb title_text=\u00bbParticipantes en una campa\u00f1a de propagaci\u00f3n de plantas en el proyecto ECODESI\u00bb _builder_version=\u00bb4.16&#8243; _module_preset=\u00bbdefault\u00bb global_colors_info=\u00bb{}\u00bb][\/et_pb_image][\/et_pb_column][\/et_pb_row][\/et_pb_section][et_pb_section fb_built=\u00bb1&#8243; custom_padding_last_edited=\u00bbon|tablet\u00bb module_id=\u00bbasoguabo\u00bb _builder_version=\u00bb4.23.1&#8243; _module_preset=\u00bbdefault\u00bb background_color=\u00bb#C2DBE0&#8243; custom_padding=\u00bb100px||100px||false|false\u00bb custom_padding_tablet=\u00bb50px||50px||false|false\u00bb custom_padding_phone=\u00bb50px||50px||false|false\u00bb global_colors_info=\u00bb{}\u00bb][et_pb_row column_structure=\u00bb1_2,1_2&#8243; _builder_version=\u00bb4.23.1&#8243; _module_preset=\u00bbdefault\u00bb custom_padding=\u00bb0px||0px||false|false\u00bb global_colors_info=\u00bb{}\u00bb][et_pb_column type=\u00bb1_2&#8243; _builder_version=\u00bb4.16&#8243; _module_preset=\u00bbdefault\u00bb global_colors_info=\u00bb{}\u00bb][et_pb_image src=\u00bbhttps:\/\/tropica-verde.de\/wp-content\/uploads\/2024\/10\/39156b7d-882b-4fd3-b308-b64587880b54.jpeg\u00bb title_text=\u00bbASOGUABO Ni\u00f1os en el bosque\u00bb _builder_version=\u00bb4.23.1&#8243; _module_preset=\u00bbdefault\u00bb global_colors_info=\u00bb{}\u00bb][\/et_pb_image][\/et_pb_column][et_pb_column type=\u00bb1_2&#8243; _builder_version=\u00bb4.16&#8243; _module_preset=\u00bbdefault\u00bb global_colors_info=\u00bb{}\u00bb][et_pb_text _builder_version=\u00bb4.23.1&#8243; _module_preset=\u00bbdefault\u00bb header_text_color=\u00bb#006B46&#8243; header_2_font=\u00bb|700|||||||\u00bb header_2_text_color=\u00bb#006B46&#8243; header_2_font_size=\u00bb36px\u00bb header_2_font_size_tablet=\u00bb30px\u00bb header_2_font_size_phone=\u00bb24px\u00bb global_colors_info=\u00bb{}\u00bb]<\/p>\n<h2>ASOGUABO - Educaci\u00f3n para el desarrollo sostenible en la selva tropical<\/h2>\n<p>[\/et_pb_text][et_pb_text _builder_version=\u00bb4.16&#8243; _module_preset=\u00bbdefault\u00bb global_colors_info=\u00bb{}\u00bb]<\/p>\n<p><span>Junto con nuestra organizaci\u00f3n asociada ASOGUABO (Asociaci\u00f3n Guardianes del Bosque), fundada en 2023, empezamos en 2024 a reforzar a\u00fan m\u00e1s la conservaci\u00f3n sostenible de la naturaleza mediante la educaci\u00f3n medioambiental. A trav\u00e9s de profesores locales cualificados, ofrecemos a las escuelas la oportunidad de integrar el tema de la conservaci\u00f3n de la naturaleza en sus clases.  S\u00f3lo si conseguimos informar tanto a los ni\u00f1os como a los adultos sobre la importancia de la selva intacta local y acercarles a las caracter\u00edsticas especiales de los bosques mediante formaci\u00f3n, excursiones y actividades en la naturaleza, podremos lograr una verdadera sostenibilidad.  <\/span><\/p>\n<p><span>El corredor biol\u00f3gico de la regi\u00f3n est\u00e1 cada vez m\u00e1s amenazado por la especulaci\u00f3n del suelo y la construcci\u00f3n, a veces ilegal, de carreteras y de infraestructuras tur\u00edsticas en expansi\u00f3n. Por ello es importante trabajar con la poblaci\u00f3n local para establecer una buena vigilancia y promover redes vecinales. De acuerdo con el lema \u00abjuntos somos fuertes\u00bb, ASOGUABO est\u00e1 estableciendo este tipo de actividades locales para la conservaci\u00f3n a largo plazo de las islas forestales a\u00fan bien conservadas dentro del corredor, que tambi\u00e9n incluye la Tropica Verde Reserva \u00abFinca Curr\u00e9\u00bb con su bosque primario de m\u00e1s de 300 a\u00f1os de antig\u00fcedad. Apoyamos estas actividades sostenibles in situ.   <\/span><\/p>\n<p><span><a href=\"https:\/\/tropica-verde.de\/es\/ayudardonar\/donaciones\/\">  \u00a1Ay\u00fadanos con esto!<\/a>  Cada donaci\u00f3n cuenta y ayuda a conservar este h\u00e1bitat \u00fanico a largo plazo.<\/span><\/p>\n<p>[\/et_pb_text][\/et_pb_column][\/et_pb_row][\/et_pb_section][et_pb_section fb_built=\u00bb1&#8243; module_id=\u00bbecodesi\u00bb _builder_version=\u00bb4.23.1&#8243; _module_preset=\u00bbdefault\u00bb background_color=\u00bb#e9eeea\u00bb custom_padding=\u00bb||||false|false\u00bb global_colors_info=\u00bb{}\u00bb][et_pb_row column_structure=\u00bb1_2,1_2&#8243; _builder_version=\u00bb4.23.1&#8243; _module_preset=\u00bbdefault\u00bb custom_margin=\u00bb||||false|false\u00bb custom_css_main_element=\u00bbdisplay: flex;||align-items: center;\u00bb global_colors_info=\u00bb{}\u00bb custom_css_main_element_last_edited=\u00bbon|tablet\u00bb custom_css_main_element_tablet=\u00bbdisplay: flex;||flex-direction: column-reverse;\u00bb custom_css_main_element_phone=\u00bbdisplay: flex;||flex-direction: column-reverse;\u00bb][et_pb_column type=\u00bb1_2&#8243; _builder_version=\u00bb4.16&#8243; _module_preset=\u00bbdefault\u00bb global_colors_info=\u00bb{}\u00bb][et_pb_text _builder_version=\u00bb4.23.1&#8243; _module_preset=\u00bbdefault\u00bb header_font=\u00bb|600|||||||\u00bb header_text_color=\u00bb#006B46&#8243; header_font_size=\u00bb36px\u00bb header_2_font=\u00bb|700|||||||\u00bb header_2_font_size=\u00bb36px\u00bb header_2_line_height=\u00bb1.1em\u00bb custom_margin=\u00bb||18px|||\u00bb header_font_size_tablet=\u00bb30px\u00bb header_font_size_phone=\u00bb24px\u00bb header_font_size_last_edited=\u00bbon|phone\u00bb header_2_font_size_tablet=\u00bb30px\u00bb header_2_font_size_phone=\u00bb24px\u00bb global_colors_info=\u00bb{}\u00bb]<\/p>\n<h2 data-start=\"145\" data-end=\"215\">Fundaci\u00f3n Cuencas de Lim\u00f3n - Aprender, comprender, actuar<\/h2>\n<p data-start=\"217\" data-end=\"525\">\n<p>[\/et_pb_text][et_pb_text _builder_version=\u00bb4.23.1&#8243; _module_preset=\u00bbdefault\u00bb global_colors_info=\u00bb{}\u00bb]<\/p>\n<p data-start=\"217\" data-end=\"525\">\u00bfQu\u00e9 significa realmente formar parte de un corredor biol\u00f3gico? \u00bfY qu\u00e9 le ocurre a una botella de pl\u00e1stico si la tiramos sin cuidado? En 2025, m\u00e1s de 230 ni\u00f1os de once escuelas del corredor biol\u00f3gico \u00abBosque de las Madres\u00bb, en la regi\u00f3n caribe\u00f1a de Costa Rica, abordaron precisamente estas preguntas.  <\/p>\n<p data-start=\"527\" data-end=\"1018\">Junto con nuestra organizaci\u00f3n asociada Fundaci\u00f3n Cuencas de Lim\u00f3n (FCL), dimos vida a la educaci\u00f3n medioambiental de una forma muy pr\u00e1ctica. Los alumnos aprendieron por qu\u00e9 su casa forma parte de un corredor biol\u00f3gico reconocido oficialmente, un importante h\u00e1bitat que conecta bosques, protege especies y contribuye a la protecci\u00f3n del clima. Al mismo tiempo, conocieron las consecuencias concretas de una mala gesti\u00f3n de los residuos: r\u00edos contaminados, animales enfermos, suelo contaminado.  <\/p>\n<p data-start=\"1020\" data-end=\"1478\">Por supuesto, no era s\u00f3lo teor\u00eda. Los ni\u00f1os dise\u00f1aron sus propios contenedores de reciclaje e introdujeron la separaci\u00f3n de residuos en sus escuelas. En los talleres sobre las \u00ab5 R\u00bb -evitar, reducir, reutilizar, reciclar y reintegrar- los conocimientos se convirtieron directamente en acci\u00f3n. Las excursiones, por ejemplo al Santuario de los Perezosos, tambi\u00e9n reforzaron la conexi\u00f3n emocional con la naturaleza.   <\/p>\n<p data-start=\"1480\" data-end=\"1784\">Los resultados son alentadores: los conocimientos medioambientales de los ni\u00f1os han aumentado de forma apreciable y ahora se separan regularmente los residuos en varias escuelas. Pero, sobre todo, se ha creado algo que tendr\u00e1 un efecto a largo plazo: el orgullo de formar parte de un entorno natural especial, y la motivaci\u00f3n para protegerlo activamente. <\/p>\n<p>[\/et_pb_text][\/et_pb_column][et_pb_column type=\u00bb1_2&#8243; _builder_version=\u00bb4.23.1&#8243; _module_preset=\u00bbdefault\u00bb custom_padding=\u00bb||0px||false|false\u00bb custom_padding_tablet=\u00bb||30px||false|false\u00bb custom_padding_phone=\u00bb||30px||false|false\u00bb custom_padding_last_edited=\u00bbon|desktop\u00bb global_colors_info=\u00bb{}\u00bb][et_pb_image src=\u00bbhttps:\/\/tropica-verde.de\/wp-content\/uploads\/2026\/02\/Sofia-Stein-Praesidentin-der-Fundacion-scaled.jpeg\u00bb alt=\u00bbParticipantes en una campa\u00f1a de propagaci\u00f3n de plantas en el proyecto ECODESI\u00bb title_text=\u00bbSofia Stein, Presidenta de la Fundaci\u00f3n Cuencas de Lim\u00f3n, presenta los avances del programa de educaci\u00f3n ambiental\u00bb _builder_version=\u00bb4.27.4&#8243; _module_preset=\u00bbdefault\u00bb global_colors_info=\u00bb{}\u00bb][\/et_pb_image][\/et_pb_column][\/et_pb_row][\/et_pb_section][et_pb_section fb_built=\u00bb1&#8243; _builder_version=\u00bb4.16&#8243; _module_preset=\u00bbdefault\u00bb custom_padding=\u00bb3px||3px|||\u00bb global_colors_info=\u00bb{}\u00bb][et_pb_row _builder_version=\u00bb4.16&#8243; _module_preset=\u00bbdefault\u00bb global_colors_info=\u00bb{}\u00bb][et_pb_column type=\u00bb4_4&#8243; _builder_version=\u00bb4.16&#8243; _module_preset=\u00bbdefault\u00bb global_colors_info=\u00bb{}\u00bb][et_pb_divider show_divider=\u00bboff\u00bb _builder_version=\u00bb4.16&#8243; _module_preset=\u00bbdefault\u00bb global_colors_info=\u00bb{}\u00bb][\/et_pb_divider][\/et_pb_column][\/et_pb_row][\/et_pb_section][et_pb_section fb_built=\u00bb1&#8243; use_custom_gutter=\u00bbon\u00bb gutter_width=\u00bb1&#8243; specialty=\u00bbon\u00bb padding_top_1=\u00bb0px\u00bb padding_bottom_1=\u00bb0px\u00bb admin_label=\u00bbImage Gallery Section\u00bb module_class=\u00bb et_pb_specialty_fullwidth\u00bb _builder_version=\u00bb4.16&#8243; inner_width=\u00bb100%\u00bb inner_width_tablet=\u00bb100%\u00bb inner_width_phone=\u00bb\u00bb inner_width_last_edited=\u00bbon|desktop\u00bb inner_max_width=\u00bb100%\u00bb inner_max_width_tablet=\u00bb100%\u00bb inner_max_width_phone=\u00bb\u00bb inner_max_width_last_edited=\u00bbon|desktop\u00bb custom_padding=\u00bb0px|0px|0px|0px\u00bb make_fullwidth=\u00bbon\u00bb global_colors_info=\u00bb{}\u00bb][et_pb_column type=\u00bb1_2&#8243; _builder_version=\u00bb4.16&#8243; custom_padding=\u00bb|||\u00bb global_colors_info=\u00bb{}\u00bb custom_padding__hover=\u00bb|||\u00bb][et_pb_image src=\u00bbhttps:\/\/tropica-verde.de\/wp-content\/uploads\/2023\/01\/wissen_ecodesi.jpg\u00bb alt=\u00bbAl presentar las semillas tradicionales, ECODESI pretende salvaguardar los conocimientos tradicionales  \u00bb title_text=\u00bbAl presentar las semillas tradicionales, ECODESI pretende salvaguardar los conocimientos tradicionales  \u00bb show_in_lightbox=\u00bbon\u00bb use_overlay=\u00bbon\u00bb overlay_icon_color=\u00bb#ffffff\u00bb hover_overlay_color=\u00bbrgba(0,0,0,0.3)\u00bb hover_icon=\u00bb&#x30;||divi||400&#8243; force_fullwidth=\u00bbon\u00bb align_tablet=\u00bbcenter\u00bb align_phone=\u00bb\u00bb align_last_edited=\u00bbon|desktop\u00bb module_class=\u00bbobject-fit-cover\u00bb _builder_version=\u00bb4.23.1&#8243; height=\u00bb50vw\u00bb height_tablet=\u00bb600px\u00bb height_phone=\u00bb300px\u00bb height_last_edited=\u00bbon|desktop\u00bb custom_margin=\u00bb|||\u00bb box_shadow_style=\u00bbpreset7&#8243; box_shadow_horizontal=\u00bb0px\u00bb box_shadow_vertical=\u00bb0px\u00bb box_shadow_spread=\u00bb8px\u00bb box_shadow_color=\u00bb#ffffff\u00bb locked=\u00bboff\u00bb global_colors_info=\u00bb{}\u00bb][\/et_pb_image][\/et_pb_column][et_pb_column type=\u00bb1_2&#8243; specialty_columns=\u00bb2&#8243; _builder_version=\u00bb4.16&#8243; custom_padding=\u00bb|||\u00bb global_colors_info=\u00bb{}\u00bb custom_padding__hover=\u00bb|||\u00bb][et_pb_row_inner column_structure=\u00bb1_2,1_2&#8243; use_custom_gutter=\u00bbon\u00bb gutter_width=\u00bb1&#8243; _builder_version=\u00bb4.23.1&#8243; custom_padding=\u00bb0px|0px|0px|0px\u00bb global_colors_info=\u00bb{}\u00bb][et_pb_column_inner type=\u00bb1_2&#8243; saved_specialty_column_type=\u00bb1_2&#8243; _builder_version=\u00bb4.16&#8243; custom_padding=\u00bb|||\u00bb global_colors_info=\u00bb{}\u00bb custom_padding__hover=\u00bb|||\u00bb][et_pb_image src=\u00bbhttps:\/\/tropica-verde.de\/wp-content\/uploads\/2023\/01\/wissen_kinder.jpg\u00bb alt=\u00bbLos ni\u00f1os exploran el bosque cerca de Monte Alto\u00bb title_text=\u00bbLos ni\u00f1os exploran el bosque cerca de Monte Alto\u00bb show_in_lightbox=\u00bbon\u00bb use_overlay=\u00bbon\u00bb overlay_icon_color=\u00bb#ffffff\u00bb hover_overlay_color=\u00bbrgba(0,0,0,0.3)\u00bb hover_icon=\u00bb&#x30;||divi||400&#8243; force_fullwidth=\u00bbon\u00bb align_tablet=\u00bbcenter\u00bb align_phone=\u00bb\u00bb align_last_edited=\u00bbon|desktop\u00bb module_class=\u00bbobject-fit-cover\u00bb _builder_version=\u00bb4.23.1&#8243; height=\u00bb25vw\u00bb height_tablet=\u00bb300px\u00bb height_phone=\u00bb300px\u00bb height_last_edited=\u00bbon|desktop\u00bb custom_margin=\u00bb|||\u00bb box_shadow_style=\u00bbpreset7&#8243; box_shadow_horizontal=\u00bb0px\u00bb box_shadow_vertical=\u00bb0px\u00bb box_shadow_spread=\u00bb8px\u00bb box_shadow_color=\u00bb#ffffff\u00bb locked=\u00bboff\u00bb global_colors_info=\u00bb{}\u00bb][\/et_pb_image][\/et_pb_column_inner][et_pb_column_inner type=\u00bb1_2&#8243; saved_specialty_column_type=\u00bb1_2&#8243; _builder_version=\u00bb4.16&#8243; custom_padding=\u00bb|||\u00bb global_colors_info=\u00bb{}\u00bb custom_padding__hover=\u00bb|||\u00bb][et_pb_image src=\u00bbhttps:\/\/tropica-verde.de\/wp-content\/uploads\/2023\/01\/wissen_umweltbildung_montealto.jpg\u00bb alt=\u00bbCentro de Educaci\u00f3n Ambiental de Monte Alto, V\u00edctor Esquivel\u00bb title_text=\u00bbCentro de Educaci\u00f3n Ambiental de Monte Alto, V\u00edctor Esquivel\u00bb show_in_lightbox=\u00bbon\u00bb use_overlay=\u00bbon\u00bb overlay_icon_color=\u00bb#ffffff\u00bb hover_overlay_color=\u00bbrgba(0,0,0,0.3)\u00bb hover_icon=\u00bb&#x30;||divi||400&#8243; force_fullwidth=\u00bbon\u00bb align_tablet=\u00bbcenter\u00bb align_phone=\u00bb\u00bb align_last_edited=\u00bbon|desktop\u00bb module_class=\u00bbobject-fit-cover\u00bb _builder_version=\u00bb4.23.1&#8243; height=\u00bb25vw\u00bb height_tablet=\u00bb300px\u00bb height_phone=\u00bb300px\u00bb height_last_edited=\u00bbon|phone\u00bb custom_margin=\u00bb|||\u00bb box_shadow_style=\u00bbpreset7&#8243; box_shadow_horizontal=\u00bb0px\u00bb box_shadow_vertical=\u00bb0px\u00bb box_shadow_spread=\u00bb8px\u00bb box_shadow_color=\u00bb#ffffff\u00bb locked=\u00bboff\u00bb global_colors_info=\u00bb{}\u00bb][\/et_pb_image][\/et_pb_column_inner][\/et_pb_row_inner][et_pb_row_inner column_structure=\u00bb1_2,1_2&#8243; use_custom_gutter=\u00bbon\u00bb gutter_width=\u00bb1&#8243; _builder_version=\u00bb4.16&#8243; custom_padding=\u00bb0px|0px|0px|0px\u00bb global_colors_info=\u00bb{}\u00bb][et_pb_column_inner type=\u00bb1_2&#8243; saved_specialty_column_type=\u00bb1_2&#8243; _builder_version=\u00bb4.16&#8243; custom_padding=\u00bb|||\u00bb global_colors_info=\u00bb{}\u00bb custom_padding__hover=\u00bb|||\u00bb][et_pb_image src=\u00bbhttps:\/\/tropica-verde.de\/wp-content\/uploads\/2023\/01\/wissen_umweltbildung_schule.jpg\u00bb alt=\u00bbEducaci\u00f3n medioambiental en el Albergue de Monte Alto.\u00bb title_text=\u00bbEducaci\u00f3n medioambiental en el Albergue de Monte Alto.\u00bb show_in_lightbox=\u00bbon\u00bb use_overlay=\u00bbon\u00bb overlay_icon_color=\u00bb#ffffff\u00bb hover_overlay_color=\u00bbrgba(0,0,0,0.3)\u00bb hover_icon=\u00bb&#x30;||divi||400&#8243; force_fullwidth=\u00bbon\u00bb align_tablet=\u00bbcenter\u00bb align_phone=\u00bb\u00bb align_last_edited=\u00bbon|desktop\u00bb module_class=\u00bbobject-fit-cover\u00bb _builder_version=\u00bb4.23.1&#8243; height=\u00bb25vw\u00bb height_tablet=\u00bb300px\u00bb height_phone=\u00bb300px\u00bb height_last_edited=\u00bbon|phone\u00bb custom_margin=\u00bb|||\u00bb box_shadow_style=\u00bbpreset7&#8243; box_shadow_horizontal=\u00bb0px\u00bb box_shadow_vertical=\u00bb0px\u00bb box_shadow_spread=\u00bb8px\u00bb box_shadow_color=\u00bb#ffffff\u00bb locked=\u00bboff\u00bb global_colors_info=\u00bb{}\u00bb][\/et_pb_image][\/et_pb_column_inner][et_pb_column_inner type=\u00bb1_2&#8243; saved_specialty_column_type=\u00bb1_2&#8243; _builder_version=\u00bb4.16&#8243; custom_padding=\u00bb|||\u00bb global_colors_info=\u00bb{}\u00bb custom_padding__hover=\u00bb|||\u00bb][et_pb_image src=\u00bbhttps:\/\/tropica-verde.de\/wp-content\/uploads\/2023\/01\/wissen_kinder_montealto.jpg\u00bb alt=\u00bbLos ni\u00f1os aprenden a identificar y comprender el mundo animal y vegetal de las zonas protegidas de Tropica Verde\u00bb title_text=\u00bbLos ni\u00f1os aprenden a identificar y comprender el mundo animal y vegetal de las zonas protegidas de Tropica Verde\u00bb show_in_lightbox=\u00bbon\u00bb use_overlay=\u00bbon\u00bb overlay_icon_color=\u00bb#ffffff\u00bb hover_overlay_color=\u00bbrgba(0,0,0,0.3)\u00bb hover_icon=\u00bb&#x30;||divi||400&#8243; force_fullwidth=\u00bbon\u00bb align_tablet=\u00bbcenter\u00bb align_phone=\u00bb\u00bb align_last_edited=\u00bbon|desktop\u00bb module_class=\u00bbobject-fit-cover\u00bb _builder_version=\u00bb4.23.1&#8243; height=\u00bb25vw\u00bb height_tablet=\u00bb300px\u00bb height_phone=\u00bb300px\u00bb height_last_edited=\u00bbon|desktop\u00bb custom_margin=\u00bb|||\u00bb box_shadow_style=\u00bbpreset7&#8243; box_shadow_horizontal=\u00bb0px\u00bb box_shadow_vertical=\u00bb0px\u00bb box_shadow_spread=\u00bb8px\u00bb box_shadow_color=\u00bb#ffffff\u00bb locked=\u00bboff\u00bb global_colors_info=\u00bb{}\u00bb][\/et_pb_image][\/et_pb_column_inner][\/et_pb_row_inner][\/et_pb_column][\/et_pb_section][et_pb_section fb_built=\u00bb1&#8243; _builder_version=\u00bb4.16&#8243; _module_preset=\u00bbdefault\u00bb custom_padding=\u00bb3px||3px|||\u00bb global_colors_info=\u00bb{}\u00bb][et_pb_row _builder_version=\u00bb4.16&#8243; _module_preset=\u00bbdefault\u00bb global_colors_info=\u00bb{}\u00bb][et_pb_column type=\u00bb4_4&#8243; _builder_version=\u00bb4.16&#8243; _module_preset=\u00bbdefault\u00bb global_colors_info=\u00bb{}\u00bb][et_pb_divider show_divider=\u00bboff\u00bb _builder_version=\u00bb4.16&#8243; _module_preset=\u00bbdefault\u00bb global_colors_info=\u00bb{}\u00bb][\/et_pb_divider][\/et_pb_column][\/et_pb_row][\/et_pb_section][et_pb_section fb_built=\u00bb1&#8243; _builder_version=\u00bb4.16&#8243; _module_preset=\u00bbdefault\u00bb background_color=\u00bb#C2DBE0&#8243; min_height=\u00bb131.8px\u00bb global_colors_info=\u00bb{}\u00bb][et_pb_row _builder_version=\u00bb4.16&#8243; _module_preset=\u00bbdefault\u00bb global_colors_info=\u00bb{}\u00bb][et_pb_column type=\u00bb4_4&#8243; _builder_version=\u00bb4.16&#8243; _module_preset=\u00bbdefault\u00bb global_colors_info=\u00bb{}\u00bb][et_pb_text _builder_version=\u00bb4.23.1&#8243; _module_preset=\u00bbdefault\u00bb header_2_text_align=\u00bbcenter\u00bb header_2_text_color=\u00bb#006B46&#8243; header_2_font_size=\u00bb36px\u00bb header_3_text_align=\u00bbcenter\u00bb header_3_font_size=\u00bb36px\u00bb header_2_font_size_tablet=\u00bb30px\u00bb header_2_font_size_phone=\u00bb24px\u00bb global_colors_info=\u00bb{}\u00bb]<\/p>\n<h2>Noticias sobre nuestras campa\u00f1as y proyectos educativos<\/h2>\n<p>[\/et_pb_text][\/et_pb_column][\/et_pb_row][\/et_pb_section][et_pb_section fb_built=\u00bb1&#8243; _builder_version=\u00bb4.16&#8243; _module_preset=\u00bbdefault\u00bb min_height=\u00bb742.3px\u00bb global_colors_info=\u00bb{}\u00bb][et_pb_row _builder_version=\u00bb4.16&#8243; _module_preset=\u00bbdefault\u00bb min_height=\u00bb770.2px\u00bb custom_margin=\u00bb|auto|-59px|auto||\u00bb global_colors_info=\u00bb{}\u00bb][et_pb_column type=\u00bb4_4&#8243; _builder_version=\u00bb4.16&#8243; _module_preset=\u00bbdefault\u00bb global_colors_info=\u00bb{}\u00bb][et_pb_blog fullwidth=\u00bboff\u00bb posts_number=\u00bb3&#8243; include_categories=\u00bb89&#8243; meta_date=\u00bbj. F Y\u00bb show_more=\u00bbon\u00bb show_author=\u00bboff\u00bb module_class=\u00bbdt-blog-equal-height\u00bb _builder_version=\u00bb4.27.4&#8243; global_colors_info=\u00bb{}\u00bb][\/et_pb_blog][\/et_pb_column][\/et_pb_row][\/et_pb_section]<\/p>\n","protected":false},"excerpt":{"rendered":"<p>S\u00f3lo mediante una conciencia aguda de nuestro entorno natural es posible hacer algo contra las amenazas. Por ello, para Tropica Verde es especialmente importante complementar sus proyectos de protecci\u00f3n del medio ambiente con la educaci\u00f3n en guarder\u00edas, escuelas, universidades y centros de aprendizaje extraescolar, tanto en Costa Rica como en Alemania y Suiza, \u00a1y ahora [&hellip;]<\/p>\n","protected":false},"author":2,"featured_media":0,"parent":5838,"menu_order":13,"comment_status":"closed","ping_status":"closed","template":"","meta":{"_et_pb_use_builder":"on","_et_pb_old_content":"","_et_gb_content_width":"","inline_featured_image":false,"footnotes":""},"class_list":["post-5852","page","type-page","status-publish","hentry"],"_links":{"self":[{"href":"https:\/\/tropica-verde.de\/es\/wp-json\/wp\/v2\/pages\/5852","targetHints":{"allow":["GET"]}}],"collection":[{"href":"https:\/\/tropica-verde.de\/es\/wp-json\/wp\/v2\/pages"}],"about":[{"href":"https:\/\/tropica-verde.de\/es\/wp-json\/wp\/v2\/types\/page"}],"author":[{"embeddable":true,"href":"https:\/\/tropica-verde.de\/es\/wp-json\/wp\/v2\/users\/2"}],"replies":[{"embeddable":true,"href":"https:\/\/tropica-verde.de\/es\/wp-json\/wp\/v2\/comments?post=5852"}],"version-history":[{"count":55,"href":"https:\/\/tropica-verde.de\/es\/wp-json\/wp\/v2\/pages\/5852\/revisions"}],"predecessor-version":[{"id":250258,"href":"https:\/\/tropica-verde.de\/es\/wp-json\/wp\/v2\/pages\/5852\/revisions\/250258"}],"up":[{"embeddable":true,"href":"https:\/\/tropica-verde.de\/es\/wp-json\/wp\/v2\/pages\/5838"}],"wp:attachment":[{"href":"https:\/\/tropica-verde.de\/es\/wp-json\/wp\/v2\/media?parent=5852"}],"curies":[{"name":"wp","href":"https:\/\/api.w.org\/{rel}","templated":true}]}}