{"id":5845,"date":"2017-03-30T08:37:27","date_gmt":"2017-03-30T08:37:27","guid":{"rendered":"https:\/\/neu.tropica-verde.de\/proyectos\/reserva-finca-curre\/"},"modified":"2025-09-26T03:04:05","modified_gmt":"2025-09-26T01:04:05","slug":"reserva-finca-curre","status":"publish","type":"page","link":"https:\/\/tropica-verde.de\/es\/proyectos\/reserva-finca-curre\/","title":{"rendered":"Finca Curr\u00e9"},"content":{"rendered":"<p>[et_pb_section fb_built=\u00bb1&#8243; fullwidth=\u00bbon\u00bb _builder_version=\u00bb4.16&#8243; _module_preset=\u00bbdefault\u00bb min_height_tablet=\u00bb\u00bb min_height_phone=\u00bb\u00bb min_height_last_edited=\u00bbon|phone\u00bb saved_tabs=\u00bball\u00bb global_colors_info=\u00bb{}\u00bb][et_pb_fullwidth_header title=\u00bbRESERVA FINCA CURR\u00c9\u00bb subhead=\u00bbProteger el bosque primario de la costa caribe\u00f1a\u00bb _builder_version=\u00bb4.23.1&#8243; _module_preset=\u00bbdefault\u00bb title_font=\u00bb|800|||||||\u00bb title_font_size=\u00bb70px\u00bb title_line_height=\u00bb0.8em\u00bb subhead_font=\u00bbSource Serif Pro Semibold||||||||\u00bb subhead_font_size=\u00bb36px\u00bb subhead_line_height=\u00bb1.2em\u00bb background_color=\u00bbrgba(0,13,53,0.24)\u00bb background_image=\u00bbhttps:\/\/tropica-verde.de\/wp-content\/uploads\/2022\/08\/finca_curre_bg.jpg\u00bb background_position=\u00bbtop_center\u00bb background_vertical_offset=\u00bb30%\u00bb background_blend=\u00bbmultiply\u00bb transform_translate_linked=\u00bboff\u00bb min_height=\u00bb464px\u00bb min_height_tablet=\u00bb\u00bb min_height_phone=\u00bb\u00bb min_height_last_edited=\u00bbon|desktop\u00bb custom_margin=\u00bb||||false|false\u00bb custom_padding=\u00bb180px||||false|false\u00bb custom_padding_tablet=\u00bb60px||||false|false\u00bb custom_padding_phone=\u00bb||||false|false\u00bb custom_padding_last_edited=\u00bbon|tablet\u00bb title_font_size_tablet=\u00bb56px\u00bb title_font_size_phone=\u00bb43px\u00bb title_font_size_last_edited=\u00bbon|desktop\u00bb subhead_font_size_tablet=\u00bb30px\u00bb subhead_font_size_phone=\u00bb24px\u00bb subhead_font_size_last_edited=\u00bbon|phone\u00bb global_colors_info=\u00bb{}\u00bb][\/et_pb_fullwidth_header][\/et_pb_section][et_pb_section fb_built=\u00bb1&#8243; custom_padding_last_edited=\u00bbon|tablet\u00bb _builder_version=\u00bb4.23.1&#8243; _module_preset=\u00bbdefault\u00bb background_color=\u00bb#C2DBE0&#8243; custom_padding=\u00bb100px||100px||false|false\u00bb custom_padding_tablet=\u00bb50px||50px||false|false\u00bb custom_padding_phone=\u00bb50px||50px||false|false\u00bb global_colors_info=\u00bb{}\u00bb][et_pb_row column_structure=\u00bb1_2,1_2&#8243; _builder_version=\u00bb4.23.1&#8243; _module_preset=\u00bbdefault\u00bb custom_padding=\u00bb0px||0px||false|false\u00bb global_colors_info=\u00bb{}\u00bb][et_pb_column type=\u00bb1_2&#8243; _builder_version=\u00bb4.16&#8243; _module_preset=\u00bbdefault\u00bb global_colors_info=\u00bb{}\u00bb][et_pb_text _builder_version=\u00bb4.23.1&#8243; _module_preset=\u00bbdefault\u00bb header_text_color=\u00bb#006B46&#8243; header_2_font=\u00bb|700|||||||\u00bb header_2_text_color=\u00bb#006B46&#8243; header_2_font_size=\u00bb36px\u00bb header_2_font_size_tablet=\u00bb30px\u00bb header_2_font_size_phone=\u00bb24px\u00bb header_2_font_size_last_edited=\u00bbon|phone\u00bb global_colors_info=\u00bb{}\u00bb]<\/p>\n<h2>La expansi\u00f3n urbana y la especulaci\u00f3n del suelo amenazan los bosques primarios que a\u00fan quedan<\/h2>\n<p>[\/et_pb_text][\/et_pb_column][et_pb_column type=\u00bb1_2&#8243; _builder_version=\u00bb4.16&#8243; _module_preset=\u00bbdefault\u00bb global_colors_info=\u00bb{}\u00bb][et_pb_text _builder_version=\u00bb4.16&#8243; _module_preset=\u00bbdefault\u00bb global_colors_info=\u00bb{}\u00bb]En la costa caribe\u00f1a del sur de Costa Rica, el turismo se ha desarrollado cada vez m\u00e1s desde 2010, con el resultado de que la construcci\u00f3n de carreteras y edificios, la deforestaci\u00f3n y la fragmentaci\u00f3n de zonas forestales intactas han alcanzado proporciones enormes. Adem\u00e1s, por todas partes se venden peque\u00f1as parcelas forestales, donde pensionistas y emigrantes crean sus peque\u00f1os para\u00edsos, a expensas de bosques que hasta ahora estaban intactos.[\/et_pb_text][\/et_pb_column][\/et_pb_row][\/et_pb_section][et_pb_section fb_built=\u00bb1&#8243; custom_padding_last_edited=\u00bbon|desktop\u00bb _builder_version=\u00bb4.23.1&#8243; _module_preset=\u00bbdefault\u00bb custom_padding=\u00bb70px||70px||false|false\u00bb custom_padding_tablet=\u00bb20px||20px||false|false\u00bb custom_padding_phone=\u00bb20px||20px||false|false\u00bb global_colors_info=\u00bb{}\u00bb][et_pb_row column_structure=\u00bb1_2,1_2&#8243; _builder_version=\u00bb4.23.1&#8243; _module_preset=\u00bbdefault\u00bb custom_css_main_element=\u00bbdisplay: flex;||align-items: center;\u00bb global_colors_info=\u00bb{}\u00bb custom_css_main_element_last_edited=\u00bbon|tablet\u00bb custom_css_main_element_tablet=\u00bbdisplay: flex;||flex-direction: column-reverse;\u00bb custom_css_main_element_phone=\u00bbdisplay: flex;||flex-direction: column-reverse;\u00bb][et_pb_column type=\u00bb1_2&#8243; _builder_version=\u00bb4.16&#8243; _module_preset=\u00bbdefault\u00bb global_colors_info=\u00bb{}\u00bb][et_pb_text _builder_version=\u00bb4.16&#8243; _module_preset=\u00bbdefault\u00bb global_colors_info=\u00bb{}\u00bb]<\/p>\n<p>Tropica Verde lleva desde 1991 protegiendo un bosque primario \u00fanico, la Reserva Finca Curr\u00e9, de varios cientos de a\u00f1os de antig\u00fcedad, en esta regi\u00f3n en r\u00e1pido desarrollo. Parte de este bosque pudo integrarse en el vecino \u00abbosque de Kek\u00f6ldi\u00bb de la poblaci\u00f3n ind\u00edgena local. Kek\u00f6ldi es una de las comunidades ind\u00edgenas de Costa Rica de la tribu Bribri. En la actualidad, la Finca Curr\u00e9, de casi 100 hect\u00e1reas, representa una importante conexi\u00f3n forestal -el llamado corredor biol\u00f3gico- entre la zona de Kek\u00f6ldi y la reserva de fauna Gandoca-Manzanillo. <span role=\"presentation\" dir=\"ltr\">Tropica Verde colabora con <a href=\"https:\/\/tropica-verde.de\/es\/proyectos\/tortugas-marinas-en-gandoca\/\">COSTAS<\/a> para proteger a las tortugas marinas en Gandoca. <\/span> <\/p>\n<p>Los corredores biol\u00f3gicos son especialmente vitales para los mam\u00edferos de mayor tama\u00f1o, como el tapir y el jaguar. Los jaguares, por ejemplo, tienen \u00e1reas de caza de 50 a 100 km\u00b2 y necesitan zonas forestales interconectadas. Estos biocorredores tambi\u00e9n son sumamente importantes para la estabilidad gen\u00e9tica de las poblaciones animales, y no s\u00f3lo en las <a href=\"https:\/\/tropica-verde.de\/naturschutz\/regenwaldschutz\/\">selvas tropicales<\/a>. Desgraciadamente, la caza furtiva y la tala ilegal son habituales en la regi\u00f3n. La presi\u00f3n sobre estas selvas tropicales costeras es elevada y s\u00f3lo mediante redes vecinales, v\u00ednculos con las reservas de conservaci\u00f3n existentes, <a href=\"https:\/\/tropica-verde.de\/naturschutz\/umweltbildung\/#umweltbildung_costa_rica\">educaci\u00f3n medioambiental continua<\/a> en las escuelas y visitas guiadas para los amantes de la naturaleza, as\u00ed como la integraci\u00f3n de la poblaci\u00f3n local comprometida, este tipo de selva con su gran biodiversidad tiene posibilidades de sobrevivir.  <\/p>\n<p>[\/et_pb_text][\/et_pb_column][et_pb_column type=\u00bb1_2&#8243; _builder_version=\u00bb4.23.1&#8243; _module_preset=\u00bbdefault\u00bb custom_padding=\u00bb||0px||false|false\u00bb custom_padding_tablet=\u00bb||30px||false|false\u00bb custom_padding_phone=\u00bb||30px||false|false\u00bb custom_padding_last_edited=\u00bbon|desktop\u00bb global_colors_info=\u00bb{}\u00bb][et_pb_image src=\u00bbhttps:\/\/tropica-verde.de\/wp-content\/uploads\/2022\/09\/Finca_Curre_Erdbeerfrosch2.jpg\u00bb alt=\u00bbRana fresa de la familia de las ranas venenosas\u00bb title_text=\u00bbRana fresa de la familia de las ranas venenosas\u00bb admin_label=\u00bbErdbeerfrosch\u00bb _builder_version=\u00bb4.16&#8243; _module_preset=\u00bbdefault\u00bb global_colors_info=\u00bb{}\u00bb][\/et_pb_image][\/et_pb_column][\/et_pb_row][\/et_pb_section][et_pb_section fb_built=\u00bb1&#8243; custom_padding_last_edited=\u00bbon|tablet\u00bb _builder_version=\u00bb4.23.1&#8243; _module_preset=\u00bbdefault\u00bb background_color=\u00bb#B6D79F\u00bb custom_padding=\u00bb100px||100px||false|false\u00bb custom_padding_tablet=\u00bb50px||50px||false|false\u00bb custom_padding_phone=\u00bb50px||50px||false|false\u00bb global_colors_info=\u00bb{}\u00bb][et_pb_row _builder_version=\u00bb4.23.1&#8243; _module_preset=\u00bbdefault\u00bb width=\u00bb65%\u00bb width_tablet=\u00bb\u00bb width_phone=\u00bb\u00bb width_last_edited=\u00bbon|desktop\u00bb custom_padding=\u00bb0px||0px||true|false\u00bb global_colors_info=\u00bb{}\u00bb][et_pb_column type=\u00bb4_4&#8243; _builder_version=\u00bb4.16&#8243; _module_preset=\u00bbdefault\u00bb global_colors_info=\u00bb{}\u00bb][et_pb_text _builder_version=\u00bb4.23.1&#8243; _module_preset=\u00bbdefault\u00bb link_text_color=\u00bb#FFFFFF\u00bb header_font=\u00bb|600|||||||\u00bb header_text_color=\u00bb#105427&#8243; header_2_font=\u00bb|700|||||||\u00bb header_2_font_size=\u00bb40px\u00bb header_2_line_height=\u00bb1.1em\u00bb global_colors_info=\u00bb{}\u00bb]<\/p>\n<h2 style=\"text-align: left;\"><span role=\"presentation\" dir=\"ltr\">ASOGUABO: Guardi\u00e1n de la selva en el sur del Caribe<\/span><br role=\"presentation\"><span role=\"presentation\" dir=\"ltr\"><\/span><\/h2>\n<p><span role=\"presentation\" dir=\"ltr\">La regi\u00f3n del Caribe Sur de Costa Rica se caracteriza por su enorme biodiversidad: aqu\u00ed encontrar\u00e1s \u00e1rboles de hasta 300 a\u00f1os y 50 metros de altura, hermosas plantas con flores todo el a\u00f1o, monos, jaguares, tapires, guacamayos verdes en las costas, manglares y tortugas marinas, por nombrar s\u00f3lo algunos. Aunque los habitantes aut\u00f3ctonos y los reci\u00e9n llegados sol\u00edan vivir en armon\u00eda con esta naturaleza, las amenazas que suponen las infraestructuras, incluida la construcci\u00f3n de carreteras, han vuelto a aumentar en los \u00faltimos a\u00f1os. \u00a1Muchos residentes locales est\u00e1n contraatacando!  <br role=\"presentation\">Tropica Verde lleva protegiendo el bosque primario de la Finca Curr\u00e9 desde 1991 y est\u00e1 comprometida con la cooperaci\u00f3n entre las distintas partes interesadas de la regi\u00f3n. Los propietarios de las tierras que rodean Finca Curr\u00e9 unieron sus fuerzas con vecinos de ideas afines hace muchos a\u00f1os como \u00abguardianes del bosque\u00bb. La asociaci\u00f3n ASOGUABO (Asociaci\u00f3n de los Guardianes del Bosque) se fund\u00f3 en octubre de 2023. En total, m\u00e1s de 200 hect\u00e1reas de estas propiedades vecinas est\u00e1n bajo protecci\u00f3n. Y cada vez son m\u00e1s.     <\/span><\/p>\n<p>Puedes saber m\u00e1s sobre ASOGUABO, sus or\u00edgenes y su desarrollo en este informe <a href=\"https:\/\/tropica-verde.de\/es\/asoguabo-las-carreteras-que-separan-el-corredor-biologico\/\">Caribe Sur - las carreteras que separan el corredor biol\u00f3gico<\/a><\/p>\n<p>[\/et_pb_text][\/et_pb_column][\/et_pb_row][\/et_pb_section][et_pb_section fb_built=\u00bb1&#8243; _builder_version=\u00bb4.16&#8243; _module_preset=\u00bbdefault\u00bb custom_padding=\u00bb2px||4px|||\u00bb global_colors_info=\u00bb{}\u00bb][et_pb_row _builder_version=\u00bb4.16&#8243; _module_preset=\u00bbdefault\u00bb custom_padding=\u00bb3px|||||\u00bb global_colors_info=\u00bb{}\u00bb][et_pb_column type=\u00bb4_4&#8243; _builder_version=\u00bb4.16&#8243; _module_preset=\u00bbdefault\u00bb global_colors_info=\u00bb{}\u00bb][et_pb_divider show_divider=\u00bboff\u00bb _builder_version=\u00bb4.16&#8243; _module_preset=\u00bbdefault\u00bb global_colors_info=\u00bb{}\u00bb][\/et_pb_divider][\/et_pb_column][\/et_pb_row][\/et_pb_section][et_pb_section fb_built=\u00bb1&#8243; use_custom_gutter=\u00bbon\u00bb gutter_width=\u00bb1&#8243; specialty=\u00bbon\u00bb padding_top_1=\u00bb0px\u00bb padding_bottom_1=\u00bb0px\u00bb admin_label=\u00bbImage Gallery Section\u00bb module_class=\u00bb et_pb_specialty_fullwidth\u00bb _builder_version=\u00bb4.16&#8243; inner_width=\u00bb100%\u00bb inner_width_tablet=\u00bb100%\u00bb inner_width_phone=\u00bb\u00bb inner_width_last_edited=\u00bbon|desktop\u00bb inner_max_width=\u00bb100%\u00bb inner_max_width_tablet=\u00bb100%\u00bb inner_max_width_phone=\u00bb\u00bb inner_max_width_last_edited=\u00bbon|desktop\u00bb custom_padding=\u00bb0px|0px|0px|0px\u00bb make_fullwidth=\u00bbon\u00bb global_colors_info=\u00bb{}\u00bb][et_pb_column type=\u00bb1_2&#8243; _builder_version=\u00bb4.16&#8243; custom_padding=\u00bb|||\u00bb global_colors_info=\u00bb{}\u00bb custom_padding__hover=\u00bb|||\u00bb][et_pb_image src=\u00bbhttps:\/\/tropica-verde.de\/wp-content\/uploads\/2022\/08\/Schlafendes_Faultier6-1.jpg\u00bb alt=\u00bbLos perezosos son habitantes t\u00edpicos de la selva tropical costera del Caribe. Aqu\u00ed, como suele ocurrir durante la siesta&#8230;\u00bb title_text=\u00bbPerezoso dormil\u00f3n\u00bb show_in_lightbox=\u00bbon\u00bb use_overlay=\u00bbon\u00bb overlay_icon_color=\u00bb#ffffff\u00bb hover_overlay_color=\u00bbrgba(0,0,0,0.3)\u00bb hover_icon=\u00bb&#x30;||divi||400&#8243; force_fullwidth=\u00bbon\u00bb align_tablet=\u00bbcenter\u00bb align_phone=\u00bb\u00bb align_last_edited=\u00bbon|desktop\u00bb _builder_version=\u00bb4.16&#8243; custom_margin=\u00bb|||\u00bb box_shadow_style=\u00bbpreset7&#8243; box_shadow_horizontal=\u00bb0px\u00bb box_shadow_vertical=\u00bb0px\u00bb box_shadow_spread=\u00bb8px\u00bb box_shadow_color=\u00bb#ffffff\u00bb locked=\u00bboff\u00bb global_colors_info=\u00bb{}\u00bb][\/et_pb_image][\/et_pb_column][et_pb_column type=\u00bb1_2&#8243; specialty_columns=\u00bb2&#8243; _builder_version=\u00bb4.16&#8243; custom_padding=\u00bb|||\u00bb global_colors_info=\u00bb{}\u00bb custom_padding__hover=\u00bb|||\u00bb][et_pb_row_inner column_structure=\u00bb1_2,1_2&#8243; use_custom_gutter=\u00bbon\u00bb gutter_width=\u00bb1&#8243; _builder_version=\u00bb4.16&#8243; custom_padding=\u00bb0px|0px|0px|0px\u00bb global_colors_info=\u00bb{}\u00bb][et_pb_column_inner type=\u00bb1_2&#8243; saved_specialty_column_type=\u00bb1_2&#8243; _builder_version=\u00bb4.16&#8243; custom_padding=\u00bb|||\u00bb global_colors_info=\u00bb{}\u00bb custom_padding__hover=\u00bb|||\u00bb][et_pb_image src=\u00bbhttps:\/\/tropica-verde.de\/wp-content\/uploads\/2022\/08\/Fischertukan.jpg\u00bb alt=\u00bbEl tuc\u00e1n pescador se oye desde lejos por la ma\u00f1ana y anuncia el comienzo del d\u00eda.\u00bb title_text=\u00bbTuc\u00e1n pescador\u00bb show_in_lightbox=\u00bbon\u00bb use_overlay=\u00bbon\u00bb overlay_icon_color=\u00bb#ffffff\u00bb hover_overlay_color=\u00bbrgba(0,0,0,0.3)\u00bb hover_icon=\u00bb&#x30;||divi||400&#8243; force_fullwidth=\u00bbon\u00bb align_tablet=\u00bbcenter\u00bb align_phone=\u00bb\u00bb align_last_edited=\u00bbon|desktop\u00bb _builder_version=\u00bb4.16&#8243; custom_margin=\u00bb|||\u00bb box_shadow_style=\u00bbpreset7&#8243; box_shadow_horizontal=\u00bb0px\u00bb box_shadow_vertical=\u00bb0px\u00bb box_shadow_spread=\u00bb8px\u00bb box_shadow_color=\u00bb#ffffff\u00bb locked=\u00bboff\u00bb global_colors_info=\u00bb{}\u00bb][\/et_pb_image][\/et_pb_column_inner][et_pb_column_inner type=\u00bb1_2&#8243; saved_specialty_column_type=\u00bb1_2&#8243; _builder_version=\u00bb4.16&#8243; custom_padding=\u00bb|||\u00bb global_colors_info=\u00bb{}\u00bb custom_padding__hover=\u00bb|||\u00bb][et_pb_image src=\u00bbhttps:\/\/tropica-verde.de\/wp-content\/uploads\/2022\/08\/Ameive_Echse_Finca-Curre.jpg\u00bb alt=\u00bbEl lagarto Ameiven aprovecha cada rayo de sol en el oscuro suelo del bosque, ya que muy poca luz penetra en las copas de los \u00e1rboles\u00bb title_text=\u00bbLagarto ameive\u00bb show_in_lightbox=\u00bbon\u00bb use_overlay=\u00bbon\u00bb overlay_icon_color=\u00bb#ffffff\u00bb hover_overlay_color=\u00bbrgba(0,0,0,0.3)\u00bb hover_icon=\u00bb&#x30;||divi||400&#8243; force_fullwidth=\u00bbon\u00bb align_tablet=\u00bbcenter\u00bb align_phone=\u00bb\u00bb align_last_edited=\u00bbon|desktop\u00bb _builder_version=\u00bb4.16&#8243; custom_margin=\u00bb|||\u00bb box_shadow_style=\u00bbpreset7&#8243; box_shadow_horizontal=\u00bb0px\u00bb box_shadow_vertical=\u00bb0px\u00bb box_shadow_spread=\u00bb8px\u00bb box_shadow_color=\u00bb#ffffff\u00bb locked=\u00bboff\u00bb global_colors_info=\u00bb{}\u00bb][\/et_pb_image][\/et_pb_column_inner][\/et_pb_row_inner][et_pb_row_inner _builder_version=\u00bb4.16&#8243; custom_padding=\u00bb0px|0px|0px|0px\u00bb global_colors_info=\u00bb{}\u00bb][et_pb_column_inner saved_specialty_column_type=\u00bb1_2&#8243; _builder_version=\u00bb4.16&#8243; custom_padding=\u00bb|||\u00bb global_colors_info=\u00bb{}\u00bb custom_padding__hover=\u00bb|||\u00bb][et_pb_image src=\u00bbhttps:\/\/tropica-verde.de\/wp-content\/uploads\/2022\/08\/Stefan_Finca_Curre.jpg\u00bb alt=\u00bbStefan Rother delante de una enorme ceiba de m\u00e1s de 500 a\u00f1os en la Finca Curr\u00e9\u00bb title_text=\u00bbStefan Rother delante de una enorme ceiba de m\u00e1s de 500 a\u00f1os en la Finca Curr\u00e9\u00bb show_in_lightbox=\u00bbon\u00bb use_overlay=\u00bbon\u00bb overlay_icon_color=\u00bb#ffffff\u00bb hover_overlay_color=\u00bbrgba(0,0,0,0.3)\u00bb hover_icon=\u00bb&#x30;||divi||400&#8243; force_fullwidth=\u00bbon\u00bb align_tablet=\u00bbcenter\u00bb align_phone=\u00bb\u00bb align_last_edited=\u00bbon|desktop\u00bb _builder_version=\u00bb4.16&#8243; custom_margin=\u00bb|||\u00bb box_shadow_style=\u00bbpreset7&#8243; box_shadow_horizontal=\u00bb0px\u00bb box_shadow_vertical=\u00bb0px\u00bb box_shadow_spread=\u00bb8px\u00bb box_shadow_color=\u00bb#ffffff\u00bb locked=\u00bboff\u00bb global_colors_info=\u00bb{}\u00bb][\/et_pb_image][\/et_pb_column_inner][\/et_pb_row_inner][\/et_pb_column][\/et_pb_section][et_pb_section fb_built=\u00bb1&#8243; fullwidth=\u00bbon\u00bb custom_padding_last_edited=\u00bboff|desktop\u00bb _builder_version=\u00bb4.23.1&#8243; _module_preset=\u00bbdefault\u00bb custom_margin=\u00bb100px||100px||false|false\u00bb custom_margin_tablet=\u00bb50px||50px||false|false\u00bb custom_margin_phone=\u00bb50px||50px||false|false\u00bb custom_margin_last_edited=\u00bbon|tablet\u00bb custom_padding=\u00bb||||false|false\u00bb custom_padding_tablet=\u00bb20px||20px||false|false\u00bb custom_padding_phone=\u00bb20px||20px||false|false\u00bb global_colors_info=\u00bb{}\u00bb][et_pb_fullwidth_image src=\u00bbhttps:\/\/tropica-verde.de\/wp-content\/uploads\/2022\/08\/Thierry_Finca_Curre.jpg\u00bb title_text=\u00bbWidh\u00fcter Thierry en la Finca Curr\u00e9\u00bb admin_label=\u00bbWildh\u00fcter Thierry XXX\u00bb _builder_version=\u00bb4.16&#8243; _module_preset=\u00bbdefault\u00bb custom_margin=\u00bb-9px|||||\u00bb custom_padding=\u00bb0px|||||\u00bb global_colors_info=\u00bb{}\u00bb][\/et_pb_fullwidth_image][\/et_pb_section][et_pb_section fb_built=\u00bb1&#8243; custom_padding_last_edited=\u00bbon|tablet\u00bb _builder_version=\u00bb4.23.1&#8243; _module_preset=\u00bbdefault\u00bb background_image=\u00bbhttps:\/\/tropica-verde.de\/wp-content\/uploads\/2022\/08\/Sonnenaufgang-Finca-Curre_-C-Stefan-Rother-Faunity-6863-scaled.jpg\u00bb custom_margin=\u00bb||||false|false\u00bb custom_padding=\u00bb70px||70px||false|false\u00bb custom_padding_tablet=\u00bb20px||20px||false|false\u00bb custom_padding_phone=\u00bb20px||20px||false|false\u00bb saved_tabs=\u00bball\u00bb global_colors_info=\u00bb{}\u00bb][et_pb_row column_structure=\u00bb2_5,3_5&#8243; _builder_version=\u00bb4.23.1&#8243; _module_preset=\u00bbdefault\u00bb global_colors_info=\u00bb{}\u00bb][et_pb_column type=\u00bb2_5&#8243; _builder_version=\u00bb4.16&#8243; _module_preset=\u00bbdefault\u00bb global_colors_info=\u00bb{}\u00bb][\/et_pb_column][et_pb_column type=\u00bb3_5&#8243; _builder_version=\u00bb4.23.1&#8243; _module_preset=\u00bbdefault\u00bb global_colors_info=\u00bb{}\u00bb][et_pb_text module_class=\u00bbwmtvbox\u00bb _builder_version=\u00bb4.23.1&#8243; _module_preset=\u00bbdefault\u00bb text_text_color=\u00bb#0a0a0a\u00bb link_text_color=\u00bb#FFFFFF\u00bb header_text_color=\u00bb#ffffff\u00bb header_2_font=\u00bbSource Sans 3|800|||||||\u00bb header_2_text_color=\u00bb#ffffff\u00bb background_color=\u00bbrgba(161,198,17,0.9)\u00bb custom_margin=\u00bb||||false|true\u00bb custom_margin_tablet=\u00bb||||false|true\u00bb custom_margin_phone=\u00bb||||false|true\u00bb custom_margin_last_edited=\u00bboff|desktop\u00bb custom_padding=\u00bb55px|55px|55px|55px|true|true\u00bb custom_padding_tablet=\u00bb|20px||20px|true|true\u00bb custom_padding_phone=\u00bb|20px||20px|true|true\u00bb custom_padding_last_edited=\u00bbon|tablet\u00bb text_text_color_tablet=\u00bb\u00bb text_text_color_phone=\u00bb\u00bb text_text_color_last_edited=\u00bbon|desktop\u00bb header_2_font_size_tablet=\u00bb\u00bb header_2_font_size_phone=\u00bb28px\u00bb header_2_font_size_last_edited=\u00bbon|phone\u00bb global_colors_info=\u00bb{}\u00bb]<\/p>\n<h2>\u00bfQU\u00c9 HACE TROPICA VERDE?<\/h2>\n<ul class=\"wmtv\">\n<li>La conservaci\u00f3n de zonas contiguas de bosque primario dentro del corredor biol\u00f3gico favorece la biodiversidad regional. Tropica Verde tambi\u00e9n apoya estudios cient\u00edficos sobre biodiversidad en la Reserva Finca Curr\u00e9.<\/li>\n<li>Para proteger la Reserva son necesarias patrullas peri\u00f3dicas, que llevan a cabo regularmente socios locales comprometidos con la causa. El turismo suave y sostenible con visitas guiadas por expertos locales tambi\u00e9n forma parte del concepto, ya que la presencia regular en la zona env\u00eda se\u00f1ales importantes contra la tala ilegal y la caza furtiva.<\/li>\n<li>El proyecto tambi\u00e9n se complementa con educaci\u00f3n medioambiental local en el sentido de educaci\u00f3n para el desarrollo sostenible para escuelas caribe\u00f1as e ind\u00edgenas a trav\u00e9s de nuestros socios del proyecto <a href=\"https:\/\/tropica-verde.de\/naturschutz\/umweltbildung\/#acbtc\" target=\"_blank\" rel=\"noopener\">ACBTC<\/a> y la asociaci\u00f3n de vecinos <a href=\"https:\/\/tropica-verde.de\/naturschutz\/umweltbildung\/#asoguabo\" target=\"_blank\" rel=\"noopener\">ASOGUABO - Guardianes del Bosque<\/a> con actividades adicionales de <span style=\"font-size: 17px;\">concienciaci\u00f3n sobre el uso cuidadoso de los recursos y t\u00e9cnicas medioambientales adaptadas, incluso en el ecoturismo<\/span>.<\/li>\n<li>Apoyamos a ASOGUABO en una amplia gama de medidas que pretenden conducir a una protecci\u00f3n a\u00fan m\u00e1s eficaz de los recursos: Inventarios de la biodiversidad y sus amenazas mediante GPS y drones, an\u00e1lisis de suelos y aguas, desarrollo de planes para la reforestaci\u00f3n y el uso m\u00e1s adecuados desde el punto de vista ecol\u00f3gico, un vivero para especies vegetales adaptadas al medio ambiente.<\/li>\n<li>Con <span>el fin de vincular las actividades de educaci\u00f3n medioambiental en toda Costa Rica de nuestras organizaciones locales asociadas, Tropica Verde 2024 puso en marcha una<\/span> <a href=\"https:\/\/tropica-verde.de\/es\/red-de-educacion-en-costa-rica-entrevista-con-la-nueva-coordinadora\/\" target=\"_blank\" rel=\"noopener\">red de educaci\u00f3n entre proyectos<\/a>.<\/li>\n<\/ul>\n<p>[\/et_pb_text][\/et_pb_column][\/et_pb_row][\/et_pb_section][et_pb_section fb_built=\u00bb1&#8243; _builder_version=\u00bb4.23.1&#8243; _module_preset=\u00bbdefault\u00bb background_color=\u00bb#C2DBE0&#8243; custom_margin=\u00bb100px||100px||false|false\u00bb custom_margin_tablet=\u00bb50px||50px||false|false\u00bb custom_margin_phone=\u00bb50px||50px||false|false\u00bb custom_margin_last_edited=\u00bbon|desktop\u00bb global_colors_info=\u00bb{}\u00bb][et_pb_row _builder_version=\u00bb4.16&#8243; _module_preset=\u00bbdefault\u00bb global_colors_info=\u00bb{}\u00bb][et_pb_column type=\u00bb4_4&#8243; _builder_version=\u00bb4.16&#8243; _module_preset=\u00bbdefault\u00bb global_colors_info=\u00bb{}\u00bb][et_pb_text _builder_version=\u00bb4.23.1&#8243; _module_preset=\u00bbdefault\u00bb header_2_text_align=\u00bbcenter\u00bb header_2_font_size=\u00bb36px\u00bb header_3_text_align=\u00bbcenter\u00bb header_3_font_size=\u00bb36px\u00bb custom_margin=\u00bb10px||||false|false\u00bb custom_margin_tablet=\u00bb0px||||false|false\u00bb custom_margin_phone=\u00bb||||false|false\u00bb custom_margin_last_edited=\u00bbon|desktop\u00bb header_2_font_size_tablet=\u00bb30px\u00bb header_2_font_size_phone=\u00bb24px\u00bb header_2_font_size_last_edited=\u00bbon|phone\u00bb global_colors_info=\u00bb{}\u00bb]<\/p>\n<h2>Noticias sobre este proyecto<\/h2>\n<p>[\/et_pb_text][\/et_pb_column][\/et_pb_row][\/et_pb_section][et_pb_section fb_built=\u00bb1&#8243; _builder_version=\u00bb4.23.1&#8243; _module_preset=\u00bbdefault\u00bb custom_padding=\u00bb0px||||false|false\u00bb global_colors_info=\u00bb{}\u00bb][et_pb_row _builder_version=\u00bb4.23.1&#8243; _module_preset=\u00bbdefault\u00bb custom_padding=\u00bb0px||||false|false\u00bb global_colors_info=\u00bb{}\u00bb][et_pb_column type=\u00bb4_4&#8243; _builder_version=\u00bb4.16&#8243; _module_preset=\u00bbdefault\u00bb global_colors_info=\u00bb{}\u00bb][et_pb_blog fullwidth=\u00bboff\u00bb posts_number=\u00bb3&#8243; include_categories=\u00bb36&#8243; meta_date=\u00bbj. F Y\u00bb show_more=\u00bbon\u00bb show_author=\u00bboff\u00bb module_class=\u00bbdt-blog-equal-height\u00bb _builder_version=\u00bb4.27.4&#8243; hover_enabled=\u00bb0&#8243; global_colors_info=\u00bb{}\u00bb theme_builder_area=\u00bbpost_content\u00bb sticky_enabled=\u00bb0&#8243;][\/et_pb_blog][\/et_pb_column][\/et_pb_row][\/et_pb_section]<\/p>\n","protected":false},"excerpt":{"rendered":"<p>La expansi\u00f3n urbana y la especulaci\u00f3n del suelo amenazan los bosques primarios que a\u00fan quedanEn la costa caribe\u00f1a del sur de Costa Rica, el turismo se ha desarrollado cada vez m\u00e1s desde 2010, con el resultado de que la construcci\u00f3n de carreteras y edificios, la deforestaci\u00f3n y la fragmentaci\u00f3n de zonas forestales intactas han alcanzado [&hellip;]<\/p>\n","protected":false},"author":2,"featured_media":0,"parent":5838,"menu_order":0,"comment_status":"closed","ping_status":"closed","template":"","meta":{"_et_pb_use_builder":"on","_et_pb_old_content":"","_et_gb_content_width":"","inline_featured_image":false,"footnotes":""},"class_list":["post-5845","page","type-page","status-publish","hentry"],"_links":{"self":[{"href":"https:\/\/tropica-verde.de\/es\/wp-json\/wp\/v2\/pages\/5845","targetHints":{"allow":["GET"]}}],"collection":[{"href":"https:\/\/tropica-verde.de\/es\/wp-json\/wp\/v2\/pages"}],"about":[{"href":"https:\/\/tropica-verde.de\/es\/wp-json\/wp\/v2\/types\/page"}],"author":[{"embeddable":true,"href":"https:\/\/tropica-verde.de\/es\/wp-json\/wp\/v2\/users\/2"}],"replies":[{"embeddable":true,"href":"https:\/\/tropica-verde.de\/es\/wp-json\/wp\/v2\/comments?post=5845"}],"version-history":[{"count":44,"href":"https:\/\/tropica-verde.de\/es\/wp-json\/wp\/v2\/pages\/5845\/revisions"}],"predecessor-version":[{"id":249408,"href":"https:\/\/tropica-verde.de\/es\/wp-json\/wp\/v2\/pages\/5845\/revisions\/249408"}],"up":[{"embeddable":true,"href":"https:\/\/tropica-verde.de\/es\/wp-json\/wp\/v2\/pages\/5838"}],"wp:attachment":[{"href":"https:\/\/tropica-verde.de\/es\/wp-json\/wp\/v2\/media?parent=5845"}],"curies":[{"name":"wp","href":"https:\/\/api.w.org\/{rel}","templated":true}]}}