{"id":251375,"date":"2026-05-31T02:01:16","date_gmt":"2026-05-31T00:01:16","guid":{"rendered":"https:\/\/tropica-verde.de\/proyectos\/abuela-ecologica\/"},"modified":"2026-08-02T22:45:04","modified_gmt":"2026-08-02T20:45:04","slug":"abuela-ecologica","status":"publish","type":"page","link":"https:\/\/tropica-verde.de\/es\/proyectos\/abuela-ecologica\/","title":{"rendered":"Fundaci\u00f3n Abuela Ecol\u00f3gica"},"content":{"rendered":"<div class=\"et_pb_section_0 et_pb_section et_pb_fullwidth_section et_section_regular et_block_section\">\n<section class=\"et_pb_fullwidth_header_0 et_pb_fullwidth_header et_pb_bg_layout_dark et_pb_text_align_left et_pb_module et_flex_module preset--module--divi-fullwidth-header--default\"><div class=\"et_pb_fullwidth_header_container left\"><div class=\"header-content-container center\"><div class=\"header-content et_flex_module\"><h1 class=\"et_pb_module_header\">FUNDACI\u00d3N ABUELA ECOL\u00d3GICA<\/h1><span class=\"et_pb_fullwidth_header_subhead\">\u00c1rboles y plumas para la selva tropical<\/span><div class=\"et_pb_header_button_wrapper\"><\/div><\/div><\/div><\/div><div class=\"et_pb_fullwidth_header_overlay\"><\/div><div class=\"et_pb_fullwidth_header_scroll\"><\/div><\/section>\n<\/div>\n\n<div class=\"et_pb_section_1 et_pb_section et_section_regular et_block_section\">\n<div class=\"et_pb_row_0 et_pb_row et_block_row\">\n<div class=\"et_pb_column_0 et_pb_column et_pb_column_4_4 et-last-child et_block_column et_pb_css_mix_blend_mode_passthrough\">\n<div class=\"et_pb_text_0 et_pb_text et_pb_bg_layout_light et_pb_module et_block_module preset--module--divi-text--default\"><div class=\"et_pb_text_inner\"><h2>Cuando una idea se convierte en un movimiento<\/h2>\n<p data-start=\"4326\" data-end=\"4397\">Lo que empez\u00f3 con una abuela sigue creciendo hoy, \u00e1rbol a \u00e1rbol.<\/p>\n<p data-start=\"599\" data-end=\"837\">La madre de Laura Gonz\u00e1les -conocida como la \"Abuela Ecol\u00f3gica\"- empez\u00f3 a recoger semillas y a plantar \u00e1rboles cuando ten\u00eda m\u00e1s de 70 a\u00f1os. Por convicci\u00f3n propia, sin grandes medios, pero con un objetivo claro: proteger la naturaleza en la puerta de su casa. Hoy, la familia Abuela Ecol\u00f3gica se ha propuesto continuar su idea. Paso a paso, esta iniciativa se ha convertido en la Fundaci\u00f3n Abuela Ecol\u00f3gica. En la actualidad, numerosas personas trabajan juntas para preservar los bosques de la regi\u00f3n, con el apoyo de la comunidad local, los conocimientos y una aut\u00e9ntica conexi\u00f3n con la naturaleza.    <\/p>\n<\/div><\/div>\n<\/div>\n<\/div>\n<\/div>\n\n<div class=\"et_pb_section_2 et_pb_section et_section_regular et_block_section\">\n<div class=\"et_pb_row_1 et_pb_row et_block_row\">\n<div class=\"et_pb_column_1 et_pb_column et_pb_column_1_2 et_block_column et_pb_css_mix_blend_mode_passthrough\">\n<div class=\"et_pb_text_1 et_pb_text et_pb_bg_layout_light et_pb_module et_block_module preset--module--divi-text--default\"><div class=\"et_pb_text_inner\"><h2>Proteger la selva tropical en el norte de Costa Rica<\/h2>\n<p data-start=\"1182\" data-end=\"1472\">El trabajo de la Fundaci\u00f3n se centra en la regi\u00f3n de San Carlos, en el norte de Costa Rica, una zona de gran biodiversidad que tambi\u00e9n est\u00e1 sometida a fuertes presiones: La deforestaci\u00f3n, la expansi\u00f3n agr\u00edcola y la p\u00e9rdida de h\u00e1bitats naturales amenazan los ecosistemas.<\/p>\n<p data-start=\"1474\" data-end=\"1676\">Junto con socios locales, Tropica Verde se ha comprometido a invertir esta tendencia. El objetivo es plantar unos 8.000 \u00e1rboles para mediados de 2027 y asegurar as\u00ed los h\u00e1bitats a largo plazo. El proyecto se centra en la protecci\u00f3n del guacamayo soldado mayor<em> (Ara ambiguus)<\/em>.  <\/p>\n<p data-start=\"1828\" data-end=\"2015\">Esta impresionante ave depende de ciertas especies arb\u00f3reas que se han vuelto raras. Tanto para alimentarse como para anidar. Si estos \u00e1rboles desaparecen, tambi\u00e9n lo hace el guacamayo. La plantaci\u00f3n selectiva precisamente de estas especies crea nuevos h\u00e1bitats, no s\u00f3lo para el guacamayo soldado, sino tambi\u00e9n para muchas otras especies animales y vegetales, como el motmot <em>(foto: Electron platyrhynchum)<\/em>.   <\/p>\n<\/div><\/div>\n<\/div>\n\n<div class=\"et_pb_column_2 et_pb_column et_pb_column_1_2 et-last-child et_block_column et_pb_css_mix_blend_mode_passthrough\">\n<div class=\"et_pb_image_0 et_pb_image et_pb_module et_block_module\"><span class=\"et_pb_image_wrap\"><img loading=\"lazy\" decoding=\"async\" src=\"https:\/\/tropica-verde.de\/wp-content\/uploads\/2026\/05\/Auch-der-Breitschnabel-Motmot-lebt-in-der-Region-e1780182515677.jpeg\" width=\"1223\" height=\"1424\" class=\"wp-image-251304\" alt=\"Los alumnos est\u00e1n orgullosos de su bosque plantado\" title=\"El motmot de pico ancho tambi\u00e9n vive en la regi\u00f3n\" \/><\/span><\/div>\n<\/div>\n<\/div>\n<\/div>\n\n<div class=\"et_pb_section_3 et_pb_section et_section_regular et_block_section\">\n<div class=\"et_pb_row_2 et_pb_row et_block_row\">\n<div class=\"et_pb_column_3 et_pb_column et_pb_column_4_4 et-last-child et_block_column et_pb_css_mix_blend_mode_passthrough\">\n<div class=\"et_pb_text_2 et_pb_text et_pb_bg_layout_light et_pb_module et_block_module preset--module--divi-text--default\"><div class=\"et_pb_text_inner\"><h2>\u00c1rboles y Plumas<\/h2>\n<p data-start=\"506\" data-end=\"597\">El proyecto \"\u00c1rboles y Plumas\" muestra c\u00f3mo funciona la conservaci\u00f3n hol\u00edstica de la naturaleza: Desde la recogida de semillas raras y su cultivo en el vivero hasta su plantaci\u00f3n en zonas ecol\u00f3gicamente importantes, se est\u00e1 creando paso a paso una nueva selva tropical. No se trata s\u00f3lo de zonas individuales, sino de restaurar h\u00e1bitats conectados para que los bosques, los animales y los recursos h\u00eddricos est\u00e9n protegidos a largo plazo. <\/p>\n<\/div><\/div>\n<\/div>\n<\/div>\n\n<div class=\"et_pb_row_3 et_pb_row et_block_row\">\n<div class=\"et_pb_column_4 et_pb_column et_pb_column_1_2 et_block_column et_pb_css_mix_blend_mode_passthrough\">\n<div class=\"et_pb_text_3 et_pb_text et_pb_bg_layout_light et_pb_module et_block_module preset--module--divi-text--default\"><div class=\"et_pb_text_inner\"><p data-start=\"3760\" data-end=\"3797\">El proyecto combina varios niveles:<\/p>\n<ul data-start=\"3799\" data-end=\"3973\">\n<li data-section-id=\"nyo7ou\" data-start=\"3799\" data-end=\"3831\">Protecci\u00f3n de la biodiversidad<\/li>\n<li data-section-id=\"gquk3u\" data-start=\"3832\" data-end=\"3873\">Restauraci\u00f3n de ecosistemas<\/li>\n<li data-section-id=\"1vjy8ba\" data-start=\"3874\" data-end=\"3919\">Educaci\u00f3n y sensibilizaci\u00f3n medioambiental<\/li>\n<li data-section-id=\"xy4rsv\" data-start=\"3920\" data-end=\"3973\">Fortalecimiento de las comunidades locales e ind\u00edgenas<\/li>\n<\/ul>\n<p data-start=\"3975\" data-end=\"4119\">Especialmente en una regi\u00f3n gravemente afectada por los cambios medioambientales, este planteamiento crea perspectivas a largo plazo para las personas y la naturaleza.<\/p>\n<\/div><\/div>\n<\/div>\n\n<div class=\"et_pb_column_5 et_pb_column et_pb_column_1_2 et-last-child et_block_column et_pb_css_mix_blend_mode_passthrough\">\n<div class=\"et_pb_divider_0 et_pb_divider_hidden et_pb_space et_pb_divider_position_top et_pb_module\"><div class=\"et_pb_divider_internal\"><\/div><\/div>\n\n<div class=\"et_pb_blurb_0 et_pb_blurb et_pb_bg_layout_light et_pb_blurb_position_left et_pb_module et_block_module preset--module--divi-blurb--default\"><div class=\"et_pb_blurb_content\"><div class=\"et_pb_main_blurb_image et_animated\"><a href=\"https:\/\/youtu.be\/Gp-6xaPbbTQ?si=QGubbn6-iHLYUakk\" rel=\"nofollow noopener\" target=\"_blank\"><span class=\"et_pb_image_wrap\"><span class=\"et-pb-icon\">\ue04e<\/span><\/span><\/a><\/div><div class=\"et_pb_blurb_container\"><h2 class=\"et_pb_module_header\"><a href=\"https:\/\/youtu.be\/Gp-6xaPbbTQ?si=QGubbn6-iHLYUakk\" rel=\"nofollow noopener\" target=\"_blank\">V\u00eddeo sobre el trabajo en la Fundaci\u00f3n Abuela Ecol\u00f3gica<\/a><\/h2><div class=\"et_pb_blurb_description\"><p>Puedes obtener una visi\u00f3n del proyecto de un voluntario <a href=\"https:\/\/youtu.be\/Gp-6xaPbbTQ?si=QGubbn6-iHLYUakk\" rel=\"nofollow noopener\" target=\"_blank\">en este breve v\u00eddeo<\/a> <\/p>\n<\/div><\/div><\/div><\/div>\n<\/div>\n<\/div>\n<\/div>\n\n<div class=\"et_pb_section_4 et_pb_section et_section_specialty et_pb_gutters1 et_block_section et_pb_specialty_fullwidth\"><div class=\"et_pb_row et_block_row\">\n<div class=\"et_pb_column_6 et_pb_column et_pb_column_single et_pb_column_1_2 et_block_column et_pb_css_mix_blend_mode_passthrough\">\n<div class=\"et_pb_image_1 et_pb_image et_pb_has_overlay et_pb_module et_block_module\"><a href=\"https:\/\/tropica-verde.de\/wp-content\/uploads\/2026\/05\/Seltener-Kronenlaubfrosch--e1780178849470.jpeg\" class=\"et_pb_lightbox_image\"><span class=\"et_pb_image_wrap has-box-shadow-overlay\"><div class=\"box-shadow-overlay\"><\/div><img loading=\"lazy\" decoding=\"async\" src=\"https:\/\/tropica-verde.de\/wp-content\/uploads\/2026\/05\/Seltener-Kronenlaubfrosch--e1780178849470.jpeg\" width=\"1250\" height=\"1066\" class=\"wp-image-251311\" title=\"Rara rana arb\u00f3rea coronada\" alt=\"\"><span class=\"et_overlay\" data-icon=\"0\"><\/span><\/span><\/a><\/div>\n<\/div>\n\n<div class=\"et_pb_column_7 et_pb_column et_pb_specialty_column et_pb_column_1_2 et-last-child et_block_column et_pb_css_mix_blend_mode_passthrough\">\n<div class=\"et_pb_row_inner_0 et_pb_row_inner et_block_row\">\n<div class=\"et_pb_column_inner_0 et_pb_column_inner et_pb_column et_pb_column_4_4 et-last-child et_block_column et_pb_css_mix_blend_mode_passthrough\">\n<div class=\"et_pb_image_2 et_pb_image et_pb_has_overlay et_pb_module et_block_module\"><a href=\"https:\/\/tropica-verde.de\/wp-content\/uploads\/2026\/05\/WhatsApp-Image-2026-05-01-at-11.22.05-e1780280305805.jpeg\" class=\"et_pb_lightbox_image\"><span class=\"et_pb_image_wrap has-box-shadow-overlay\"><div class=\"box-shadow-overlay\"><\/div><img loading=\"lazy\" decoding=\"async\" src=\"https:\/\/tropica-verde.de\/wp-content\/uploads\/2026\/05\/WhatsApp-Image-2026-05-01-at-11.22.05-e1780280305805.jpeg\" width=\"1280\" height=\"520\" class=\"wp-image-251320\" title=\"Se recogen semillas aut\u00f3ctonas en el proyecto \u00c1rboles y Plumas\" alt=\"\"><span class=\"et_overlay\" data-icon=\"0\"><\/span><\/span><\/a><\/div>\n<\/div>\n<\/div>\n\n<div class=\"et_pb_row_inner_1 et_pb_row_inner et_pb_gutters1 et_block_row\">\n<div class=\"et_pb_column_inner_1 et_pb_column_inner et_pb_column et_pb_column_1_4 et_block_column et_pb_css_mix_blend_mode_passthrough\">\n<div class=\"et_pb_image_3 et_pb_image et_pb_has_overlay et_pb_module et_block_module\"><a href=\"https:\/\/tropica-verde.de\/wp-content\/uploads\/2026\/05\/WhatsApp-Image-2026-05-01-at-11.22.06-1-e1780178480983.jpeg\" class=\"et_pb_lightbox_image\"><span class=\"et_pb_image_wrap has-box-shadow-overlay\"><div class=\"box-shadow-overlay\"><\/div><img loading=\"lazy\" decoding=\"async\" src=\"https:\/\/tropica-verde.de\/wp-content\/uploads\/2026\/05\/WhatsApp-Image-2026-05-01-at-11.22.06-1-e1780178480983.jpeg\" width=\"850\" height=\"757\" class=\"wp-image-251321\" title=\"Laura Gonz\u00e1les de la Fundaci\u00f3n Abuela Ecol\u00f3gica\" alt=\"\"><span class=\"et_overlay\" data-icon=\"0\"><\/span><\/span><\/a><\/div>\n<\/div>\n\n<div class=\"et_pb_column_inner_2 et_pb_column_inner et_pb_column et_pb_column_1_4 et-last-child et_block_column et_pb_css_mix_blend_mode_passthrough\">\n<div class=\"et_pb_image_4 et_pb_image et_pb_has_overlay et_pb_module et_block_module\"><a href=\"https:\/\/tropica-verde.de\/wp-content\/uploads\/2026\/05\/Arten-die-ebenfalls-vom-Arboles-y-Plumas-Projekt-profitieren-sind-z.B.-die-Klammer-Affen-Spinnen-Affen-e1780184250166.jpeg\" class=\"et_pb_lightbox_image\"><span class=\"et_pb_image_wrap has-box-shadow-overlay\"><div class=\"box-shadow-overlay\"><\/div><img loading=\"lazy\" decoding=\"async\" src=\"https:\/\/tropica-verde.de\/wp-content\/uploads\/2026\/05\/Arten-die-ebenfalls-vom-Arboles-y-Plumas-Projekt-profitieren-sind-z.B.-die-Klammer-Affen-Spinnen-Affen-e1780184250166.jpeg\" width=\"1200\" height=\"1066\" class=\"wp-image-251303\" title=\"Entre las especies que tambi\u00e9n se benefician del proyecto \u00c1rboles y Plumas se encuentran los monos ara\u00f1a (monos ara\u00f1a)\" alt=\"\"><span class=\"et_overlay\" data-icon=\"0\"><\/span><\/span><\/a><\/div>\n<\/div>\n<\/div>\n<\/div>\n<\/div><\/div>\n\n<div class=\"et_pb_section_5 et_pb_section et_section_regular et_block_section\">\n<div class=\"et_pb_row_4 et_pb_row et_block_row\">\n<div class=\"et_pb_column_8 et_pb_column et_pb_column_1_2 et_block_column et_pb_css_mix_blend_mode_passthrough\">\n<div class=\"et_pb_image_5 et_pb_image et_animated et_pb_module et_block_module\"><span class=\"et_pb_image_wrap\"><img loading=\"lazy\" decoding=\"async\" src=\"https:\/\/tropica-verde.de\/wp-content\/uploads\/2026\/05\/WhatsApp-Image-2026-05-01-at-12.08.52-5-e1779734659142.jpeg\" width=\"720\" height=\"743\" class=\"wp-image-251297\" alt=\"El ingeniero forestal V\u00edctor Esquivel cataloga y eval\u00faa el crecimiento de la reforestaci\u00f3n en la Finca Alicia\" title=\"Esta es la Abuela Ecol\u00f3gica\" \/><\/span><\/div>\n<\/div>\n\n<div class=\"et_pb_column_9 et_pb_column et_pb_column_1_2 et-last-child et_block_column et_pb_css_mix_blend_mode_passthrough\">\n<div class=\"et_pb_text_4 et_pb_text et_pb_bg_layout_light et_pb_module et_block_module preset--module--divi-text--default\"><div class=\"et_pb_text_inner\"><blockquote>\n<h2><span>\"Un \u00e1rbol es un regalo para los que a\u00fan no han nacido. Sigamos sembrando vida\".<\/span><\/h2>\n<p>- Abuela ecol\u00f3gica<\/p>\n<\/blockquote>\n<\/div><\/div>\n<\/div>\n<\/div>\n\n<div class=\"et_pb_row_5 et_pb_row et_block_row\">\n<div class=\"et_pb_column_10 et_pb_column et_pb_column_1_2 et_block_column et_pb_css_mix_blend_mode_passthrough\">\n<div class=\"et_pb_text_5 et_pb_text et_pb_bg_layout_dark et_pb_module et_block_module preset--module--divi-text--default\"><div class=\"et_pb_text_inner\"><h2>Activos juntos: implicar y capacitar a las personas<\/h2>\n<\/div><\/div>\n\n<div class=\"et_pb_text_6 et_pb_text et_pb_bg_layout_dark et_pb_module et_block_module preset--module--divi-text--default\"><div class=\"et_pb_text_inner\"><p data-start=\"2730\" data-end=\"2813\">Un factor clave del \u00e9xito es la participaci\u00f3n activa de la poblaci\u00f3n local. La Fundaci\u00f3n trabaja en estrecha colaboraci\u00f3n con las comunidades, las escuelas, los voluntarios y los grupos ind\u00edgenas.  La cooperaci\u00f3n con el territorio ind\u00edgena de los Maleku en Guatuso es especialmente importante.  <\/p>\n<\/div><\/div>\n<\/div>\n\n<div class=\"et_pb_column_11 et_pb_column et_pb_column_1_2 et-last-child et_block_column et_pb_css_mix_blend_mode_passthrough\">\n<div class=\"et_pb_image_6 et_pb_image et_animated et_pb_module et_block_module\"><span class=\"et_pb_image_wrap\"><img loading=\"lazy\" decoding=\"async\" src=\"https:\/\/tropica-verde.de\/wp-content\/uploads\/2026\/05\/WhatsApp-Image-2026-05-01-at-12.08.52-e1779735174222.jpeg\" width=\"960\" height=\"843\" class=\"wp-image-251300\" alt=\"Antes de que los \u00e1rboles pudieran desarrollarse en el vivero, hab\u00eda que recoger cuidadosamente las semillas en el bosque y hacerlas germinar.\" title=\"Abulea Ecol\u00f3gica con mujeres de Maleku\" \/><\/span><\/div>\n<\/div>\n<\/div>\n\n<div class=\"et_pb_row_6 et_pb_row et_block_row\">\n<div class=\"et_pb_column_12 et_pb_column et_pb_column_1_2 et_block_column et_pb_css_mix_blend_mode_passthrough\">\n<div class=\"et_pb_image_7 et_pb_image et_animated et_pb_module et_block_module\"><span class=\"et_pb_image_wrap\"><img loading=\"lazy\" decoding=\"async\" src=\"https:\/\/tropica-verde.de\/wp-content\/uploads\/2026\/05\/WhatsApp-Image-2026-05-01-at-11.22.04-1-e1780184432150.jpeg\" width=\"750\" height=\"796\" class=\"wp-image-251316\" alt=\"Stefan Rother, Alexis Obreg\u00f3n y Miguel M\u00e9ndez (desde la izquierda) con c\u00e1mara trampa en Monte Alto \u00a9 V\u00edctor Esquivel\" title=\"El vivero de la Fundaci\u00f3n Abuela Ecol\u00f3gica\" \/><\/span><\/div>\n<\/div>\n\n<div class=\"et_pb_column_13 et_pb_column et_pb_column_1_2 et-last-child et_block_column et_pb_css_mix_blend_mode_passthrough\">\n<div class=\"et_pb_text_7 et_pb_text et_pb_bg_layout_light et_pb_module et_block_module preset--module--divi-text--default\"><div class=\"et_pb_text_inner\"><h2>Del compromiso local al impacto concreto<\/h2>\n<\/div><\/div>\n\n<div class=\"et_pb_text_8 et_pb_text et_pb_bg_layout_dark et_pb_module et_block_module preset--module--divi-text--default\"><div class=\"et_pb_text_inner\"><p data-start=\"3283\" data-end=\"3336\">El trabajo ya est\u00e1 dando resultados tangibles:<\/p>\n<ul data-start=\"3338\" data-end=\"3571\">\n<li data-section-id=\"urjwk2\" data-start=\"3338\" data-end=\"3382\">Recogida y cultivo de especies arb\u00f3reas raras<\/li>\n<li data-section-id=\"16ais8z\" data-start=\"3383\" data-end=\"3425\">Restauraci\u00f3n de zonas degradadas<\/li>\n<li data-section-id=\"1sgqdsp\" data-start=\"3426\" data-end=\"3461\">Reforzar los corredores biol\u00f3gicos<\/li>\n<li data-section-id=\"zldl2g\" data-start=\"3462\" data-end=\"3524\">Participaci\u00f3n activa de ni\u00f1os, j\u00f3venes y comunidades<\/li>\n<li data-section-id=\"17580ht\" data-start=\"3525\" data-end=\"3571\">creciente conciencia medioambiental en la regi\u00f3n.<\/li>\n<\/ul>\n<p data-start=\"3573\" data-end=\"3698\">Lo que aqu\u00ed se crea es algo m\u00e1s que reforestaci\u00f3n. Es un proceso vivo de aprender, actuar y crecer juntos. <\/p>\n<\/div><\/div>\n<\/div>\n<\/div>\n<\/div>\n\n<div class=\"et_pb_section_6 et_pb_section et_section_regular et_block_section\">\n<div class=\"et_pb_row_7 et_pb_row et_block_row\">\n<div class=\"et_pb_column_14 et_pb_column et_pb_column_2_5 et_block_column et_pb_column_empty et_pb_css_mix_blend_mode_passthrough\"><\/div>\n\n<div class=\"et_pb_column_15 et_pb_column et_pb_column_3_5 et-last-child et_block_column et_pb_css_mix_blend_mode_passthrough\">\n<div class=\"et_pb_text_9 et_pb_text et_pb_bg_layout_light et_pb_module et_block_module wmtvbox preset--module--divi-text--default\"><div class=\"et_pb_text_inner\"><h2>\u00bfQU\u00c9 HACE TROPICA VERDE?<\/h2>\n<ul class=\"wmtv\">\n<li>\n<p data-start=\"2123\" data-end=\"2356\" data-is-last-node=\"\" data-is-only-node=\"\">El trabajo de la Fundaci\u00f3n Abuela Ecol\u00f3gica ha recibido reconocimiento nacional: la directora del proyecto, Laura, y su compromiso con la conservaci\u00f3n de la naturaleza y la comunidad han sido galardonados por el Programa de las Naciones Unidas para el Desarrollo (PNUD), entre otros.<\/p>\n<\/li>\n<li>Los programas de educaci\u00f3n medioambiental son un componente importante del proyecto. Junto con las escuelas, las familias y los grupos locales, se llevan a cabo medidas de educaci\u00f3n medioambiental, campa\u00f1as de plantaci\u00f3n y programas de sensibilizaci\u00f3n para transmitir conocimientos sobre la biodiversidad y los ecosistemas locales. Los conocimientos no s\u00f3lo se imparten, sino que tambi\u00e9n se aplican directamente.  <\/li>\n<li><span style=\"font-size: 17px;\">Se presta especial atenci\u00f3n a la cooperaci\u00f3n con la regi\u00f3n ind\u00edgena Maleku de Guatuso. El proyecto combina la conservaci\u00f3n de la naturaleza con el intercambio cultural y refuerza la participaci\u00f3n local. <\/span><\/li>\n<li>Adem\u00e1s de la plantaci\u00f3n, el proyecto apoya otras medidas como campa\u00f1as locales de reverdecimiento, campa\u00f1as de recogida de basuras e iniciativas para restaurar conexiones ecol\u00f3gicamente importantes entre zonas forestales, los llamados corredores biol\u00f3gicos.<\/li>\n<li>\n<p data-start=\"457\" data-end=\"771\">En el vivero se cultivan valiosas especies arb\u00f3reas que son importantes para la alimentaci\u00f3n y los lugares de nidificaci\u00f3n del guacamayo soldado mayor. Ya se han recogido m\u00e1s de 20 especies aut\u00f3ctonas y se han cultivado m\u00e1s de 2.700 plantas j\u00f3venes. <\/p>\n<\/li>\n<li>Junto con las comunidades de la regi\u00f3n de San Carlos, se recogen semillas de importantes especies arb\u00f3reas forrajeras y nidificantes. Para ello, se han creado cajas centralizadas de semillas de especies raras de \u00e1rboles aut\u00f3ctonos en varios lugares. Tambi\u00e9n se han conseguido de este modo especies raras como el \u00e1rbol titor (Sacoglottis trichogyna).  <\/li>\n<li>\n<p data-start=\"457\" data-end=\"771\"><span style=\"font-size: 17px;\">A mediados de 2027 <\/span><span style=\"font-size: 17px;\"> se plantar\u00e1n<\/span><span style=\"font-size: 17px;\">unos <\/span>8.000 \u00e1rboles<span style=\"font-size: 17px;\"> para crear pelda\u00f1os ecol\u00f3gicos y h\u00e1bitats para el guacamayo moteado mayor y muchas otras especies animales.<\/span><\/p>\n<\/li>\n<li>\n<p data-start=\"457\" data-end=\"771\"><span style=\"font-size: 17px;\"><\/span><span style=\"font-size: 17px;\">Desde 2025, apoyamos el proyecto \"\u00c1rboles y Plumas para la Zona Norte e Inclusi\u00f3n Cultural con Territorio Ind\u00edgena Maleku en Guatuso\", de la Fundaci\u00f3n Abuela Ecol\u00f3gica, para preservar los h\u00e1bitats de la guacamaya negra, especie en peligro de extinci\u00f3n, proteger las especies y capacitar a la poblaci\u00f3n local.<\/span><\/p>\n<\/li>\n<\/ul>\n<\/div><\/div>\n<\/div>\n<\/div>\n<\/div>\n\n<div class=\"et_pb_section_7 et_pb_section et_section_regular et_block_section\">\n<div class=\"et_pb_row_8 et_pb_row et_block_row\">\n<div class=\"et_pb_column_16 et_pb_column et_pb_column_4_4 et-last-child et_block_column et_pb_css_mix_blend_mode_passthrough\">\n<div class=\"et_pb_divider_1 et_pb_divider_hidden et_pb_space et_pb_divider_position_top et_pb_module\"><div class=\"et_pb_divider_internal\"><\/div><\/div>\n<\/div>\n<\/div>\n<\/div>\n\n<div class=\"et_pb_section_8 et_pb_section et_section_regular et_block_section\">\n<div class=\"et_pb_row_9 et_pb_row et_block_row\">\n<div class=\"et_pb_column_17 et_pb_column et_pb_column_4_4 et-last-child et_block_column et_pb_css_mix_blend_mode_passthrough\">\n<div class=\"et_pb_text_10 et_pb_text et_pb_bg_layout_light et_pb_module et_block_module preset--module--divi-text--default\"><div class=\"et_pb_text_inner\"><h2>Noticias sobre este proyecto<\/h2>\n<\/div><\/div>\n<\/div>\n<\/div>\n<\/div>\n\n<div class=\"et_pb_section_9 et_pb_section et_section_regular et_block_section\">\n<div class=\"et_pb_row_10 et_pb_row et_block_row\">\n<div class=\"et_pb_column_18 et_pb_column et_pb_column_4_4 et-last-child et_block_column et_pb_css_mix_blend_mode_passthrough\">\n<div class=\"et_pb_post_nav_0 et_pb_posts_nav nav-single et_pb_module et_block_module\"><\/div>\n\n<div class=\"et_pb_blog_0 et_pb_blog et_pb_bg_layout_light et_pb_posts et_pb_module dt-blog-equal-height preset--group--divi-blog--divi-image--h1qhhdc--default preset--module--divi-blog--default\"><div class=\"et_pb_ajax_pagination_container\"><div class=\"et_pb_blog_posts et_grid_module\"><article class=\"et_pb_post et_pb_post_id_248885 clearfix et_pb_blog_item_0_0 post-248885 post type-post status-publish format-standard has-post-thumbnail hentry category-labor-educativa-en-costa-rica category-news-abuela-ecologica-es category-ods-13 category-ods-15 tag-costa-rica-en tag-sdgs-en tag-umweltbildung\"><div class=\"et_pb_image_container\"><a href=\"https:\/\/tropica-verde.de\/es\/arboles-y-plumas\/\" class=\"entry-featured-image-url\"><img loading=\"lazy\" decoding=\"async\" src=\"https:\/\/tropica-verde.de\/wp-content\/uploads\/2025\/08\/1000009739-e1756158021567.jpg\" width=\"400\" height=\"250\" alt=\"NUEVO PROYECTO | \u00c1rboles y Plumas - \u00c1rboles y plumas para el norte\" class=\"\" title=\"\"><span data-icon=\"\ue050\" class=\"et_overlay et_pb_inline_icon\"><\/span><\/a><\/div><h2 class=\"entry-title\"><a href=\"https:\/\/tropica-verde.de\/es\/arboles-y-plumas\/\">NUEVO PROYECTO | \u00c1rboles y Plumas - \u00c1rboles y plumas para el norte<\/a><\/h2><p class=\"post-meta\"><span class=\"published\">22. agosto 2025<\/span> | <span class=\"entry-categories\"><a href=\"https:\/\/tropica-verde.de\/es\/proyectos-noticias\/labor-educativa-en-costa-rica\/\" rel=\"tag\">Trabajo educativo en Costa Rica<\/a>, <a href=\"https:\/\/tropica-verde.de\/es\/proyectos-noticias\/news-abuela-ecologica-es\/\" rel=\"tag\">Fundaci\u00f3n Abuela Ecol\u00f3gica<\/a>, <a href=\"https:\/\/tropica-verde.de\/es\/ods\/ods-13\/\" rel=\"tag\">ODS 13: Acci\u00f3n por el clima<\/a>, <a href=\"https:\/\/tropica-verde.de\/es\/ods\/ods-15\/\" rel=\"tag\">ODS 15: La vida en la tierra<\/a><\/span><\/p><div class=\"post-content\"><div class=\"post-content-inner\"><p>Entrevista: Laura Alfaro Gonz\u00e1lez presenta el proyecto &nbsp; \u00bfQu\u00e9 es el proyecto \"\u00c1rboles y Plumas para la Zona Norte\"? Se trata de un proyecto de restauraci\u00f3n ecol\u00f3gica y protecci\u00f3n de la biodiversidad en el cant\u00f3n de San Carlos, Costa Rica. Nos centramos...<\/p>\n<\/div><a href=\"https:\/\/tropica-verde.de\/es\/arboles-y-plumas\/\" class=\"more-link\">leer m\u00e1s...<\/a><\/div><\/article><\/div><div class=\"pagination clearfix\">\n\t<div class=\"alignleft\"><\/div>\n\t<div class=\"alignright\"><\/div>\n<\/div><\/div><\/div>\n<\/div>\n<\/div>\n<\/div>","protected":false},"excerpt":{"rendered":"","protected":false},"author":5,"featured_media":251384,"parent":5838,"menu_order":0,"comment_status":"closed","ping_status":"closed","template":"","meta":{"inline_featured_image":false,"footnotes":""},"class_list":["post-251375","page","type-page","status-publish","has-post-thumbnail","hentry"],"_links":{"self":[{"href":"https:\/\/tropica-verde.de\/es\/wp-json\/wp\/v2\/pages\/251375","targetHints":{"allow":["GET"]}}],"collection":[{"href":"https:\/\/tropica-verde.de\/es\/wp-json\/wp\/v2\/pages"}],"about":[{"href":"https:\/\/tropica-verde.de\/es\/wp-json\/wp\/v2\/types\/page"}],"author":[{"embeddable":true,"href":"https:\/\/tropica-verde.de\/es\/wp-json\/wp\/v2\/users\/5"}],"replies":[{"embeddable":true,"href":"https:\/\/tropica-verde.de\/es\/wp-json\/wp\/v2\/comments?post=251375"}],"version-history":[{"count":31,"href":"https:\/\/tropica-verde.de\/es\/wp-json\/wp\/v2\/pages\/251375\/revisions"}],"predecessor-version":[{"id":253443,"href":"https:\/\/tropica-verde.de\/es\/wp-json\/wp\/v2\/pages\/251375\/revisions\/253443"}],"up":[{"embeddable":true,"href":"https:\/\/tropica-verde.de\/es\/wp-json\/wp\/v2\/pages\/5838"}],"wp:featuredmedia":[{"embeddable":true,"href":"https:\/\/tropica-verde.de\/es\/wp-json\/wp\/v2\/media\/251384"}],"wp:attachment":[{"href":"https:\/\/tropica-verde.de\/es\/wp-json\/wp\/v2\/media?parent=251375"}],"curies":[{"name":"wp","href":"https:\/\/api.w.org\/{rel}","templated":true}]}}