{"id":248098,"date":"2025-05-28T19:36:41","date_gmt":"2025-05-28T17:36:41","guid":{"rendered":"https:\/\/tropica-verde.de\/proyectos\/puente-aereo-frankfurt-costa-rica\/"},"modified":"2026-08-02T22:46:27","modified_gmt":"2026-08-02T20:46:27","slug":"luftbruecke","status":"publish","type":"page","link":"https:\/\/tropica-verde.de\/es\/proyectos\/luftbruecke\/","title":{"rendered":"Puente a\u00e9reo Frankfurt - Costa Rica"},"content":{"rendered":"<div class=\"et_pb_section_0 et_pb_section et_pb_fullwidth_section et_section_regular et_block_section\">\n<section class=\"et_pb_fullwidth_header_0 et_pb_fullwidth_header et_pb_bg_layout_dark et_pb_text_align_left et_pb_module et_flex_module preset--module--divi-fullwidth-header--default\"><div class=\"et_pb_fullwidth_header_container left\"><div class=\"header-content-container center\"><div class=\"header-content et_flex_module\"><h1 class=\"et_pb_module_header\">PUENTE A\u00c9REO FR\u00c1NCFORT - COSTA RICA<\/h1><span class=\"et_pb_fullwidth_header_subhead\">La educaci\u00f3n conecta continentes<\/span><div class=\"et_pb_header_button_wrapper\"><\/div><\/div><\/div><\/div><div class=\"et_pb_fullwidth_header_overlay\"><\/div><div class=\"et_pb_fullwidth_header_scroll\"><\/div><\/section>\n<\/div>\n\n<div class=\"et_pb_section_1 et_pb_section et_section_regular et_block_section\">\n<div class=\"et_pb_row_0 et_pb_row et_block_row\">\n<div class=\"et_pb_column_0 et_pb_column et_pb_column_4_4 et-last-child et_block_column et_pb_css_mix_blend_mode_passthrough\">\n<div class=\"et_pb_text_0 et_pb_text et_pb_bg_layout_light et_pb_module et_block_module preset--module--divi-text--default\"><div class=\"et_pb_text_inner\"><h2>La transformaci\u00f3n hacia un mundo sostenible es una tarea com\u00fan - entre continentes<\/h2>\n<p>Con el proyecto \"Puente A\u00e9reo Fr\u00e1ncfort-Costa Rica\", llevamos nuestra labor educativa a un nuevo nivel: escuelas de Fr\u00e1ncfort y Costa Rica entran en un intercambio creativo e intercultural. El objetivo es fomentar el entendimiento mutuo y proteger la selva tropical a largo plazo. A trav\u00e9s de este intercambio, ni\u00f1os y j\u00f3venes se convierten en forjadores activos del cambio hacia un mundo justo, solidario y sostenible.   De este modo, el aprendizaje global se convierte en una experiencia tangible, y la protecci\u00f3n de la selva tropical en una tarea compartida por todos los continentes.  <\/p>\n<\/div><\/div>\n<\/div>\n<\/div>\n<\/div>\n\n<div class=\"et_pb_section_2 et_pb_section et_section_regular et_block_section\">\n<div class=\"et_pb_row_1 et_pb_row et_block_row\">\n<div class=\"et_pb_column_1 et_pb_column et_pb_column_1_2 et_block_column et_pb_css_mix_blend_mode_passthrough\">\n<div class=\"et_pb_text_1 et_pb_text et_pb_bg_layout_light et_pb_module et_block_module preset--module--divi-text--default\"><div class=\"et_pb_text_inner\"><h2>La protecci\u00f3n de la selva tropical empieza en las aulas<\/h2>\n<p data-start=\"861\" data-end=\"1152\">Nuestra misi\u00f3n educativa est\u00e1 consagrada en nuestros estatutos, y cobra vida aqu\u00ed. Ni\u00f1os y j\u00f3venes de ambos pa\u00edses hablan de su vida cotidiana: \u00bfC\u00f3mo es nuestro desayuno? \u00bfC\u00f3mo llegamos a la escuela? \u00bfQu\u00e9 crece en el patio de nuestra escuela? Los temas son relevantes para la vida cotidiana y el efecto de aprendizaje es grande.    <\/p>\n<p data-start=\"861\" data-end=\"1152\">El intercambio global permite a los j\u00f3venes ver el mundo desde nuevas perspectivas y desarrollar una comprensi\u00f3n m\u00e1s profunda de otras culturas, formas de vida y retos. Fomenta la empat\u00eda, refuerza la competencia intercultural y demuestra que muchos problemas globales -como el cambio clim\u00e1tico o la protecci\u00f3n de la selva tropical- s\u00f3lo pueden resolverse juntos. Los encuentros personales, ya sean directos o digitales, motivan el aprendizaje, crean solidaridad y sensibilizan sobre la responsabilidad global.  <\/p>\n<\/div><\/div>\n<\/div>\n\n<div class=\"et_pb_column_2 et_pb_column et_pb_column_1_2 et-last-child et_block_column et_pb_css_mix_blend_mode_passthrough\">\n<div class=\"et_pb_image_0 et_pb_image et_pb_module et_block_module\"><span class=\"et_pb_image_wrap\"><img loading=\"lazy\" decoding=\"async\" src=\"https:\/\/tropica-verde.de\/wp-content\/uploads\/2025\/05\/Ananas-Tropicarium-Palmengarten-scaled-e1748473295956.jpg\" width=\"1441\" height=\"1822\" class=\"wp-image-248067\" alt=\"Los alumnos est\u00e1n orgullosos de su bosque plantado\" title=\"C\u00f3mo se lava una pi\u00f1a - puedes maravillarte en el Tropicarium del Jard\u00edn de Palmeras\" \/><\/span><\/div>\n<\/div>\n<\/div>\n<\/div>\n\n<div class=\"et_pb_section_3 et_pb_section et_section_regular et_block_section\">\n<div class=\"et_pb_row_2 et_pb_row et_block_row\">\n<div class=\"et_pb_column_3 et_pb_column et_pb_column_4_4 et-last-child et_block_column et_pb_css_mix_blend_mode_passthrough\">\n<div class=\"et_pb_divider_0 et_pb_divider_hidden et_pb_space et_pb_divider_position_top et_pb_module\"><div class=\"et_pb_divider_internal\"><\/div><\/div>\n<\/div>\n<\/div>\n<\/div>\n\n<div class=\"et_pb_section_4 et_pb_section et_section_specialty et_pb_gutters1 et_block_section et_pb_specialty_fullwidth\"><div class=\"et_pb_row et_block_row\">\n<div class=\"et_pb_column_4 et_pb_column et_pb_column_single et_pb_column_1_2 et_block_column et_pb_css_mix_blend_mode_passthrough\">\n<div class=\"et_pb_image_1 et_pb_image et_pb_has_overlay et_pb_module et_block_module\"><a href=\"https:\/\/tropica-verde.de\/wp-content\/uploads\/2025\/05\/Banane-Tropicarium-Palmengarten-scaled-e1748452864307.jpg\" class=\"et_pb_lightbox_image\" alt=\"Los peque\u00f1os monos aulladores se oyen por todo el valle. Pero es un aullido pac\u00edfico y s\u00f3lo est\u00e1n presumiendo: Este delicioso \u00e1rbol ya est\u00e1 ocupado por nosotros. \u00a1Para que no tengas que luchar!\"><span class=\"et_pb_image_wrap has-box-shadow-overlay\"><div class=\"box-shadow-overlay\"><\/div><img loading=\"lazy\" decoding=\"async\" src=\"https:\/\/tropica-verde.de\/wp-content\/uploads\/2025\/05\/Banane-Tropicarium-Palmengarten-scaled-e1748452864307.jpg\" width=\"1440\" height=\"1577\" class=\"wp-image-248070\" alt=\"Los peque\u00f1os monos aulladores se oyen por todo el valle. Pero es un aullido pac\u00edfico y s\u00f3lo est\u00e1n presumiendo: Este delicioso \u00e1rbol ya est\u00e1 ocupado por nosotros. \u00a1Para que no tengas que luchar!\" title=\"Banano Tropicarium Jard\u00edn de Palmeras\" \/><span class=\"et_overlay\" data-icon=\"0\"><\/span><\/span><\/a><\/div>\n<\/div>\n\n<div class=\"et_pb_column_5 et_pb_column et_pb_specialty_column et_pb_column_1_2 et-last-child et_block_column et_pb_css_mix_blend_mode_passthrough\">\n<div class=\"et_pb_row_inner_0 et_pb_row_inner et_block_row\">\n<div class=\"et_pb_column_inner_0 et_pb_column_inner et_pb_column et_pb_column_4_4 et-last-child et_block_column et_pb_css_mix_blend_mode_passthrough\">\n<div class=\"et_pb_image_2 et_pb_image et_pb_has_overlay et_pb_module et_block_module\"><a href=\"https:\/\/tropica-verde.de\/wp-content\/uploads\/2025\/05\/20241118-Luftbruecke-Palmengarten-1-scaled.jpg\" class=\"et_pb_lightbox_image\" alt=\"El Monte Alto Lodge es muy sencillo pero est\u00e1 situado en medio del bosque reforestado. Casi duermes en las copas de los \u00e1rboles.\"><span class=\"et_pb_image_wrap has-box-shadow-overlay\"><div class=\"box-shadow-overlay\"><\/div><img loading=\"lazy\" decoding=\"async\" src=\"https:\/\/tropica-verde.de\/wp-content\/uploads\/2025\/05\/20241118-Luftbruecke-Palmengarten-1-scaled.jpg\" width=\"2560\" height=\"1440\" class=\"wp-image-248052\" alt=\"El Monte Alto Lodge es muy sencillo pero est\u00e1 situado en medio del bosque reforestado. Casi duermes en las copas de los \u00e1rboles.\" title=\"20241118 Puente a\u00e9reo Jard\u00edn de Palmeras\" \/><span class=\"et_overlay\" data-icon=\"0\"><\/span><\/span><\/a><\/div>\n<\/div>\n<\/div>\n\n<div class=\"et_pb_row_inner_1 et_pb_row_inner et_pb_gutters1 et_block_row\">\n<div class=\"et_pb_column_inner_1 et_pb_column_inner et_pb_column et_pb_column_1_4 et_block_column et_pb_css_mix_blend_mode_passthrough\">\n<div class=\"et_pb_image_3 et_pb_image et_pb_has_overlay et_pb_module et_block_module\"><a href=\"https:\/\/tropica-verde.de\/wp-content\/uploads\/2025\/05\/Pflanzen-Halloween-Tropicarium-Palmengarten-Selbstschutz-der-Pflanzen_Tarnen-Taeuschen-oder-Rennen-scaled-e1748473862792.jpg\" class=\"et_pb_lightbox_image\" alt=\"El director del proyecto, Miguel M\u00e9ndez, con los arbolitos sanos de un vivero de Monte Alto.\"><span class=\"et_pb_image_wrap has-box-shadow-overlay\"><div class=\"box-shadow-overlay\"><\/div><img decoding=\"async\" src=\"https:\/\/tropica-verde.de\/wp-content\/uploads\/2025\/05\/Pflanzen-Halloween-Tropicarium-Palmengarten-Selbstschutz-der-Pflanzen_Tarnen-Taeuschen-oder-Rennen-scaled-e1748473862792.jpg\" alt=\"El director del proyecto, Miguel M\u00e9ndez, con los arbolitos sanos de un vivero de Monte Alto.\" title=\"Plantas Halloween Tropicarium Jard\u00edn de Palmeras - Autoprotecci\u00f3n de las plantas_Tarnen T\u00e4uschen oder Rennen\" \/><span class=\"et_overlay\" data-icon=\"0\"><\/span><\/span><\/a><\/div>\n<\/div>\n\n<div class=\"et_pb_column_inner_2 et_pb_column_inner et_pb_column et_pb_column_1_4 et-last-child et_block_column et_pb_css_mix_blend_mode_passthrough\">\n<div class=\"et_pb_image_4 et_pb_image et_pb_has_overlay et_pb_module et_block_module\"><a href=\"https:\/\/tropica-verde.de\/wp-content\/uploads\/2025\/05\/Schmetterling-im-Palmengarten-e1748453507671.jpg\" class=\"et_pb_lightbox_image\" alt=\"El tamandua (peque\u00f1o oso melero) en busca de su comida favorita\"><span class=\"et_pb_image_wrap has-box-shadow-overlay\"><div class=\"box-shadow-overlay\"><\/div><img loading=\"lazy\" decoding=\"async\" src=\"https:\/\/tropica-verde.de\/wp-content\/uploads\/2025\/05\/Schmetterling-im-Palmengarten-e1748453507671.jpg\" width=\"1179\" height=\"1226\" class=\"wp-image-247960\" alt=\"El tamandua (peque\u00f1o oso melero) en busca de su comida favorita\" title=\"Mariposa en el Jard\u00edn de Palmeras\" \/><span class=\"et_overlay\" data-icon=\"0\"><\/span><\/span><\/a><\/div>\n<\/div>\n<\/div>\n<\/div>\n<\/div><\/div>\n\n<div class=\"et_pb_section_5 et_pb_section et_section_regular et_block_section\">\n<div class=\"et_pb_row_3 et_pb_row et_block_row\">\n<div class=\"et_pb_column_6 et_pb_column et_pb_column_1_2 et_block_column et_pb_css_mix_blend_mode_passthrough\">\n<div class=\"et_pb_image_5 et_pb_image et_animated et_pb_module et_block_module\"><span class=\"et_pb_image_wrap\"><img loading=\"lazy\" decoding=\"async\" src=\"https:\/\/tropica-verde.de\/wp-content\/uploads\/2025\/05\/Regenwaldshow-Schule-Nov204-scaled-e1748451648733.jpg\" width=\"1500\" height=\"1440\" class=\"wp-image-248088\" alt=\"El ingeniero forestal V\u00edctor Esquivel cataloga y eval\u00faa el crecimiento de la reforestaci\u00f3n en la Finca Alicia\" title=\"Espect\u00e1culos de la escuela de la Selva Tropical Nov204\" \/><\/span><\/div>\n<\/div>\n\n<div class=\"et_pb_column_7 et_pb_column et_pb_column_1_2 et-last-child et_block_column et_pb_css_mix_blend_mode_passthrough\">\n<div class=\"et_pb_text_2 et_pb_text et_pb_bg_layout_light et_pb_module et_block_module preset--module--divi-text--default\"><div class=\"et_pb_text_inner\"><h2>Encuentros reales - digitales, creativos y a la altura de los ojos<\/h2>\n<\/div><\/div>\n\n<div class=\"et_pb_text_3 et_pb_text et_pb_bg_layout_light et_pb_module et_block_module preset--module--divi-text--default\"><div class=\"et_pb_text_inner\"><p>Clases de la escuela de Fr\u00e1ncfort se re\u00fanen con ni\u00f1os y profesores de Costa Rica. El acto comenz\u00f3 con un espect\u00e1culo sobre la selva tropical en el que se mostraron impresionantes im\u00e1genes e historias directamente desde la selva. A continuaci\u00f3n, tuvo lugar un rally de descubrimiento en el Jard\u00edn de Palmeras, donde los alumnos exploraron de d\u00f3nde proceden sus alimentos y c\u00f3mo est\u00e1n relacionados con la selva tropical. Debido a la diferencia de horario, el intercambio entre los centros escolares se realizar\u00e1 a trav\u00e9s de videodiarios.   <\/p>\n<h2><\/h2>\n<h2><\/h2>\n<\/div><\/div>\n<\/div>\n<\/div>\n\n<div class=\"et_pb_row_4 et_pb_row et_block_row\">\n<div class=\"et_pb_column_8 et_pb_column et_pb_column_1_2 et_block_column et_pb_css_mix_blend_mode_passthrough\">\n<div class=\"et_pb_text_4 et_pb_text et_pb_bg_layout_dark et_pb_module et_block_module preset--module--divi-text--default\"><div class=\"et_pb_text_inner\"><h2>Trabajo educativo con un impacto duradero<\/h2>\n<\/div><\/div>\n\n<div class=\"et_pb_text_5 et_pb_text et_pb_bg_layout_dark et_pb_module et_block_module preset--module--divi-text--default\"><div class=\"et_pb_text_inner\"><p>A los ni\u00f1os les entusiasma la diversidad de culturas, las rutinas cotidianas desconocidas y las emocionantes similitudes. Por ejemplo, muchos alumnos costarricenses se sorprendieron al saber la frecuencia con que las hojuelas de ma\u00edz est\u00e1n en la mesa del desayuno en Alemania. En Fr\u00e1ncfort, les sorprendi\u00f3 el gallo pinto, el desayuno caliente tradicional de Costa Rica a base de arroz y frijoles.  <\/p>\n<\/div><\/div>\n<\/div>\n\n<div class=\"et_pb_column_9 et_pb_column et_pb_column_1_2 et-last-child et_block_column et_pb_css_mix_blend_mode_passthrough\">\n<div class=\"et_pb_image_6 et_pb_image et_animated et_pb_module et_block_module\"><span class=\"et_pb_image_wrap\"><img loading=\"lazy\" decoding=\"async\" src=\"https:\/\/tropica-verde.de\/wp-content\/uploads\/2025\/05\/1.jpg\" width=\"700\" height=\"700\" class=\"wp-image-248126\" alt=\"Antes de que los \u00e1rboles pudieran desarrollarse en el vivero, hab\u00eda que recoger cuidadosamente las semillas en el bosque y hacerlas germinar.\" title=\"\u00bfHojuelas de ma\u00edz o Gallo Pinto? Las culturas de Alemania y Costa Rica son diferentes\" \/><\/span><\/div>\n<\/div>\n<\/div>\n\n<div class=\"et_pb_row_5 et_pb_row et_block_row\">\n<div class=\"et_pb_column_10 et_pb_column et_pb_column_1_2 et_block_column et_pb_css_mix_blend_mode_passthrough\">\n<div class=\"et_pb_image_7 et_pb_image et_animated et_pb_module et_block_module\"><span class=\"et_pb_image_wrap\"><img loading=\"lazy\" decoding=\"async\" src=\"https:\/\/tropica-verde.de\/wp-content\/uploads\/2025\/05\/Gabi-stellt-Tropica-Verde-Projekte-vor-e1748453693222.jpg\" width=\"1093\" height=\"984\" class=\"wp-image-248076\" alt=\"Stefan Rother, Alexis Obreg\u00f3n y Miguel M\u00e9ndez (desde la izquierda) con c\u00e1mara trampa en Monte Alto \u00a9 V\u00edctor Esquivel\" title=\"Gabi presenta los proyectos de Tropica Verde\" \/><\/span><\/div>\n<\/div>\n\n<div class=\"et_pb_column_11 et_pb_column et_pb_column_1_2 et-last-child et_block_column et_pb_css_mix_blend_mode_passthrough\">\n<div class=\"et_pb_text_6 et_pb_text et_pb_bg_layout_light et_pb_module et_block_module preset--module--divi-text--default\"><div class=\"et_pb_text_inner\"><h2>El Puente A\u00e9reo crece<\/h2>\n<\/div><\/div>\n\n<div class=\"et_pb_text_7 et_pb_text et_pb_bg_layout_dark et_pb_module et_block_module preset--module--divi-text--default\"><div class=\"et_pb_text_inner\"><p>El \u201cPuente A\u00e9reo\u201d evoluciona constantemente: en cada intercambio surgen nuevas preguntas, nuevas historias y nuevas ideas. Los nuevos formatos surgen de las ideas de los participantes, se prueban juntos y se adaptan con flexibilidad a las necesidades de los ni\u00f1os, los profesores y el cambio social. De este modo, el Puente A\u00e9reo sigue siendo no s\u00f3lo un proyecto, sino una red creciente de aprendizaje global, con el objetivo de construir puentes que perduren.  <\/p>\n<\/div><\/div>\n\n<div class=\"et_pb_module et_pb_button_module_wrapper et_pb_button_0_wrapper preset--module--divi-button--default_wrapper\"><a class=\"et_pb_button_0 et_pb_button et_pb_bg_layout_dark et_pb_module et_block_module dl-read-more4 preset--module--divi-button--default\" href=\"https:\/\/tropica-verde.de\/es\/bildungsmaterial\/\" target=\"_blank\" data-icon=\"\uf054\">MATERIAL EDUCATIVO PARA DESCARGAR<\/a><\/div>\n<\/div>\n<\/div>\n\n<div class=\"et_pb_row_6 et_pb_row et_block_row\">\n<div class=\"et_pb_column_12 et_pb_column et_pb_column_4_4 et-last-child et_block_column et_pb_css_mix_blend_mode_passthrough\">\n<div class=\"et_pb_text_8 et_pb_text et_pb_bg_layout_light et_pb_module et_block_module preset--module--divi-text--default\"><div class=\"et_pb_text_inner\"><h2><span style=\"font-size: xx-large;\">\u00bfQuieres formar parte del proyecto?<\/span><\/h2>\n<p>El proyecto piloto \"Puente A\u00e9reo Frankfurt-Costa Rica\" es un proyecto so\u00f1ado desde hace mucho tiempo por la asociaci\u00f3n. El trabajo de educaci\u00f3n medioambiental ha avanzado mucho gracias a las buenas redes con los socios de all\u00ed. La educaci\u00f3n medioambiental aqu\u00ed en Frankfurt\/Alemania pudo iniciarse en el proyecto piloto \"Puente A\u00e9reo\" gracias a la cooperaci\u00f3n con Engagement Global y al apoyo financiero del Ministerio Federal de Cooperaci\u00f3n. Dos escuelas de Frankfurt fueron ganadas para este proyecto. Junto con la <a href=\"https:\/\/igs-nordend.de\/\" target=\"_blank\" rel=\"noopener nofollow\">IGS Nordend<\/a> y la <a href=\"https:\/\/pestalozzischule-stadtfrankfurt.de\/\" target=\"_blank\" rel=\"noopener nofollow\">Escuela Pestalozzi<\/a>, se llev\u00f3 la selva tropical de Costa Rica a las aulas de las dos escuelas con el espect\u00e1culo de la selva tropical del Dr. Stefan Rother <a href=\"http:\/\/faunity.ch\/\" target=\"_blank\" rel=\"noopener nofollow\">(Faunity)<\/a>. Con los gritos de los monos aulladores en sus o\u00eddos y el conocimiento de c\u00f3mo los \u00e1rboles de la selva tropical fabrican su propia lluvia, se fueron de excursi\u00f3n a la \"Selva Tropical en el Jard\u00edn de las Palmeras\". El rally se sigui\u00f3 desarrollando con la ayuda de los alumnos y ahora puede ofrecerse los viernes a todos los alumnos a partir del primer curso.      <\/p>\n<p>Los interesados s\u00f3lo tienen que ponerse en contacto con la oficina de informaci\u00f3n y proponer un viernes adecuado. A continuaci\u00f3n se discutir\u00e1 con el ponente. <\/p>\n<\/div><\/div>\n\n<div class=\"et_pb_slider_0 et_pb_slider et_pb_slider_fullwidth_off et_pb_slider_no_pagination et_pb_module et_block_module preset--group--divi-slider--divi-image--h1qhhdc--default\"><div class=\"et_pb_slides\">\n<div class=\"et_pb_slide_0 et_pb_slide et_pb_slide_with_image et_pb_media_alignment_center et_pb_bg_layout_dark et_pb_text_align_left et_clickable\" data-slide-id=\"divi\/slide-0\"><div class=\"et_pb_container\"><div class=\"et_pb_slider_container_inner\"><div class=\"et_pb_slide_image\"><img loading=\"lazy\" decoding=\"async\" src=\"https:\/\/tropica-verde.de\/wp-content\/uploads\/2026\/04\/Arbeitsbuch-Rallye_Seite1.avif\" width=\"653\" height=\"927\" class=\"wp-image-250591\" alt=\"\" title=\"\"><\/div><div class=\"et_pb_slide_description\"><h2 class=\"et_pb_slide_title\"><a href=\"https:\/\/tropica-verde.de\/es\/contacto\/\" target=\"on\" class=\"et_pb_slide_title_link\">Rally por la selva tropical en el Jard\u00edn de las Palmeras<\/a><\/h2><div class=\"et_pb_button_wrapper\"><a class=\"et_pb_button et_pb_more_button\" target=\"_blank\" href=\"https:\/\/tropica-verde.de\/es\/contacto\/\" rel=\"noreferrer\">\u00bfQuieres participar?<\/a><\/div><\/div><\/div><\/div><\/div>\n\n<div class=\"et_pb_slide_1 et_pb_slide et_pb_slide_with_image et_pb_media_alignment_center et_pb_bg_layout_dark et_pb_text_align_left et_clickable\" data-slide-id=\"divi\/slide-1\"><div class=\"et_pb_container\"><div class=\"et_pb_slider_container_inner\"><div class=\"et_pb_slide_image\"><img loading=\"lazy\" decoding=\"async\" src=\"https:\/\/tropica-verde.de\/wp-content\/uploads\/2026\/04\/Arbeitsbuch-Rallye_Seite2.png\" width=\"655\" height=\"926\" class=\"wp-image-250588\" alt=\"\" title=\"\"><\/div><div class=\"et_pb_slide_description\"><h2 class=\"et_pb_slide_title\"><a href=\"https:\/\/tropica-verde.de\/es\/contacto\/\" target=\"on\" class=\"et_pb_slide_title_link\">Rally por la selva tropical en el Jard\u00edn de las Palmeras<\/a><\/h2><div class=\"et_pb_button_wrapper\"><a class=\"et_pb_button et_pb_more_button\" target=\"_blank\" href=\"https:\/\/tropica-verde.de\/es\/contacto\/\" rel=\"noreferrer\">\u00bfQuieres participar?<\/a><\/div><\/div><\/div><\/div><\/div>\n<\/div><\/div>\n<\/div>\n<\/div>\n\n<div class=\"et_pb_row_7 et_pb_row et_block_row\">\n<div class=\"et_pb_column_13 et_pb_column et_pb_column_1_2 et_block_column et_pb_css_mix_blend_mode_passthrough\">\n<div class=\"et_pb_text_9 et_pb_text et_pb_bg_layout_light et_pb_module et_block_module preset--module--divi-text--default\"><div class=\"et_pb_text_inner\"><p style=\"text-align: center;\">Con el apoyo de ENGAGEMENT GLOBAL<\/p>\n<\/div><\/div>\n\n<div class=\"et_pb_text_10 et_pb_text et_pb_bg_layout_light et_pb_module et_block_module preset--module--divi-text--default\"><div class=\"et_pb_text_inner\"><p style=\"text-align: center;\">con fondos de la<\/p>\n<\/div><\/div>\n\n<div class=\"et_pb_image_8 et_pb_image et_pb_module et_block_module\"><span class=\"et_pb_image_wrap\"><img loading=\"lazy\" decoding=\"async\" src=\"https:\/\/tropica-verde.de\/wp-content\/uploads\/2025\/09\/BMZ_Logo.svg.png\" width=\"223\" height=\"104\" class=\"wp-image-249209\" title=\"Logotipo del BMZ\" alt=\"\"><\/span><\/div>\n<\/div>\n\n<div class=\"et_pb_column_14 et_pb_column et_pb_column_1_2 et-last-child et_block_column et_pb_css_mix_blend_mode_passthrough\">\n<div class=\"et_pb_text_11 et_pb_text et_pb_bg_layout_light et_pb_module et_block_module preset--module--divi-text--default\"><div class=\"et_pb_text_inner\"><p style=\"text-align: center;\"><span style=\"font-size: small;\"><em>Nota: El contenido de esta publicaci\u00f3n es responsabilidad exclusiva de Tropica Verde e.V. - Verein zum Schutz tropischer Lebensr\u00e4ume; las posiciones aqu\u00ed expresadas no reflejan los puntos de vista de ENGAGEMENT GLOBAL ni del Ministerio Federal de Cooperaci\u00f3n Econ\u00f3mica y Desarrollo.<\/em><\/span><\/p>\n<\/div><\/div>\n<\/div>\n<\/div>\n<\/div>\n\n<div class=\"et_pb_section_6 et_pb_section et_section_regular et_block_section\">\n<div class=\"et_pb_row_8 et_pb_row et_block_row\">\n<div class=\"et_pb_column_15 et_pb_column et_pb_column_2_5 et_block_column et_pb_column_empty et_pb_css_mix_blend_mode_passthrough\"><\/div>\n\n<div class=\"et_pb_column_16 et_pb_column et_pb_column_3_5 et-last-child et_block_column et_pb_css_mix_blend_mode_passthrough\">\n<div class=\"et_pb_text_12 et_pb_text et_pb_bg_layout_light et_pb_module et_block_module wmtvbox preset--module--divi-text--default\"><div class=\"et_pb_text_inner\"><h2>  \u00bfQU\u00c9 HACE TROPICA VERDE?<\/h2>\n<ul class=\"wmtv\">\n<li>En 2025, se puso en marcha el Puente A\u00e9reo y se sigui\u00f3 desarrollando con el apoyo de Engagement Global. En la actualidad, todos los alumnos, a partir del primer curso, pueden participar en la concentraci\u00f3n de los viernes en el Palmengarten. Si est\u00e1s interesado, ponte en contacto con la oficina de informaci\u00f3n  <\/li>\n<li>En 2024, Tropica Verde concibi\u00f3 el proyecto Puente A\u00e9reo Frankfurt-Costa Rica y lo present\u00f3 a Engagement Global para obtener apoyo financiero. Por supuesto, esto s\u00f3lo es posible con la contribuci\u00f3n de la propia organizaci\u00f3n. El concepto prev\u00e9 que las escuelas de Fr\u00e1ncfort y Costa Rica se conozcan e informen sobre su vida cotidiana, por ejemplo.  <\/li>\n<li>Los materiales educativos se intercambian globalmente. Los ni\u00f1os de Alemania aprenden las realidades de la vida en Costa Rica y viceversa. <\/li>\n<li>En Alemania, la Escuela Pestalozzi de Riederwald y la IGS Nordend son dos escuelas comprometidas con el medio ambiente. En Costa Rica, participan escuelas de la regi\u00f3n de nuestro proyecto Monte Alto. La diferencia de horario se salva con videodiarios, para que los ni\u00f1os conozcan caras, historias y entornos vitales.  <\/li>\n<li>Tambi\u00e9n llevamos mucho tiempo organizando la educaci\u00f3n medioambiental en las escuelas de Alemania. En primer lugar, la IGS Nordend de Frankfurt nos apoya activamente desde hace muchos a\u00f1os. Gracias al compromiso de IGS Nordend, ya se han reforestado grandes superficies en varios proyectos de Tropica Verde en Costa Rica y se han ampliado los programas educativos in situ. Un ejemplo de ello es la Finca Alicia en Monte Alto, donde hay una \"hect\u00e1rea IGS\".   <\/li>\n<li>En <a href=\"https:\/\/tropica-verde.de\/es\/proyectos\/monte-alto-informar\/\">Monte Alto<\/a>, Tropica Verde lleva muchos a\u00f1os apoyando actividades de educaci\u00f3n medioambiental mediante visitas a las escuelas vecinas y excursiones escolares a la zona protegida. Todos los a\u00f1os se organizan cursos de formaci\u00f3n sobre interacci\u00f3n respetuosa con la naturaleza, campa\u00f1as de limpieza de r\u00edos, cursos de identificaci\u00f3n de animales y mucho m\u00e1s. Un centro de formaci\u00f3n en la Reserva tambi\u00e9n permite seguir form\u00e1ndose en plena naturaleza. Los principios de la Educaci\u00f3n para el Desarrollo Sostenible (EDS) son importantes para nosotros.   <\/li>\n<li><span>Con el fin de vincular las actividades de educaci\u00f3n ambiental en toda Costa Rica de nuestras organizaciones locales asociadas, Tropica Verde 2024 tambi\u00e9n ha creado una<\/span><span> <\/span><a href=\"https:\/\/tropica-verde.de\/es\/red-de-educacion-en-costa-rica-entrevista-con-la-nueva-coordinadora\/\" target=\"_blank\" rel=\"noopener\">Red educativa entre proyectos<\/a><span> <\/span>se puso en marcha. La Coordinadora de la Red de Educaci\u00f3n, M\u00f3nica, ser\u00e1 una persona de contacto importante en el proyecto Puente A\u00e9reo. <\/li>\n<\/ul>\n<\/div><\/div>\n<\/div>\n<\/div>\n<\/div>\n\n<div class=\"et_pb_section_7 et_pb_section et_section_regular et_block_section\">\n<div class=\"et_pb_row_9 et_pb_row et_block_row\">\n<div class=\"et_pb_column_17 et_pb_column et_pb_column_4_4 et-last-child et_block_column et_pb_css_mix_blend_mode_passthrough\">\n<div class=\"et_pb_divider_1 et_pb_divider_hidden et_pb_space et_pb_divider_position_top et_pb_module\"><div class=\"et_pb_divider_internal\"><\/div><\/div>\n<\/div>\n<\/div>\n<\/div>\n\n<div class=\"et_pb_section_8 et_pb_section et_section_regular et_block_section\">\n<div class=\"et_pb_row_10 et_pb_row et_block_row\">\n<div class=\"et_pb_column_18 et_pb_column et_pb_column_4_4 et-last-child et_block_column et_pb_css_mix_blend_mode_passthrough\">\n<div class=\"et_pb_text_13 et_pb_text et_pb_bg_layout_light et_pb_module et_block_module preset--module--divi-text--default\"><div class=\"et_pb_text_inner\"><h2>Noticias sobre proyectos educativos<\/h2>\n<\/div><\/div>\n<\/div>\n<\/div>\n<\/div>\n\n<div class=\"et_pb_section_9 et_pb_section et_section_regular et_block_section\">\n<div class=\"et_pb_row_11 et_pb_row et_block_row\">\n<div class=\"et_pb_column_19 et_pb_column et_pb_column_4_4 et-last-child et_block_column et_pb_css_mix_blend_mode_passthrough\">\n<div class=\"et_pb_post_nav_0 et_pb_posts_nav nav-single et_pb_module et_block_module\"><\/div>\n\n<div class=\"et_pb_blog_0 et_pb_blog et_pb_bg_layout_light et_pb_posts et_pb_module dt-blog-equal-height preset--group--divi-blog--divi-image--h1qhhdc--default preset--module--divi-blog--default\"><div class=\"et_pb_ajax_pagination_container\"><div class=\"et_pb_blog_posts et_grid_module\"><article class=\"et_pb_post et_pb_post_id_251566 clearfix et_pb_blog_item_0_0 post-251566 post type-post status-publish format-standard has-post-thumbnail hentry category-testimonios category-conocimiento-animales-plantas category-ods-15 category-trabajo-educativo-alemania\"><div class=\"et_pb_image_container\"><a href=\"https:\/\/tropica-verde.de\/es\/entrevista-setas-prof-mardones\/\" class=\"entry-featured-image-url\"><img loading=\"lazy\" decoding=\"async\" src=\"https:\/\/tropica-verde.de\/wp-content\/uploads\/2026\/05\/Stilbum-sp.-MP-5689-Finca-Amable-La-Gamba-Costa-Rica-Sept-2024-37-scaled.jpg\" width=\"400\" height=\"250\" alt=\"La selva tropical de Costa Rica esconde un reino secreto\" class=\"\" title=\"\"><span data-icon=\"\ue050\" class=\"et_overlay et_pb_inline_icon\"><\/span><\/a><\/div><h2 class=\"entry-title\"><a href=\"https:\/\/tropica-verde.de\/es\/entrevista-setas-prof-mardones\/\">La selva tropical de Costa Rica esconde un reino secreto<\/a><\/h2><p class=\"post-meta\"><span class=\"published\">17. junio 2026<\/span> | <span class=\"entry-categories\"><a href=\"https:\/\/tropica-verde.de\/es\/testimonios\/\" rel=\"tag\">\u00a1Este activo!<\/a>, <a href=\"https:\/\/tropica-verde.de\/es\/conocimiento-animales-plantas\/\" rel=\"tag\">Conocimiento, animales, plantas<\/a>, <a href=\"https:\/\/tropica-verde.de\/es\/ods\/ods-15\/\" rel=\"tag\">ODS 15: La vida en la tierra<\/a>, <a href=\"https:\/\/tropica-verde.de\/es\/proyectos-noticias\/trabajo-educativo-alemania\/\" rel=\"tag\">Trabajo educativo en Alemania<\/a><\/span><\/p><div class=\"post-content\"><div class=\"post-content-inner\"><p>\u00a1El viernes 16 de junio de 2023 celebramos el D\u00eda del \u00c1rbol en Monte Alto junto con nuestra organizaci\u00f3n colaboradora Ecodesi! &nbsp; Para este acontecimiento anual, se re\u00fanen clases escolares, voluntarios y otras personas comprometidas y plantan \u00e1rboles en la...<\/p>\n<\/div><a href=\"https:\/\/tropica-verde.de\/es\/entrevista-setas-prof-mardones\/\" class=\"more-link\">leer m\u00e1s...<\/a><\/div><\/article><article class=\"et_pb_post et_pb_post_id_251173 clearfix et_pb_blog_item_0_1 post-251173 post type-post status-publish format-standard has-post-thumbnail hentry category-labor-educativa-en-costa-rica\"><div class=\"et_pb_image_container\"><a href=\"https:\/\/tropica-verde.de\/es\/nueva-direccion-de-educacion-ambiental-2026\/\" class=\"entry-featured-image-url\"><img loading=\"lazy\" decoding=\"async\" src=\"https:\/\/tropica-verde.de\/wp-content\/uploads\/2026\/05\/IMG-20260511-WA0011-scaled.jpg\" width=\"400\" height=\"250\" alt=\"Educaci\u00f3n medioambiental Costa Rica\" class=\"\" title=\"\"><span data-icon=\"\ue050\" class=\"et_overlay et_pb_inline_icon\"><\/span><\/a><\/div><h2 class=\"entry-title\"><a href=\"https:\/\/tropica-verde.de\/es\/nueva-direccion-de-educacion-ambiental-2026\/\">La red de educaci\u00f3n ambiental de Costa Rica sigue creciendo y recibe una nueva direcci\u00f3n<\/a><\/h2><p class=\"post-meta\"><span class=\"published\">13. mayo 2026<\/span> | <span class=\"entry-categories\"><a href=\"https:\/\/tropica-verde.de\/es\/proyectos-noticias\/labor-educativa-en-costa-rica\/\" rel=\"tag\">Trabajo educativo en Costa Rica<\/a><\/span><\/p><div class=\"post-content\"><div class=\"post-content-inner\"><p>Tropica Verde refuerza a\u00fan m\u00e1s la educaci\u00f3n medioambiental En 2022, empezamos a crear una red de educaci\u00f3n medioambiental en Costa Rica. Desde entonces, este programa de gran \u00e9xito ha permitido un intercambio continuo sobre los m\u00e9todos y el contenido de los temas de...<\/p>\n<\/div><a href=\"https:\/\/tropica-verde.de\/es\/nueva-direccion-de-educacion-ambiental-2026\/\" class=\"more-link\">leer m\u00e1s...<\/a><\/div><\/article><article class=\"et_pb_post et_pb_post_id_251002 clearfix et_pb_blog_item_0_2 post-251002 post type-post status-publish format-standard has-post-thumbnail hentry category-news-ong category-conocimiento-animales-plantas category-ods-15 category-trabajo-educativo-alemania category-testimonios\"><div class=\"et_pb_image_container\"><a href=\"https:\/\/tropica-verde.de\/es\/entrevista-piepenbring2026\/\" class=\"entry-featured-image-url\"><img loading=\"lazy\" decoding=\"async\" src=\"https:\/\/tropica-verde.de\/wp-content\/uploads\/2026\/05\/Meike-mit-Stereum-sp.-Panama-Sept-2024-scaled-e1778266936634.jpg\" width=\"400\" height=\"250\" alt=\"Entrevista: Prof. Dra. Piepenbring sobre los hongos, la biodiversidad y la selva tropical de Costa Rica\" class=\"\" title=\"\"><span data-icon=\"\ue050\" class=\"et_overlay et_pb_inline_icon\"><\/span><\/a><\/div><h2 class=\"entry-title\"><a href=\"https:\/\/tropica-verde.de\/es\/entrevista-piepenbring2026\/\">Entrevista: Prof. Dra. Piepenbring sobre los hongos, la biodiversidad y la selva tropical de Costa Rica<\/a><\/h2><p class=\"post-meta\"><span class=\"published\">9. mayo 2026<\/span> | <span class=\"entry-categories\"><a href=\"https:\/\/tropica-verde.de\/es\/news-ong\/\" rel=\"tag\">Todo lo dem\u00e1s sobre el club<\/a>, <a href=\"https:\/\/tropica-verde.de\/es\/conocimiento-animales-plantas\/\" rel=\"tag\">Conocimiento, animales, plantas<\/a>, <a href=\"https:\/\/tropica-verde.de\/es\/ods\/ods-15\/\" rel=\"tag\">ODS 15: La vida en la tierra<\/a>, <a href=\"https:\/\/tropica-verde.de\/es\/proyectos-noticias\/trabajo-educativo-alemania\/\" rel=\"tag\">Trabajo educativo en Alemania<\/a>, <a href=\"https:\/\/tropica-verde.de\/es\/testimonios\/\" rel=\"tag\">\u00a1Este activo!<\/a><\/span><\/p><div class=\"post-content\"><div class=\"post-content-inner\"><p>Los hongos no son ni plantas ni animales, y en los tr\u00f3picos sigue habiendo innumerables especies que nunca antes se hab\u00edan descrito. Es precisamente all\u00ed, en la selva tropical de Costa Rica, donde la Prof. Dra. Meike Piepenbring lleva d\u00e9cadas investigando. Antes de su...<\/p>\n<\/div><a href=\"https:\/\/tropica-verde.de\/es\/entrevista-piepenbring2026\/\" class=\"more-link\">leer m\u00e1s...<\/a><\/div><\/article><\/div><div class=\"pagination clearfix\">\n\t<div class=\"alignleft\"><a href=\"https:\/\/tropica-verde.de\/es\/wp-json\/wp\/v2\/pages\/248098\/page\/2\/?et_blog\">&laquo; Entradas Anteriores<\/a><\/div>\n\t<div class=\"alignright\"><\/div>\n<\/div><\/div><\/div>\n<\/div>\n<\/div>\n<\/div>","protected":false},"excerpt":{"rendered":"<p>Con el proyecto \u201cPuente A\u00e9reo Fr\u00e1ncfort - Costa Rica\u201d, estamos llevando nuestro trabajo educativo a un nuevo nivel: las escuelas de Fr\u00e1ncfort y Costa Rica est\u00e1n entrando en un intercambio creativo e intercultural. La transformaci\u00f3n hacia un mundo sostenible es una tarea com\u00fan, entre continentes. <\/p>\n","protected":false},"author":5,"featured_media":0,"parent":5838,"menu_order":0,"comment_status":"closed","ping_status":"closed","template":"","meta":{"inline_featured_image":false,"footnotes":""},"class_list":["post-248098","page","type-page","status-publish","hentry"],"_links":{"self":[{"href":"https:\/\/tropica-verde.de\/es\/wp-json\/wp\/v2\/pages\/248098","targetHints":{"allow":["GET"]}}],"collection":[{"href":"https:\/\/tropica-verde.de\/es\/wp-json\/wp\/v2\/pages"}],"about":[{"href":"https:\/\/tropica-verde.de\/es\/wp-json\/wp\/v2\/types\/page"}],"author":[{"embeddable":true,"href":"https:\/\/tropica-verde.de\/es\/wp-json\/wp\/v2\/users\/5"}],"replies":[{"embeddable":true,"href":"https:\/\/tropica-verde.de\/es\/wp-json\/wp\/v2\/comments?post=248098"}],"version-history":[{"count":33,"href":"https:\/\/tropica-verde.de\/es\/wp-json\/wp\/v2\/pages\/248098\/revisions"}],"predecessor-version":[{"id":253457,"href":"https:\/\/tropica-verde.de\/es\/wp-json\/wp\/v2\/pages\/248098\/revisions\/253457"}],"up":[{"embeddable":true,"href":"https:\/\/tropica-verde.de\/es\/wp-json\/wp\/v2\/pages\/5838"}],"wp:attachment":[{"href":"https:\/\/tropica-verde.de\/es\/wp-json\/wp\/v2\/media?parent=248098"}],"curies":[{"name":"wp","href":"https:\/\/api.w.org\/{rel}","templated":true}]}}