{"id":243967,"date":"2024-06-27T05:39:22","date_gmt":"2024-06-27T03:39:22","guid":{"rendered":"https:\/\/tropica-verde.de\/proyectos\/educacion-medioambiental-en-alemania\/"},"modified":"2026-04-30T20:22:01","modified_gmt":"2026-04-30T18:22:01","slug":"umweltbildung-in-deutschland","status":"publish","type":"page","link":"https:\/\/tropica-verde.de\/es\/proyectos\/umweltbildung-in-deutschland\/","title":{"rendered":"Educaci\u00f3n medioambiental en Alemania"},"content":{"rendered":"<p>[et_pb_section fb_built=\u00bb1&#8243; fullwidth=\u00bbon\u00bb _builder_version=\u00bb4.16&#8243; _module_preset=\u00bbdefault\u00bb min_height_tablet=\u00bb\u00bb min_height_phone=\u00bb\u00bb min_height_last_edited=\u00bbon|phone\u00bb saved_tabs=\u00bball\u00bb locked=\u00bboff\u00bb global_colors_info=\u00bb{}\u00bb][et_pb_fullwidth_header title=\u00bb&lt;br&gt;CONSERVACI\u00d3N DE LA NATURALEZA MEDIANTE LA EDUCACI\u00d3N MEDIOAMBIENTAL\u00bb button_one_text=\u00bbEn Costa Rica\u00bb button_one_url=\u00bbhttps:\/\/tropica-verde.de\/es\/proyectos\/educacion-ambiental\/\u00bb button_two_text=\u00bbEn Alemania\u00bb button_two_url=\u00bbhttps:\/\/tropica-verde.de\/es\/proyectos\/umweltbildung-in-deutschland\/\u00bb _builder_version=\u00bb4.23.1&#8243; _module_preset=\u00bb1b65c405-fc96-4271-b539-45e9bad63f09&#8243; title_font=\u00bb|800|||||||\u00bb title_font_size=\u00bb70px\u00bb title_line_height=\u00bb0.8em\u00bb subhead_font=\u00bbSource Serif Pro Semibold||||||||\u00bb subhead_font_size=\u00bb36px\u00bb subhead_line_height=\u00bb1.2em\u00bb background_color=\u00bbrgba(0,13,53,0.24)\u00bb background_image=\u00bbhttps:\/\/tropica-verde.de\/wp-content\/uploads\/2023\/01\/header_bildung.jpg\u00bb background_position=\u00bbtop_center\u00bb background_vertical_offset=\u00bb30%\u00bb background_blend=\u00bbmultiply\u00bb button_two_bg_color=\u00bb#A1C611&#8243; transform_translate_linked=\u00bboff\u00bb min_height=\u00bb464px\u00bb min_height_tablet=\u00bb\u00bb min_height_phone=\u00bb\u00bb min_height_last_edited=\u00bbon|desktop\u00bb custom_margin=\u00bb||||false|false\u00bb custom_padding=\u00bb180px||||false|false\u00bb custom_padding_tablet=\u00bb60px||||false|false\u00bb custom_padding_phone=\u00bb||||false|false\u00bb custom_padding_last_edited=\u00bbon|tablet\u00bb title_font_size_tablet=\u00bb56px\u00bb title_font_size_phone=\u00bb43px\u00bb title_font_size_last_edited=\u00bbon|desktop\u00bb subhead_font_size_tablet=\u00bb30px\u00bb subhead_font_size_phone=\u00bb24px\u00bb subhead_font_size_last_edited=\u00bbon|phone\u00bb global_colors_info=\u00bb{}\u00bb button_two_bg_color__hover_enabled=\u00bboff|desktop\u00bb button_two_border_color__hover_enabled=\u00bbon|hover\u00bb][\/et_pb_fullwidth_header][\/et_pb_section][et_pb_section fb_built=\u00bb1&#8243; custom_padding_last_edited=\u00bbon|tablet\u00bb _builder_version=\u00bb4.23.1&#8243; _module_preset=\u00bbdefault\u00bb custom_padding=\u00bb100px||100px||false|false\u00bb custom_padding_tablet=\u00bb50px||50px||false|false\u00bb custom_padding_phone=\u00bb50px||50px||false|false\u00bb locked=\u00bboff\u00bb global_colors_info=\u00bb{}\u00bb][et_pb_row _builder_version=\u00bb4.23.1&#8243; _module_preset=\u00bbdefault\u00bb width_tablet=\u00bb\u00bb width_phone=\u00bb\u00bb width_last_edited=\u00bbon|desktop\u00bb custom_padding=\u00bb0px||0px||false|false\u00bb global_colors_info=\u00bb{}\u00bb][et_pb_column type=\u00bb4_4&#8243; _builder_version=\u00bb4.16&#8243; _module_preset=\u00bbdefault\u00bb custom_padding_tablet=\u00bb\u00bb custom_padding_phone=\u00bb\u00bb custom_padding_last_edited=\u00bbon|phone\u00bb global_colors_info=\u00bb{}\u00bb][et_pb_text _builder_version=\u00bb4.23.1&#8243; _module_preset=\u00bb221ed18d-6ec8-47cb-bf2d-9b681ed24893&#8243; header_font=\u00bb|600|||||||\u00bb header_text_color=\u00bb#006B46&#8243; header_font_size=\u00bb36px\u00bb header_2_font=\u00bb|700|||||||\u00bb header_2_font_size=\u00bb36px\u00bb custom_margin_tablet=\u00bb\u00bb custom_margin_phone=\u00bb\u00bb custom_margin_last_edited=\u00bbon|desktop\u00bb custom_padding_tablet=\u00bb\u00bb custom_padding_phone=\u00bb\u00bb custom_padding_last_edited=\u00bbon|phone\u00bb header_font_size_tablet=\u00bb30px\u00bb header_font_size_phone=\u00bb24px\u00bb header_font_size_last_edited=\u00bbon|phone\u00bb header_2_font_size_tablet=\u00bb30px\u00bb header_2_font_size_phone=\u00bb24px\u00bb header_2_font_size_last_edited=\u00bbon|phone\u00bb global_colors_info=\u00bb{}\u00bb]<\/p>\n<h2>La conciencia de c\u00f3mo nuestro comportamiento influye en la naturaleza y en las interacciones de nuestro planeta es la clave de la transformaci\u00f3n global. Por eso Tropica Verde promueve activamente la educaci\u00f3n en guarder\u00edas, escuelas, universidades y centros de aprendizaje extraescolar, en Costa Rica, Alemania, Suiza y ahora tambi\u00e9n en Internet.<\/h2>\n<p>[\/et_pb_text][\/et_pb_column][\/et_pb_row][\/et_pb_section][et_pb_section fb_built=\u00bb1&#8243; custom_padding_last_edited=\u00bbon|desktop\u00bb disabled_on=\u00bboff|off|off\u00bb _builder_version=\u00bb4.23.1&#8243; _module_preset=\u00bbdefault\u00bb background_color=\u00bb#c2dbe0&#8243; custom_padding=\u00bb100px|50px|100px|50px|false|false\u00bb custom_padding_tablet=\u00bb50px|25px|50px|25px|false|false\u00bb custom_padding_phone=\u00bb||||false|false\u00bb locked=\u00bboff\u00bb global_colors_info=\u00bb{}\u00bb][et_pb_row column_structure=\u00bb1_2,1_2&#8243; custom_padding_last_edited=\u00bboff|desktop\u00bb _builder_version=\u00bb4.23.1&#8243; _module_preset=\u00bbdefault\u00bb custom_margin_last_edited=\u00bboff|desktop\u00bb custom_padding=\u00bb0px||0px||false|false\u00bb custom_padding_tablet=\u00bb0px||||false|false\u00bb custom_padding_phone=\u00bb||||false|false\u00bb custom_css_main_element=\u00bbdisplay: flex;||align-items: center;\u00bb global_colors_info=\u00bb{}\u00bb custom_css_main_element_last_edited=\u00bbon|desktop\u00bb custom_css_main_element_tablet=\u00bbflex-direction: column-reverse;||display: flex;\u00bb custom_css_main_element_phone=\u00bbflex-direction: column-reverse;||display: flex;\u00bb][et_pb_column type=\u00bb1_2&#8243; _builder_version=\u00bb4.23.1&#8243; _module_preset=\u00bbdefault\u00bb global_colors_info=\u00bb{}\u00bb][et_pb_text _builder_version=\u00bb4.23.1&#8243; _module_preset=\u00bb221ed18d-6ec8-47cb-bf2d-9b681ed24893&#8243; text_text_color=\u00bb#ffffff\u00bb header_text_color=\u00bb#006B46&#8243; header_font_size=\u00bb36px\u00bb header_2_text_color=\u00bb#006B46&#8243; header_2_font_size=\u00bb36px\u00bb header_font_size_tablet=\u00bb30px\u00bb header_font_size_phone=\u00bb24px\u00bb header_font_size_last_edited=\u00bbon|phone\u00bb header_2_font_size_tablet=\u00bb30px\u00bb header_2_font_size_phone=\u00bb24px\u00bb header_2_font_size_last_edited=\u00bbon|phone\u00bb global_colors_info=\u00bb{}\u00bb]<\/p>\n<h2>Educaci\u00f3n medioambiental en Alemania<\/h2>\n<p>[\/et_pb_text][et_pb_text _builder_version=\u00bb4.23.1&#8243; _module_preset=\u00bb221ed18d-6ec8-47cb-bf2d-9b681ed24893&#8243; text_text_color=\u00bb#575656&#8243; link_text_color=\u00bb#FFFFFF\u00bb global_colors_info=\u00bb{}\u00bb]<\/p>\n<p>Tropica Verde promueve la educaci\u00f3n medioambiental en Alemania desde 1989. Mucha gente no se da cuenta de que en Costa Rica las selvas tropicales est\u00e1n siendo taladas para producir nuestros pl\u00e1tanos, pi\u00f1as y aceite de palma. Nuestros programas educativos transmiten el mensaje de que s\u00f3lo juntos podemos proteger nuestro planeta. La selva tropical puede conservarse mediante la cooperaci\u00f3n y procesos innovadores. <a href=\"https:\/\/tropica-verde.de\/es\/educacion-para-el-desarrollo-sostenible\/\" target=\"_blank\" rel=\"noopener\">La Educaci\u00f3n para el Desarrollo Sostenible<\/a> es la clave para dar forma a estos cambios. Entonces, \u00bfc\u00f3mo podemos promover la protecci\u00f3n de la selva tropical en Costa Rica mediante la sensibilizaci\u00f3n y la educaci\u00f3n medioambiental? <\/p>\n<p><span style=\"font-size: x-large\"><strong><a href=\"https:\/\/tropica-verde.de\/es\/proyectos\/luftbruecke\/\">&gt;&gt;&gt;  M\u00e1s informaci\u00f3n sobre nuestro programa educativo \u00abPuente A\u00e9reo Frankfurt - Costa Rica\u00bb<\/a><\/strong><\/span><\/p>\n<p>&nbsp;<\/p>\n<p>[\/et_pb_text][\/et_pb_column][et_pb_column type=\u00bb1_2&#8243; _builder_version=\u00bb4.23.1&#8243; _module_preset=\u00bbdefault\u00bb background_enable_image=\u00bboff\u00bb custom_padding=\u00bb30px||0px||false|false\u00bb custom_padding_tablet=\u00bb0px||30px||false|false\u00bb custom_padding_phone=\u00bb||||false|false\u00bb custom_padding_last_edited=\u00bbon|tablet\u00bb global_colors_info=\u00bb{}\u00bb custom_css_main_element_last_edited=\u00bboff|desktop\u00bb][et_pb_image src=\u00bbhttps:\/\/tropica-verde.de\/wp-content\/uploads\/2024\/07\/1_Aktionsstand_Leute-am-Stand_3_Einverstaendnis-liegt-vor.jpg\u00bb alt=\u00bbLos ni\u00f1os descubren la naturaleza en la plataforma de observaci\u00f3n del centro de educaci\u00f3n medioambiental de Monte Alto\u00bb title_text=\u00bb1_Puesto de acci\u00f3n_Personas en el puesto_3_Se ha dado el consentimiento\u00bb _builder_version=\u00bb4.23.1&#8243; _module_preset=\u00bbdefault\u00bb global_colors_info=\u00bb{}\u00bb][\/et_pb_image][\/et_pb_column][\/et_pb_row][\/et_pb_section][et_pb_section fb_built=\u00bb1&#8243; custom_padding_last_edited=\u00bbon|phone\u00bb _builder_version=\u00bb4.23.1&#8243; _module_preset=\u00bbdefault\u00bb background_color=\u00bb#e9eeea\u00bb custom_margin=\u00bb||0px||false|false\u00bb custom_margin_last_edited=\u00bboff|tablet\u00bb custom_padding=\u00bb80px|100px|80px|100px|false|false\u00bb custom_padding_tablet=\u00bb50px|50px|50px|50px|false|false\u00bb custom_padding_phone=\u00bb50px|0px||0px|false|false\u00bb custom_css_main_element=\u00bbmax-width: 1200px;||margin: 100px auto;\u00bb global_colors_info=\u00bb{}\u00bb custom_css_main_element_last_edited=\u00bbon|tablet\u00bb custom_css_main_element_tablet=\u00bb||margin: 50px auto;\u00bb custom_css_main_element_phone=\u00bb||margin: 50px auto;\u00bb][et_pb_row custom_padding_last_edited=\u00bboff|desktop\u00bb _builder_version=\u00bb4.23.1&#8243; _module_preset=\u00bbdefault\u00bb background_enable_color=\u00bboff\u00bb custom_padding=\u00bb0px||||false|false\u00bb custom_padding_tablet=\u00bb50px||50px||false|false\u00bb custom_padding_phone=\u00bb50px||50px||false|false\u00bb global_colors_info=\u00bb{}\u00bb][et_pb_column type=\u00bb4_4&#8243; _builder_version=\u00bb4.23.1&#8243; _module_preset=\u00bbdefault\u00bb global_colors_info=\u00bb{}\u00bb][et_pb_text _builder_version=\u00bb4.23.1&#8243; _module_preset=\u00bb221ed18d-6ec8-47cb-bf2d-9b681ed24893&#8243; text_text_color=\u00bb#ffffff\u00bb header_text_color=\u00bb#006B46&#8243; header_font_size=\u00bb36px\u00bb header_2_text_align=\u00bbcenter\u00bb header_2_text_color=\u00bb#006B46&#8243; header_2_font_size=\u00bb36px\u00bb header_font_size_tablet=\u00bb30px\u00bb header_font_size_phone=\u00bb24px\u00bb header_font_size_last_edited=\u00bbon|phone\u00bb header_2_font_size_tablet=\u00bb30px\u00bb header_2_font_size_phone=\u00bb24px\u00bb header_2_font_size_last_edited=\u00bbon|desktop\u00bb global_colors_info=\u00bb{}\u00bb]<\/p>\n<h2>Educaci\u00f3n medioambiental reservable para todas las generaciones <\/h2>\n<p>[\/et_pb_text][\/et_pb_column][\/et_pb_row][et_pb_row column_structure=\u00bb2_5,3_5&#8243; custom_padding_last_edited=\u00bbon|phone\u00bb _builder_version=\u00bb4.23.1&#8243; _module_preset=\u00bbdefault\u00bb background_color=\u00bb#ffffff\u00bb custom_margin=\u00bb||0px||false|false\u00bb custom_padding=\u00bb60px|50px|10px|50px|false|false\u00bb custom_padding_tablet=\u00bb30px|25px||25px|false|false\u00bb custom_padding_phone=\u00bb30px|25px||25px|false|false\u00bb custom_css_main_element=\u00bbdisplay: flex;||align-items: flex-end;\u00bb global_colors_info=\u00bb{}\u00bb custom_css_main_element_last_edited=\u00bbon|desktop\u00bb custom_css_main_element_tablet=\u00bbdisplay: block;\u00bb custom_css_main_element_phone=\u00bbdisplay: block;\u00bb][et_pb_column type=\u00bb2_5&#8243; _builder_version=\u00bb4.23.1&#8243; _module_preset=\u00bbdefault\u00bb global_colors_info=\u00bb{}\u00bb][et_pb_image src=\u00bbhttps:\/\/tropica-verde.de\/wp-content\/uploads\/2024\/06\/umweltbildung-3.jpg\u00bb title_text=\u00bbeducaci\u00f3n ambiental-3&#8243; _builder_version=\u00bb4.23.1&#8243; _module_preset=\u00bbdefault\u00bb global_colors_info=\u00bb{}\u00bb][\/et_pb_image][\/et_pb_column][et_pb_column type=\u00bb3_5&#8243; _builder_version=\u00bb4.23.1&#8243; _module_preset=\u00bbdefault\u00bb global_colors_info=\u00bb{}\u00bb][et_pb_text _builder_version=\u00bb4.23.1&#8243; _module_preset=\u00bb221ed18d-6ec8-47cb-bf2d-9b681ed24893&#8243; text_font=\u00bb|600|||||||\u00bb text_text_color=\u00bb#ff6a09&#8243; text_font_size=\u00bb20px\u00bb custom_margin=\u00bb0px||0px||false|false\u00bb custom_padding=\u00bb0px||0px||false|false\u00bb text_font_size_tablet=\u00bb18px\u00bb text_font_size_phone=\u00bb16px\u00bb text_font_size_last_edited=\u00bbon|phone\u00bb global_colors_info=\u00bb{}\u00bb]<\/p>\n<p>Espect\u00e1culo multimedia | todas las generaciones<\/p>\n<p>[\/et_pb_text][et_pb_text _builder_version=\u00bb4.23.1&#8243; _module_preset=\u00bb221ed18d-6ec8-47cb-bf2d-9b681ed24893&#8243; text_text_color=\u00bb#ffffff\u00bb header_text_color=\u00bb#006B46&#8243; header_font_size=\u00bb36px\u00bb header_2_text_color=\u00bb#006B46&#8243; header_2_font_size=\u00bb36px\u00bb header_3_font=\u00bbSource Sans 3|700|||||||\u00bb header_3_text_color=\u00bb#575656&#8243; header_3_font_size=\u00bb30px\u00bb header_font_size_tablet=\u00bb30px\u00bb header_font_size_phone=\u00bb24px\u00bb header_font_size_last_edited=\u00bbon|phone\u00bb header_2_font_size_tablet=\u00bb30px\u00bb header_2_font_size_phone=\u00bb24px\u00bb header_2_font_size_last_edited=\u00bbon|desktop\u00bb header_3_font_size_tablet=\u00bb24px\u00bb header_3_font_size_phone=\u00bb20px\u00bb header_3_font_size_last_edited=\u00bbon|phone\u00bb global_colors_info=\u00bb{}\u00bb]<\/p>\n<h3>La fascinaci\u00f3n de la selva tropical: \u00fanica, misteriosa, en peligro de extinci\u00f3n<\/h3>\n<p>[\/et_pb_text][et_pb_text _builder_version=\u00bb4.23.1&#8243; _module_preset=\u00bb221ed18d-6ec8-47cb-bf2d-9b681ed24893&#8243; text_text_color=\u00bb#575656&#8243; global_colors_info=\u00bb{}\u00bb]<\/p>\n<p>D\u00e9jate inspirar por nuestros coloridos espect\u00e1culos multimedia sobre la selva tropical, Tropica Verde y la biodiversidad de Costa Rica. Experim\u00e9ntalo online o en directo, \u00a1como t\u00fa quieras!<\/p>\n<p>[\/et_pb_text][\/et_pb_column][\/et_pb_row][et_pb_row custom_padding_last_edited=\u00bbon|phone\u00bb _builder_version=\u00bb4.23.1&#8243; _module_preset=\u00bbdefault\u00bb background_color=\u00bb#ffffff\u00bb custom_padding=\u00bb0px|50px|60px|50px|false|false\u00bb custom_padding_tablet=\u00bb|25px|30px|25px|false|false\u00bb custom_padding_phone=\u00bb|25px|30px|25px|false|false\u00bb global_colors_info=\u00bb{}\u00bb][et_pb_column type=\u00bb4_4&#8243; _builder_version=\u00bb4.23.1&#8243; _module_preset=\u00bbdefault\u00bb global_colors_info=\u00bb{}\u00bb][et_pb_text _builder_version=\u00bb4.23.1&#8243; _module_preset=\u00bb221ed18d-6ec8-47cb-bf2d-9b681ed24893&#8243; text_text_color=\u00bb#575656&#8243; global_colors_info=\u00bb{}\u00bb]<\/p>\n<p>\u00a1Descubre la selva tropical de Costa Rica! Los coloridos espect\u00e1culos multimedia sobre los proyectos de Tropica Verde y la biodiversidad de la selva tropical te sorprender\u00e1n. Fotos impresionantes e historias apasionantes hacen que la selva tropical sea tangible. El Dr. Stefan Rother, bi\u00f3logo y cofundador de Tropica Verde, visita guarder\u00edas, escuelas, universidades, empresas, residencias de ancianos e instituciones p\u00fablicas de Alemania y Suiza. El espect\u00e1culo tambi\u00e9n se puede reservar para eventos privados y como evento en l\u00ednea a nivel mundial.  <\/p>\n<p>[\/et_pb_text][et_pb_blurb image=\u00bbhttps:\/\/tropica-verde.de\/wp-content\/uploads\/\/dauer.svg\u00bb icon_placement=\u00bbleft\u00bb image_icon_width=\u00bb20px\u00bb content_max_width=\u00bb100%\u00bb admin_label=\u00bbList - Dauer\u00bb _builder_version=\u00bb4.23.1&#8243; _module_preset=\u00bbdefault\u00bb image_icon_custom_padding=\u00bb||||false|false\u00bb width=\u00bb100%\u00bb custom_margin=\u00bb||5px||false|false\u00bb custom_padding=\u00bb||||false|false\u00bb custom_css_blurb_image=\u00bbvertical-align: middle;\u00bb global_colors_info=\u00bb{}\u00bb content_max_width__hover_enabled=\u00bboff|desktop\u00bb]Duraci\u00f3n: 90 minutos[\/et_pb_blurb][et_pb_blurb image=\u00bbhttps:\/\/tropica-verde.de\/wp-content\/uploads\/\/wo.svg\u00bb icon_placement=\u00bbleft\u00bb image_icon_width=\u00bb20px\u00bb content_max_width=\u00bb100%\u00bb admin_label=\u00bbList - Wo\u00bb _builder_version=\u00bb4.23.1&#8243; _module_preset=\u00bbdefault\u00bb image_icon_custom_padding=\u00bb||||false|false\u00bb width=\u00bb100%\u00bb custom_margin=\u00bb||5px||false|false\u00bb custom_padding=\u00bb||||false|false\u00bb custom_css_blurb_image=\u00bbvertical-align: middle;\u00bb global_colors_info=\u00bb{}\u00bb content_max_width__hover_enabled=\u00bboff|desktop\u00bb]D\u00f3nde: Alemania, Suiza o en l\u00ednea[\/et_pb_blurb][et_pb_blurb image=\u00bbhttps:\/\/tropica-verde.de\/wp-content\/uploads\/\/users.svg\u00bb icon_placement=\u00bbleft\u00bb image_icon_width=\u00bb20px\u00bb content_max_width=\u00bb100%\u00bb admin_label=\u00bbList - F\u00fcr wen geeignet\u00bb _builder_version=\u00bb4.23.1&#8243; _module_preset=\u00bbdefault\u00bb image_icon_custom_padding=\u00bb||||false|false\u00bb width=\u00bb100%\u00bb custom_margin=\u00bb||5px||false|false\u00bb custom_padding=\u00bb||||false|false\u00bb custom_css_blurb_image=\u00bbvertical-align: middle;\u00bb global_colors_info=\u00bb{}\u00bb content_max_width__hover_enabled=\u00bboff|desktop\u00bb]Para qui\u00e9n es adecuado: Todas las edades[\/et_pb_blurb][et_pb_blurb image=\u00bbhttps:\/\/tropica-verde.de\/wp-content\/uploads\/\/price.svg\u00bb icon_placement=\u00bbleft\u00bb image_icon_width=\u00bb20px\u00bb content_max_width=\u00bb100%\u00bb admin_label=\u00bbList - Preis\u00bb _builder_version=\u00bb4.23.1&#8243; _module_preset=\u00bbdefault\u00bb image_icon_custom_padding=\u00bb||||false|false\u00bb width=\u00bb100%\u00bb custom_margin=\u00bb||5px||false|false\u00bb custom_padding=\u00bb||||false|false\u00bb custom_css_blurb_image=\u00bbvertical-align: middle;\u00bb global_colors_info=\u00bb{}\u00bb content_max_width__hover_enabled=\u00bboff|desktop\u00bb]Precio: cont\u00e1ctenos para obtener una oferta personalizada (15 % de descuento para socios)[\/et_pb_blurb][et_pb_blurb image=\u00bbhttps:\/\/tropica-verde.de\/wp-content\/uploads\/\/calendar.svg\u00bb icon_placement=\u00bbleft\u00bb image_icon_width=\u00bb20px\u00bb content_max_width=\u00bb100%\u00bb admin_label=\u00bbList - Buchung\u00bb _builder_version=\u00bb4.23.1&#8243; _module_preset=\u00bbdefault\u00bb image_icon_custom_padding=\u00bb||||false|false\u00bb width=\u00bb100%\u00bb custom_margin=\u00bb||5px||false|false\u00bb custom_padding=\u00bb||||false|false\u00bb custom_css_blurb_image=\u00bbvertical-align: middle;\u00bb global_colors_info=\u00bb{}\u00bb content_max_width__hover_enabled=\u00bboff|desktop\u00bb]Reservas: a trav\u00e9s de Tropica Verde[\/et_pb_blurb][et_pb_blurb image=\u00bbhttps:\/\/tropica-verde.de\/wp-content\/uploads\/\/chat.svg\u00bb icon_placement=\u00bbleft\u00bb image_icon_width=\u00bb20px\u00bb content_max_width=\u00bb100%\u00bb admin_label=\u00bbList - Durchf\u00fchrender Partner\u00bb _builder_version=\u00bb4.23.1&#8243; _module_preset=\u00bbdefault\u00bb image_icon_custom_padding=\u00bb||||false|false\u00bb width=\u00bb100%\u00bb custom_margin=\u00bb||5px||false|false\u00bb custom_padding=\u00bb||||false|false\u00bb custom_css_blurb_image=\u00bbvertical-align: middle;\u00bb global_colors_info=\u00bb{}\u00bb content_max_width__hover_enabled=\u00bboff|desktop\u00bb]Socio colaborador: Faunity Photography, Stefan Rother[\/et_pb_blurb][et_pb_button button_url=\u00bbhttps:\/\/tropica-verde.de\/es\/contactenos\/\u00bb button_text=\u00bbRESERVAR\u00bb _builder_version=\u00bb4.23.1&#8243; _module_preset=\u00bb8617b8d2-d6f7-4168-a0fd-624d6546b376&#8243; button_border_color=\u00bbRGBA(0,0,0,0)\u00bb custom_margin=\u00bb2.75%||||false|false\u00bb locked=\u00bboff\u00bb global_colors_info=\u00bb{}\u00bb][\/et_pb_button][\/et_pb_column][\/et_pb_row][\/et_pb_section][et_pb_section fb_built=\u00bb1&#8243; custom_padding_last_edited=\u00bbon|desktop\u00bb _builder_version=\u00bb4.23.1&#8243; _module_preset=\u00bbdefault\u00bb background_color=\u00bb#e9eeea\u00bb custom_margin=\u00bb||0px||false|false\u00bb custom_margin_last_edited=\u00bboff|tablet\u00bb custom_padding=\u00bb0px|100px|80px|100px|false|false\u00bb custom_padding_tablet=\u00bb0px|50px|50px|50px|false|false\u00bb custom_padding_phone=\u00bb0px|0px||0px|false|false\u00bb custom_css_main_element=\u00bbmax-width: 1200px;||margin: 0px auto 100px;\u00bb global_colors_info=\u00bb{}\u00bb custom_css_main_element_last_edited=\u00bbon|desktop\u00bb custom_css_main_element_tablet=\u00bbmargin: 0 auto 50px;\u00bb custom_css_main_element_phone=\u00bbmargin: 0 auto 50px;\u00bb][et_pb_row column_structure=\u00bb2_5,3_5&#8243; custom_padding_last_edited=\u00bbon|desktop\u00bb _builder_version=\u00bb4.23.1&#8243; _module_preset=\u00bbdefault\u00bb background_color=\u00bb#ffffff\u00bb custom_margin=\u00bb0px||0px||false|false\u00bb custom_padding=\u00bb60px|50px|10px|50px|false|false\u00bb custom_padding_tablet=\u00bb30px|25px||25px|false|false\u00bb custom_padding_phone=\u00bb30px|25px||25px|false|false\u00bb custom_css_main_element=\u00bbdisplay: flex;||align-items: flex-end;\u00bb global_colors_info=\u00bb{}\u00bb custom_css_main_element_last_edited=\u00bbon|desktop\u00bb custom_css_main_element_tablet=\u00bbdisplay: block;\u00bb custom_css_main_element_phone=\u00bbdisplay: block;\u00bb][et_pb_column type=\u00bb2_5&#8243; _builder_version=\u00bb4.23.1&#8243; _module_preset=\u00bbdefault\u00bb global_colors_info=\u00bb{}\u00bb][et_pb_image src=\u00bbhttps:\/\/tropica-verde.de\/wp-content\/uploads\/2024\/07\/3_Bilder-Wasserkreislauf-1.jpg\u00bb title_text=\u00bb3_Im\u00e1genes Ciclo del agua 1&#8243; _builder_version=\u00bb4.23.1&#8243; _module_preset=\u00bbdefault\u00bb global_colors_info=\u00bb{}\u00bb][\/et_pb_image][\/et_pb_column][et_pb_column type=\u00bb3_5&#8243; _builder_version=\u00bb4.23.1&#8243; _module_preset=\u00bbdefault\u00bb global_colors_info=\u00bb{}\u00bb][et_pb_text _builder_version=\u00bb4.23.1&#8243; _module_preset=\u00bb221ed18d-6ec8-47cb-bf2d-9b681ed24893&#8243; text_font=\u00bb|600|||||||\u00bb text_text_color=\u00bb#ff6a09&#8243; text_font_size=\u00bb20px\u00bb custom_margin=\u00bb0px||0px||false|false\u00bb custom_padding=\u00bb0px||0px||false|false\u00bb text_font_size_tablet=\u00bb18px\u00bb text_font_size_phone=\u00bb16px\u00bb text_font_size_last_edited=\u00bbon|phone\u00bb global_colors_info=\u00bb{}\u00bb]<\/p>\n<p>M\u00f3dulo Educaci\u00f3n | Escuela: 4. &amp; 5\u00ba curso<\/p>\n<p>[\/et_pb_text][et_pb_text _builder_version=\u00bb4.23.1&#8243; _module_preset=\u00bb221ed18d-6ec8-47cb-bf2d-9b681ed24893&#8243; text_text_color=\u00bb#ffffff\u00bb header_text_color=\u00bb#006B46&#8243; header_font_size=\u00bb36px\u00bb header_2_text_color=\u00bb#006B46&#8243; header_2_font_size=\u00bb36px\u00bb header_3_font=\u00bbSource Sans 3|700|||||||\u00bb header_3_text_color=\u00bb#575656&#8243; header_3_font_size=\u00bb30px\u00bb header_font_size_tablet=\u00bb30px\u00bb header_font_size_phone=\u00bb24px\u00bb header_font_size_last_edited=\u00bbon|phone\u00bb header_2_font_size_tablet=\u00bb30px\u00bb header_2_font_size_phone=\u00bb24px\u00bb header_2_font_size_last_edited=\u00bbon|desktop\u00bb header_3_font_size_tablet=\u00bb24px\u00bb header_3_font_size_phone=\u00bb20px\u00bb header_3_font_size_last_edited=\u00bbon|phone\u00bb global_colors_info=\u00bb{}\u00bb]<\/p>\n<h3>Ciclo del agua: fuente de vida<\/h3>\n<p>[\/et_pb_text][et_pb_text _builder_version=\u00bb4.23.1&#8243; _module_preset=\u00bb221ed18d-6ec8-47cb-bf2d-9b681ed24893&#8243; text_text_color=\u00bb#575656&#8243; global_colors_info=\u00bb{}\u00bb]<\/p>\n<p>En el Centro Medioambiental de Hanau, los participantes pueden explorar de forma interactiva el ciclo del agua de una zona protegida de Costa Rica.<\/p>\n<p>[\/et_pb_text][\/et_pb_column][\/et_pb_row][et_pb_row custom_padding_last_edited=\u00bbon|phone\u00bb _builder_version=\u00bb4.23.1&#8243; _module_preset=\u00bbdefault\u00bb background_color=\u00bb#ffffff\u00bb custom_padding=\u00bb0px|50px|60px|50px|false|false\u00bb custom_padding_tablet=\u00bb|25px|30px|25px|false|false\u00bb custom_padding_phone=\u00bb|25px|30px|25px|false|false\u00bb global_colors_info=\u00bb{}\u00bb][et_pb_column type=\u00bb4_4&#8243; _builder_version=\u00bb4.23.1&#8243; _module_preset=\u00bbdefault\u00bb global_colors_info=\u00bb{}\u00bb][et_pb_text _builder_version=\u00bb4.23.1&#8243; _module_preset=\u00bb221ed18d-6ec8-47cb-bf2d-9b681ed24893&#8243; text_text_color=\u00bb#575656&#8243; global_colors_info=\u00bb{}\u00bb]<\/p>\n<p>Expertos expositores del Centro Medioambiental de Hanau ofrecen a los centros de ense\u00f1anza primaria de la regi\u00f3n Rin-Meno el m\u00f3dulo educativo \u00abEl ciclo del agua en Alemania y Costa Rica\u00bb. El taller, que se desarrolla seg\u00fan las directrices de la Educaci\u00f3n para el Desarrollo Sostenible (EDS), tiene lugar en el centro escolar o en el Centro Medioambiental de Hanau.  Incluye una parte te\u00f3rica y otra pr\u00e1ctica en la que los ni\u00f1os experimentan y aprenden sobre el ciclo del agua. Los ni\u00f1os construyen un ciclo del agua en un tarro que pueden llevarse a casa. El m\u00f3dulo se caracteriza por el aut\u00e9ntico material educativo de Monte Alto, el proyecto de reforestaci\u00f3n Tropica Verde en Costa Rica. All\u00ed se restaur\u00f3 el ciclo del agua mediante la reforestaci\u00f3n, lo que salvaguard\u00f3 el r\u00edo y el suministro de agua de la poblaci\u00f3n. La educaci\u00f3n medioambiental y los ODS a tu alcance. <\/p>\n<p>[\/et_pb_text][et_pb_blurb image=\u00bbhttps:\/\/tropica-verde.de\/wp-content\/uploads\/\/dauer.svg\u00bb icon_placement=\u00bbleft\u00bb image_icon_width=\u00bb20px\u00bb content_max_width=\u00bb100%\u00bb admin_label=\u00bbList - Dauer\u00bb _builder_version=\u00bb4.23.1&#8243; _module_preset=\u00bbdefault\u00bb image_icon_custom_padding=\u00bb||||false|false\u00bb width=\u00bb100%\u00bb custom_margin=\u00bb||5px||false|false\u00bb custom_padding=\u00bb||||false|false\u00bb custom_css_blurb_image=\u00bbvertical-align: middle;\u00bb global_colors_info=\u00bb{}\u00bb content_max_width__hover_enabled=\u00bboff|desktop\u00bb]Duraci\u00f3n: 150 minutos (2,5 horas)[\/et_pb_blurb][et_pb_blurb image=\u00bbhttps:\/\/tropica-verde.de\/wp-content\/uploads\/\/wo.svg\u00bb icon_placement=\u00bbleft\u00bb image_icon_width=\u00bb20px\u00bb content_max_width=\u00bb100%\u00bb admin_label=\u00bbList - Wo\u00bb _builder_version=\u00bb4.23.1&#8243; _module_preset=\u00bbdefault\u00bb image_icon_custom_padding=\u00bb||||false|false\u00bb width=\u00bb100%\u00bb custom_margin=\u00bb||5px||false|false\u00bb custom_padding=\u00bb||||false|false\u00bb custom_css_blurb_image=\u00bbvertical-align: middle;\u00bb global_colors_info=\u00bb{}\u00bb content_max_width__hover_enabled=\u00bboff|desktop\u00bb]D\u00f3nde: Centro Medioambiental de Hanau o escuela de la zona Rin-Meno[\/et_pb_blurb][et_pb_blurb image=\u00bbhttps:\/\/tropica-verde.de\/wp-content\/uploads\/\/users.svg\u00bb icon_placement=\u00bbleft\u00bb image_icon_width=\u00bb20px\u00bb content_max_width=\u00bb100%\u00bb admin_label=\u00bbList - F\u00fcr wen geeignet\u00bb _builder_version=\u00bb4.23.1&#8243; _module_preset=\u00bbdefault\u00bb image_icon_custom_padding=\u00bb||||false|false\u00bb width=\u00bb100%\u00bb custom_margin=\u00bb||5px||false|false\u00bb custom_padding=\u00bb||||false|false\u00bb custom_css_blurb_image=\u00bbvertical-align: middle;\u00bb global_colors_info=\u00bb{}\u00bb content_max_width__hover_enabled=\u00bboff|desktop\u00bb]Para qui\u00e9n es adecuado: 4\u00aa y 5\u00aa clase[\/et_pb_blurb][et_pb_blurb image=\u00bbhttps:\/\/tropica-verde.de\/wp-content\/uploads\/\/price.svg\u00bb icon_placement=\u00bbleft\u00bb image_icon_width=\u00bb20px\u00bb content_max_width=\u00bb100%\u00bb admin_label=\u00bbList - Preis\u00bb _builder_version=\u00bb4.23.1&#8243; _module_preset=\u00bbdefault\u00bb image_icon_custom_padding=\u00bb||||false|false\u00bb width=\u00bb100%\u00bb custom_margin=\u00bb||5px||false|false\u00bb custom_padding=\u00bb||||false|false\u00bb custom_css_blurb_image=\u00bbvertical-align: middle;\u00bb global_colors_info=\u00bb{}\u00bb content_max_width__hover_enabled=\u00bboff|desktop\u00bb]Precio: a partir de 70 \u20ac (para 20 participantes)[\/et_pb_blurb][et_pb_blurb image=\u00bbhttps:\/\/tropica-verde.de\/wp-content\/uploads\/\/calendar.svg\u00bb icon_placement=\u00bbleft\u00bb image_icon_width=\u00bb20px\u00bb content_max_width=\u00bb100%\u00bb admin_label=\u00bbList - Buchung\u00bb _builder_version=\u00bb4.23.1&#8243; _module_preset=\u00bbdefault\u00bb image_icon_custom_padding=\u00bb||||false|false\u00bb width=\u00bb100%\u00bb custom_margin=\u00bb||5px||false|false\u00bb custom_padding=\u00bb||||false|false\u00bb custom_css_blurb_image=\u00bbvertical-align: middle;\u00bb global_colors_info=\u00bb{}\u00bb content_max_width__hover_enabled=\u00bboff|desktop\u00bb]Reservas: a trav\u00e9s de Tropica Verde[\/et_pb_blurb][et_pb_blurb image=\u00bbhttps:\/\/tropica-verde.de\/wp-content\/uploads\/\/chat.svg\u00bb icon_placement=\u00bbleft\u00bb image_icon_width=\u00bb20px\u00bb content_max_width=\u00bb100%\u00bb admin_label=\u00bbList - Durchf\u00fchrender Partner\u00bb _builder_version=\u00bb4.23.1&#8243; _module_preset=\u00bbdefault\u00bb image_icon_custom_padding=\u00bb||||false|false\u00bb width=\u00bb100%\u00bb custom_margin=\u00bb||5px||false|false\u00bb custom_padding=\u00bb||||false|false\u00bb custom_css_blurb_image=\u00bbvertical-align: middle;\u00bb global_colors_info=\u00bb{}\u00bb content_max_width__hover_enabled=\u00bboff|desktop\u00bb]Socio colaborador: Centro Medioambiental de Hanau[\/et_pb_blurb][et_pb_button button_url=\u00bbhttps:\/\/tropica-verde.de\/es\/contactenos\/\u00bb button_text=\u00bbRESERVAR\u00bb _builder_version=\u00bb4.23.1&#8243; _module_preset=\u00bb8617b8d2-d6f7-4168-a0fd-624d6546b376&#8243; button_border_color=\u00bbRGBA(0,0,0,0)\u00bb custom_margin=\u00bb2.75%||||false|false\u00bb locked=\u00bboff\u00bb global_colors_info=\u00bb{}\u00bb][\/et_pb_button][\/et_pb_column][\/et_pb_row][\/et_pb_section][et_pb_section fb_built=\u00bb1&#8243; custom_padding_last_edited=\u00bbon|desktop\u00bb _builder_version=\u00bb4.23.1&#8243; _module_preset=\u00bbdefault\u00bb background_color=\u00bb#e9eeea\u00bb custom_margin=\u00bb||0px||false|false\u00bb custom_margin_last_edited=\u00bboff|tablet\u00bb custom_padding=\u00bb0px|100px|80px|100px|false|false\u00bb custom_padding_tablet=\u00bb0px|50px|50px|50px|false|false\u00bb custom_padding_phone=\u00bb0px|0px||0px|false|false\u00bb custom_css_main_element=\u00bbmax-width: 1200px;||margin: 0px auto 100px;\u00bb global_colors_info=\u00bb{}\u00bb custom_css_main_element_last_edited=\u00bbon|desktop\u00bb custom_css_main_element_tablet=\u00bbmargin: 0 auto 50px;\u00bb custom_css_main_element_phone=\u00bbmargin: 0 auto 50px;\u00bb][et_pb_row column_structure=\u00bb2_5,3_5&#8243; custom_padding_last_edited=\u00bbon|desktop\u00bb _builder_version=\u00bb4.23.1&#8243; _module_preset=\u00bbdefault\u00bb background_color=\u00bb#ffffff\u00bb custom_margin=\u00bb0px||0px||false|false\u00bb custom_padding=\u00bb60px|50px|10px|50px|false|false\u00bb custom_padding_tablet=\u00bb30px|25px||25px|false|false\u00bb custom_padding_phone=\u00bb30px|25px||25px|false|false\u00bb custom_css_main_element=\u00bbdisplay: flex;||align-items: flex-end;\u00bb global_colors_info=\u00bb{}\u00bb custom_css_main_element_last_edited=\u00bbon|desktop\u00bb custom_css_main_element_tablet=\u00bbdisplay: block;\u00bb custom_css_main_element_phone=\u00bbdisplay: block;\u00bb][et_pb_column type=\u00bb2_5&#8243; _builder_version=\u00bb4.23.1&#8243; _module_preset=\u00bbdefault\u00bb global_colors_info=\u00bb{}\u00bb][et_pb_image src=\u00bbhttps:\/\/tropica-verde.de\/wp-content\/uploads\/2024\/07\/4_ara-und-ananas-2015.jpg\u00bb title_text=\u00bb4_lapa y pi\u00f1a 2015&#8243; _builder_version=\u00bb4.23.1&#8243; _module_preset=\u00bbdefault\u00bb global_colors_info=\u00bb{}\u00bb][\/et_pb_image][\/et_pb_column][et_pb_column type=\u00bb3_5&#8243; _builder_version=\u00bb4.23.1&#8243; _module_preset=\u00bbdefault\u00bb global_colors_info=\u00bb{}\u00bb][et_pb_text _builder_version=\u00bb4.23.1&#8243; _module_preset=\u00bb221ed18d-6ec8-47cb-bf2d-9b681ed24893&#8243; text_font=\u00bb|600|||||||\u00bb text_text_color=\u00bb#ff6a09&#8243; text_font_size=\u00bb20px\u00bb custom_margin=\u00bb0px||0px||false|false\u00bb custom_padding=\u00bb0px||0px||false|false\u00bb text_font_size_tablet=\u00bb18px\u00bb text_font_size_phone=\u00bb16px\u00bb text_font_size_last_edited=\u00bbon|phone\u00bb global_colors_info=\u00bb{}\u00bb]<\/p>\n<p>M\u00f3dulo de Educaci\u00f3n | Escuela: Nivel Secundario I y II<\/p>\n<p>[\/et_pb_text][et_pb_text _builder_version=\u00bb4.23.1&#8243; _module_preset=\u00bb221ed18d-6ec8-47cb-bf2d-9b681ed24893&#8243; text_text_color=\u00bb#ffffff\u00bb header_text_color=\u00bb#006B46&#8243; header_font_size=\u00bb36px\u00bb header_2_text_color=\u00bb#006B46&#8243; header_2_font_size=\u00bb36px\u00bb header_3_font=\u00bbSource Sans 3|700|||||||\u00bb header_3_text_color=\u00bb#575656&#8243; header_3_font_size=\u00bb30px\u00bb header_font_size_tablet=\u00bb30px\u00bb header_font_size_phone=\u00bb24px\u00bb header_font_size_last_edited=\u00bbon|phone\u00bb header_2_font_size_tablet=\u00bb30px\u00bb header_2_font_size_phone=\u00bb24px\u00bb header_2_font_size_last_edited=\u00bbon|desktop\u00bb header_3_font_size_tablet=\u00bb24px\u00bb header_3_font_size_phone=\u00bb20px\u00bb header_3_font_size_last_edited=\u00bbon|phone\u00bb global_colors_info=\u00bb{}\u00bb]<\/p>\n<h3>Lapa y pi\u00f1a: \u00bfrivales en la selva tropical?<\/h3>\n<p>[\/et_pb_text][et_pb_text _builder_version=\u00bb4.23.1&#8243; _module_preset=\u00bb221ed18d-6ec8-47cb-bf2d-9b681ed24893&#8243; text_text_color=\u00bb#575656&#8243; global_colors_info=\u00bb{}\u00bb]<\/p>\n<p>\u00bfQu\u00e9 tiene que ver un p\u00e1jaro de colores con una fruta tropical? Mientras cultivan pi\u00f1as en Costa Rica, los alumnos descubren de forma interdisciplinar la relaci\u00f3n entre la destrucci\u00f3n de la selva tropical y el consumo de productos tropicales.<\/p>\n<p>[\/et_pb_text][\/et_pb_column][\/et_pb_row][et_pb_row custom_padding_last_edited=\u00bbon|phone\u00bb _builder_version=\u00bb4.23.1&#8243; _module_preset=\u00bbdefault\u00bb background_color=\u00bb#ffffff\u00bb custom_padding=\u00bb0px|50px|60px|50px|false|false\u00bb custom_padding_tablet=\u00bb|25px|30px|25px|false|false\u00bb custom_padding_phone=\u00bb|25px|30px|25px|false|false\u00bb global_colors_info=\u00bb{}\u00bb][et_pb_column type=\u00bb4_4&#8243; _builder_version=\u00bb4.23.1&#8243; _module_preset=\u00bbdefault\u00bb global_colors_info=\u00bb{}\u00bb][et_pb_text _builder_version=\u00bb4.23.1&#8243; _module_preset=\u00bb221ed18d-6ec8-47cb-bf2d-9b681ed24893&#8243; text_text_color=\u00bb#575656&#8243; global_colors_info=\u00bb{}\u00bb]<\/p>\n<p>El taller se celebrar\u00e1 en varios lugares del Jard\u00edn Bot\u00e1nico de Fr\u00e1ncfort. En cooperaci\u00f3n con la Escuela Verde del Jard\u00edn Bot\u00e1nico, se desarroll\u00f3 el m\u00f3dulo de educaci\u00f3n medioambiental \u00abLapas y Pi\u00f1as\u00bb para los niveles I y II de secundaria, centrado en los temas del \u00abComercio Justo\u00bb y los \u00abM\u00e9todos de Cultivo Ecol\u00f3gico\u00bb. Utilizando diversos m\u00e9todos, exploran los temas mediante el aprendizaje basado en estaciones, visitas guiadas al Tropicarium y juegos de rol, en los que tambi\u00e9n intervienen las condiciones de vida y de trabajo de los trabajadores de la pi\u00f1a y sus familias.  Se examinan soluciones como el comercio justo o la agricultura ecol\u00f3gica y se desarrollan y debaten opciones de intervenci\u00f3n. Este m\u00f3dulo de educaci\u00f3n medioambiental se inspir\u00f3 en las experiencias en torno a la <a href=\"https:\/\/tropica-verde.de\/es\/proyectos\/lapa-verde\/\" target=\"_blank\" rel=\"noopener\">Reserva Lapa<\/a> Verde.<\/p>\n<p>[\/et_pb_text][et_pb_blurb image=\u00bbhttps:\/\/tropica-verde.de\/wp-content\/uploads\/\/dauer.svg\u00bb icon_placement=\u00bbleft\u00bb image_icon_width=\u00bb20px\u00bb content_max_width=\u00bb100%\u00bb admin_label=\u00bbList - Dauer\u00bb _builder_version=\u00bb4.23.1&#8243; _module_preset=\u00bbdefault\u00bb image_icon_custom_padding=\u00bb||||false|false\u00bb width=\u00bb100%\u00bb custom_margin=\u00bb||5px||false|false\u00bb custom_padding=\u00bb||||false|false\u00bb custom_css_blurb_image=\u00bbvertical-align: middle;\u00bb global_colors_info=\u00bb{}\u00bb content_max_width__hover_enabled=\u00bboff|desktop\u00bb]Duraci\u00f3n: 210 minutos (3,5 horas), incluida una pausa de 30 minutos[\/et_pb_blurb][et_pb_blurb image=\u00bbhttps:\/\/tropica-verde.de\/wp-content\/uploads\/\/wo.svg\u00bb icon_placement=\u00bbleft\u00bb image_icon_width=\u00bb20px\u00bb content_max_width=\u00bb100%\u00bb admin_label=\u00bbList - Wo\u00bb _builder_version=\u00bb4.23.1&#8243; _module_preset=\u00bbdefault\u00bb image_icon_custom_padding=\u00bb||||false|false\u00bb width=\u00bb100%\u00bb custom_margin=\u00bb||5px||false|false\u00bb custom_padding=\u00bb||||false|false\u00bb custom_css_blurb_image=\u00bbvertical-align: middle;\u00bb global_colors_info=\u00bb{}\u00bb content_max_width__hover_enabled=\u00bboff|desktop\u00bb]D\u00f3nde: Jard\u00edn Bot\u00e1nico de Fr\u00e1ncfort del Meno[\/et_pb_blurb][et_pb_blurb image=\u00bbhttps:\/\/tropica-verde.de\/wp-content\/uploads\/\/users.svg\u00bb icon_placement=\u00bbleft\u00bb image_icon_width=\u00bb20px\u00bb content_max_width=\u00bb100%\u00bb admin_label=\u00bbList - F\u00fcr wen geeignet\u00bb _builder_version=\u00bb4.23.1&#8243; _module_preset=\u00bbdefault\u00bb image_icon_custom_padding=\u00bb||||false|false\u00bb width=\u00bb100%\u00bb custom_margin=\u00bb||5px||false|false\u00bb custom_padding=\u00bb||||false|false\u00bb custom_css_blurb_image=\u00bbvertical-align: middle;\u00bb global_colors_info=\u00bb{}\u00bb content_max_width__hover_enabled=\u00bboff|desktop\u00bb]Para qui\u00e9n es adecuado: Secundaria I y II (a partir de 7\u00ba curso)[\/et_pb_blurb][et_pb_blurb image=\u00bbhttps:\/\/tropica-verde.de\/wp-content\/uploads\/\/price.svg\u00bb icon_placement=\u00bbleft\u00bb image_icon_width=\u00bb20px\u00bb content_max_width=\u00bb100%\u00bb admin_label=\u00bbList - Preis\u00bb _builder_version=\u00bb4.23.1&#8243; _module_preset=\u00bbdefault\u00bb image_icon_custom_padding=\u00bb||||false|false\u00bb width=\u00bb100%\u00bb custom_margin=\u00bb||5px||false|false\u00bb custom_padding=\u00bb||||false|false\u00bb custom_css_blurb_image=\u00bbvertical-align: middle;\u00bb global_colors_info=\u00bb{}\u00bb content_max_width__hover_enabled=\u00bboff|desktop\u00bb]Precio: a partir de 50 euros (m\u00e1x. 15 participantes); posibilidad de dos grupos al mismo tiempo[\/et_pb_blurb][et_pb_blurb image=\u00bbhttps:\/\/tropica-verde.de\/wp-content\/uploads\/\/calendar.svg\u00bb icon_placement=\u00bbleft\u00bb image_icon_width=\u00bb20px\u00bb content_max_width=\u00bb100%\u00bb admin_label=\u00bbList - Buchung\u00bb _builder_version=\u00bb4.23.1&#8243; _module_preset=\u00bbdefault\u00bb image_icon_custom_padding=\u00bb||||false|false\u00bb width=\u00bb100%\u00bb custom_margin=\u00bb||5px||false|false\u00bb custom_padding=\u00bb||||false|false\u00bb custom_css_blurb_image=\u00bbvertical-align: middle;\u00bb global_colors_info=\u00bb{}\u00bb content_max_width__hover_enabled=\u00bboff|desktop\u00bb]Reservas: a trav\u00e9s de Tropica Verde[\/et_pb_blurb][et_pb_blurb image=\u00bbhttps:\/\/tropica-verde.de\/wp-content\/uploads\/\/chat.svg\u00bb icon_placement=\u00bbleft\u00bb image_icon_width=\u00bb20px\u00bb content_max_width=\u00bb100%\u00bb admin_label=\u00bbList - Durchf\u00fchrender Partner\u00bb _builder_version=\u00bb4.23.1&#8243; _module_preset=\u00bbdefault\u00bb image_icon_custom_padding=\u00bb||||false|false\u00bb width=\u00bb100%\u00bb custom_margin=\u00bb||5px||false|false\u00bb custom_padding=\u00bb||||false|false\u00bb custom_css_blurb_image=\u00bbvertical-align: middle;\u00bb global_colors_info=\u00bb{}\u00bb content_max_width__hover_enabled=\u00bboff|desktop\u00bb]Socio realizador: Escuela Verde en el Jard\u00edn Bot\u00e1nico de Frankfurt[\/et_pb_blurb][et_pb_button button_url=\u00bbhttps:\/\/tropica-verde.de\/es\/contactenos\/\u00bb button_text=\u00bbRESERVAR\u00bb _builder_version=\u00bb4.23.1&#8243; _module_preset=\u00bb8617b8d2-d6f7-4168-a0fd-624d6546b376&#8243; button_border_color=\u00bbRGBA(0,0,0,0)\u00bb custom_margin=\u00bb2.75%||||false|false\u00bb locked=\u00bboff\u00bb global_colors_info=\u00bb{}\u00bb][\/et_pb_button][\/et_pb_column][\/et_pb_row][\/et_pb_section][et_pb_section fb_built=\u00bb1&#8243; custom_padding_last_edited=\u00bbon|desktop\u00bb _builder_version=\u00bb4.23.1&#8243; _module_preset=\u00bbdefault\u00bb background_color=\u00bb#e9eeea\u00bb custom_margin=\u00bb||0px||false|false\u00bb custom_margin_last_edited=\u00bboff|tablet\u00bb custom_padding=\u00bb0px|100px|80px|100px|false|false\u00bb custom_padding_tablet=\u00bb0px|50px|50px|50px|false|false\u00bb custom_padding_phone=\u00bb0px|0px||0px|false|false\u00bb custom_css_main_element=\u00bbmax-width: 1200px;||margin: 0 auto 100px;\u00bb global_colors_info=\u00bb{}\u00bb custom_css_main_element_last_edited=\u00bbon|tablet\u00bb custom_css_main_element_tablet=\u00bbmargin: 0 auto 50px;\u00bb custom_css_main_element_phone=\u00bbmargin: 0 auto 50px;\u00bb][et_pb_row column_structure=\u00bb2_5,3_5&#8243; custom_padding_last_edited=\u00bbon|desktop\u00bb _builder_version=\u00bb4.23.1&#8243; _module_preset=\u00bbdefault\u00bb background_color=\u00bb#ffffff\u00bb custom_margin=\u00bb0px||0px||false|false\u00bb custom_padding=\u00bb60px|50px|10px|50px|false|false\u00bb custom_padding_tablet=\u00bb30px|25px||25px|false|false\u00bb custom_padding_phone=\u00bb30px|25px||25px|false|false\u00bb custom_css_main_element=\u00bbdisplay: flex;||align-items: flex-end;\u00bb global_colors_info=\u00bb{}\u00bb custom_css_main_element_last_edited=\u00bbon|desktop\u00bb custom_css_main_element_tablet=\u00bbdisplay: block;\u00bb custom_css_main_element_phone=\u00bbdisplay: block;\u00bb][et_pb_column type=\u00bb2_5&#8243; _builder_version=\u00bb4.23.1&#8243; _module_preset=\u00bbdefault\u00bb global_colors_info=\u00bb{}\u00bb][et_pb_image src=\u00bbhttps:\/\/tropica-verde.de\/wp-content\/uploads\/2024\/07\/6_Monte-Alto-Beet-2014.jpg\u00bb title_text=\u00bb6_Cama de Monte Alto 2014&#8243; _builder_version=\u00bb4.23.1&#8243; _module_preset=\u00bbdefault\u00bb global_colors_info=\u00bb{}\u00bb][\/et_pb_image][\/et_pb_column][et_pb_column type=\u00bb3_5&#8243; _builder_version=\u00bb4.23.1&#8243; _module_preset=\u00bbdefault\u00bb global_colors_info=\u00bb{}\u00bb][et_pb_text _builder_version=\u00bb4.23.1&#8243; _module_preset=\u00bb221ed18d-6ec8-47cb-bf2d-9b681ed24893&#8243; text_font=\u00bb|600|||||||\u00bb text_text_color=\u00bb#ff6a09&#8243; text_font_size=\u00bb20px\u00bb custom_margin=\u00bb0px||0px||false|false\u00bb custom_padding=\u00bb0px||0px||false|false\u00bb text_font_size_tablet=\u00bb18px\u00bb text_font_size_phone=\u00bb16px\u00bb text_font_size_last_edited=\u00bbon|phone\u00bb global_colors_info=\u00bb{}\u00bb]<\/p>\n<p>Instalaci\u00f3n | Todas las edades<\/p>\n<p>[\/et_pb_text][et_pb_text _builder_version=\u00bb4.23.1&#8243; _module_preset=\u00bb221ed18d-6ec8-47cb-bf2d-9b681ed24893&#8243; text_text_color=\u00bb#ffffff\u00bb header_text_color=\u00bb#006B46&#8243; header_font_size=\u00bb36px\u00bb header_2_text_color=\u00bb#006B46&#8243; header_2_font_size=\u00bb36px\u00bb header_3_font=\u00bbSource Sans 3|700|||||||\u00bb header_3_text_color=\u00bb#575656&#8243; header_3_font_size=\u00bb30px\u00bb header_font_size_tablet=\u00bb30px\u00bb header_font_size_phone=\u00bb24px\u00bb header_font_size_last_edited=\u00bbon|phone\u00bb header_2_font_size_tablet=\u00bb30px\u00bb header_2_font_size_phone=\u00bb24px\u00bb header_2_font_size_last_edited=\u00bbon|desktop\u00bb header_3_font_size_tablet=\u00bb24px\u00bb header_3_font_size_phone=\u00bb20px\u00bb header_3_font_size_last_edited=\u00bbon|phone\u00bb global_colors_info=\u00bb{}\u00bb]<\/p>\n<h3>Plantas de Monte Alto en el Jard\u00edn Bot\u00e1nico<\/h3>\n<p>[\/et_pb_text][et_pb_text _builder_version=\u00bb4.23.1&#8243; _module_preset=\u00bb221ed18d-6ec8-47cb-bf2d-9b681ed24893&#8243; text_text_color=\u00bb#575656&#8243; global_colors_info=\u00bb{}\u00bb]<\/p>\n<p>Visita el Tropicarium en el jard\u00edn bot\u00e1nico y descubre c\u00f3mo vive el peque\u00f1o oso hormiguero en la \u00e1rea de Monte Alto. Aqu\u00ed crecen plantas originales de nuestra zona protegida <a href=\"https:\/\/tropica-verde.de\/es\/proyectos\/monte-alto\/\">Reserva Forestal Monte Alto<\/a> de Costa Rica. El <a href=\"https:\/\/tropica-verde.de\/es\/invitado-en-el-podcast-de-video-palmengarten-frankfurt\/\" target=\"_blank\" rel=\"noopener\">podcast de v\u00eddeo Jard\u00edn Bot\u00e1nico<\/a> est\u00e1 haciendo que nuestro terreno sea cada vez m\u00e1s famoso.  Si te interesa, estaremos encantados de organizar una visita guiada. Ponte en contacto con la oficina de informaci\u00f3n.<\/p>\n<p>[\/et_pb_text][\/et_pb_column][\/et_pb_row][et_pb_row custom_padding_last_edited=\u00bbon|phone\u00bb _builder_version=\u00bb4.23.1&#8243; _module_preset=\u00bbdefault\u00bb background_color=\u00bb#ffffff\u00bb custom_padding=\u00bb0px|50px|60px|50px|false|false\u00bb custom_padding_tablet=\u00bb|25px|30px|25px|false|false\u00bb custom_padding_phone=\u00bb|25px|30px|25px|false|false\u00bb global_colors_info=\u00bb{}\u00bb][et_pb_column type=\u00bb4_4&#8243; _builder_version=\u00bb4.23.1&#8243; _module_preset=\u00bbdefault\u00bb global_colors_info=\u00bb{}\u00bb][et_pb_blurb image=\u00bbhttps:\/\/tropica-verde.de\/wp-content\/uploads\/\/wo.svg\u00bb icon_placement=\u00bbleft\u00bb image_icon_width=\u00bb20px\u00bb content_max_width=\u00bb100%\u00bb admin_label=\u00bbList - Wo\u00bb _builder_version=\u00bb4.23.1&#8243; _module_preset=\u00bbdefault\u00bb image_icon_custom_padding=\u00bb||||false|false\u00bb width=\u00bb100%\u00bb custom_margin=\u00bb2.75%||5px||false|false\u00bb custom_padding=\u00bb||||false|false\u00bb custom_css_blurb_image=\u00bbvertical-align: middle;\u00bb global_colors_info=\u00bb{}\u00bb content_max_width__hover_enabled=\u00bboff|desktop\u00bb]D\u00f3nde: Jard\u00edn Bot\u00e1nico de Fr\u00e1ncfort del Meno[\/et_pb_blurb][et_pb_blurb image=\u00bbhttps:\/\/tropica-verde.de\/wp-content\/uploads\/\/price.svg\u00bb icon_placement=\u00bbleft\u00bb image_icon_width=\u00bb20px\u00bb content_max_width=\u00bb100%\u00bb admin_label=\u00bbList - Preis\u00bb _builder_version=\u00bb4.23.1&#8243; _module_preset=\u00bbdefault\u00bb image_icon_custom_padding=\u00bb||||false|false\u00bb width=\u00bb100%\u00bb custom_margin=\u00bb||5px||false|false\u00bb custom_padding=\u00bb||||false|false\u00bb custom_css_blurb_image=\u00bbvertical-align: middle;\u00bb global_colors_info=\u00bb{}\u00bb content_max_width__hover_enabled=\u00bboff|desktop\u00bb]Precio: precio de entrada actual del Jard\u00edn Bot\u00e1nico[\/et_pb_blurb][et_pb_button button_url=\u00bbhttps:\/\/tropica-verde.de\/es\/contactenos\/\u00bb button_text=\u00bb\u00a1CONT\u00c1CTENOS!\u00bb _builder_version=\u00bb4.23.1&#8243; _module_preset=\u00bb8617b8d2-d6f7-4168-a0fd-624d6546b376&#8243; button_border_color=\u00bbRGBA(0,0,0,0)\u00bb custom_margin=\u00bb2.75%||||false|false\u00bb locked=\u00bboff\u00bb global_colors_info=\u00bb{}\u00bb][\/et_pb_button][\/et_pb_column][\/et_pb_row][\/et_pb_section][et_pb_section fb_built=\u00bb1&#8243; custom_padding_last_edited=\u00bbon|desktop\u00bb _builder_version=\u00bb4.23.1&#8243; _module_preset=\u00bbdefault\u00bb background_color=\u00bb#e9eeea\u00bb custom_margin=\u00bb||0px||false|false\u00bb custom_margin_last_edited=\u00bboff|tablet\u00bb custom_padding=\u00bb0px|100px|80px|100px|false|false\u00bb custom_padding_tablet=\u00bb0px|50px|50px|50px|false|false\u00bb custom_padding_phone=\u00bb0px|0px||0px|false|false\u00bb custom_css_main_element=\u00bbmax-width: 1200px;||margin: 0px auto 100px;\u00bb global_colors_info=\u00bb{}\u00bb custom_css_main_element_last_edited=\u00bbon|desktop\u00bb custom_css_main_element_tablet=\u00bbmargin: 0 auto 50px;\u00bb custom_css_main_element_phone=\u00bbmargin: 0 auto 50px;\u00bb][et_pb_row column_structure=\u00bb2_5,3_5&#8243; custom_padding_last_edited=\u00bbon|desktop\u00bb _builder_version=\u00bb4.23.1&#8243; _module_preset=\u00bbdefault\u00bb background_color=\u00bb#ffffff\u00bb custom_margin=\u00bb0px||0px||false|false\u00bb custom_padding=\u00bb60px|50px|10px|50px|false|false\u00bb custom_padding_tablet=\u00bb30px|25px||25px|false|false\u00bb custom_padding_phone=\u00bb30px|25px||25px|false|false\u00bb custom_css_main_element=\u00bbdisplay: flex;||align-items: flex-end;\u00bb global_colors_info=\u00bb{}\u00bb custom_css_main_element_last_edited=\u00bbon|desktop\u00bb custom_css_main_element_tablet=\u00bbdisplay: block;\u00bb custom_css_main_element_phone=\u00bbdisplay: block;\u00bb][et_pb_column type=\u00bb2_5&#8243; _builder_version=\u00bb4.23.1&#8243; _module_preset=\u00bbdefault\u00bb global_colors_info=\u00bb{}\u00bb][et_pb_image src=\u00bbhttps:\/\/tropica-verde.de\/wp-content\/uploads\/2024\/06\/umweltbildung-5-e1728079806634.jpg\u00bb alt=\u00bbVisita guiada interactiva en el Jard\u00edn Bot\u00e1nico\u00bb title_text=\u00bbVisita guiada interactiva en el Jard\u00edn Bot\u00e1nico\u00bb _builder_version=\u00bb4.23.1&#8243; _module_preset=\u00bbdefault\u00bb global_colors_info=\u00bb{}\u00bb][\/et_pb_image][\/et_pb_column][et_pb_column type=\u00bb3_5&#8243; _builder_version=\u00bb4.23.1&#8243; _module_preset=\u00bbdefault\u00bb global_colors_info=\u00bb{}\u00bb][et_pb_text _builder_version=\u00bb4.23.1&#8243; _module_preset=\u00bb221ed18d-6ec8-47cb-bf2d-9b681ed24893&#8243; text_text_color=\u00bb#ffffff\u00bb header_text_color=\u00bb#006B46&#8243; header_font_size=\u00bb36px\u00bb header_2_text_color=\u00bb#006B46&#8243; header_2_font_size=\u00bb36px\u00bb header_3_font=\u00bbSource Sans 3|700|||||||\u00bb header_3_text_color=\u00bb#575656&#8243; header_3_font_size=\u00bb30px\u00bb header_font_size_tablet=\u00bb30px\u00bb header_font_size_phone=\u00bb24px\u00bb header_font_size_last_edited=\u00bbon|phone\u00bb header_2_font_size_tablet=\u00bb30px\u00bb header_2_font_size_phone=\u00bb24px\u00bb header_2_font_size_last_edited=\u00bbon|desktop\u00bb header_3_font_size_tablet=\u00bb24px\u00bb header_3_font_size_phone=\u00bb20px\u00bb header_3_font_size_last_edited=\u00bbon|phone\u00bb global_colors_info=\u00bb{}\u00bb]<\/p>\n<h3>Ofertas educativas personalizadas sobre diversos temas, visitas guiadas, conferencias o stands<\/h3>\n<p>[\/et_pb_text][et_pb_text _builder_version=\u00bb4.23.1&#8243; _module_preset=\u00bb221ed18d-6ec8-47cb-bf2d-9b681ed24893&#8243; text_text_color=\u00bb#575656&#8243; global_colors_info=\u00bb{}\u00bb]<\/p>\n<p>Ofrecemos visitas guiadas personalizadas, presentaciones y stands informativos sobre temas como las selvas tropicales, el cultivo de la pi\u00f1a o el comportamiento de los consumidores; para celebraciones escolares y empresariales o cumplea\u00f1os. Cu\u00e9ntanos tus ideas y trabajaremos juntos para ver c\u00f3mo podemos hacerlas realidad. \u00a1Educaci\u00f3n medioambiental personalizada para cada situaci\u00f3n!  <\/p>\n<p>[\/et_pb_text][\/et_pb_column][\/et_pb_row][et_pb_row custom_padding_last_edited=\u00bbon|phone\u00bb _builder_version=\u00bb4.23.1&#8243; _module_preset=\u00bbdefault\u00bb background_color=\u00bb#ffffff\u00bb custom_padding=\u00bb0px|50px|60px|50px|false|false\u00bb custom_padding_tablet=\u00bb|25px|30px|25px|false|false\u00bb custom_padding_phone=\u00bb|25px|30px|25px|false|false\u00bb global_colors_info=\u00bb{}\u00bb][et_pb_column type=\u00bb4_4&#8243; _builder_version=\u00bb4.23.1&#8243; _module_preset=\u00bbdefault\u00bb global_colors_info=\u00bb{}\u00bb][et_pb_button button_url=\u00bbhttps:\/\/tropica-verde.de\/es\/contactenos\/\u00bb button_text=\u00bb\u00a1CONT\u00c1CTENOS!\u00bb _builder_version=\u00bb4.23.1&#8243; _module_preset=\u00bb8617b8d2-d6f7-4168-a0fd-624d6546b376&#8243; button_border_color=\u00bbRGBA(0,0,0,0)\u00bb custom_margin=\u00bb||||false|false\u00bb locked=\u00bboff\u00bb global_colors_info=\u00bb{}\u00bb][\/et_pb_button][\/et_pb_column][\/et_pb_row][\/et_pb_section][et_pb_section fb_built=\u00bb1&#8243; custom_padding_last_edited=\u00bbon|desktop\u00bb _builder_version=\u00bb4.23.1&#8243; _module_preset=\u00bbdefault\u00bb background_color=\u00bb#e9eeea\u00bb custom_margin=\u00bb||0px||false|false\u00bb custom_margin_last_edited=\u00bboff|tablet\u00bb custom_padding=\u00bb80px|100px|80px|100px|false|false\u00bb custom_padding_tablet=\u00bb50px|50px|50px|50px|false|false\u00bb custom_padding_phone=\u00bb|0px||0px|false|false\u00bb custom_css_main_element=\u00bbmax-width: 1200px;||margin: 100px auto;\u00bb global_colors_info=\u00bb{}\u00bb custom_css_main_element_last_edited=\u00bbon|phone\u00bb custom_css_main_element_tablet=\u00bbmargin: 50px auto;\u00bb custom_css_main_element_phone=\u00bbmargin: 50px auto;\u00bb][et_pb_row custom_padding_last_edited=\u00bbon|phone\u00bb _builder_version=\u00bb4.23.1&#8243; _module_preset=\u00bbdefault\u00bb background_enable_color=\u00bboff\u00bb custom_margin=\u00bb0px||0px||false|false\u00bb custom_padding=\u00bb0px|50px|50px|50px|false|false\u00bb custom_padding_tablet=\u00bb0px|25px||25px|false|false\u00bb custom_padding_phone=\u00bb0px|25px|25px|25px|false|false\u00bb custom_css_main_element=\u00bbdisplay: flex;||align-items: flex-end;\u00bb global_colors_info=\u00bb{}\u00bb custom_css_main_element_last_edited=\u00bbon|desktop\u00bb custom_css_main_element_tablet=\u00bbdisplay: block;\u00bb custom_css_main_element_phone=\u00bbdisplay: block;\u00bb][et_pb_column type=\u00bb4_4&#8243; _builder_version=\u00bb4.23.1&#8243; _module_preset=\u00bbdefault\u00bb global_colors_info=\u00bb{}\u00bb][et_pb_text _builder_version=\u00bb4.23.1&#8243; _module_preset=\u00bb221ed18d-6ec8-47cb-bf2d-9b681ed24893&#8243; text_text_color=\u00bb#ffffff\u00bb header_text_color=\u00bb#006B46&#8243; header_font_size=\u00bb36px\u00bb header_2_text_color=\u00bb#006B46&#8243; header_2_font_size=\u00bb36px\u00bb header_3_text_color=\u00bb#575656&#8243; header_3_font_size=\u00bb30px\u00bb header_font_size_tablet=\u00bb30px\u00bb header_font_size_phone=\u00bb24px\u00bb header_font_size_last_edited=\u00bbon|phone\u00bb header_2_font_size_tablet=\u00bb30px\u00bb header_2_font_size_phone=\u00bb24px\u00bb header_2_font_size_last_edited=\u00bbon|desktop\u00bb header_3_font_size_tablet=\u00bb24px\u00bb header_3_font_size_phone=\u00bb20px\u00bb header_3_font_size_last_edited=\u00bbon|phone\u00bb global_colors_info=\u00bb{}\u00bb]<\/p>\n<h2>Educaci\u00f3n medioambiental en acci\u00f3n: Adem\u00e1s de nuestras ofertas educativas, \u00a1tambi\u00e9n puedes organizar algo por tu cuenta o junto con nosotros!<\/h2>\n<p>[\/et_pb_text][et_pb_text _builder_version=\u00bb4.23.1&#8243; _module_preset=\u00bb221ed18d-6ec8-47cb-bf2d-9b681ed24893&#8243; text_text_color=\u00bb#575656&#8243; header_text_color=\u00bb#006B46&#8243; global_colors_info=\u00bb{}\u00bb]<\/p>\n<p>Cooperamos con clases escolares, asociaciones, redes, instituciones municipales y privadas y particulares. Nuestros colaboradores lanzan de forma independiente campa\u00f1as de donaciones para cumplea\u00f1os o iniciativas como \u00abCorte de pelo para el oso hormiguero\u00bb. En el esp\u00edritu de la <a href=\"https:\/\/tropica-verde.de\/es\/educacion-para-el-desarrollo-sostenible\/\">Educaci\u00f3n para el Desarrollo Sostenible<\/a>, apoyamos todas las ideas e iniciativas, as\u00ed que no hay l\u00edmites para tu creatividad: s\u00f3lo tienes que ponerte en contacto con nosotros. <a href=\"https:\/\/tropica-verde.de\/es\/contactenos\/\"><span style=\"color: #006b46;font-weight: bold\">\u00a1Ponte en contacto con nosotros!<\/span><\/a><\/p>\n<p>[\/et_pb_text][\/et_pb_column][\/et_pb_row][et_pb_row column_structure=\u00bb1_2,1_2&#8243; custom_padding_last_edited=\u00bbon|desktop\u00bb _builder_version=\u00bb4.23.1&#8243; _module_preset=\u00bbdefault\u00bb background_enable_color=\u00bboff\u00bb custom_padding=\u00bb0px|50px|0px|50px|false|false\u00bb custom_padding_tablet=\u00bb|25px|0px|25px|false|false\u00bb custom_padding_phone=\u00bb|25px|0px|25px|false|false\u00bb global_colors_info=\u00bb{}\u00bb][et_pb_column type=\u00bb1_2&#8243; _builder_version=\u00bb4.23.1&#8243; _module_preset=\u00bbdefault\u00bb global_colors_info=\u00bb{}\u00bb][et_pb_image src=\u00bbhttps:\/\/tropica-verde.de\/wp-content\/uploads\/2024\/06\/Zasob-10.svg\u00bb title_text=\u00bbZas\u00f3b 10&#8243; url=\u00bbhttps:\/\/tropica-verde.de\/es\/contactenos\/\u00bb url_new_window=\u00bbon\u00bb align=\u00bbcenter\u00bb _builder_version=\u00bb4.23.1&#8243; _module_preset=\u00bbdefault\u00bb max_width=\u00bb250px\u00bb global_colors_info=\u00bb{}\u00bb][\/et_pb_image][et_pb_text _builder_version=\u00bb4.23.1&#8243; _module_preset=\u00bb221ed18d-6ec8-47cb-bf2d-9b681ed24893&#8243; text_text_color=\u00bb#ffffff\u00bb header_text_color=\u00bb#006B46&#8243; header_font_size=\u00bb36px\u00bb header_2_text_color=\u00bb#006B46&#8243; header_2_font_size=\u00bb36px\u00bb header_3_font=\u00bbSource Sans 3|700|||||||\u00bb header_3_text_align=\u00bbcenter\u00bb header_3_text_color=\u00bb#575656&#8243; header_3_font_size=\u00bb30px\u00bb header_font_size_tablet=\u00bb30px\u00bb header_font_size_phone=\u00bb24px\u00bb header_font_size_last_edited=\u00bbon|phone\u00bb header_2_font_size_tablet=\u00bb30px\u00bb header_2_font_size_phone=\u00bb24px\u00bb header_2_font_size_last_edited=\u00bbon|desktop\u00bb header_3_font_size_tablet=\u00bb24px\u00bb header_3_font_size_phone=\u00bb20px\u00bb header_3_font_size_last_edited=\u00bbon|phone\u00bb global_colors_info=\u00bb{}\u00bb]<\/p>\n<h3>Organiza una convocatoria de donativos<\/h3>\n<p>[\/et_pb_text][\/et_pb_column][et_pb_column type=\u00bb1_2&#8243; _builder_version=\u00bb4.23.1&#8243; _module_preset=\u00bbdefault\u00bb global_colors_info=\u00bb{}\u00bb][et_pb_image src=\u00bbhttps:\/\/tropica-verde.de\/wp-content\/uploads\/2024\/06\/Zasob-11.svg\u00bb title_text=\u00bbZas\u00f3b 11&#8243; url=\u00bbhttps:\/\/tropica-verde.de\/es\/contactenos\/\u00bb url_new_window=\u00bbon\u00bb align=\u00bbcenter\u00bb admin_label=\u00bbImage\u00bb _builder_version=\u00bb4.23.1&#8243; _module_preset=\u00bbdefault\u00bb max_width=\u00bb250px\u00bb global_colors_info=\u00bb{}\u00bb][\/et_pb_image][et_pb_text _builder_version=\u00bb4.23.1&#8243; _module_preset=\u00bb221ed18d-6ec8-47cb-bf2d-9b681ed24893&#8243; text_text_color=\u00bb#ffffff\u00bb header_text_color=\u00bb#006B46&#8243; header_font_size=\u00bb36px\u00bb header_2_text_color=\u00bb#006B46&#8243; header_2_font_size=\u00bb36px\u00bb header_3_font=\u00bbSource Sans 3|700|||||||\u00bb header_3_text_align=\u00bbcenter\u00bb header_3_text_color=\u00bb#575656&#8243; header_3_font_size=\u00bb30px\u00bb header_font_size_tablet=\u00bb30px\u00bb header_font_size_phone=\u00bb24px\u00bb header_font_size_last_edited=\u00bbon|phone\u00bb header_2_font_size_tablet=\u00bb30px\u00bb header_2_font_size_phone=\u00bb24px\u00bb header_2_font_size_last_edited=\u00bbon|desktop\u00bb header_3_font_size_tablet=\u00bb24px\u00bb header_3_font_size_phone=\u00bb20px\u00bb header_3_font_size_last_edited=\u00bbon|phone\u00bb global_colors_info=\u00bb{}\u00bb]<\/p>\n<h3>Campa\u00f1as educativas conjuntas<\/h3>\n<p>[\/et_pb_text][\/et_pb_column][\/et_pb_row][\/et_pb_section][et_pb_section fb_built=\u00bb1&#8243; custom_padding_last_edited=\u00bbon|desktop\u00bb _builder_version=\u00bb4.23.1&#8243; _module_preset=\u00bbdefault\u00bb background_color=\u00bb#e9eeea\u00bb custom_margin=\u00bb||100px||false|false\u00bb custom_margin_tablet=\u00bb||50px||false|false\u00bb custom_margin_phone=\u00bb||50px||false|false\u00bb custom_margin_last_edited=\u00bbon|phone\u00bb custom_padding=\u00bb80px|100px|80px|100px|false|false\u00bb custom_padding_tablet=\u00bb50px|50px|50px|50px|false|false\u00bb custom_padding_phone=\u00bb|0px||0px|false|false\u00bb custom_css_main_element=\u00bbmax-width: 1200px;||margin: 100px auto;\u00bb global_colors_info=\u00bb{}\u00bb custom_css_main_element_last_edited=\u00bbon|phone\u00bb custom_css_main_element_tablet=\u00bbmargin: 50px auto;\u00bb custom_css_main_element_phone=\u00bbmargin: 50px auto;\u00bb][et_pb_row custom_padding_last_edited=\u00bbon|phone\u00bb _builder_version=\u00bb4.23.1&#8243; _module_preset=\u00bbdefault\u00bb background_enable_color=\u00bboff\u00bb custom_margin=\u00bb0px||0px||false|false\u00bb custom_padding=\u00bb0px|50px|50px|50px|false|false\u00bb custom_padding_tablet=\u00bb0px|25px||25px|false|false\u00bb custom_padding_phone=\u00bb0px|25px|25px|25px|false|false\u00bb custom_css_main_element=\u00bbdisplay: flex;||align-items: flex-end;\u00bb global_colors_info=\u00bb{}\u00bb custom_css_main_element_last_edited=\u00bbon|desktop\u00bb custom_css_main_element_tablet=\u00bbdisplay: block;\u00bb custom_css_main_element_phone=\u00bbdisplay: block;\u00bb][et_pb_column type=\u00bb4_4&#8243; _builder_version=\u00bb4.23.1&#8243; _module_preset=\u00bbdefault\u00bb global_colors_info=\u00bb{}\u00bb][et_pb_text _builder_version=\u00bb4.23.1&#8243; _module_preset=\u00bb221ed18d-6ec8-47cb-bf2d-9b681ed24893&#8243; text_text_color=\u00bb#ffffff\u00bb header_text_color=\u00bb#006B46&#8243; header_font_size=\u00bb36px\u00bb header_2_text_color=\u00bb#006B46&#8243; header_2_font_size=\u00bb36px\u00bb header_3_text_color=\u00bb#575656&#8243; header_3_font_size=\u00bb30px\u00bb header_font_size_tablet=\u00bb30px\u00bb header_font_size_phone=\u00bb24px\u00bb header_font_size_last_edited=\u00bbon|phone\u00bb header_2_font_size_tablet=\u00bb30px\u00bb header_2_font_size_phone=\u00bb24px\u00bb header_2_font_size_last_edited=\u00bbon|desktop\u00bb header_3_font_size_tablet=\u00bb24px\u00bb header_3_font_size_phone=\u00bb20px\u00bb header_3_font_size_last_edited=\u00bbon|phone\u00bb global_colors_info=\u00bb{}\u00bb]<\/p>\n<h2>Puestos de acci\u00f3n e informaci\u00f3n  <\/h2>\n<p>[\/et_pb_text][et_pb_text _builder_version=\u00bb4.23.1&#8243; _module_preset=\u00bb221ed18d-6ec8-47cb-bf2d-9b681ed24893&#8243; text_text_color=\u00bb#575656&#8243; header_text_color=\u00bb#006B46&#8243; global_colors_info=\u00bb{}\u00bb]<\/p>\n<p>Tropica Verde participa durante todo el a\u00f1o en eventos organizados por <a href=\"https:\/\/tropica-verde.de\/es\/partner\/\">socios con los que colabora<\/a> desde hace muchos a\u00f1os. Adem\u00e1s de informaci\u00f3n sobre la organizaci\u00f3n y sus proyectos, tambi\u00e9n ofrecemos actividades de educaci\u00f3n medioambiental para todas las edad. Estos eventos son organizados con gran compromiso por nuestros miembros y voluntarios. Puedes encontrarnos en estos eventos (regulares):<\/p>\n<p>[\/et_pb_text][et_pb_text _builder_version=\u00bb4.23.1&#8243; _module_preset=\u00bb221ed18d-6ec8-47cb-bf2d-9b681ed24893&#8243; text_font=\u00bbSource Sans 3|700|||||||\u00bb text_text_color=\u00bb#575656&#8243; text_font_size=\u00bb30px\u00bb text_line_height=\u00bb1.3em\u00bb header_text_color=\u00bb#006B46&#8243; header_font_size=\u00bb36px\u00bb header_2_text_color=\u00bb#006B46&#8243; header_2_font_size=\u00bb36px\u00bb header_3_font=\u00bbSource Sans 3|700|||||||\u00bb header_3_text_align=\u00bbcenter\u00bb header_3_text_color=\u00bb#575656&#8243; header_3_font_size=\u00bb30px\u00bb text_font_size_tablet=\u00bb24px\u00bb text_font_size_phone=\u00bb20px\u00bb text_font_size_last_edited=\u00bbon|desktop\u00bb header_font_size_tablet=\u00bb30px\u00bb header_font_size_phone=\u00bb24px\u00bb header_font_size_last_edited=\u00bbon|phone\u00bb header_2_font_size_tablet=\u00bb30px\u00bb header_2_font_size_phone=\u00bb24px\u00bb header_2_font_size_last_edited=\u00bbon|desktop\u00bb header_3_font_size_tablet=\u00bb24px\u00bb header_3_font_size_phone=\u00bb20px\u00bb header_3_font_size_last_edited=\u00bbon|phone\u00bb global_colors_info=\u00bb{}\u00bb]<\/p>\n<ul class=\"check-mark-list\">\n<li>Bolsa Verde de BioFrankfurt en el Jard\u00edn Bot\u00e1nico<\/li>\n<li>Semana de la campa\u00f1a \u00abExperimenta la biodiversidad\u00bb organizada por BioFrankfurt<\/li>\n<li>Jornadas de acci\u00f3n zool\u00f3gica organizadas por BioFrankfurt y la Sociedad Zool\u00f3gica de Fr\u00e1ncfort<\/li>\n<li>Parcour de la sostenibilidad organizado por la red \u00abAprender la sostenibilidad en Fr\u00e1ncfort\u00bb.<\/li>\n<li>Placa azul en el R\u00f6merberg de la red \u00abAprender la sostenibilidad en Fr\u00e1ncfort\u00bb.<\/li>\n<li>Semana de acci\u00f3n para cerrar el Mainkai<br \/>\npor la red \u00abAprender sostenibilidad en Frankfurt\u00bb.<\/li>\n<\/ul>\n<p>&#8230;\u00a1y mucho m\u00e1s![\/et_pb_text][et_pb_button button_url=\u00bbhttps:\/\/tropica-verde.de\/es\/eventos\/\u00bb button_text=\u00bbTODOS LOS EVENTOS\u00bb _builder_version=\u00bb4.23.1&#8243; _module_preset=\u00bb8617b8d2-d6f7-4168-a0fd-624d6546b376&#8243; button_border_color=\u00bbRGBA(0,0,0,0)\u00bb custom_margin=\u00bb||||false|false\u00bb locked=\u00bboff\u00bb global_colors_info=\u00bb{}\u00bb][\/et_pb_button][\/et_pb_column][\/et_pb_row][\/et_pb_section][et_pb_section fb_built=\u00bb1&#8243; custom_padding_last_edited=\u00bbon|desktop\u00bb disabled_on=\u00bboff|off|off\u00bb _builder_version=\u00bb4.23.1&#8243; _module_preset=\u00bbdefault\u00bb background_color=\u00bb#439095&#8243; custom_padding=\u00bb60px||60px||false|false\u00bb custom_padding_tablet=\u00bb0px||0px||false|false\u00bb custom_padding_phone=\u00bb||||false|false\u00bb locked=\u00bboff\u00bb global_colors_info=\u00bb{}\u00bb][et_pb_row column_structure=\u00bb1_2,1_2&#8243; custom_padding_last_edited=\u00bbon|desktop\u00bb _builder_version=\u00bb4.23.1&#8243; _module_preset=\u00bbdefault\u00bb custom_margin_last_edited=\u00bboff|desktop\u00bb custom_padding=\u00bb30px||||false|false\u00bb custom_padding_tablet=\u00bb0px||||false|false\u00bb custom_padding_phone=\u00bb||||false|false\u00bb custom_css_main_element=\u00bbdisplay: flex;||align-items: center;\u00bb global_colors_info=\u00bb{}\u00bb custom_css_main_element_last_edited=\u00bbon|desktop\u00bb custom_css_main_element_tablet=\u00bbflex-direction: column-reverse;||display: flex;\u00bb custom_css_main_element_phone=\u00bbflex-direction: column-reverse;||display: flex;\u00bb][et_pb_column type=\u00bb1_2&#8243; _builder_version=\u00bb4.23.1&#8243; _module_preset=\u00bbdefault\u00bb global_colors_info=\u00bb{}\u00bb][et_pb_text _builder_version=\u00bb4.23.1&#8243; _module_preset=\u00bb221ed18d-6ec8-47cb-bf2d-9b681ed24893&#8243; text_text_color=\u00bb#ffffff\u00bb header_font_size=\u00bb36px\u00bb header_2_text_color=\u00bb#ffffff\u00bb header_2_font_size=\u00bb40px\u00bb header_font_size_tablet=\u00bb30px\u00bb header_font_size_phone=\u00bb24px\u00bb header_font_size_last_edited=\u00bbon|phone\u00bb global_colors_info=\u00bb{}\u00bb]<\/p>\n<h2>IGS NORDEND: Cooperaci\u00f3n duradera para la protecci\u00f3n del clima<\/h2>\n<p>[\/et_pb_text][et_pb_text _builder_version=\u00bb4.23.1&#8243; _module_preset=\u00bb221ed18d-6ec8-47cb-bf2d-9b681ed24893&#8243; text_text_color=\u00bb#ffffff\u00bb global_colors_info=\u00bb{}\u00bb]<\/p>\n<p>IGS Nordend de Fr\u00e1ncfort lleva a\u00f1os colaborando regularmente con Tropica Verde. En 2014, la escuela complet\u00f3 su primera carrera ben\u00e9fica para ser neutra en emisiones de CO2. Como escuela ahorradora de energ\u00eda, ahorra 60 toneladas de CO2 y 15.000 euros al a\u00f1o. El CO2 inevitable se compensa plantando \u00e1rboles con Tropica Verde. Los donativos recaudados por los alumnos, por ejemplo durante una carrera ben\u00e9fica, sirven para apoyar las campa\u00f1as de reforestaci\u00f3n de Monte Alto o de la Reserva Kinkajou.    Junto con el proyecto EnergIGS, Tropica Verde participa en actos como el Festival Medioambiental del Meno. IGS Nordend gan\u00f3 el concurso \u00abCampe\u00f3n del Ahorro Energ\u00e9tico\u00bb en 2021. La IGS incluso produjo un v\u00eddeo en diciembre de 2024 que ofrece una visi\u00f3n de las campa\u00f1as de educaci\u00f3n medioambiental, informaci\u00f3n sobre Tropica Verde y recomendaciones sobre c\u00f3mo hacer compras respetuosas con la selva tropical. Puedes obtener m\u00e1s informaci\u00f3n sobre las actividades individuales de nuestra cooperaci\u00f3n aqu\u00ed: <\/p>\n<ul>\n<li><span style=\"font-size: 17px\"><\/span><a href=\"https:\/\/tropica-verde.de\/es\/igs-nordend-hace-una-donacion-a-la-selva-tropical\/\" target=\"_blank\" rel=\"noopener\" style=\"font-size: 17px\">Entrega de donativos en la fiesta de verano 2023<\/a><\/li>\n<li><a href=\"https:\/\/tropica-verde.de\/es\/igs-campeon-ahorro-energia-2021-hesse\/\" style=\"font-size: 17px\" target=\"_blank\" rel=\"noopener\">IGS Nordend se convierte en Campe\u00f3n de Ahorro Energ\u00e9tico de Hesse 2021<\/a><\/li>\n<li><a href=\"https:\/\/tropica-verde.de\/es\/igs-nordend-corre-por-la-selva-tropical\/\" target=\"_blank\" rel=\"noopener\">Carrera solidaria 2019: \u00c1rboles para la Reserva Kinkajou<\/a><\/li>\n<li><a href=\"https:\/\/tropica-verde.de\/es\/reforestacion-prevista-en-nuestra-nueva-propiedad-finca-alicia\/\" target=\"_blank\" rel=\"noopener\">Reforestaci\u00f3n prevista en Finca Alicia - incluyendo \u00abhect\u00e1reas IGS\u00bb<\/a><\/li>\n<li><a href=\"https:\/\/tropica-verde.de\/es\/los-alumnos-donan-arboles\/\" target=\"_blank\" rel=\"noopener\">M\u00e1s de 5000 euros recaudados para Monte Alto<\/a><\/li>\n<li><a href=\"https:\/\/tropica-verde.de\/es\/los-alumnos-donan-arboles-para-el-oso-hormiguero\/\" target=\"_blank\" rel=\"noopener\">2\u00aa Carrera ben\u00e9fica de la IGS a favor de la Reserva Monte Alto<\/a><\/li>\n<\/ul>\n<p>&nbsp;<\/p>\n<p>[\/et_pb_text][\/et_pb_column][et_pb_column type=\u00bb1_2&#8243; _builder_version=\u00bb4.23.1&#8243; _module_preset=\u00bbdefault\u00bb background_enable_image=\u00bboff\u00bb custom_padding=\u00bb30px||0px||false|false\u00bb custom_padding_tablet=\u00bb0px||30px||false|false\u00bb custom_padding_phone=\u00bb||||false|false\u00bb custom_padding_last_edited=\u00bbon|tablet\u00bb global_colors_info=\u00bb{}\u00bb custom_css_main_element_last_edited=\u00bboff|desktop\u00bb][et_pb_image src=\u00bbhttps:\/\/tropica-verde.de\/wp-content\/uploads\/2024\/07\/7_IGS_Schule-CO2_neutral_machen_20190909.jpeg\u00bb alt=\u00bbLos ni\u00f1os descubren la naturaleza en la plataforma de observaci\u00f3n del centro de educaci\u00f3n medioambiental de Monte Alto\u00bb title_text=\u00bb7_IGS_Schule CO2_neutral_machen_20190909&#8243; _builder_version=\u00bb4.23.1&#8243; _module_preset=\u00bbdefault\u00bb global_colors_info=\u00bb{}\u00bb][\/et_pb_image][\/et_pb_column][\/et_pb_row][et_pb_row _builder_version=\u00bb4.23.1&#8243; _module_preset=\u00bbdefault\u00bb global_colors_info=\u00bb{}\u00bb][et_pb_column type=\u00bb4_4&#8243; _builder_version=\u00bb4.23.1&#8243; _module_preset=\u00bbdefault\u00bb global_colors_info=\u00bb{}\u00bb][et_pb_text _builder_version=\u00bb4.27.4&#8243; _module_preset=\u00bbdefault\u00bb global_colors_info=\u00bb{}\u00bb]<\/p>\n<h3><span style=\"color: #c2dbe0\">Pel\u00edcula del grupo EnergIGS de IGS Nordend | Sobre cooperaci\u00f3n, espect\u00e1culo en la selva y educaci\u00f3n medioambiental<\/span><\/h3>\n<p>[\/et_pb_text][et_pb_video src=\u00bbhttps:\/\/www.youtube.com\/watch?v=NG8vt3XHCek\u00bb _builder_version=\u00bb4.23.1&#8243; _module_preset=\u00bbdefault\u00bb custom_padding=\u00bb0px|||||\u00bb global_colors_info=\u00bb{}\u00bb][\/et_pb_video][\/et_pb_column][\/et_pb_row][\/et_pb_section][et_pb_section fb_built=\u00bb1&#8243; _builder_version=\u00bb4.23.1&#8243; _module_preset=\u00bbdefault\u00bb background_color=\u00bb#C2DBE0&#8243; min_height=\u00bb131.8px\u00bb custom_margin=\u00bb100px||100px||false|false\u00bb custom_margin_tablet=\u00bb50px||50px||false|false\u00bb custom_margin_phone=\u00bb50px||50px||false|false\u00bb custom_margin_last_edited=\u00bbon|tablet\u00bb locked=\u00bboff\u00bb global_colors_info=\u00bb{}\u00bb][et_pb_row _builder_version=\u00bb4.16&#8243; _module_preset=\u00bbdefault\u00bb global_colors_info=\u00bb{}\u00bb][et_pb_column type=\u00bb4_4&#8243; _builder_version=\u00bb4.16&#8243; _module_preset=\u00bbdefault\u00bb global_colors_info=\u00bb{}\u00bb][et_pb_text _builder_version=\u00bb4.23.1&#8243; _module_preset=\u00bb221ed18d-6ec8-47cb-bf2d-9b681ed24893&#8243; header_2_text_align=\u00bbcenter\u00bb header_2_text_color=\u00bb#006B46&#8243; header_2_font_size=\u00bb36px\u00bb header_3_text_align=\u00bbcenter\u00bb header_3_font_size=\u00bb36px\u00bb header_2_font_size_tablet=\u00bb30px\u00bb header_2_font_size_phone=\u00bb24px\u00bb header_2_font_size_last_edited=\u00bbon|phone\u00bb global_colors_info=\u00bb{}\u00bb]<\/p>\n<h2>Noticias sobre nuestras campa\u00f1as y proyectos educativos<\/h2>\n<p>[\/et_pb_text][\/et_pb_column][\/et_pb_row][\/et_pb_section][et_pb_section fb_built=\u00bb1&#8243; _builder_version=\u00bb4.23.1&#8243; _module_preset=\u00bbdefault\u00bb custom_margin=\u00bb100px||100px||false|false\u00bb custom_margin_tablet=\u00bb50px||50px||false|false\u00bb custom_margin_phone=\u00bb50px||50px||false|false\u00bb custom_margin_last_edited=\u00bbon|tablet\u00bb custom_padding=\u00bb0px||0px||false|false\u00bb locked=\u00bboff\u00bb global_colors_info=\u00bb{}\u00bb][et_pb_row _builder_version=\u00bb4.23.1&#8243; _module_preset=\u00bbdefault\u00bb custom_margin=\u00bb0px||0px||false|false\u00bb custom_padding=\u00bb0px||0px||false|false\u00bb global_colors_info=\u00bb{}\u00bb][et_pb_column type=\u00bb4_4&#8243; _builder_version=\u00bb4.16&#8243; _module_preset=\u00bbdefault\u00bb global_colors_info=\u00bb{}\u00bb][et_pb_blog fullwidth=\u00bboff\u00bb posts_number=\u00bb3&#8243; include_categories=\u00bb46&#8243; meta_date=\u00bbj. F Y\u00bb show_more=\u00bbon\u00bb show_author=\u00bboff\u00bb module_class=\u00bbdt-blog-equal-height\u00bb _builder_version=\u00bb4.27.4&#8243; global_colors_info=\u00bb{}\u00bb][\/et_pb_blog][\/et_pb_column][\/et_pb_row][\/et_pb_section]<\/p>\n","protected":false},"excerpt":{"rendered":"<p>La conciencia de c\u00f3mo nuestro comportamiento influye en la naturaleza y en las interacciones de nuestro planeta es la clave de la transformaci\u00f3n global. Por eso Tropica Verde promueve activamente la educaci\u00f3n en guarder\u00edas, escuelas, universidades y centros de aprendizaje extraescolar, en Costa Rica, Alemania, Suiza y ahora tambi\u00e9n en Internet.Educaci\u00f3n medioambiental en AlemaniaTropica Verde [&hellip;]<\/p>\n","protected":false},"author":5,"featured_media":250260,"parent":5838,"menu_order":13,"comment_status":"closed","ping_status":"closed","template":"","meta":{"_et_pb_use_builder":"on","_et_pb_old_content":"","_et_gb_content_width":"","inline_featured_image":false,"footnotes":""},"class_list":["post-243967","page","type-page","status-publish","has-post-thumbnail","hentry"],"_links":{"self":[{"href":"https:\/\/tropica-verde.de\/es\/wp-json\/wp\/v2\/pages\/243967","targetHints":{"allow":["GET"]}}],"collection":[{"href":"https:\/\/tropica-verde.de\/es\/wp-json\/wp\/v2\/pages"}],"about":[{"href":"https:\/\/tropica-verde.de\/es\/wp-json\/wp\/v2\/types\/page"}],"author":[{"embeddable":true,"href":"https:\/\/tropica-verde.de\/es\/wp-json\/wp\/v2\/users\/5"}],"replies":[{"embeddable":true,"href":"https:\/\/tropica-verde.de\/es\/wp-json\/wp\/v2\/comments?post=243967"}],"version-history":[{"count":57,"href":"https:\/\/tropica-verde.de\/es\/wp-json\/wp\/v2\/pages\/243967\/revisions"}],"predecessor-version":[{"id":250820,"href":"https:\/\/tropica-verde.de\/es\/wp-json\/wp\/v2\/pages\/243967\/revisions\/250820"}],"up":[{"embeddable":true,"href":"https:\/\/tropica-verde.de\/es\/wp-json\/wp\/v2\/pages\/5838"}],"wp:featuredmedia":[{"embeddable":true,"href":"https:\/\/tropica-verde.de\/es\/wp-json\/wp\/v2\/media\/250260"}],"wp:attachment":[{"href":"https:\/\/tropica-verde.de\/es\/wp-json\/wp\/v2\/media?parent=243967"}],"curies":[{"name":"wp","href":"https:\/\/api.w.org\/{rel}","templated":true}]}}