{"id":243834,"date":"2024-06-26T13:15:41","date_gmt":"2024-06-26T11:15:41","guid":{"rendered":"https:\/\/tropica-verde.de\/la-educacion-medioambiental-en-alemania\/"},"modified":"2026-07-21T15:38:30","modified_gmt":"2026-07-21T13:38:30","slug":"la-educacion-medioambiental-en-alemania","status":"publish","type":"page","link":"https:\/\/tropica-verde.de\/es\/la-educacion-medioambiental-en-alemania\/","title":{"rendered":"La educaci\u00f3n medioambiental en Alemania"},"content":{"rendered":"\n<div class=\"et_pb_section_0 et_pb_section et_pb_fullwidth_section et_section_regular et_block_section\"><section class=\"et_pb_fullwidth_header_0 et_pb_fullwidth_header et_pb_bg_layout_dark et_pb_text_align_left et_pb_module et_flex_module preset--module--divi-fullwidth-header--default\"><div class=\"et_pb_fullwidth_header_container left\"><div class=\"header-content-container center\"><div class=\"header-content et_flex_module\"><h1 class=\"et_pb_module_header\">CONSERVACI\u00d3N DE LA NATURALEZA MEDIANTE  &lt;br&gt;EDUCACI\u00d3N MEDIOAMBIENTAL<\/h1><div class=\"et_pb_header_button_wrapper\"><a class=\"et_pb_button et_pb_more_button et_pb_button_one\" href=\"https:\/\/tropica-verde.de\/es\/proyectos\/educacion-ambiental\/\">En Costa Rica<\/a><a class=\"et_pb_button et_pb_more_button et_pb_button_two\" href=\"https:\/\/tropica-verde.de\/es\/proyectos\/educacion-medioambiental-en-alemania\/\">En Alemania<\/a><\/div><\/div><\/div><\/div><div class=\"et_pb_fullwidth_header_overlay\"><\/div><div class=\"et_pb_fullwidth_header_scroll\"><\/div><\/section><\/div><div class=\"et_pb_section_1 et_pb_section et_section_regular et_block_section\"><div class=\"et_pb_row_0 et_pb_row et_block_row\"><div class=\"et_pb_column_0 et_pb_column et_pb_column_4_4 et-last-child et_block_column et_pb_css_mix_blend_mode_passthrough\"><div class=\"et_pb_text_0 et_pb_text et_pb_bg_layout_light et_pb_module et_block_module preset--module--divi-text--default\"><div class=\"et_pb_text_inner\"><h2>Comprender c\u00f3mo influye nuestro comportamiento en la naturaleza es la clave de la transformaci\u00f3n global. Por eso Tropica Verde est\u00e1 presente en guarder\u00edas, escuelas, universidades y centros de aprendizaje extraescolar, en Costa Rica, Alemania, Suiza y ahora tambi\u00e9n en Internet.<\/h2>\n<\/div><\/div><\/div><\/div><\/div><div class=\"et_pb_section_2 et_pb_section et_section_regular et_block_section\"><div class=\"et_pb_row_1 et_pb_row et_block_row\"><div class=\"et_pb_column_1 et_pb_column et_pb_column_1_2 et_block_column et_pb_css_mix_blend_mode_passthrough\"><div class=\"et_pb_text_1 et_pb_text et_pb_bg_layout_light et_pb_module et_block_module preset--module--divi-text--default\"><div class=\"et_pb_text_inner\"><h2>Educaci\u00f3n medioambiental en Alemania<\/h2>\n<\/div><\/div><div class=\"et_pb_text_2 et_pb_text et_pb_bg_layout_light et_pb_module et_block_module preset--module--divi-text--default\"><div class=\"et_pb_text_inner\"><p>Tropica Verde promueve la educaci\u00f3n medioambiental en Alemania desde 1989. Mucha gente no se da cuenta de que los bosques tropicales de Costa Rica se talan para producir pl\u00e1tanos, pi\u00f1as y aceite de palma. Nuestros programas educativos transmiten que s\u00f3lo podemos proteger nuestro planeta si trabajamos juntos. La selva tropical puede conservarse mediante la cooperaci\u00f3n y procesos innovadores. La educaci\u00f3n para el desarrollo sostenible es la clave para dar forma a estos cambios. Entonces, \u00bfc\u00f3mo podemos promover la protecci\u00f3n de los tr\u00f3picos en Costa Rica mediante la sensibilizaci\u00f3n?<\/p>\n<\/div><\/div><\/div><div class=\"et_pb_column_2 et_pb_column et_pb_column_1_2 et-last-child et_block_column et_pb_css_mix_blend_mode_passthrough\"><div class=\"et_pb_image_0 et_pb_image et_pb_module et_block_module\"><span class=\"et_pb_image_wrap\"><img loading=\"lazy\" decoding=\"async\" src=\"https:\/\/tropica-verde.de\/wp-content\/uploads\/2024\/07\/1_Aktionsstand_Leute-am-Stand_3_Einverstaendnis-liegt-vor.jpg\" width=\"1200\" height=\"900\" class=\"wp-image-244301\" alt=\"Los ni\u00f1os descubren la naturaleza en la plataforma de observaci\u00f3n del centro de educaci\u00f3n medioambiental de Monte Alto\" title=\"1_Puesto de acci\u00f3n_Personas en el puesto_3_Se ha dado el consentimiento\" \/><\/span><\/div><\/div><\/div><\/div><div class=\"et_pb_section_3 et_pb_section et_section_regular et_block_section\"><div class=\"et_pb_row_2 et_pb_row et_block_row\"><div class=\"et_pb_column_3 et_pb_column et_pb_column_4_4 et-last-child et_block_column et_pb_css_mix_blend_mode_passthrough\"><div class=\"et_pb_text_3 et_pb_text et_pb_bg_layout_light et_pb_module et_block_module preset--module--divi-text--default\"><div class=\"et_pb_text_inner\"><h2>Programas educativos reservables para<br \/>todas las generaciones<\/h2>\n<\/div><\/div><\/div><\/div><div class=\"et_pb_row_3 et_pb_row et_block_row\"><div class=\"et_pb_column_4 et_pb_column et_pb_column_2_5 et_block_column et_pb_css_mix_blend_mode_passthrough\"><div class=\"et_pb_image_1 et_pb_image et_pb_module et_block_module\"><span class=\"et_pb_image_wrap\"><img loading=\"lazy\" decoding=\"async\" src=\"https:\/\/tropica-verde.de\/wp-content\/uploads\/2024\/06\/umweltbildung-3.jpg\" width=\"1000\" height=\"1000\" class=\"wp-image-243789\" title=\"educaci\u00f3n ambiental-3\" alt=\"\"><\/span><\/div><\/div><div class=\"et_pb_column_5 et_pb_column et_pb_column_3_5 et-last-child et_block_column et_pb_css_mix_blend_mode_passthrough\"><div class=\"et_pb_text_4 et_pb_text et_pb_bg_layout_light et_pb_module et_block_module preset--module--divi-text--default\"><div class=\"et_pb_text_inner\"><p>Espect\u00e1culo multimedia | todas las generaciones<\/p>\n<\/div><\/div><div class=\"et_pb_text_5 et_pb_text et_pb_bg_layout_light et_pb_module et_block_module preset--module--divi-text--default\"><div class=\"et_pb_text_inner\"><h3>La fascinaci\u00f3n de la selva tropical: \u00fanica, misteriosa, en peligro de extinci\u00f3n<\/h3>\n<\/div><\/div><div class=\"et_pb_text_6 et_pb_text et_pb_bg_layout_light et_pb_module et_block_module preset--module--divi-text--default\"><div class=\"et_pb_text_inner\"><p>D\u00e9jate inspirar por nuestros coloridos espect\u00e1culos multimedia sobre la selva tropical, Tropica Verde y la biodiversidad de Costa Rica. Experim\u00e9ntalo online o en directo, \u00a1como t\u00fa quieras!<\/p>\n<\/div><\/div><\/div><\/div><div class=\"et_pb_row_4 et_pb_row et_block_row\"><div class=\"et_pb_column_6 et_pb_column et_pb_column_4_4 et-last-child et_block_column et_pb_css_mix_blend_mode_passthrough\"><div class=\"et_pb_text_7 et_pb_text et_pb_bg_layout_light et_pb_module et_block_module preset--module--divi-text--default\"><div class=\"et_pb_text_inner\"><p>\u00a1Descubre la selva tropical de Costa Rica! Los coloridos espect\u00e1culos multimedia sobre los proyectos de Tropica Verde y la biodiversidad de la selva tropical te sorprender\u00e1n. Fotos impresionantes e historias apasionantes hacen tangible la selva tropical. El Dr. Stefan Rother, bi\u00f3logo y cofundador de Tropica Verde, visita guarder\u00edas, colegios, universidades, empresas, residencias de ancianos e instituciones p\u00fablicas de Alemania y Suiza. El espect\u00e1culo tambi\u00e9n puede reservarse para eventos privados y como evento mundial en l\u00ednea.<\/p>\n<p class=\"icon-list\"><svg data-name=\"Warstwa 2\" xmlns=\"http:\/\/www.w3.org\/2000\/svg\" viewbox=\"0 0 20.56 24.98\" style=\"width:20px; height auto;\"><path d=\"M13 3V.5c0-.27-.23-.5-.5-.5H7.51c-.27 0-.5.22-.5.5V3c0 .27.23.5.5.5h4.99c.27 0 .5-.23.5-.5M9.53 20.23l-.11 1.24c.19.02.38.02.56.02s.36 0 .55-.02.02 0 .02 0l-.06-.58-.07-.66c-.3.03-.61.03-.9 0m-4.79-5.24c0-.15 0-.3.02-.45l-1.24-.11c-.02.18-.02.37-.02.56s0 .37.02.55v.02l1.24-.12c-.01-.15-.02-.3-.02-.45m1.87-4.02-.8-.96c-.29.24-.56.51-.8.8l.96.8c.2-.23.41-.45.65-.65m-.8 9 .8-.96a4.99 4.99 0 0 1-.65-.65l-.96.8c.24.29.51.56.8.8m4.65-10.21.11-1.24c-.37-.03-.77-.03-1.12 0H9.4l.13 1.25c.31-.03.62-.02.92 0m4.13 1.04c.09-.11.08-.27-.02-.37-.1-.1-.26-.11-.37-.02l-3.71 2.94c-.16-.05-.33-.08-.51-.08-.45 0-.89.17-1.24.51a1.75 1.75 0 0 0 0 2.47c.34.34.79.51 1.24.51s.9-.17 1.24-.51c.47-.47.62-1.15.43-1.75l2.94-3.71Zm.37 8.38-.96-.8c-.2.23-.41.45-.65.65l.8.96c.29-.24.56-.51.8-.8M16.47 15c0-.18 0-.37-.02-.55v-.03l-.67.08h-.58v.05c.01.15.02.3.02.45s0 .31-.02.46l1.24.11c.02-.19.03-.38.03-.57m.99 0c0 4.13-3.36 7.5-7.5 7.5s-7.49-3.36-7.49-7.49c0-4.13 3.36-7.49 7.49-7.49 2 0 3.88.78 5.3 2.19 1.42 1.42 2.2 3.3 2.2 5.3m2.5 0c0-5.52-4.47-9.99-9.99-9.99S0 9.47 0 14.99c0 5.52 4.47 9.99 9.99 9.99s9.99-4.47 9.99-9.99m.43-9.36-1.06-1.06a.513.513 0 0 0-.71 0l-1.06 1.06c-.19.19-.19.51 0 .71l1.06 1.06c.19.19.51.19.71 0l1.06-1.06c.19-.19.19-.51 0-.71\" style=\"fill:#238da2;stroke-width:0\" data-name=\"Warstwa 1\"\/><\/svg>Duraci\u00f3n: 90 minutos<br \/>\n<svg data-name=\"Warstwa 2\" xmlns=\"http:\/\/www.w3.org\/2000\/svg\" viewbox=\"0 0 20.97 20.97\" style=\"width:20px; height auto;\"><path d=\"M10.49 10.54c1.4 0 2.54-1.14 2.54-2.54s-1.14-2.54-2.54-2.54S7.95 6.6 7.95 8s1.14 2.54 2.54 2.54m4.94-2.45c0 3.62-4.94 9.82-4.94 9.82s-4.94-6.26-4.94-9.82c0-2.73 2.21-5.03 4.94-5.03s4.94 2.3 4.94 5.03m5.55 2.4C20.97 4.69 16.28 0 10.49 0S0 4.69 0 10.49s4.69 10.49 10.49 10.49 10.49-4.7 10.49-10.49\" style=\"fill:#238da2;stroke-width:0\" data-name=\"Warstwa 1\"\/><\/svg>D\u00f3nde: Alemania, Suiza o en l\u00ednea<br \/>\n<svg id=\"Warstwa_2\" data-name=\"Warstwa 2\" xmlns=\"http:\/\/www.w3.org\/2000\/svg\" viewbox=\"0 0 26.55 15.49\"><g id=\"Warstwa_1-2\" data-name=\"Warstwa 1\"><path class=\"cls-1\" d=\"M13.28 8.85c-3.67 0-6.64 2.97-6.64 6.64h13.28c0-3.67-2.97-6.64-6.64-6.64M21.24 8.85c1.83 0 3.32-1.49 3.32-3.32s-1.49-3.32-3.32-3.32-3.32 1.49-3.32 3.32 1.49 3.32 3.32 3.32M21.24 9.44c-.89 0-1.73.22-2.46.61a7.689 7.689 0 0 1 2.24 5.44h5.48a5.313 5.313 0 0 0-5.26-6.05M5.31 9.44a5.313 5.313 0 0 0-5.26 6.05h5.48c0-2.12.86-4.04 2.24-5.44a5.24 5.24 0 0 0-2.46-.61M13.28 7.74c2.14 0 3.87-1.73 3.87-3.87S15.42 0 13.28 0 9.41 1.73 9.41 3.87s1.73 3.87 3.87 3.87M5.31 8.85c1.83 0 3.32-1.49 3.32-3.32S7.14 2.21 5.31 2.21 1.99 3.7 1.99 5.53s1.49 3.32 3.32 3.32\"\/><\/g><\/svg>Para qui\u00e9n es adecuado: Todas las generaciones<br \/>\n<svg data-name=\"Warstwa 2\" xmlns=\"http:\/\/www.w3.org\/2000\/svg\" viewbox=\"0 0 20.97 20.97\"><g data-name=\"Warstwa 1\"><path d=\"M10.49 20.97c5.79 0 10.49-4.69 10.49-10.49S16.28 0 10.49 0 0 4.69 0 10.49s4.7 10.49 10.49 10.49\" fill=\"#238da2\"\/><path d=\"M5.28 12.26h8.04v-1.2H6.66l-1.38.1v1.1Zm0-2.33h8.82v-1.2H6.67l-1.39.1v1.1Zm6.35 6.98c1.58 0 2.82-.66 3.83-1.8l-1.27-1.17c-.69.78-1.42 1.2-2.43 1.2-1.96 0-3.12-1.75-3.12-4.69s1.11-4.62 3.15-4.62c.91 0 1.6.41 2.23.99l1.27-1.24c-.86-.91-2.1-1.52-3.42-1.52-3.27 0-5.5 2.42-5.5 6.47s2.2 6.37 5.26 6.37\" fill=\"#fff\"\/><\/g><\/svg>Precio: a partir de 450 euros, var\u00eda seg\u00fan el lugar y los participantes; 15% de descuento para los afiliados<br \/>\n<svg data-name=\"Warstwa 2\" xmlns=\"http:\/\/www.w3.org\/2000\/svg\" viewbox=\"0 0 20.22 20.97\"><path d=\"M6.22 3.78V1.22C6.22.55 5.65 0 4.96 0S3.7.55 3.7 1.22v2.55c0 .67.57 1.22 1.26 1.22s1.26-.55 1.26-1.22m5.14 0V1.22C11.36.55 10.79 0 10.1 0S8.84.55 8.84 1.22v2.55c0 .67.57 1.22 1.26 1.22s1.26-.55 1.26-1.22m5.14 0V1.22C16.5.55 15.93 0 15.24 0s-1.26.55-1.26 1.22v2.55c0 .67.57 1.22 1.26 1.22s1.26-.55 1.26-1.22m-8.69 8.77v-.3c0-.58-.46-1.04-1.03-1.04h-.3c-.57 0-1.03.47-1.03 1.04v.3c0 .58.46 1.04 1.03 1.04h.3c.57 0 1.03-.47 1.03-1.04m0 3.61v-.3c0-.58-.46-1.04-1.03-1.04h-.3c-.57 0-1.03.47-1.03 1.04v.3c0 .58.46 1.04 1.03 1.04h.3c.57 0 1.03-.47 1.03-1.04m3.48-3.61v-.3c0-.58-.46-1.04-1.03-1.04h-.3c-.57 0-1.03.47-1.03 1.04v.3c0 .58.46 1.04 1.03 1.04h.3c.57 0 1.03-.47 1.03-1.04m0 3.61v-.3c0-.58-.46-1.04-1.03-1.04h-.3c-.57 0-1.03.47-1.03 1.04v.3c0 .58.46 1.04 1.03 1.04h.3c.57 0 1.03-.47 1.03-1.04m3.48-3.61v-.3c0-.58-.46-1.04-1.03-1.04h-.3c-.57 0-1.03.47-1.03 1.04v.3c0 .58.46 1.04 1.03 1.04h.3c.57 0 1.03-.47 1.03-1.04m0 3.61v-.3c0-.58-.46-1.04-1.03-1.04h-.3c-.57 0-1.03.47-1.03 1.04v.3c0 .58.46 1.04 1.03 1.04h.3c.57 0 1.03-.47 1.03-1.04M19 18.42c0 .37-.16.71-.41.96-.25.25-.6.4-.99.4H2.62c-.39 0-.74-.15-.99-.4s-.41-.59-.41-.96v-9.8H19v9.8Zm1.22 0V4.85c0-.7-.3-1.33-.77-1.8-.48-.46-1.13-.75-1.85-.75h-.36v1.47c0 1.06-.89 1.93-1.99 1.93s-1.99-.87-1.99-1.93V2.3h-1.17v1.47c0 1.06-.89 1.93-1.99 1.93s-1.99-.87-1.99-1.93V2.3H6.94v1.47c0 1.06-.89 1.93-1.99 1.93s-1.99-.87-1.99-1.93V2.3H2.6c-.72 0-1.38.29-1.85.75-.47.46-.77 1.1-.77 1.8v13.57c0 .7.29 1.33.77 1.8.47.46 1.13.75 1.85.75h14.98c.72 0 1.38-.29 1.85-.75.47-.46.77-1.1.77-1.8\" fill=\"#238da2\" data-name=\"Warstwa 1\"\/><\/svg>Reservas: a trav\u00e9s de Tropica Verde<br \/>\n<svg data-name=\"Warstwa 2\" xmlns=\"http:\/\/www.w3.org\/2000\/svg\" viewbox=\"0 0 20.22 20.97\"><path d=\"M7.69 8.73c0-.37-.29-.67-.64-.67s-.64.3-.64.67.29.67.64.67.64-.3.64-.67m1.9 0c0-.37-.29-.67-.64-.67s-.64.3-.64.67.29.67.64.67.64-.3.64-.67m1.9 0c0-.37-.29-.67-.65-.67s-.64.3-.64.67.29.67.64.67.65-.3.65-.67m4.2 4.79c0 .55-.43.99-.96.99h-.63v1.23l-1.89-1.23h-2.07c-.52 0-.96-.45-.96-.99v-.49l.25-.16h2.62c1.06 0 1.92-.89 1.92-1.99V9.35h.76c.53 0 .96.45.96.99v3.17Zm-2.33-2.64c0 .74-.58 1.34-1.3 1.34h-2.8L6.7 13.89v-1.67h-.85c-.71 0-1.3-.61-1.3-1.34v-4.3c0-.74.58-1.34 1.3-1.34h6.22c.71 0 1.3.6 1.3 1.34v4.3Zm6.87-.39C20.22 4.69 15.69 0 10.11 0S0 4.69 0 10.49s4.53 10.49 10.11 10.49 10.11-4.69 10.11-10.49\" fill=\"#238da2\" data-name=\"Warstwa 1\"\/><\/svg>Socio realizador: Faunity Photography, Stefan Rother<\/p>\n<\/div><\/div><div class=\"et_pb_module et_pb_button_module_wrapper et_pb_button_0_wrapper preset--module--divi-button--70b994c3-2b68-43f9-baa1-aee328fdc428_wrapper\"><a class=\"et_pb_button_0 et_pb_button et_pb_bg_layout_light et_pb_module et_block_module button preset--module--divi-button--70b994c3-2b68-43f9-baa1-aee328fdc428\" href=\"https:\/\/tropica-verde.de\/es\/contactenos\/\">RESERVAR<\/a><\/div><\/div><\/div><\/div><div class=\"et_pb_section_4 et_pb_section et_section_regular et_block_section\"><div class=\"et_pb_row_5 et_pb_row et_block_row\"><div class=\"et_pb_column_7 et_pb_column et_pb_column_2_5 et_block_column et_pb_css_mix_blend_mode_passthrough\"><div class=\"et_pb_image_2 et_pb_image et_pb_module et_block_module\"><span class=\"et_pb_image_wrap\"><img loading=\"lazy\" decoding=\"async\" src=\"https:\/\/tropica-verde.de\/wp-content\/uploads\/2024\/07\/3_Bilder-Wasserkreislauf-1.jpg\" width=\"1490\" height=\"1512\" class=\"wp-image-244305\" title=\"3_Im\u00e1genes Ciclo del agua 1\" alt=\"\"><\/span><\/div><\/div><div class=\"et_pb_column_8 et_pb_column et_pb_column_3_5 et-last-child et_block_column et_pb_css_mix_blend_mode_passthrough\"><div class=\"et_pb_text_8 et_pb_text et_pb_bg_layout_light et_pb_module et_block_module preset--module--divi-text--default\"><div class=\"et_pb_text_inner\"><p>M\u00f3dulo Educaci\u00f3n | Escuela: 4. &amp; 5\u00ba curso<\/p>\n<\/div><\/div><div class=\"et_pb_text_9 et_pb_text et_pb_bg_layout_light et_pb_module et_block_module preset--module--divi-text--default\"><div class=\"et_pb_text_inner\"><h3>Ciclo del agua: fuente de vida<\/h3>\n<\/div><\/div><div class=\"et_pb_text_10 et_pb_text et_pb_bg_layout_light et_pb_module et_block_module preset--module--divi-text--default\"><div class=\"et_pb_text_inner\"><p>En el Centro Medioambiental de Hanau, los participantes pueden explorar de forma interactiva el ciclo del agua de una zona protegida de Costa Rica.<\/p>\n<\/div><\/div><\/div><\/div><div class=\"et_pb_row_6 et_pb_row et_block_row\"><div class=\"et_pb_column_9 et_pb_column et_pb_column_4_4 et-last-child et_block_column et_pb_css_mix_blend_mode_passthrough\"><div class=\"et_pb_text_11 et_pb_text et_pb_bg_layout_light et_pb_module et_block_module preset--module--divi-text--default\"><div class=\"et_pb_text_inner\"><p>Expertos ponentes del Centro Medioambiental de Hanau ofrecen a las escuelas primarias de la regi\u00f3n Rin-Meno el m\u00f3dulo educativo \"El ciclo del agua en Alemania y Costa Rica\". El taller, que se realiza siguiendo las directrices de la Educaci\u00f3n para el Desarrollo Sostenible, tiene lugar en el centro escolar o en el Centro Medioambiental de Hanau. Comprende una parte te\u00f3rica y otra pr\u00e1ctica en la que los ni\u00f1os experimentan y aprenden sobre el ciclo del agua. Los ni\u00f1os construyen un ciclo del agua en un tarro que pueden llevarse a casa. El m\u00f3dulo se caracteriza por el aut\u00e9ntico material educativo de Monte Alto, el proyecto de reforestaci\u00f3n Tropica Verde en Costa Rica. All\u00ed se restaur\u00f3 el ciclo del agua mediante la reforestaci\u00f3n, lo que asegur\u00f3 el r\u00edo y el suministro de agua para la poblaci\u00f3n.<\/p>\n<p class=\"icon-list\"><svg data-name=\"Warstwa 2\" xmlns=\"http:\/\/www.w3.org\/2000\/svg\" viewbox=\"0 0 20.56 24.98\" style=\"width:20px; height auto;\"><path d=\"M13 3V.5c0-.27-.23-.5-.5-.5H7.51c-.27 0-.5.22-.5.5V3c0 .27.23.5.5.5h4.99c.27 0 .5-.23.5-.5M9.53 20.23l-.11 1.24c.19.02.38.02.56.02s.36 0 .55-.02.02 0 .02 0l-.06-.58-.07-.66c-.3.03-.61.03-.9 0m-4.79-5.24c0-.15 0-.3.02-.45l-1.24-.11c-.02.18-.02.37-.02.56s0 .37.02.55v.02l1.24-.12c-.01-.15-.02-.3-.02-.45m1.87-4.02-.8-.96c-.29.24-.56.51-.8.8l.96.8c.2-.23.41-.45.65-.65m-.8 9 .8-.96a4.99 4.99 0 0 1-.65-.65l-.96.8c.24.29.51.56.8.8m4.65-10.21.11-1.24c-.37-.03-.77-.03-1.12 0H9.4l.13 1.25c.31-.03.62-.02.92 0m4.13 1.04c.09-.11.08-.27-.02-.37-.1-.1-.26-.11-.37-.02l-3.71 2.94c-.16-.05-.33-.08-.51-.08-.45 0-.89.17-1.24.51a1.75 1.75 0 0 0 0 2.47c.34.34.79.51 1.24.51s.9-.17 1.24-.51c.47-.47.62-1.15.43-1.75l2.94-3.71Zm.37 8.38-.96-.8c-.2.23-.41.45-.65.65l.8.96c.29-.24.56-.51.8-.8M16.47 15c0-.18 0-.37-.02-.55v-.03l-.67.08h-.58v.05c.01.15.02.3.02.45s0 .31-.02.46l1.24.11c.02-.19.03-.38.03-.57m.99 0c0 4.13-3.36 7.5-7.5 7.5s-7.49-3.36-7.49-7.49c0-4.13 3.36-7.49 7.49-7.49 2 0 3.88.78 5.3 2.19 1.42 1.42 2.2 3.3 2.2 5.3m2.5 0c0-5.52-4.47-9.99-9.99-9.99S0 9.47 0 14.99c0 5.52 4.47 9.99 9.99 9.99s9.99-4.47 9.99-9.99m.43-9.36-1.06-1.06a.513.513 0 0 0-.71 0l-1.06 1.06c-.19.19-.19.51 0 .71l1.06 1.06c.19.19.51.19.71 0l1.06-1.06c.19-.19.19-.51 0-.71\" style=\"fill:#238da2;stroke-width:0\" data-name=\"Warstwa 1\"\/><\/svg>Duraci\u00f3n: 150 minutos (2,5 horas)<br \/>\n<svg data-name=\"Warstwa 2\" xmlns=\"http:\/\/www.w3.org\/2000\/svg\" viewbox=\"0 0 20.97 20.97\" style=\"width:20px; height auto;\"><path d=\"M10.49 10.54c1.4 0 2.54-1.14 2.54-2.54s-1.14-2.54-2.54-2.54S7.95 6.6 7.95 8s1.14 2.54 2.54 2.54m4.94-2.45c0 3.62-4.94 9.82-4.94 9.82s-4.94-6.26-4.94-9.82c0-2.73 2.21-5.03 4.94-5.03s4.94 2.3 4.94 5.03m5.55 2.4C20.97 4.69 16.28 0 10.49 0S0 4.69 0 10.49s4.69 10.49 10.49 10.49 10.49-4.7 10.49-10.49\" style=\"fill:#238da2;stroke-width:0\" data-name=\"Warstwa 1\"\/><\/svg>D\u00f3nde: Centro Medioambiental de Hanau o escuela de la zona Rin-Meno<br \/>\n<svg id=\"Warstwa_2\" data-name=\"Warstwa 2\" xmlns=\"http:\/\/www.w3.org\/2000\/svg\" viewbox=\"0 0 26.55 15.49\"><g id=\"Warstwa_1-2\" data-name=\"Warstwa 1\"><path class=\"cls-1\" d=\"M13.28 8.85c-3.67 0-6.64 2.97-6.64 6.64h13.28c0-3.67-2.97-6.64-6.64-6.64M21.24 8.85c1.83 0 3.32-1.49 3.32-3.32s-1.49-3.32-3.32-3.32-3.32 1.49-3.32 3.32 1.49 3.32 3.32 3.32M21.24 9.44c-.89 0-1.73.22-2.46.61a7.689 7.689 0 0 1 2.24 5.44h5.48a5.313 5.313 0 0 0-5.26-6.05M5.31 9.44a5.313 5.313 0 0 0-5.26 6.05h5.48c0-2.12.86-4.04 2.24-5.44a5.24 5.24 0 0 0-2.46-.61M13.28 7.74c2.14 0 3.87-1.73 3.87-3.87S15.42 0 13.28 0 9.41 1.73 9.41 3.87s1.73 3.87 3.87 3.87M5.31 8.85c1.83 0 3.32-1.49 3.32-3.32S7.14 2.21 5.31 2.21 1.99 3.7 1.99 5.53s1.49 3.32 3.32 3.32\"\/><\/g><\/svg>Para qui\u00e9n es adecuado: 4. y 5\u00aa clase<br \/>\n<svg data-name=\"Warstwa 2\" xmlns=\"http:\/\/www.w3.org\/2000\/svg\" viewbox=\"0 0 20.97 20.97\"><g data-name=\"Warstwa 1\"><path d=\"M10.49 20.97c5.79 0 10.49-4.69 10.49-10.49S16.28 0 10.49 0 0 4.69 0 10.49s4.7 10.49 10.49 10.49\" fill=\"#238da2\"\/><path d=\"M5.28 12.26h8.04v-1.2H6.66l-1.38.1v1.1Zm0-2.33h8.82v-1.2H6.67l-1.39.1v1.1Zm6.35 6.98c1.58 0 2.82-.66 3.83-1.8l-1.27-1.17c-.69.78-1.42 1.2-2.43 1.2-1.96 0-3.12-1.75-3.12-4.69s1.11-4.62 3.15-4.62c.91 0 1.6.41 2.23.99l1.27-1.24c-.86-.91-2.1-1.52-3.42-1.52-3.27 0-5.5 2.42-5.5 6.47s2.2 6.37 5.26 6.37\" fill=\"#fff\"\/><\/g><\/svg>Precio: a partir de 70 \u20ac (para 20 participantes)<br \/>\n<svg data-name=\"Warstwa 2\" xmlns=\"http:\/\/www.w3.org\/2000\/svg\" viewbox=\"0 0 20.22 20.97\"><path d=\"M6.22 3.78V1.22C6.22.55 5.65 0 4.96 0S3.7.55 3.7 1.22v2.55c0 .67.57 1.22 1.26 1.22s1.26-.55 1.26-1.22m5.14 0V1.22C11.36.55 10.79 0 10.1 0S8.84.55 8.84 1.22v2.55c0 .67.57 1.22 1.26 1.22s1.26-.55 1.26-1.22m5.14 0V1.22C16.5.55 15.93 0 15.24 0s-1.26.55-1.26 1.22v2.55c0 .67.57 1.22 1.26 1.22s1.26-.55 1.26-1.22m-8.69 8.77v-.3c0-.58-.46-1.04-1.03-1.04h-.3c-.57 0-1.03.47-1.03 1.04v.3c0 .58.46 1.04 1.03 1.04h.3c.57 0 1.03-.47 1.03-1.04m0 3.61v-.3c0-.58-.46-1.04-1.03-1.04h-.3c-.57 0-1.03.47-1.03 1.04v.3c0 .58.46 1.04 1.03 1.04h.3c.57 0 1.03-.47 1.03-1.04m3.48-3.61v-.3c0-.58-.46-1.04-1.03-1.04h-.3c-.57 0-1.03.47-1.03 1.04v.3c0 .58.46 1.04 1.03 1.04h.3c.57 0 1.03-.47 1.03-1.04m0 3.61v-.3c0-.58-.46-1.04-1.03-1.04h-.3c-.57 0-1.03.47-1.03 1.04v.3c0 .58.46 1.04 1.03 1.04h.3c.57 0 1.03-.47 1.03-1.04m3.48-3.61v-.3c0-.58-.46-1.04-1.03-1.04h-.3c-.57 0-1.03.47-1.03 1.04v.3c0 .58.46 1.04 1.03 1.04h.3c.57 0 1.03-.47 1.03-1.04m0 3.61v-.3c0-.58-.46-1.04-1.03-1.04h-.3c-.57 0-1.03.47-1.03 1.04v.3c0 .58.46 1.04 1.03 1.04h.3c.57 0 1.03-.47 1.03-1.04M19 18.42c0 .37-.16.71-.41.96-.25.25-.6.4-.99.4H2.62c-.39 0-.74-.15-.99-.4s-.41-.59-.41-.96v-9.8H19v9.8Zm1.22 0V4.85c0-.7-.3-1.33-.77-1.8-.48-.46-1.13-.75-1.85-.75h-.36v1.47c0 1.06-.89 1.93-1.99 1.93s-1.99-.87-1.99-1.93V2.3h-1.17v1.47c0 1.06-.89 1.93-1.99 1.93s-1.99-.87-1.99-1.93V2.3H6.94v1.47c0 1.06-.89 1.93-1.99 1.93s-1.99-.87-1.99-1.93V2.3H2.6c-.72 0-1.38.29-1.85.75-.47.46-.77 1.1-.77 1.8v13.57c0 .7.29 1.33.77 1.8.47.46 1.13.75 1.85.75h14.98c.72 0 1.38-.29 1.85-.75.47-.46.77-1.1.77-1.8\" fill=\"#238da2\" data-name=\"Warstwa 1\"\/><\/svg>Reservas: a trav\u00e9s de Tropica Verde<br \/>\n<svg data-name=\"Warstwa 2\" xmlns=\"http:\/\/www.w3.org\/2000\/svg\" viewbox=\"0 0 20.22 20.97\"><path d=\"M7.69 8.73c0-.37-.29-.67-.64-.67s-.64.3-.64.67.29.67.64.67.64-.3.64-.67m1.9 0c0-.37-.29-.67-.64-.67s-.64.3-.64.67.29.67.64.67.64-.3.64-.67m1.9 0c0-.37-.29-.67-.65-.67s-.64.3-.64.67.29.67.64.67.65-.3.65-.67m4.2 4.79c0 .55-.43.99-.96.99h-.63v1.23l-1.89-1.23h-2.07c-.52 0-.96-.45-.96-.99v-.49l.25-.16h2.62c1.06 0 1.92-.89 1.92-1.99V9.35h.76c.53 0 .96.45.96.99v3.17Zm-2.33-2.64c0 .74-.58 1.34-1.3 1.34h-2.8L6.7 13.89v-1.67h-.85c-.71 0-1.3-.61-1.3-1.34v-4.3c0-.74.58-1.34 1.3-1.34h6.22c.71 0 1.3.6 1.3 1.34v4.3Zm6.87-.39C20.22 4.69 15.69 0 10.11 0S0 4.69 0 10.49s4.53 10.49 10.11 10.49 10.11-4.69 10.11-10.49\" fill=\"#238da2\" data-name=\"Warstwa 1\"\/><\/svg>Socio ejecutor: <a href=\"#\">Centro Medioambiental de Hanau<\/a><\/p>\n<\/div><\/div><div class=\"et_pb_module et_pb_button_module_wrapper et_pb_button_1_wrapper preset--module--divi-button--70b994c3-2b68-43f9-baa1-aee328fdc428_wrapper\"><a class=\"et_pb_button_1 et_pb_button et_pb_bg_layout_light et_pb_module et_block_module button preset--module--divi-button--70b994c3-2b68-43f9-baa1-aee328fdc428\" href=\"https:\/\/tropica-verde.de\/es\/contactenos\/\">RESERVAR<\/a><\/div><\/div><\/div><\/div><div class=\"et_pb_section_5 et_pb_section et_section_regular et_block_section\"><div class=\"et_pb_row_7 et_pb_row et_block_row\"><div class=\"et_pb_column_10 et_pb_column et_pb_column_2_5 et_block_column et_pb_css_mix_blend_mode_passthrough\"><div class=\"et_pb_image_3 et_pb_image et_pb_module et_block_module\"><span class=\"et_pb_image_wrap\"><img loading=\"lazy\" decoding=\"async\" src=\"https:\/\/tropica-verde.de\/wp-content\/uploads\/2024\/07\/4_ara-und-ananas-2015.jpg\" width=\"1220\" height=\"1220\" class=\"wp-image-244308\" title=\"4_ara y pi\u00f1a 2015\" alt=\"\"><\/span><\/div><\/div><div class=\"et_pb_column_11 et_pb_column et_pb_column_3_5 et-last-child et_block_column et_pb_css_mix_blend_mode_passthrough\"><div class=\"et_pb_text_12 et_pb_text et_pb_bg_layout_light et_pb_module et_block_module preset--module--divi-text--default\"><div class=\"et_pb_text_inner\"><p>M\u00f3dulo de Educaci\u00f3n | Escuela: Nivel Secundario I y II<\/p>\n<\/div><\/div><div class=\"et_pb_text_13 et_pb_text et_pb_bg_layout_light et_pb_module et_block_module preset--module--divi-text--default\"><div class=\"et_pb_text_inner\"><h3>Guacamayo y pi\u00f1a: \u00bfrivales en la selva tropical?<\/h3>\n<\/div><\/div><div class=\"et_pb_text_14 et_pb_text et_pb_bg_layout_light et_pb_module et_block_module preset--module--divi-text--default\"><div class=\"et_pb_text_inner\"><p>\u00bfQu\u00e9 tiene que ver un p\u00e1jaro de colores con una fruta tropical? Mientras cultivan pi\u00f1as en Costa Rica, los alumnos descubren de forma interdisciplinar la conexi\u00f3n entre la destrucci\u00f3n de la selva tropical y el consumo de productos tropicales.<\/p>\n<\/div><\/div><\/div><\/div><div class=\"et_pb_row_8 et_pb_row et_block_row\"><div class=\"et_pb_column_12 et_pb_column et_pb_column_4_4 et-last-child et_block_column et_pb_css_mix_blend_mode_passthrough\"><div class=\"et_pb_text_15 et_pb_text et_pb_bg_layout_light et_pb_module et_block_module preset--module--divi-text--default\"><div class=\"et_pb_text_inner\"><p>El taller se celebrar\u00e1 en varios lugares del Palmengarten de Fr\u00e1ncfort. En cooperaci\u00f3n con la Escuela Verde del Jard\u00edn de las Palmeras, se desarroll\u00f3 el m\u00f3dulo educativo \"Guacamayos y Pi\u00f1as\" para los niveles de secundaria I y II, centrado en el \"Comercio Justo\" y los \"M\u00e9todos de Cultivo Ecol\u00f3gico\". Utilizando diversos m\u00e9todos, exploran los temas mediante el aprendizaje basado en estaciones, visitas guiadas al Tropicarium y juegos de rol, en los que tambi\u00e9n intervienen las condiciones de vida y de trabajo de los trabajadores de la pi\u00f1a y sus familias. Se examinan soluciones como el comercio justo o la agricultura ecol\u00f3gica y se desarrollan y debaten opciones de actuaci\u00f3n.<\/p>\n<p class=\"icon-list\"><svg data-name=\"Warstwa 2\" xmlns=\"http:\/\/www.w3.org\/2000\/svg\" viewbox=\"0 0 20.56 24.98\" style=\"width:20px; height auto;\"><path d=\"M13 3V.5c0-.27-.23-.5-.5-.5H7.51c-.27 0-.5.22-.5.5V3c0 .27.23.5.5.5h4.99c.27 0 .5-.23.5-.5M9.53 20.23l-.11 1.24c.19.02.38.02.56.02s.36 0 .55-.02.02 0 .02 0l-.06-.58-.07-.66c-.3.03-.61.03-.9 0m-4.79-5.24c0-.15 0-.3.02-.45l-1.24-.11c-.02.18-.02.37-.02.56s0 .37.02.55v.02l1.24-.12c-.01-.15-.02-.3-.02-.45m1.87-4.02-.8-.96c-.29.24-.56.51-.8.8l.96.8c.2-.23.41-.45.65-.65m-.8 9 .8-.96a4.99 4.99 0 0 1-.65-.65l-.96.8c.24.29.51.56.8.8m4.65-10.21.11-1.24c-.37-.03-.77-.03-1.12 0H9.4l.13 1.25c.31-.03.62-.02.92 0m4.13 1.04c.09-.11.08-.27-.02-.37-.1-.1-.26-.11-.37-.02l-3.71 2.94c-.16-.05-.33-.08-.51-.08-.45 0-.89.17-1.24.51a1.75 1.75 0 0 0 0 2.47c.34.34.79.51 1.24.51s.9-.17 1.24-.51c.47-.47.62-1.15.43-1.75l2.94-3.71Zm.37 8.38-.96-.8c-.2.23-.41.45-.65.65l.8.96c.29-.24.56-.51.8-.8M16.47 15c0-.18 0-.37-.02-.55v-.03l-.67.08h-.58v.05c.01.15.02.3.02.45s0 .31-.02.46l1.24.11c.02-.19.03-.38.03-.57m.99 0c0 4.13-3.36 7.5-7.5 7.5s-7.49-3.36-7.49-7.49c0-4.13 3.36-7.49 7.49-7.49 2 0 3.88.78 5.3 2.19 1.42 1.42 2.2 3.3 2.2 5.3m2.5 0c0-5.52-4.47-9.99-9.99-9.99S0 9.47 0 14.99c0 5.52 4.47 9.99 9.99 9.99s9.99-4.47 9.99-9.99m.43-9.36-1.06-1.06a.513.513 0 0 0-.71 0l-1.06 1.06c-.19.19-.19.51 0 .71l1.06 1.06c.19.19.51.19.71 0l1.06-1.06c.19-.19.19-.51 0-.71\" style=\"fill:#238da2;stroke-width:0\" data-name=\"Warstwa 1\"\/><\/svg>Duraci\u00f3n: 210 minutos (3,5 horas), incluida una pausa de 30 minutos<br \/>\n<svg data-name=\"Warstwa 2\" xmlns=\"http:\/\/www.w3.org\/2000\/svg\" viewbox=\"0 0 20.97 20.97\" style=\"width:20px; height auto;\"><path d=\"M10.49 10.54c1.4 0 2.54-1.14 2.54-2.54s-1.14-2.54-2.54-2.54S7.95 6.6 7.95 8s1.14 2.54 2.54 2.54m4.94-2.45c0 3.62-4.94 9.82-4.94 9.82s-4.94-6.26-4.94-9.82c0-2.73 2.21-5.03 4.94-5.03s4.94 2.3 4.94 5.03m5.55 2.4C20.97 4.69 16.28 0 10.49 0S0 4.69 0 10.49s4.69 10.49 10.49 10.49 10.49-4.7 10.49-10.49\" style=\"fill:#238da2;stroke-width:0\" data-name=\"Warstwa 1\"\/><\/svg>D\u00f3nde: Palmengarten Fr\u00e1ncfort del Meno<br \/>\n<svg id=\"Warstwa_2\" data-name=\"Warstwa 2\" xmlns=\"http:\/\/www.w3.org\/2000\/svg\" viewbox=\"0 0 26.55 15.49\"><g id=\"Warstwa_1-2\" data-name=\"Warstwa 1\"><path class=\"cls-1\" d=\"M13.28 8.85c-3.67 0-6.64 2.97-6.64 6.64h13.28c0-3.67-2.97-6.64-6.64-6.64M21.24 8.85c1.83 0 3.32-1.49 3.32-3.32s-1.49-3.32-3.32-3.32-3.32 1.49-3.32 3.32 1.49 3.32 3.32 3.32M21.24 9.44c-.89 0-1.73.22-2.46.61a7.689 7.689 0 0 1 2.24 5.44h5.48a5.313 5.313 0 0 0-5.26-6.05M5.31 9.44a5.313 5.313 0 0 0-5.26 6.05h5.48c0-2.12.86-4.04 2.24-5.44a5.24 5.24 0 0 0-2.46-.61M13.28 7.74c2.14 0 3.87-1.73 3.87-3.87S15.42 0 13.28 0 9.41 1.73 9.41 3.87s1.73 3.87 3.87 3.87M5.31 8.85c1.83 0 3.32-1.49 3.32-3.32S7.14 2.21 5.31 2.21 1.99 3.7 1.99 5.53s1.49 3.32 3.32 3.32\"\/><\/g><\/svg>Para qui\u00e9n es adecuado: Secundaria I y II (a partir de 7\u00ba curso)<br \/>\n<svg data-name=\"Warstwa 2\" xmlns=\"http:\/\/www.w3.org\/2000\/svg\" viewbox=\"0 0 20.97 20.97\"><g data-name=\"Warstwa 1\"><path d=\"M10.49 20.97c5.79 0 10.49-4.69 10.49-10.49S16.28 0 10.49 0 0 4.69 0 10.49s4.7 10.49 10.49 10.49\" fill=\"#238da2\"\/><path d=\"M5.28 12.26h8.04v-1.2H6.66l-1.38.1v1.1Zm0-2.33h8.82v-1.2H6.67l-1.39.1v1.1Zm6.35 6.98c1.58 0 2.82-.66 3.83-1.8l-1.27-1.17c-.69.78-1.42 1.2-2.43 1.2-1.96 0-3.12-1.75-3.12-4.69s1.11-4.62 3.15-4.62c.91 0 1.6.41 2.23.99l1.27-1.24c-.86-.91-2.1-1.52-3.42-1.52-3.27 0-5.5 2.42-5.5 6.47s2.2 6.37 5.26 6.37\" fill=\"#fff\"\/><\/g><\/svg>Precio: a partir de 50 euros (m\u00e1x. 15 participantes); posibilidad de dos grupos al mismo tiempo<br \/>\n<svg data-name=\"Warstwa 2\" xmlns=\"http:\/\/www.w3.org\/2000\/svg\" viewbox=\"0 0 20.22 20.97\"><path d=\"M6.22 3.78V1.22C6.22.55 5.65 0 4.96 0S3.7.55 3.7 1.22v2.55c0 .67.57 1.22 1.26 1.22s1.26-.55 1.26-1.22m5.14 0V1.22C11.36.55 10.79 0 10.1 0S8.84.55 8.84 1.22v2.55c0 .67.57 1.22 1.26 1.22s1.26-.55 1.26-1.22m5.14 0V1.22C16.5.55 15.93 0 15.24 0s-1.26.55-1.26 1.22v2.55c0 .67.57 1.22 1.26 1.22s1.26-.55 1.26-1.22m-8.69 8.77v-.3c0-.58-.46-1.04-1.03-1.04h-.3c-.57 0-1.03.47-1.03 1.04v.3c0 .58.46 1.04 1.03 1.04h.3c.57 0 1.03-.47 1.03-1.04m0 3.61v-.3c0-.58-.46-1.04-1.03-1.04h-.3c-.57 0-1.03.47-1.03 1.04v.3c0 .58.46 1.04 1.03 1.04h.3c.57 0 1.03-.47 1.03-1.04m3.48-3.61v-.3c0-.58-.46-1.04-1.03-1.04h-.3c-.57 0-1.03.47-1.03 1.04v.3c0 .58.46 1.04 1.03 1.04h.3c.57 0 1.03-.47 1.03-1.04m0 3.61v-.3c0-.58-.46-1.04-1.03-1.04h-.3c-.57 0-1.03.47-1.03 1.04v.3c0 .58.46 1.04 1.03 1.04h.3c.57 0 1.03-.47 1.03-1.04m3.48-3.61v-.3c0-.58-.46-1.04-1.03-1.04h-.3c-.57 0-1.03.47-1.03 1.04v.3c0 .58.46 1.04 1.03 1.04h.3c.57 0 1.03-.47 1.03-1.04m0 3.61v-.3c0-.58-.46-1.04-1.03-1.04h-.3c-.57 0-1.03.47-1.03 1.04v.3c0 .58.46 1.04 1.03 1.04h.3c.57 0 1.03-.47 1.03-1.04M19 18.42c0 .37-.16.71-.41.96-.25.25-.6.4-.99.4H2.62c-.39 0-.74-.15-.99-.4s-.41-.59-.41-.96v-9.8H19v9.8Zm1.22 0V4.85c0-.7-.3-1.33-.77-1.8-.48-.46-1.13-.75-1.85-.75h-.36v1.47c0 1.06-.89 1.93-1.99 1.93s-1.99-.87-1.99-1.93V2.3h-1.17v1.47c0 1.06-.89 1.93-1.99 1.93s-1.99-.87-1.99-1.93V2.3H6.94v1.47c0 1.06-.89 1.93-1.99 1.93s-1.99-.87-1.99-1.93V2.3H2.6c-.72 0-1.38.29-1.85.75-.47.46-.77 1.1-.77 1.8v13.57c0 .7.29 1.33.77 1.8.47.46 1.13.75 1.85.75h14.98c.72 0 1.38-.29 1.85-.75.47-.46.77-1.1.77-1.8\" fill=\"#238da2\" data-name=\"Warstwa 1\"\/><\/svg>Reservas: a trav\u00e9s de Tropica Verde<br \/>\n<svg data-name=\"Warstwa 2\" xmlns=\"http:\/\/www.w3.org\/2000\/svg\" viewbox=\"0 0 20.22 20.97\"><path d=\"M7.69 8.73c0-.37-.29-.67-.64-.67s-.64.3-.64.67.29.67.64.67.64-.3.64-.67m1.9 0c0-.37-.29-.67-.64-.67s-.64.3-.64.67.29.67.64.67.64-.3.64-.67m1.9 0c0-.37-.29-.67-.65-.67s-.64.3-.64.67.29.67.64.67.65-.3.65-.67m4.2 4.79c0 .55-.43.99-.96.99h-.63v1.23l-1.89-1.23h-2.07c-.52 0-.96-.45-.96-.99v-.49l.25-.16h2.62c1.06 0 1.92-.89 1.92-1.99V9.35h.76c.53 0 .96.45.96.99v3.17Zm-2.33-2.64c0 .74-.58 1.34-1.3 1.34h-2.8L6.7 13.89v-1.67h-.85c-.71 0-1.3-.61-1.3-1.34v-4.3c0-.74.58-1.34 1.3-1.34h6.22c.71 0 1.3.6 1.3 1.34v4.3Zm6.87-.39C20.22 4.69 15.69 0 10.11 0S0 4.69 0 10.49s4.53 10.49 10.11 10.49 10.11-4.69 10.11-10.49\" fill=\"#238da2\" data-name=\"Warstwa 1\"\/><\/svg>Socio realizador: <a href=\"#\">Escuela Verde en el Palmengarten de Frankfurt<\/a><\/p>\n<\/div><\/div><div class=\"et_pb_module et_pb_button_module_wrapper et_pb_button_2_wrapper preset--module--divi-button--70b994c3-2b68-43f9-baa1-aee328fdc428_wrapper\"><a class=\"et_pb_button_2 et_pb_button et_pb_bg_layout_light et_pb_module et_block_module button preset--module--divi-button--70b994c3-2b68-43f9-baa1-aee328fdc428\" href=\"https:\/\/tropica-verde.de\/es\/contactenos\/\">RESERVAR<\/a><\/div><\/div><\/div><\/div><div class=\"et_pb_section_6 et_pb_section et_section_regular et_block_section\"><div class=\"et_pb_row_9 et_pb_row et_block_row\"><div class=\"et_pb_column_13 et_pb_column et_pb_column_2_5 et_block_column et_pb_css_mix_blend_mode_passthrough\"><div class=\"et_pb_image_4 et_pb_image et_pb_module et_block_module\"><span class=\"et_pb_image_wrap\"><img loading=\"lazy\" decoding=\"async\" src=\"https:\/\/tropica-verde.de\/wp-content\/uploads\/2024\/06\/umweltbildung-6.jpg\" width=\"1000\" height=\"1000\" class=\"wp-image-243895\" title=\"educaci\u00f3n ambiental-6\" alt=\"\"><\/span><\/div><\/div><div class=\"et_pb_column_14 et_pb_column et_pb_column_3_5 et-last-child et_block_column et_pb_css_mix_blend_mode_passthrough\"><div class=\"et_pb_text_16 et_pb_text et_pb_bg_layout_light et_pb_module et_block_module preset--module--divi-text--default\"><div class=\"et_pb_text_inner\"><h3>Ofertas educativas personalizadas sobre diversos temas Visitas guiadas, conferencias o stands<\/h3>\n<\/div><\/div><div class=\"et_pb_text_17 et_pb_text et_pb_bg_layout_light et_pb_module et_block_module preset--module--divi-text--default\"><div class=\"et_pb_text_inner\"><p>Ofrecemos visitas guiadas personalizadas, presentaciones y stands informativos sobre temas como la selva tropical, el cultivo de la pi\u00f1a o el comportamiento del consumidor para celebraciones escolares y de empresa o cumplea\u00f1os. Cu\u00e9ntanos tus ideas y trabajaremos juntos para ver c\u00f3mo podemos hacerlas realidad.<\/p>\n<\/div><\/div><\/div><\/div><div class=\"et_pb_row_10 et_pb_row et_block_row\"><div class=\"et_pb_column_15 et_pb_column et_pb_column_4_4 et-last-child et_block_column et_pb_css_mix_blend_mode_passthrough\"><div class=\"et_pb_module et_pb_button_module_wrapper et_pb_button_3_wrapper preset--module--divi-button--70b994c3-2b68-43f9-baa1-aee328fdc428_wrapper\"><a class=\"et_pb_button_3 et_pb_button et_pb_bg_layout_light et_pb_module et_block_module button preset--module--divi-button--70b994c3-2b68-43f9-baa1-aee328fdc428\" href=\"https:\/\/tropica-verde.de\/es\/contactenos\/\">CONTACTA CON NOSOTROS<\/a><\/div><\/div><\/div><\/div><div class=\"et_pb_section_7 et_pb_section et_section_regular et_block_section\"><div class=\"et_pb_row_11 et_pb_row et_block_row\"><div class=\"et_pb_column_16 et_pb_column et_pb_column_2_5 et_block_column et_pb_css_mix_blend_mode_passthrough\"><div class=\"et_pb_image_5 et_pb_image et_pb_module et_block_module\"><span class=\"et_pb_image_wrap\"><img loading=\"lazy\" decoding=\"async\" src=\"https:\/\/tropica-verde.de\/wp-content\/uploads\/2024\/07\/6_Monte-Alto-Beet-2014.jpg\" width=\"1506\" height=\"1489\" class=\"wp-image-244311\" title=\"6_Cama de Monte Alto 2014\" alt=\"\"><\/span><\/div><\/div><div class=\"et_pb_column_17 et_pb_column et_pb_column_3_5 et-last-child et_block_column et_pb_css_mix_blend_mode_passthrough\"><div class=\"et_pb_text_18 et_pb_text et_pb_bg_layout_light et_pb_module et_block_module preset--module--divi-text--default\"><div class=\"et_pb_text_inner\"><h3>Cama de Monte Alto en el jard\u00edn de palmeras<\/h3>\n<\/div><\/div><div class=\"et_pb_text_19 et_pb_text et_pb_bg_layout_light et_pb_module et_block_module preset--module--divi-text--default\"><div class=\"et_pb_text_inner\"><p>Visita el Tropicario en el Jard\u00edn de Palmeras y descubre c\u00f3mo vive el peque\u00f1o oso hormiguero en el parterre de Monte Alto. Aqu\u00ed crecen plantas originales de nuestra zona protegida. Si te interesa, estaremos encantados de organizar una visita guiada. Ponte en contacto con la oficina de informaci\u00f3n.<\/p>\n<\/div><\/div><\/div><\/div><div class=\"et_pb_row_12 et_pb_row et_block_row\"><div class=\"et_pb_column_18 et_pb_column et_pb_column_4_4 et-last-child et_block_column et_pb_css_mix_blend_mode_passthrough\"><div class=\"et_pb_text_20 et_pb_text et_pb_bg_layout_light et_pb_module et_block_module preset--module--divi-text--default\"><div class=\"et_pb_text_inner\"><p class=\"icon-list\"><svg data-name=\"Warstwa 2\" xmlns=\"http:\/\/www.w3.org\/2000\/svg\" viewbox=\"0 0 20.97 20.97\" style=\"width:20px; height auto;\"><path d=\"M10.49 10.54c1.4 0 2.54-1.14 2.54-2.54s-1.14-2.54-2.54-2.54S7.95 6.6 7.95 8s1.14 2.54 2.54 2.54m4.94-2.45c0 3.62-4.94 9.82-4.94 9.82s-4.94-6.26-4.94-9.82c0-2.73 2.21-5.03 4.94-5.03s4.94 2.3 4.94 5.03m5.55 2.4C20.97 4.69 16.28 0 10.49 0S0 4.69 0 10.49s4.69 10.49 10.49 10.49 10.49-4.7 10.49-10.49\" style=\"fill:#238da2;stroke-width:0\" data-name=\"Warstwa 1\"\/><\/svg>D\u00f3nde: <a href=\"#\">Palmengarten Fr\u00e1ncfort del Meno<\/a><br \/>\n<svg data-name=\"Warstwa 2\" xmlns=\"http:\/\/www.w3.org\/2000\/svg\" viewbox=\"0 0 20.97 20.97\"><g data-name=\"Warstwa 1\"><path d=\"M10.49 20.97c5.79 0 10.49-4.69 10.49-10.49S16.28 0 10.49 0 0 4.69 0 10.49s4.7 10.49 10.49 10.49\" fill=\"#238da2\"\/><path d=\"M5.28 12.26h8.04v-1.2H6.66l-1.38.1v1.1Zm0-2.33h8.82v-1.2H6.67l-1.39.1v1.1Zm6.35 6.98c1.58 0 2.82-.66 3.83-1.8l-1.27-1.17c-.69.78-1.42 1.2-2.43 1.2-1.96 0-3.12-1.75-3.12-4.69s1.11-4.62 3.15-4.62c.91 0 1.6.41 2.23.99l1.27-1.24c-.86-.91-2.1-1.52-3.42-1.52-3.27 0-5.5 2.42-5.5 6.47s2.2 6.37 5.26 6.37\" fill=\"#fff\"\/><\/g><\/svg>Precio: precio de entrada actual Palmengarten<\/p>\n<\/div><\/div><div class=\"et_pb_module et_pb_button_module_wrapper et_pb_button_4_wrapper preset--module--divi-button--70b994c3-2b68-43f9-baa1-aee328fdc428_wrapper\"><a class=\"et_pb_button_4 et_pb_button et_pb_bg_layout_light et_pb_module et_block_module button preset--module--divi-button--70b994c3-2b68-43f9-baa1-aee328fdc428\" href=\"https:\/\/tropica-verde.de\/es\/contactenos\/\">CONTACTA CON NOSOTROS<\/a><\/div><\/div><\/div><\/div><div class=\"et_pb_section_8 et_pb_section et_section_regular et_block_section\"><div class=\"et_pb_row_13 et_pb_row et_block_row\"><div class=\"et_pb_column_19 et_pb_column et_pb_column_4_4 et-last-child et_block_column et_pb_css_mix_blend_mode_passthrough\"><div class=\"et_pb_text_21 et_pb_text et_pb_bg_layout_light et_pb_module et_block_module preset--module--divi-text--default\"><div class=\"et_pb_text_inner\"><h2>Adem\u00e1s de nuestros programas educativos, puedes<br \/>\ntambi\u00e9n organizar acciones por tu cuenta o junto con nosotros<br \/>\n\u00a1organ\u00edzate!<\/h2>\n<\/div><\/div><div class=\"et_pb_text_22 et_pb_text et_pb_bg_layout_light et_pb_module et_block_module preset--module--divi-text--default\"><div class=\"et_pb_text_inner\"><p>Cooperamos con clases escolares, asociaciones, redes, instituciones municipales y privadas y particulares. Nuestros miembros lanzan llamamientos independientes a donativos para cumplea\u00f1os o campa\u00f1as como \"Corte de pelo para el oso hormiguero\". No hay l\u00edmites para tu creatividad, <span style=\"color: #006b46; font-weight: bold;\">\u00a1s\u00f3lo tienes que ponerte en contacto con nosotros!<\/span><\/p>\n<\/div><\/div><\/div><\/div><div class=\"et_pb_row_14 et_pb_row et_block_row\"><div class=\"et_pb_column_20 et_pb_column et_pb_column_1_2 et_block_column et_pb_css_mix_blend_mode_passthrough\"><div class=\"et_pb_image_6 et_pb_image et_pb_module et_block_module\"><span class=\"et_pb_image_wrap\"><img loading=\"lazy\" decoding=\"async\" src=\"https:\/\/tropica-verde.de\/wp-content\/uploads\/2024\/06\/Zasob-10.svg\" width=\"0\" height=\"0\" class=\"wp-image-243903\" title=\"Zas\u00f3b 10\" alt=\"\"><\/span><\/div><div class=\"et_pb_text_23 et_pb_text et_pb_bg_layout_light et_pb_module et_block_module preset--module--divi-text--default\"><div class=\"et_pb_text_inner\"><h3>Llamamiento a donativos<br \/>organiza<\/h3>\n<\/div><\/div><\/div><div class=\"et_pb_column_21 et_pb_column et_pb_column_1_2 et-last-child et_block_column et_pb_css_mix_blend_mode_passthrough\"><div class=\"et_pb_image_7 et_pb_image et_pb_module et_block_module\"><span class=\"et_pb_image_wrap\"><img loading=\"lazy\" decoding=\"async\" src=\"https:\/\/tropica-verde.de\/wp-content\/uploads\/2024\/06\/Zasob-11.svg\" width=\"0\" height=\"0\" class=\"wp-image-243906\" title=\"Zas\u00f3b 11\" alt=\"\"><\/span><\/div><div class=\"et_pb_text_24 et_pb_text et_pb_bg_layout_light et_pb_module et_block_module preset--module--divi-text--default\"><div class=\"et_pb_text_inner\"><h3>Com\u00fan<br \/>Campa\u00f1as educativas<\/h3>\n<\/div><\/div><\/div><\/div><\/div><div class=\"et_pb_section_9 et_pb_section et_section_regular et_block_section\"><div class=\"et_pb_row_15 et_pb_row et_block_row\"><div class=\"et_pb_column_22 et_pb_column et_pb_column_4_4 et-last-child et_block_column et_pb_css_mix_blend_mode_passthrough\"><div class=\"et_pb_text_25 et_pb_text et_pb_bg_layout_light et_pb_module et_block_module preset--module--divi-text--default\"><div class=\"et_pb_text_inner\"><h2>Puestos de acci\u00f3n e informaci\u00f3n<\/h2>\n<\/div><\/div><div class=\"et_pb_text_26 et_pb_text et_pb_bg_layout_light et_pb_module et_block_module preset--module--divi-text--default\"><div class=\"et_pb_text_inner\"><p>Tropica Verde est\u00e1 presente durante todo el a\u00f1o en los actos organizados por los socios de cooperaci\u00f3n desde hace tiempo. Adem\u00e1s de informaci\u00f3n sobre la organizaci\u00f3n y sus proyectos, tambi\u00e9n ofrecemos actividades de educaci\u00f3n medioambiental para todos los grupos de edad. Estos eventos se apoyan en el compromiso de nuestros miembros y voluntarios. Puedes encontrarnos en estos eventos (regulares):<\/p>\n<\/div><\/div><div class=\"et_pb_text_27 et_pb_text et_pb_bg_layout_light et_pb_module et_block_module preset--module--divi-text--default\"><div class=\"et_pb_text_inner\"><ul class=\"check-mark-list\">\n<li>Bolsa Verde de BioFrankfurt en el Palmengarten<\/li>\n<li>Semana de la campa\u00f1a \"Experimenta la biodiversidad\" organizada por BioFrankfurt<\/li>\n<li>Jornadas de acci\u00f3n zool\u00f3gica organizadas por BioFrankfurt y la Sociedad Zool\u00f3gica de Fr\u00e1ncfort<\/li>\n<li>Parcour de la sostenibilidad organizado por la red \"Aprender la sostenibilidad en Frankfurt\".<\/li>\n<li>Placa azul en el R\u00f6merberg de la red \"Aprender la sostenibilidad en Frankfurt\".<\/li>\n<li>Semana de campa\u00f1a por el cierre del Mainkai<br \/>\nde la red \"Aprender sostenibilidad en Frankfurt\"<\/li>\n<\/ul>\n<p>...\u00a1y mucho m\u00e1s!<\/p>\n<\/div><\/div><div class=\"et_pb_module et_pb_button_module_wrapper et_pb_button_5_wrapper preset--module--divi-button--70b994c3-2b68-43f9-baa1-aee328fdc428_wrapper\"><a class=\"et_pb_button_5 et_pb_button et_pb_bg_layout_light et_pb_module et_block_module button preset--module--divi-button--70b994c3-2b68-43f9-baa1-aee328fdc428\" href=\"https:\/\/tropica-verde.de\/es\/eventos\/\">TODOS LOS EVENTOS<\/a><\/div><\/div><\/div><\/div><div class=\"et_pb_section_10 et_pb_section et_section_regular et_block_section\"><div class=\"et_pb_row_16 et_pb_row et_block_row\"><div class=\"et_pb_column_23 et_pb_column et_pb_column_1_2 et_block_column et_pb_css_mix_blend_mode_passthrough\"><div class=\"et_pb_text_28 et_pb_text et_pb_bg_layout_light et_pb_module et_block_module preset--module--divi-text--default\"><div class=\"et_pb_text_inner\"><h2>IGS NORDEND: Cooperaci\u00f3n duradera para la protecci\u00f3n del clima<\/h2>\n<\/div><\/div><div class=\"et_pb_text_29 et_pb_text et_pb_bg_layout_light et_pb_module et_block_module preset--module--divi-text--default\"><div class=\"et_pb_text_inner\"><p>IGS Nordend de Fr\u00e1ncfort lleva a\u00f1os colaborando regularmente con Tropica Verde. Como escuela ahorradora de energ\u00eda, ahorra 60 toneladas de CO2 y 15.000 euros al a\u00f1o. El CO2 inevitable se compensa plantando \u00e1rboles con Tropica Verde. Los donativos recaudados por los alumnos, por ejemplo durante una carrera ben\u00e9fica, se destinan a la reforestaci\u00f3n de Monte Alto. Junto con el proyecto EnergIGS, Tropica Verde participa en actos como el Festival Medioambiental del Meno. IGS Nordend gan\u00f3 el concurso \"Campe\u00f3n del Ahorro Energ\u00e9tico\" en 2021.<\/p>\n<\/div><\/div><\/div><div class=\"et_pb_column_24 et_pb_column et_pb_column_1_2 et-last-child et_block_column et_pb_css_mix_blend_mode_passthrough\"><div class=\"et_pb_image_8 et_pb_image et_pb_module et_block_module\"><span class=\"et_pb_image_wrap\"><img loading=\"lazy\" decoding=\"async\" src=\"https:\/\/tropica-verde.de\/wp-content\/uploads\/2024\/07\/7_IGS_Schule-CO2_neutral_machen_20190909.jpeg\" width=\"1000\" height=\"1333\" class=\"wp-image-244319\" alt=\"Los ni\u00f1os descubren la naturaleza en la plataforma de observaci\u00f3n del centro de educaci\u00f3n medioambiental de Monte Alto\" title=\"7_IGS_Schule CO2_neutral_machen_20190909\" \/><\/span><\/div><\/div><\/div><\/div><div class=\"et_pb_section_11 et_pb_section et_section_regular et_block_section\"><div class=\"et_pb_row_17 et_pb_row et_block_row\"><div class=\"et_pb_column_25 et_pb_column et_pb_column_4_4 et-last-child et_block_column et_pb_css_mix_blend_mode_passthrough\"><div class=\"et_pb_text_30 et_pb_text et_pb_bg_layout_light et_pb_module et_block_module preset--module--divi-text--default\"><div class=\"et_pb_text_inner\"><h2>Noticias sobre nuestras campa\u00f1as y proyectos educativos<\/h2>\n<\/div><\/div><\/div><\/div><\/div><div class=\"et_pb_section_12 et_pb_section et_section_regular et_block_section\"><div class=\"et_pb_row_18 et_pb_row et_block_row\"><div class=\"et_pb_column_26 et_pb_column et_pb_column_4_4 et-last-child et_block_column et_pb_css_mix_blend_mode_passthrough\"><div class=\"et_pb_blog_0 et_pb_blog et_pb_bg_layout_light et_pb_posts et_pb_module preset--group--divi-blog--divi-image--h1qhhdc--default preset--module--divi-blog--default\"><div class=\"et_pb_ajax_pagination_container\"><div class=\"et_pb_blog_posts et_grid_module\"><article class=\"et_pb_post et_pb_post_id_253707 clearfix et_pb_blog_item_0_0 post-253707 post type-post status-publish format-standard has-post-thumbnail hentry category-eventos-fechas\"><div class=\"et_pb_image_container\"><a href=\"https:\/\/tropica-verde.de\/es\/08-10-2026-informe-del-proyecto-en-linea\/\" class=\"entry-featured-image-url\"><img loading=\"lazy\" decoding=\"async\" src=\"https:\/\/tropica-verde.de\/wp-content\/uploads\/2025\/12\/Stefan-3.jpg\" width=\"400\" height=\"250\" alt=\"08\/10\/2026 | \u00bfQu\u00e9 se est\u00e1 moviendo en Costa Rica? Nuestro informe del proyecto en l\u00ednea 2025-2026\" class=\"\" title=\"\"><span data-icon=\"\ue050\" class=\"et_overlay et_pb_inline_icon\"><\/span><\/a><\/div><h2 class=\"entry-title\"><a href=\"https:\/\/tropica-verde.de\/es\/08-10-2026-informe-del-proyecto-en-linea\/\">08\/10\/2026 | \u00bfQu\u00e9 se est\u00e1 moviendo en Costa Rica? Nuestro informe del proyecto en l\u00ednea 2025-2026<\/a><\/h2><p class=\"post-meta\"><span class=\"published\">Ago 31, 2026<\/span><\/p><div class=\"post-content\"><div class=\"post-content-inner\"><p>Una mirada a nuestro trabajo en Costa Rica: en directo por Zoom En nuestra asamblea general anual del 23 de agosto de 2026, nuestro director de proyecto, el Dr. Stefan Rother, volvi\u00f3 a ofrecernos una visi\u00f3n fascinante del trabajo de Tropica Verde en Costa Rica entre...<\/p>\n<\/div><a href=\"https:\/\/tropica-verde.de\/es\/08-10-2026-informe-del-proyecto-en-linea\/\" class=\"more-link\">leer m\u00e1s...<\/a><\/div><\/article><article class=\"et_pb_post et_pb_post_id_253540 clearfix et_pb_blog_item_0_1 post-253540 post type-post status-publish format-standard has-post-thumbnail hentry category-testimonios category-news-ong\"><div class=\"et_pb_image_container\"><a href=\"https:\/\/tropica-verde.de\/es\/donaciones-de-multas-a-tropica-verde-informacion\/\" class=\"entry-featured-image-url\"><img loading=\"lazy\" decoding=\"async\" src=\"https:\/\/tropica-verde.de\/wp-content\/uploads\/2026\/08\/Tropica-Verde_Bussgeldspende_2026.png\" width=\"400\" height=\"250\" alt=\"Ahora puedes destinar las multas o las donaciones por multas a Tropica Verde\" class=\"\" title=\"\"><span data-icon=\"\ue050\" class=\"et_overlay et_pb_inline_icon\"><\/span><\/a><\/div><h2 class=\"entry-title\"><a href=\"https:\/\/tropica-verde.de\/es\/donaciones-de-multas-a-tropica-verde-informacion\/\">Ahora puedes destinar las multas o las donaciones por multas a Tropica Verde<\/a><\/h2><p class=\"post-meta\"><span class=\"published\">Ago 9, 2026<\/span><\/p><div class=\"post-content\"><div class=\"post-content-inner\"><\/div><a href=\"https:\/\/tropica-verde.de\/es\/donaciones-de-multas-a-tropica-verde-informacion\/\" class=\"more-link\">leer m\u00e1s...<\/a><\/div><\/article><article class=\"et_pb_post et_pb_post_id_252068 clearfix et_pb_blog_item_0_2 post-252068 post type-post status-publish format-standard has-post-thumbnail hentry category-eventos-fechas\"><div class=\"et_pb_image_container\"><a href=\"https:\/\/tropica-verde.de\/es\/reserva-la-fecha-asamblea-general-de-socios-2026\/\" class=\"entry-featured-image-url\"><img loading=\"lazy\" decoding=\"async\" src=\"https:\/\/tropica-verde.de\/wp-content\/uploads\/2025\/06\/Mitgliederversammlung-2024-im-Saalbau-Bornheim.jpg\" width=\"400\" height=\"250\" alt=\"23\/08\/2026 | AP\u00daNTATE LA FECHA: Asamblea General de 2026\" class=\"\" title=\"\"><span data-icon=\"\ue050\" class=\"et_overlay et_pb_inline_icon\"><\/span><\/a><\/div><h2 class=\"entry-title\"><a href=\"https:\/\/tropica-verde.de\/es\/reserva-la-fecha-asamblea-general-de-socios-2026\/\">23\/08\/2026 | AP\u00daNTATE LA FECHA: Asamblea General de 2026<\/a><\/h2><p class=\"post-meta\"><span class=\"published\">Jul 21, 2026<\/span><\/p><div class=\"post-content\"><div class=\"post-content-inner\"><p>Los socios de Tropica Verde se reunir\u00e1n el 23 de agosto en el Saalbau Bornheim de Fr\u00e1ncfort. \u00a1Ven a conocer a socios activos, comparte opiniones con gente con tus mismos intereses y habla con nosotros sobre las novedades de la asociaci\u00f3n!  <\/p>\n<\/div><a href=\"https:\/\/tropica-verde.de\/es\/reserva-la-fecha-asamblea-general-de-socios-2026\/\" class=\"more-link\">leer m\u00e1s...<\/a><\/div><\/article><\/div><\/div><\/div><\/div><\/div><\/div>\n","protected":false},"excerpt":{"rendered":"","protected":false},"author":10,"featured_media":0,"parent":0,"menu_order":0,"comment_status":"closed","ping_status":"closed","template":"","meta":{"inline_featured_image":false,"footnotes":""},"class_list":["post-243834","page","type-page","status-publish","hentry"],"_links":{"self":[{"href":"https:\/\/tropica-verde.de\/es\/wp-json\/wp\/v2\/pages\/243834","targetHints":{"allow":["GET"]}}],"collection":[{"href":"https:\/\/tropica-verde.de\/es\/wp-json\/wp\/v2\/pages"}],"about":[{"href":"https:\/\/tropica-verde.de\/es\/wp-json\/wp\/v2\/types\/page"}],"author":[{"embeddable":true,"href":"https:\/\/tropica-verde.de\/es\/wp-json\/wp\/v2\/users\/10"}],"replies":[{"embeddable":true,"href":"https:\/\/tropica-verde.de\/es\/wp-json\/wp\/v2\/comments?post=243834"}],"version-history":[{"count":20,"href":"https:\/\/tropica-verde.de\/es\/wp-json\/wp\/v2\/pages\/243834\/revisions"}],"predecessor-version":[{"id":252731,"href":"https:\/\/tropica-verde.de\/es\/wp-json\/wp\/v2\/pages\/243834\/revisions\/252731"}],"wp:attachment":[{"href":"https:\/\/tropica-verde.de\/es\/wp-json\/wp\/v2\/media?parent=243834"}],"curies":[{"name":"wp","href":"https:\/\/api.w.org\/{rel}","templated":true}]}}