{"id":239109,"date":"2024-04-13T23:50:12","date_gmt":"2024-04-13T21:50:12","guid":{"rendered":"https:\/\/tropica-verde.de\/proyectos\/tortugas-marinas-en-gandoca\/"},"modified":"2026-02-20T20:03:50","modified_gmt":"2026-02-20T18:03:50","slug":"tortugas-marinas-en-gandoca","status":"publish","type":"page","link":"https:\/\/tropica-verde.de\/es\/proyectos\/tortugas-marinas-en-gandoca\/","title":{"rendered":"Tortugas marinas en Gandoca"},"content":{"rendered":"<p>[et_pb_section fb_built=\u00bb1&#8243; fullwidth=\u00bbon\u00bb _builder_version=\u00bb4.16&#8243; _module_preset=\u00bbdefault\u00bb min_height_tablet=\u00bb\u00bb min_height_phone=\u00bb\u00bb min_height_last_edited=\u00bbon|phone\u00bb saved_tabs=\u00bball\u00bb global_colors_info=\u00bb{}\u00bb][et_pb_fullwidth_header title=\u00bbGANDOCA-MANZANILLO\u00bb subhead=\u00bbConservaci\u00f3n de las tortugas marinas en la costa caribe\u00f1a\u00bb _builder_version=\u00bb4.27.4&#8243; _module_preset=\u00bbdefault\u00bb title_font=\u00bb|800|||||||\u00bb title_font_size=\u00bb70px\u00bb title_line_height=\u00bb0.8em\u00bb subhead_font=\u00bbSource Serif Pro Semibold||||||||\u00bb subhead_font_size=\u00bb36px\u00bb subhead_line_height=\u00bb1.2em\u00bb background_color=\u00bbrgba(0,13,53,0.24)\u00bb background_image=\u00bbhttps:\/\/tropica-verde.de\/wp-content\/uploads\/2023\/05\/Faunity-Arribada-Ostional-Schildkroete.jpg\u00bb background_position=\u00bbtop_center\u00bb background_vertical_offset=\u00bb30%\u00bb background_blend=\u00bbmultiply\u00bb transform_translate_linked=\u00bboff\u00bb min_height=\u00bb464px\u00bb min_height_tablet=\u00bb\u00bb min_height_phone=\u00bb\u00bb min_height_last_edited=\u00bbon|desktop\u00bb custom_margin=\u00bb||||false|false\u00bb custom_padding=\u00bb180px||||false|false\u00bb custom_padding_tablet=\u00bb60px||||false|false\u00bb custom_padding_phone=\u00bb||||false|false\u00bb custom_padding_last_edited=\u00bbon|tablet\u00bb title_font_size_tablet=\u00bb56px\u00bb title_font_size_phone=\u00bb43px\u00bb title_font_size_last_edited=\u00bbon|desktop\u00bb subhead_font_size_tablet=\u00bb30px\u00bb subhead_font_size_phone=\u00bb24px\u00bb subhead_font_size_last_edited=\u00bbon|phone\u00bb global_colors_info=\u00bb{}\u00bb][\/et_pb_fullwidth_header][\/et_pb_section][et_pb_section fb_built=\u00bb1&#8243; _builder_version=\u00bb4.16&#8243; _module_preset=\u00bbdefault\u00bb custom_padding=\u00bb56px||85px|||\u00bb global_colors_info=\u00bb{}\u00bb][et_pb_row _builder_version=\u00bb4.16&#8243; _module_preset=\u00bbdefault\u00bb width=\u00bb65%\u00bb width_tablet=\u00bb\u00bb width_phone=\u00bb\u00bb width_last_edited=\u00bbon|desktop\u00bb custom_padding=\u00bb41px|||||\u00bb global_colors_info=\u00bb{}\u00bb][et_pb_column type=\u00bb4_4&#8243; _builder_version=\u00bb4.16&#8243; _module_preset=\u00bbdefault\u00bb global_colors_info=\u00bb{}\u00bb][et_pb_text _builder_version=\u00bb4.23.1&#8243; _module_preset=\u00bbdefault\u00bb header_font=\u00bb|600|||||||\u00bb header_text_color=\u00bb#006B46&#8243; header_font_size=\u00bb36px\u00bb header_2_font=\u00bb||||||||\u00bb header_2_text_color=\u00bb#006B46&#8243; header_2_font_size=\u00bb36px\u00bb header_2_line_height=\u00bb1.5em\u00bb header_font_size_tablet=\u00bb30px\u00bb header_font_size_phone=\u00bb24px\u00bb header_font_size_last_edited=\u00bbon|phone\u00bb header_2_font_size_tablet=\u00bb30px\u00bb header_2_font_size_phone=\u00bb24px\u00bb header_2_font_size_last_edited=\u00bbon|desktop\u00bb global_colors_info=\u00bb{}\u00bb]<\/p>\n<h2>Tortugas marinas en Costa Rica<\/h2>\n<p>Costa Rica es la meca de las tortugas marinas. Cinco de las siete especies de tortugas marinas del mundo vienen a desovar a las playas de las costas del Pac\u00edfico y el Caribe en Costa Rica. Adem\u00e1s, en diferentes etapas de su vida utilizan las aguas costeras ricas en nutrientes como zonas de alimentaci\u00f3n. Nuestra socia y bi\u00f3loga marina, la Dra. Christine Figgener, trabaja con la organizaci\u00f3n COASTS para garantizar que las tortugas marinas sigan llegando a las playas de Costa Rica en gran n\u00famero para desovar, donde las cr\u00edas emprender\u00e1n su primer gran viaje hacia el mar Caribe o el oc\u00e9ano Pac\u00edfico al tras unas pocas semanas.<\/p>\n<p>[\/et_pb_text][\/et_pb_column][\/et_pb_row][\/et_pb_section][et_pb_section fb_built=\u00bb1&#8243; _builder_version=\u00bb4.23.1&#8243; _module_preset=\u00bbdefault\u00bb background_color=\u00bb#C2DBE0&#8243; custom_padding=\u00bb||||false|false\u00bb global_colors_info=\u00bb{}\u00bb][et_pb_row column_structure=\u00bb1_2,1_2&#8243; _builder_version=\u00bb4.16&#8243; _module_preset=\u00bbdefault\u00bb global_colors_info=\u00bb{}\u00bb][et_pb_column type=\u00bb1_2&#8243; _builder_version=\u00bb4.16&#8243; _module_preset=\u00bbdefault\u00bb global_colors_info=\u00bb{}\u00bb][et_pb_text _builder_version=\u00bb4.23.1&#8243; _module_preset=\u00bbdefault\u00bb header_2_text_color=\u00bb#006B46&#8243; header_2_font_size=\u00bb36px\u00bb header_2_font_size_tablet=\u00bb30px\u00bb header_2_font_size_phone=\u00bb24px\u00bb global_colors_info=\u00bb{}\u00bb]<\/p>\n<h2>Protecci\u00f3n e investigaci\u00f3n de las tortugas marinas<\/h2>\n<p><span class=\"TextRun SCXW207344217 BCX8\" xml:lang=\"DE-DE\" data-contrast=\"auto\" lang=\"DE-DE\"><span class=\"NormalTextRun SCXW207344217 BCX8\">Dra. Christine Figgener y <\/span><span class=\"NormalTextRun SCXW207344217 BCX8\">la organizaci\u00f3n <a href=\"https:\/\/www.coasts-cr.org\/\" target=\"_blank\" rel=\"noopener nofollow\">COASTS (Alianza Costarricense para la Conservaci\u00f3n y la Ciencia de las Tortugas Marinas<\/a> ) <\/span><span class=\"NormalTextRun SCXW207344217 BCX8\"> protegen a las hembras<\/span><span class=\"NormalTextRun SCXW207344217 BCX8\"> hembras<\/span><span class=\"NormalTextRun SCXW207344217 BCX8\"> y sus huevos <\/span><span class=\"NormalTextRun SCXW207344217 BCX8\">de los cazadores furtivos<\/span><span class=\"NormalTextRun SCXW207344217 BCX8\">la erosi\u00f3n de las playas y, por tanto, de los lugares de anidamiento, as\u00ed como de los enemigos naturales.<\/span><\/span><span class=\"EOP SCXW207344217 BCX8\" data-ccp-props=\"{\"201341983\":0,\"335559739\":160,\"335559740\":259}\"> <\/span><\/p>\n<p>Entre marzo y julio, la <strong><em>tortuga la\u00fad, en peligro de extinci\u00f3n<\/em><\/strong> (&lt;200 nidos al a\u00f1o), entre mayo y octubre la amenazada <strong><em>la tortuga carey, en peligro cr\u00edtico de extinci\u00f3n<\/em><\/strong> (&lt;200 nidos al a\u00f1o) y la<strong><em> tortuga verde<\/em><\/strong> (&lt;30 nidos al a\u00f1o) vienen a Gandoca a desovar.<\/p>\n<p><span class=\"TextRun SCXW73432054 BCX8\" xml:lang=\"DE-DE\" data-contrast=\"auto\" lang=\"DE-DE\"><span class=\"NormalTextRun SCXW73432054 BCX8\">W<\/span><span class=\"NormalTextRun SCXW73432054 BCX8\">urante la temporada de anidaci\u00f3n (de marzo a octubre en la costa caribe\u00f1a) <\/span><span class=\"NormalTextRun SCXW73432054 BCX8\">Christine y su equipo realizan <\/span><span class=\"NormalTextRun SCXW73432054 BCX8\">patrullas nocturnas y recorridos de reconocimiento matutinos<\/span><span class=\"NormalTextRun SCXW73432054 BCX8\">. Ellas <\/span><span class=\"NormalTextRun SCXW73432054 BCX8\">permanecer con las hembras que anidan hasta que hayan vuelto al agua y <\/span><span class=\"NormalTextRun SCXW73432054 BCX8\">asegurar los huevos puestos traslad\u00e1ndolos a un lugar m\u00e1s seguro y enterr\u00e1ndolos all\u00ed de nuevo. <\/span> <\/span><span class=\"TextRun SCXW108166165 BCX8\" xml:lang=\"DE-DE\" data-contrast=\"auto\" lang=\"DE-DE\"><span class=\"NormalTextRun SCXW108166165 BCX8\"><\/span><\/span><span class=\"EOP SCXW108166165 BCX8\" data-ccp-props=\"{\"201341983\":0,\"335559739\":160,\"335559740\":259}\"><\/span><\/p>\n<p>[\/et_pb_text][\/et_pb_column][et_pb_column type=\u00bb1_2&#8243; _builder_version=\u00bb4.16&#8243; _module_preset=\u00bbdefault\u00bb global_colors_info=\u00bb{}\u00bb][et_pb_image src=\u00bbhttps:\/\/tropica-verde.de\/wp-content\/uploads\/2023\/05\/PHOTO-2022-12-19-04-48-44.jpg\u00bb alt=\u00bbStefan, Martin y Christine en la playa de Gandoca.\u00bb title_text=\u00bbStefan, Martin y Christine en la playa de Gandoca.\u00bb admin_label=\u00bbStefan, Martin und Christine am Strand von Gandoca.\u00bb _builder_version=\u00bb4.16&#8243; _module_preset=\u00bbdefault\u00bb global_colors_info=\u00bb{}\u00bb][\/et_pb_image][\/et_pb_column][\/et_pb_row][\/et_pb_section][et_pb_section fb_built=\u00bb1&#8243; admin_label=\u00bbFeature Section\u00bb _builder_version=\u00bb4.16&#8243; custom_padding=\u00bb29px||2px|||\u00bb global_colors_info=\u00bb{}\u00bb][et_pb_row column_structure=\u00bb1_2,1_2&#8243; custom_padding_last_edited=\u00bbon|desktop\u00bb admin_label=\u00bbElemento 01 Zona\u00bb _builder_version=\u00bb4.16&#8243; custom_padding=\u00bb35px|0px|0px|0px||\u00bb custom_padding_tablet=\u00bb0px||||false|false\u00bb custom_padding_phone=\u00bb0px||||false|false\u00bb global_colors_info=\u00bb{}\u00bb][et_pb_column type=\u00bb1_2&#8243; _builder_version=\u00bb4.16&#8243; custom_padding=\u00bb|||\u00bb global_colors_info=\u00bb{}\u00bb custom_padding__hover=\u00bb|||\u00bb][et_pb_image src=\u00bbhttps:\/\/tropica-verde.de\/wp-content\/uploads\/2025\/04\/Lederschildkroete-Eiablage-\u00a9-Christine-Figgener-480x640px.jpg\u00bb alt=\u00bbTortuga la\u00fad Costa Rica\u00bb title_text=\u00bbLa Dra. Christine Figgener con una tortuga la\u00fad poniendo huevos \u00a9 Christine Figgener\u00bb force_fullwidth=\u00bbon\u00bb align_tablet=\u00bbcenter\u00bb align_phone=\u00bb\u00bb align_last_edited=\u00bbon|desktop\u00bb _builder_version=\u00bb4.27.4&#8243; custom_margin=\u00bb|||\u00bb custom_margin_tablet=\u00bb\u00bb custom_margin_phone=\u00bb\u00bb custom_margin_last_edited=\u00bbon|phone\u00bb custom_padding=\u00bb||26px|40px||\u00bb custom_padding_tablet=\u00bb||0px|0px|false|false\u00bb custom_padding_phone=\u00bb\u00bb custom_padding_last_edited=\u00bbon|desktop\u00bb animation_style=\u00bbslide\u00bb animation_direction=\u00bbright\u00bb animation_intensity_slide=\u00bb8%\u00bb animation_starting_opacity=\u00bb100%\u00bb global_colors_info=\u00bb{}\u00bb][\/et_pb_image][\/et_pb_column][et_pb_column type=\u00bb1_2&#8243; _builder_version=\u00bb4.16&#8243; custom_padding=\u00bb5%|5%|5%|5%\u00bb global_colors_info=\u00bb{}\u00bb custom_padding__hover=\u00bb|||\u00bb][et_pb_text admin_label=\u00bbTitle\u00bb _builder_version=\u00bb4.23.1&#8243; text_font=\u00bb||||||||\u00bb text_text_color=\u00bb#00512C\u00bb header_font=\u00bb|||on|||||\u00bb header_text_color=\u00bb#00512C\u00bb header_font_size=\u00bb36px\u00bb header_2_font=\u00bb|700|||||||\u00bb header_2_text_color=\u00bb#006B46&#8243; header_2_font_size=\u00bb35px\u00bb module_alignment=\u00bbcenter\u00bb custom_margin=\u00bb||15px|\u00bb custom_margin_tablet=\u00bb\u00bb custom_margin_phone=\u00bb||0px||false|false\u00bb custom_margin_last_edited=\u00bbon|phone\u00bb custom_padding=\u00bb64px|||||\u00bb custom_padding_tablet=\u00bb0px||||false|false\u00bb custom_padding_phone=\u00bb0px||||false|false\u00bb custom_padding_last_edited=\u00bbon|desktop\u00bb animation_direction=\u00bbleft\u00bb header_font_size_tablet=\u00bb30px\u00bb header_font_size_phone=\u00bb24px\u00bb header_font_size_last_edited=\u00bbon|phone\u00bb header_2_font_size_phone=\u00bb27px\u00bb global_colors_info=\u00bb{}\u00bb]<\/p>\n<h2>Programa integral para las tortugas<\/h2>\n<p>[\/et_pb_text][et_pb_text _builder_version=\u00bb4.23.1&#8243; text_font=\u00bb||||||||\u00bb header_font=\u00bb||||||||\u00bb max_width=\u00bb525px\u00bb module_alignment=\u00bbleft\u00bb custom_margin_tablet=\u00bb\u00bb custom_margin_phone=\u00bb||30px||false|false\u00bb custom_margin_last_edited=\u00bbon|phone\u00bb animation_direction=\u00bbleft\u00bb global_colors_info=\u00bb{}\u00bb]<\/p>\n<p>Las tortugas marinas que llegan a Gandoca son marcadas, registradas y medidas. Adem\u00e1s de investigar a las hembras que anidan, tambi\u00e9n se investiga la vida de las tortugas marinas en el agua. A algunos animales se les coloca un transmisor satelital.   Los datos recopilados se utilizan, entre otras cosas, para mostrar al gobierno costarricense formas de hacer m\u00e1s eficaz y sostenible la protecci\u00f3n de las tortugas marinas.<\/p>\n<p>La conservaci\u00f3n del h\u00e1bitat es otra \u00e1rea importante de trabajo para los conservacionistas, ya que las poblaciones de tortugas marinas no pueden prosperar en el futuro sin un ecosistema sano.<\/p>\n<p>[\/et_pb_text][\/et_pb_column][\/et_pb_row][et_pb_row column_structure=\u00bb1_2,1_2&#8243; admin_label=\u00bbElemento 02 Zona\u00bb _builder_version=\u00bb4.23.1&#8243; background_color=\u00bb#C2DBE0&#8243; custom_margin=\u00bb|auto|12px|auto||\u00bb custom_margin_tablet=\u00bb\u00bb custom_margin_phone=\u00bb\u00bb custom_margin_last_edited=\u00bbon|desktop\u00bb custom_padding=\u00bb0px|0px|0px|0px\u00bb global_colors_info=\u00bb{}\u00bb][et_pb_column type=\u00bb1_2&#8243; _builder_version=\u00bb4.16&#8243; custom_padding=\u00bb5%|5%|5%|5%\u00bb custom_padding_tablet=\u00bb0px|0px|0px|0px\u00bb custom_padding_last_edited=\u00bboff|desktop\u00bb global_colors_info=\u00bb{}\u00bb padding_tablet=\u00bb0px|0px|0px|0px\u00bb padding_last_edited=\u00bboff|desktop\u00bb custom_padding__hover=\u00bb|||\u00bb][et_pb_text admin_label=\u00bbTitle\u00bb _builder_version=\u00bb4.23.1&#8243; text_font=\u00bb||||||||\u00bb text_font_size=\u00bb16px\u00bb text_line_height=\u00bb1.8em\u00bb header_font=\u00bb|600|||||||\u00bb header_text_color=\u00bb#00512C\u00bb header_2_font=\u00bb|700|||||||\u00bb header_2_text_color=\u00bb#006B46&#8243; header_2_font_size=\u00bb36px\u00bb background_layout=\u00bbdark\u00bb module_alignment=\u00bbcenter\u00bb custom_margin=\u00bb||15px|\u00bb custom_padding=\u00bb|||\u00bb animation_direction=\u00bbleft\u00bb header_2_font_size_tablet=\u00bb30px\u00bb header_2_font_size_phone=\u00bb24px\u00bb locked=\u00bboff\u00bb global_colors_info=\u00bb{}\u00bb]<\/p>\n<h2>La protecci\u00f3n de los h\u00e1bitats en acci\u00f3n<\/h2>\n<p>[\/et_pb_text][et_pb_text _builder_version=\u00bb4.16&#8243; text_font=\u00bb||||||||\u00bb text_text_color=\u00bb#575656&#8243; header_font=\u00bb||||||||\u00bb background_layout=\u00bbdark\u00bb max_width=\u00bb525px\u00bb module_alignment=\u00bbleft\u00bb animation_direction=\u00bbleft\u00bb locked=\u00bboff\u00bb global_colors_info=\u00bb{}\u00bb]<\/p>\n<p>COASTS organiza regularmente campa\u00f1as e iniciativas para restaurar los h\u00e1bitats locales. Por un lado, se realizan limpiezas peri\u00f3dicas de la playa, relativamente escarpada, para retirar madera flotante, pl\u00e1sticos y basura. Por otro, se cultivan \u00e1rboles para la reforestaci\u00f3n de los manglares de la laguna.  <\/p>\n<p>[\/et_pb_text][\/et_pb_column][et_pb_column type=\u00bb1_2&#8243; _builder_version=\u00bb4.16&#8243; custom_padding=\u00bb|||\u00bb global_colors_info=\u00bb{}\u00bb custom_padding__hover=\u00bb|||\u00bb][et_pb_image src=\u00bbhttps:\/\/tropica-verde.de\/wp-content\/uploads\/2025\/04\/Lederschildkroete-\u00a9-Christine-Figgener-scaled-e1743460679675.jpg\u00bb alt=\u00bbTortuga la\u00fad Costa Rica\u00bb title_text=\u00bbLa tortuga la\u00fad es una especie en peligro de extinci\u00f3n\u00bb force_fullwidth=\u00bbon\u00bb align_tablet=\u00bbcenter\u00bb align_phone=\u00bb\u00bb align_last_edited=\u00bbon|desktop\u00bb _builder_version=\u00bb4.27.4&#8243; custom_margin=\u00bb-20px||-100px|\u00bb custom_margin_tablet=\u00bb0px||0px||false|false\u00bb custom_margin_phone=\u00bb0px||0px||false|false\u00bb custom_margin_last_edited=\u00bbon|tablet\u00bb animation_style=\u00bbslide\u00bb animation_direction=\u00bbleft\u00bb animation_intensity_slide=\u00bb8%\u00bb animation_starting_opacity=\u00bb100%\u00bb box_shadow_style=\u00bbpreset1&#8243; box_shadow_blur=\u00bb80px\u00bb global_colors_info=\u00bb{}\u00bb][\/et_pb_image][\/et_pb_column][\/et_pb_row][et_pb_row column_structure=\u00bb1_2,1_2&#8243; admin_label=\u00bbElemento 01 Zona\u00bb _builder_version=\u00bb4.16&#8243; min_height=\u00bb602.8px\u00bb min_height_tablet=\u00bb\u00bb min_height_phone=\u00bb\u00bb min_height_last_edited=\u00bbon|phone\u00bb custom_padding=\u00bb3px|0px|0px|0px||\u00bb global_colors_info=\u00bb{}\u00bb][et_pb_column type=\u00bb1_2&#8243; _builder_version=\u00bb4.16&#8243; custom_padding=\u00bb|||\u00bb global_colors_info=\u00bb{}\u00bb custom_padding__hover=\u00bb|||\u00bb][et_pb_image src=\u00bbhttps:\/\/tropica-verde.de\/wp-content\/uploads\/2024\/05\/IMG_20231109_163420-3-scaled-e1718489537635.jpg\u00bb alt=\u00bbColaboradora de educaci\u00f3n medioambiental Ariana Oporta Tortuga McCarthy\u00bb title_text=\u00bbNuestra socia Ariana Oporta McCarthy est\u00e1 comprometida con la sensibilizaci\u00f3n sobre cuestiones medioambientales\u00bb force_fullwidth=\u00bbon\u00bb align_tablet=\u00bbcenter\u00bb align_phone=\u00bb\u00bb align_last_edited=\u00bbon|desktop\u00bb _builder_version=\u00bb4.23.1&#8243; custom_margin=\u00bb34px|||||\u00bb custom_padding=\u00bb0px|||40px||\u00bb custom_padding_tablet=\u00bb|||0px\u00bb custom_padding_phone=\u00bb\u00bb custom_padding_last_edited=\u00bbon|tablet\u00bb animation_style=\u00bbslide\u00bb animation_direction=\u00bbright\u00bb animation_intensity_slide=\u00bb8%\u00bb animation_starting_opacity=\u00bb100%\u00bb global_colors_info=\u00bb{}\u00bb][\/et_pb_image][\/et_pb_column][et_pb_column type=\u00bb1_2&#8243; _builder_version=\u00bb4.16&#8243; custom_padding=\u00bb5%|5%|5%|5%\u00bb global_colors_info=\u00bb{}\u00bb custom_padding__hover=\u00bb|||\u00bb][et_pb_text _builder_version=\u00bb4.23.1&#8243; text_font=\u00bb||||||||\u00bb header_font=\u00bb||||||||\u00bb header_font_size=\u00bb36px\u00bb header_2_font=\u00bb|700|||||||\u00bb header_2_text_color=\u00bb#006B46&#8243; header_2_font_size=\u00bb36px\u00bb max_width=\u00bb525px\u00bb module_alignment=\u00bbleft\u00bb custom_margin=\u00bb112px||15px||false|false\u00bb custom_margin_tablet=\u00bb0px||||false|false\u00bb custom_margin_phone=\u00bb0px||||false|false\u00bb custom_margin_last_edited=\u00bbon|phone\u00bb animation_direction=\u00bbleft\u00bb text_font_size_tablet=\u00bb\u00bb text_font_size_phone=\u00bb16px\u00bb text_font_size_last_edited=\u00bbon|phone\u00bb header_font_size_tablet=\u00bb30px\u00bb header_font_size_phone=\u00bb24px\u00bb header_font_size_last_edited=\u00bbon|phone\u00bb header_2_font_size_phone=\u00bb28px\u00bb global_colors_info=\u00bb{}\u00bb]<\/p>\n<h2>Un beneficio para la poblaci\u00f3n local<\/h2>\n<p>[\/et_pb_text][et_pb_text _builder_version=\u00bb4.23.1&#8243; text_font=\u00bb||||||||\u00bb text_text_color=\u00bb#575656&#8243; header_font=\u00bb||||||||\u00bb background_layout=\u00bbdark\u00bb max_width=\u00bb525px\u00bb module_alignment=\u00bbleft\u00bb animation_direction=\u00bbleft\u00bb locked=\u00bboff\u00bb global_colors_info=\u00bb{}\u00bb]<\/p>\n<div class=\"wpb_text_column wpb_content_element vc_custom_1660673263844\">\n<div class=\"wpb_wrapper\">\n<p><span style=\"font-size: 16px;\">El proyecto tambi\u00e9n pretende crear puestos de trabajo para la poblaci\u00f3n local y servir as\u00ed de incentivo econ\u00f3mico. Para ello, cada temporada se emplea en Gandoca a entre cinco y diez ayudantes cient\u00edficos del pueblo, algunos de los cuales sol\u00edan dedicarse ellos mismos a la caza furtiva y tienen as\u00ed un ingreso alternativo y legal.  Los estudiantes en pr\u00e1cticas tambi\u00e9n viven con familias del pueblo, lo que les proporciona unos ingresos.  <\/span><\/p>\n<p><span style=\"font-size: 16px;\"><\/span><\/p>\n<\/div>\n<\/div>\n<p>[\/et_pb_text][et_pb_blurb title=\u00bbEducaci\u00f3n medioambiental en la costa caribe\u00f1a\u00bb url=\u00bbhttps:\/\/tropica-verde.de\/es\/los-socios-del-proyecto-se-presentan-entrevista-con-ariana-oporta-mccarthy\/\u00bb use_icon=\u00bbon\u00bb font_icon=\u00bb&#xe04e;||divi||400&#8243; icon_color=\u00bb#006B46&#8243; icon_placement=\u00bbleft\u00bb _builder_version=\u00bb4.23.1&#8243; _module_preset=\u00bbdefault\u00bb header_level=\u00bbh2&#8243; header_text_color=\u00bb#006B46&#8243; header_font_size=\u00bb32px\u00bb body_font_size=\u00bb18px\u00bb link_option_url_new_window=\u00bbon\u00bb global_colors_info=\u00bb{}\u00bb]<\/p>\n<p>Entrevista con Ariana Oporta MacCarthy - bi\u00f3loga marina, Vicepresidenta de COASTS y responsable de educaci\u00f3n medioambiental de COASTS y Tropica Verde en esta regi\u00f3n<\/p>\n<p>[\/et_pb_blurb][\/et_pb_column][\/et_pb_row][\/et_pb_section][et_pb_section fb_built=\u00bb1&#8243; _builder_version=\u00bb4.16&#8243; _module_preset=\u00bbdefault\u00bb custom_padding=\u00bb56px||85px|||\u00bb global_colors_info=\u00bb{}\u00bb][et_pb_row _builder_version=\u00bb4.16&#8243; _module_preset=\u00bbdefault\u00bb width=\u00bb65%\u00bb width_tablet=\u00bb\u00bb width_phone=\u00bb\u00bb width_last_edited=\u00bbon|desktop\u00bb custom_padding=\u00bb41px|||||\u00bb global_colors_info=\u00bb{}\u00bb][et_pb_column type=\u00bb4_4&#8243; _builder_version=\u00bb4.16&#8243; _module_preset=\u00bbdefault\u00bb global_colors_info=\u00bb{}\u00bb][et_pb_text _builder_version=\u00bb4.23.1&#8243; _module_preset=\u00bbdefault\u00bb header_font=\u00bb|600|||||||\u00bb header_text_color=\u00bb#006B46&#8243; header_font_size=\u00bb36px\u00bb header_2_font=\u00bb||||||||\u00bb header_2_text_color=\u00bb#006B46&#8243; header_2_font_size=\u00bb36px\u00bb header_2_line_height=\u00bb1.5em\u00bb header_font_size_tablet=\u00bb30px\u00bb header_font_size_phone=\u00bb24px\u00bb header_font_size_last_edited=\u00bbon|phone\u00bb header_2_font_size_tablet=\u00bb30px\u00bb header_2_font_size_phone=\u00bb24px\u00bb header_2_font_size_last_edited=\u00bbon|desktop\u00bb global_colors_info=\u00bb{}\u00bb]<\/p>\n<div class=\"wpb_text_column wpb_content_element vc_custom_1660673263844\">\n<div class=\"wpb_wrapper\">\n<p><span style=\"font-size: 16px;\"><\/span><\/p>\n<\/div>\n<\/div>\n<div class=\"wpb_text_column wpb_content_element \">\n<div class=\"wpb_wrapper\">\n<div class=\"wpb_text_column wpb_content_element \">\n<h2 class=\"wpb_wrapper\">La educaci\u00f3n medioambiental como elemento importante<\/h2>\n<div class=\"wpb_wrapper\"><\/div>\n<div class=\"wpb_wrapper\"><\/div>\n<div class=\"wpb_wrapper\"><\/div>\n<div class=\"wpb_wrapper\"><\/div>\n<div class=\"wpb_wrapper\"><\/div>\n<div class=\"wpb_wrapper\">\n<p>Para que las medidas de conservaci\u00f3n sean sostenibles, se hace especial hincapi\u00e9 en la educaci\u00f3n medioambiental en las escuelas vecinas, a las que se visita regularmente para informar a los ni\u00f1os sobre la situaci\u00f3n de peligro de las tortugas marinas, pero tambi\u00e9n para concienciarlos de la importancia de proteger sus propios medios de subsistencia. Con la llegada de Internet a Gandoca, las visitas virtuales tambi\u00e9n son posibles para escuelas de otras partes de Costa Rica, as\u00ed como a escala internacional.<\/p>\n<p>Para que los estudiantes costarricenses y de otros pa\u00edses latinoamericanos se interesen por la conservaci\u00f3n de la naturaleza, el proyecto tambi\u00e9n ofrece tres becas al a\u00f1o para que j\u00f3venes cualificados trabajen durante tres meses cada uno.<\/p>\n<\/div>\n<\/div>\n<\/div>\n<\/div>\n<p>[\/et_pb_text][\/et_pb_column][\/et_pb_row][\/et_pb_section][et_pb_section fb_built=\u00bb1&#8243; use_custom_gutter=\u00bbon\u00bb gutter_width=\u00bb1&#8243; specialty=\u00bbon\u00bb padding_top_1=\u00bb0px\u00bb padding_bottom_1=\u00bb0px\u00bb admin_label=\u00bbImage Gallery Section\u00bb module_class=\u00bb et_pb_specialty_fullwidth\u00bb _builder_version=\u00bb4.16&#8243; inner_width=\u00bb100%\u00bb inner_width_tablet=\u00bb100%\u00bb inner_width_phone=\u00bb\u00bb inner_width_last_edited=\u00bbon|desktop\u00bb inner_max_width=\u00bb100%\u00bb inner_max_width_tablet=\u00bb100%\u00bb inner_max_width_phone=\u00bb\u00bb inner_max_width_last_edited=\u00bbon|desktop\u00bb custom_padding=\u00bb0px|0px|0px|0px\u00bb make_fullwidth=\u00bbon\u00bb global_colors_info=\u00bb{}\u00bb][et_pb_column type=\u00bb1_2&#8243; _builder_version=\u00bb4.16&#8243; custom_padding=\u00bb|||\u00bb global_colors_info=\u00bb{}\u00bb custom_padding__hover=\u00bb|||\u00bb][et_pb_image src=\u00bbhttps:\/\/tropica-verde.de\/wp-content\/uploads\/2025\/04\/Schildkroetenbaby-Echte-Karett-\u00a9-Christine-Figgener-3247-scaled.jpg\u00bb alt=\u00bbEs todo un espect\u00e1culo cuando las tortugas la\u00fad salen del cascar\u00f3n y se adentran en el mar.\u00bb title_text=\u00bbCr\u00eda de tortuga carey \u00a9 Christine Figgener-3247&#8243; show_in_lightbox=\u00bbon\u00bb use_overlay=\u00bbon\u00bb overlay_icon_color=\u00bb#ffffff\u00bb hover_overlay_color=\u00bbrgba(0,0,0,0.3)\u00bb hover_icon=\u00bb&#x30;||divi||400&#8243; force_fullwidth=\u00bbon\u00bb align_tablet=\u00bbcenter\u00bb align_phone=\u00bb\u00bb align_last_edited=\u00bbon|desktop\u00bb module_class=\u00bbobject-fit-cover\u00bb _builder_version=\u00bb4.27.4&#8243; min_height_tablet=\u00bb\u00bb min_height_phone=\u00bb\u00bb min_height_last_edited=\u00bbon|desktop\u00bb height=\u00bb50vw\u00bb height_tablet=\u00bb600px\u00bb height_phone=\u00bb300px\u00bb height_last_edited=\u00bbon|phone\u00bb custom_margin=\u00bb|||\u00bb box_shadow_style=\u00bbpreset7&#8243; box_shadow_horizontal=\u00bb0px\u00bb box_shadow_vertical=\u00bb0px\u00bb box_shadow_spread=\u00bb8px\u00bb box_shadow_color=\u00bb#ffffff\u00bb locked=\u00bboff\u00bb global_colors_info=\u00bb{}\u00bb][\/et_pb_image][\/et_pb_column][et_pb_column type=\u00bb1_2&#8243; specialty_columns=\u00bb2&#8243; _builder_version=\u00bb4.16&#8243; custom_padding=\u00bb|||\u00bb global_colors_info=\u00bb{}\u00bb custom_padding__hover=\u00bb|||\u00bb][et_pb_row_inner column_structure=\u00bb1_2,1_2&#8243; use_custom_gutter=\u00bbon\u00bb gutter_width=\u00bb1&#8243; _builder_version=\u00bb4.23.1&#8243; custom_padding=\u00bb0px|0px|0px|0px\u00bb global_colors_info=\u00bb{}\u00bb][et_pb_column_inner type=\u00bb1_2&#8243; saved_specialty_column_type=\u00bb1_2&#8243; _builder_version=\u00bb4.16&#8243; custom_padding=\u00bb|||\u00bb global_colors_info=\u00bb{}\u00bb custom_padding__hover=\u00bb|||\u00bb][et_pb_image src=\u00bbhttps:\/\/tropica-verde.de\/wp-content\/uploads\/2023\/05\/akefly99-1_Echte-Karettschildkroete.jpg\u00bb alt=\u00bbTortuga la\u00fad Costa Rica\u00bb title_text=\u00bbakefly99 (1)_Tortuga carey real\u00bb show_in_lightbox=\u00bbon\u00bb use_overlay=\u00bbon\u00bb overlay_icon_color=\u00bb#ffffff\u00bb hover_overlay_color=\u00bbrgba(0,0,0,0.3)\u00bb hover_icon=\u00bb&#x30;||divi||400&#8243; force_fullwidth=\u00bbon\u00bb align_tablet=\u00bbcenter\u00bb align_phone=\u00bb\u00bb align_last_edited=\u00bbon|desktop\u00bb module_class=\u00bbobject-fit-cover\u00bb _builder_version=\u00bb4.27.4&#8243; min_height_tablet=\u00bb\u00bb min_height_phone=\u00bb\u00bb min_height_last_edited=\u00bbon|desktop\u00bb height=\u00bb25vw\u00bb height_tablet=\u00bb300px\u00bb height_phone=\u00bb300px\u00bb height_last_edited=\u00bbon|phone\u00bb custom_margin=\u00bb|||\u00bb box_shadow_style=\u00bbpreset7&#8243; box_shadow_horizontal=\u00bb0px\u00bb box_shadow_vertical=\u00bb0px\u00bb box_shadow_spread=\u00bb8px\u00bb box_shadow_color=\u00bb#ffffff\u00bb locked=\u00bboff\u00bb global_colors_info=\u00bb{}\u00bb min_height__hover_enabled=\u00bboff|desktop\u00bb][\/et_pb_image][\/et_pb_column_inner][et_pb_column_inner type=\u00bb1_2&#8243; saved_specialty_column_type=\u00bb1_2&#8243; _builder_version=\u00bb4.16&#8243; custom_padding=\u00bb|||\u00bb global_colors_info=\u00bb{}\u00bb custom_padding__hover=\u00bb|||\u00bb][et_pb_image src=\u00bbhttps:\/\/tropica-verde.de\/wp-content\/uploads\/2025\/04\/Schildkroetenbabies-Eimer-Echte-Karett-\u00a9-Christine-Figgener-3293-scaled.jpg\u00bb alt=\u00bbTortuga carey en peligro de extinci\u00f3n\u00bb title_text=\u00bbTortuguita cubo de carey \u00a9 Christine Figgener-3293&#8243; show_in_lightbox=\u00bbon\u00bb use_overlay=\u00bbon\u00bb overlay_icon_color=\u00bb#ffffff\u00bb hover_overlay_color=\u00bbrgba(0,0,0,0.3)\u00bb hover_icon=\u00bb&#x30;||divi||400&#8243; force_fullwidth=\u00bbon\u00bb align_tablet=\u00bbcenter\u00bb align_phone=\u00bb\u00bb align_last_edited=\u00bbon|desktop\u00bb module_class=\u00bbobject-fit-cover\u00bb _builder_version=\u00bb4.27.4&#8243; min_height_tablet=\u00bb\u00bb min_height_phone=\u00bb\u00bb min_height_last_edited=\u00bbon|phone\u00bb height=\u00bb25vw\u00bb height_tablet=\u00bb300px\u00bb height_phone=\u00bb300px\u00bb height_last_edited=\u00bbon|desktop\u00bb custom_margin=\u00bb|||\u00bb box_shadow_style=\u00bbpreset7&#8243; box_shadow_horizontal=\u00bb0px\u00bb box_shadow_vertical=\u00bb0px\u00bb box_shadow_spread=\u00bb8px\u00bb box_shadow_color=\u00bb#ffffff\u00bb locked=\u00bboff\u00bb global_colors_info=\u00bb{}\u00bb][\/et_pb_image][\/et_pb_column_inner][\/et_pb_row_inner][et_pb_row_inner _builder_version=\u00bb4.16&#8243; custom_padding=\u00bb0px|0px|0px|0px\u00bb global_colors_info=\u00bb{}\u00bb][et_pb_column_inner saved_specialty_column_type=\u00bb1_2&#8243; _builder_version=\u00bb4.16&#8243; custom_padding=\u00bb|||\u00bb global_colors_info=\u00bb{}\u00bb custom_padding__hover=\u00bb|||\u00bb][et_pb_image src=\u00bbhttps:\/\/tropica-verde.de\/wp-content\/uploads\/2025\/04\/Karettschildkroete-\u00a9-Christine-Figgener-4582-scaled-e1743460052770.jpg\u00bb alt=\u00bbTortuga carey en peligro de extinci\u00f3n\u00bb title_text=\u00bbLa tortuga carey est\u00e1 en peligro de extinci\u00f3n (Lista Roja de la UICN)\u00bb show_in_lightbox=\u00bbon\u00bb use_overlay=\u00bbon\u00bb overlay_icon_color=\u00bb#ffffff\u00bb hover_overlay_color=\u00bbrgba(0,0,0,0.3)\u00bb hover_icon=\u00bb&#x30;||divi||400&#8243; force_fullwidth=\u00bbon\u00bb align_tablet=\u00bbcenter\u00bb align_phone=\u00bb\u00bb align_last_edited=\u00bbon|desktop\u00bb module_class=\u00bbobject-fit-cover\u00bb _builder_version=\u00bb4.27.4&#8243; min_height_tablet=\u00bb\u00bb min_height_phone=\u00bb\u00bb min_height_last_edited=\u00bbon|desktop\u00bb height=\u00bb25vw\u00bb height_tablet=\u00bb300px\u00bb height_phone=\u00bb300px\u00bb height_last_edited=\u00bbon|phone\u00bb custom_margin=\u00bb|||\u00bb box_shadow_style=\u00bbpreset7&#8243; box_shadow_horizontal=\u00bb0px\u00bb box_shadow_vertical=\u00bb0px\u00bb box_shadow_spread=\u00bb8px\u00bb box_shadow_color=\u00bb#ffffff\u00bb locked=\u00bboff\u00bb global_colors_info=\u00bb{}\u00bb][\/et_pb_image][\/et_pb_column_inner][\/et_pb_row_inner][\/et_pb_column][\/et_pb_section][et_pb_section fb_built=\u00bb1&#8243; _builder_version=\u00bb4.23.1&#8243; _module_preset=\u00bbdefault\u00bb background_image=\u00bbhttps:\/\/tropica-verde.de\/wp-content\/uploads\/2022\/08\/Sonnenaufgang-Finca-Curre_-C-Stefan-Rother-Faunity-6863-scaled.jpg\u00bb custom_margin=\u00bb100px||100px||false|false\u00bb custom_margin_tablet=\u00bb100px||100px||false|false\u00bb custom_margin_phone=\u00bb100px||100px||false|false\u00bb custom_margin_last_edited=\u00bbon|tablet\u00bb custom_padding=\u00bb57px|||||\u00bb saved_tabs=\u00bball\u00bb global_colors_info=\u00bb{}\u00bb][et_pb_row column_structure=\u00bb2_5,3_5&#8243; _builder_version=\u00bb4.23.1&#8243; _module_preset=\u00bbdefault\u00bb global_colors_info=\u00bb{}\u00bb][et_pb_column type=\u00bb2_5&#8243; _builder_version=\u00bb4.16&#8243; _module_preset=\u00bbdefault\u00bb global_colors_info=\u00bb{}\u00bb][\/et_pb_column][et_pb_column type=\u00bb3_5&#8243; _builder_version=\u00bb4.16&#8243; _module_preset=\u00bbdefault\u00bb global_colors_info=\u00bb{}\u00bb][et_pb_text module_class=\u00bbwmtvbox\u00bb _builder_version=\u00bb4.23.1&#8243; _module_preset=\u00bbdefault\u00bb text_text_color=\u00bb#0a0a0a\u00bb link_text_color=\u00bb#efefef\u00bb header_text_color=\u00bb#ffffff\u00bb header_2_font=\u00bbSource Sans 3|800|||||||\u00bb header_2_text_color=\u00bb#ffffff\u00bb header_2_font_size=\u00bb36px\u00bb background_color=\u00bbrgba(161,198,17,0.9)\u00bb custom_margin=\u00bb||||false|true\u00bb custom_padding=\u00bb55px|55px|55px|55px|true|true\u00bb custom_padding_tablet=\u00bb|20px||20px|true|true\u00bb custom_padding_phone=\u00bb|20px||20px|true|true\u00bb custom_padding_last_edited=\u00bbon|tablet\u00bb text_text_color_tablet=\u00bb\u00bb text_text_color_phone=\u00bb\u00bb text_text_color_last_edited=\u00bbon|desktop\u00bb header_2_font_size_tablet=\u00bb30px\u00bb header_2_font_size_phone=\u00bb24px\u00bb global_colors_info=\u00bb{}\u00bb]<\/p>\n<h2>\u00bfQU\u00c9 HACE TROPICA VERDE?<\/h2>\n<ul class=\"wmtv\">\n<li>Tropica Verde apoya a la organizaci\u00f3n <a href=\"https:\/\/www.coasts-cr.org\/\" target=\"_blank\" rel=\"noopener nofollow\">COASTS<\/a> con 5000 USD al a\u00f1o. Se utilizar\u00e1 para pagar a uno de los asistentes cient\u00edficos locales durante la temporada de nidificaci\u00f3n. Los asistentes cient\u00edficos son los pilares del proyecto en Gandoca y apoyan a la Dra. Christine Figgener, directora cient\u00edfica, y al equipo de gesti\u00f3n del proyecto. Junto con los estudiantes en pr\u00e1cticas, los asistentes llevan a cabo las patrullas nocturnas en la playa para proteger a las hembras nidificantes y sus huevos, reubicar los nidos, marcar a las hembras y recoger datos.  <\/li>\n<li>En el \u00e1mbito de la educaci\u00f3n medioambiental en el sentido de educaci\u00f3n para el desarrollo sostenible, nos enfocamos en las escuelas de la zona ind\u00edgena Bribri en Talamanca. De esta manera, se fomenta el surgimiento de nuevas generaciones de conservacionistas, se transmiten experiencias de vida y se organizan eventos l\u00fadicos y art\u00edsticos que fortalecen la cultura, la conservaci\u00f3n de la naturaleza y el trabajo en red. <\/li>\n<li><span> <\/span><span> <\/span>Con <span>el fin de vincular las actividades de educaci\u00f3n medioambiental en toda Costa Rica de nuestras organizaciones locales asociadas, Tropica Verde 2024 puso en marcha una <\/span><a href=\"https:\/\/tropica-verde.de\/es\/red-de-educacion-en-costa-rica-entrevista-con-la-nueva-coordinadora\/\" target=\"_blank\" rel=\"noopener\">red de educaci\u00f3n entre proyectos,<\/a> que tambi\u00e9n incluye a COASTS y sus actividades de educaci\u00f3n medioambiental.<\/li>\n<li>En Alemania, Tropica Verde sensibiliza sobre la importancia de la conservaci\u00f3n de las tortugas marinas mediante campa\u00f1as y actos educativos.<\/li>\n<\/ul>\n<p>[\/et_pb_text][\/et_pb_column][\/et_pb_row][\/et_pb_section][et_pb_section fb_built=\u00bb1&#8243; _builder_version=\u00bb4.16&#8243; _module_preset=\u00bbdefault\u00bb background_color=\u00bb#C2DBE0&#8243; global_colors_info=\u00bb{}\u00bb][et_pb_row _builder_version=\u00bb4.16&#8243; _module_preset=\u00bbdefault\u00bb global_colors_info=\u00bb{}\u00bb][et_pb_column type=\u00bb4_4&#8243; _builder_version=\u00bb4.16&#8243; _module_preset=\u00bbdefault\u00bb global_colors_info=\u00bb{}\u00bb][et_pb_text _builder_version=\u00bb4.23.1&#8243; _module_preset=\u00bbdefault\u00bb header_2_text_align=\u00bbcenter\u00bb header_2_text_color=\u00bb#006B46&#8243; header_2_font_size=\u00bb36px\u00bb header_3_text_align=\u00bbcenter\u00bb header_3_font_size=\u00bb36px\u00bb custom_margin=\u00bb10px||||false|false\u00bb custom_margin_tablet=\u00bb0px||||false|false\u00bb custom_margin_phone=\u00bb0px||||false|false\u00bb custom_margin_last_edited=\u00bbon|tablet\u00bb header_2_font_size_tablet=\u00bb30px\u00bb header_2_font_size_phone=\u00bb24px\u00bb global_colors_info=\u00bb{}\u00bb]<\/p>\n<h2>Noticias sobre este proyecto<\/h2>\n<p>[\/et_pb_text][\/et_pb_column][\/et_pb_row][\/et_pb_section][et_pb_section fb_built=\u00bb1&#8243; _builder_version=\u00bb4.16&#8243; _module_preset=\u00bbdefault\u00bb global_colors_info=\u00bb{}\u00bb][et_pb_row _builder_version=\u00bb4.16&#8243; _module_preset=\u00bbdefault\u00bb global_colors_info=\u00bb{}\u00bb][et_pb_column type=\u00bb4_4&#8243; _builder_version=\u00bb4.16&#8243; _module_preset=\u00bbdefault\u00bb global_colors_info=\u00bb{}\u00bb][et_pb_blog fullwidth=\u00bboff\u00bb posts_number=\u00bb3&#8243; include_categories=\u00bb128&#8243; meta_date=\u00bbj. F Y\u00bb show_more=\u00bbon\u00bb show_author=\u00bboff\u00bb module_class=\u00bbdt-blog-equal-height\u00bb _builder_version=\u00bb4.27.4&#8243; global_colors_info=\u00bb{}\u00bb][\/et_pb_blog][\/et_pb_column][\/et_pb_row][\/et_pb_section]<\/p>\n","protected":false},"excerpt":{"rendered":"<p>Tortugas marinas en Costa Rica Costa Rica es la meca de las tortugas marinas. Cinco de las siete especies de tortugas marinas del mundo vienen a desovar a las playas de las costas del Pac\u00edfico y el Caribe en Costa Rica. Adem\u00e1s, en diferentes etapas de su vida utilizan las aguas costeras ricas en nutrientes [&hellip;]<\/p>\n","protected":false},"author":11,"featured_media":0,"parent":5838,"menu_order":-5,"comment_status":"closed","ping_status":"closed","template":"","meta":{"_et_pb_use_builder":"on","_et_pb_old_content":"","_et_gb_content_width":"","inline_featured_image":false,"footnotes":""},"class_list":["post-239109","page","type-page","status-publish","hentry"],"_links":{"self":[{"href":"https:\/\/tropica-verde.de\/es\/wp-json\/wp\/v2\/pages\/239109","targetHints":{"allow":["GET"]}}],"collection":[{"href":"https:\/\/tropica-verde.de\/es\/wp-json\/wp\/v2\/pages"}],"about":[{"href":"https:\/\/tropica-verde.de\/es\/wp-json\/wp\/v2\/types\/page"}],"author":[{"embeddable":true,"href":"https:\/\/tropica-verde.de\/es\/wp-json\/wp\/v2\/users\/11"}],"replies":[{"embeddable":true,"href":"https:\/\/tropica-verde.de\/es\/wp-json\/wp\/v2\/comments?post=239109"}],"version-history":[{"count":45,"href":"https:\/\/tropica-verde.de\/es\/wp-json\/wp\/v2\/pages\/239109\/revisions"}],"predecessor-version":[{"id":250286,"href":"https:\/\/tropica-verde.de\/es\/wp-json\/wp\/v2\/pages\/239109\/revisions\/250286"}],"up":[{"embeddable":true,"href":"https:\/\/tropica-verde.de\/es\/wp-json\/wp\/v2\/pages\/5838"}],"wp:attachment":[{"href":"https:\/\/tropica-verde.de\/es\/wp-json\/wp\/v2\/media?parent=239109"}],"curies":[{"name":"wp","href":"https:\/\/api.w.org\/{rel}","templated":true}]}}