{"id":239093,"date":"2024-04-13T23:50:10","date_gmt":"2024-04-13T21:50:10","guid":{"rendered":"https:\/\/tropica-verde.de\/ayudardonar\/compensacion-de-co2\/"},"modified":"2024-07-09T23:09:24","modified_gmt":"2024-07-09T21:09:24","slug":"compensacion-de-co2","status":"publish","type":"page","link":"https:\/\/tropica-verde.de\/es\/ayudardonar\/compensacion-de-co2\/","title":{"rendered":"Compensaci\u00f3n de CO2"},"content":{"rendered":"<p>[et_pb_section fb_built=\u00bb1&#8243; fullwidth=\u00bbon\u00bb _builder_version=\u00bb4.16&#8243; _module_preset=\u00bbdefault\u00bb min_height_tablet=\u00bb\u00bb min_height_phone=\u00bb\u00bb min_height_last_edited=\u00bbon|phone\u00bb saved_tabs=\u00bball\u00bb locked=\u00bboff\u00bb global_colors_info=\u00bb{}\u00bb][et_pb_fullwidth_header title=\u00bbCOMPENSACI\u00d3N DE &lt;sub&gt;CO2&lt;\/sub&gt; \u00bb subhead=\u00bbmediante la reforestaci\u00f3n, la protecci\u00f3n del clima y la educaci\u00f3n\u00bb _builder_version=\u00bb4.23.1&#8243; _module_preset=\u00bb76820056-f194-4ed4-bd9c-4b27dc398dde\u00bb title_font=\u00bb|800|||||||\u00bb title_font_size=\u00bb70px\u00bb title_line_height=\u00bb0.8em\u00bb subhead_font=\u00bbSource Serif Pro Semibold||||||||\u00bb subhead_font_size=\u00bb36px\u00bb subhead_line_height=\u00bb1.2em\u00bb background_color=\u00bbrgba(0,13,53,0.24)\u00bb background_image=\u00bbhttps:\/\/tropica-verde.de\/wp-content\/uploads\/2024\/07\/20200316-Fischertukan-fliegend-\u00a9-Stefan-Rother-Faunity-3964-1.jpg\u00bb background_blend=\u00bbmultiply\u00bb transform_translate_linked=\u00bboff\u00bb min_height=\u00bb464px\u00bb min_height_tablet=\u00bb\u00bb min_height_phone=\u00bb\u00bb min_height_last_edited=\u00bbon|desktop\u00bb custom_margin=\u00bb||||false|false\u00bb custom_padding=\u00bb180px||||false|false\u00bb custom_padding_tablet=\u00bb60px||||false|false\u00bb custom_padding_phone=\u00bb||||false|false\u00bb custom_padding_last_edited=\u00bbon|tablet\u00bb title_font_size_tablet=\u00bb56px\u00bb title_font_size_phone=\u00bb43px\u00bb title_font_size_last_edited=\u00bbon|desktop\u00bb subhead_font_size_tablet=\u00bb30px\u00bb subhead_font_size_phone=\u00bb24px\u00bb subhead_font_size_last_edited=\u00bbon|phone\u00bb global_colors_info=\u00bb{}\u00bb][\/et_pb_fullwidth_header][\/et_pb_section][et_pb_section fb_built=\u00bb1&#8243; custom_padding_last_edited=\u00bbon|desktop\u00bb _builder_version=\u00bb4.23.1&#8243; _module_preset=\u00bbdefault\u00bb background_color=\u00bb#c2dbe0&#8243; custom_margin=\u00bb||0px||false|false\u00bb custom_margin_last_edited=\u00bboff|tablet\u00bb custom_padding=\u00bb80px|100px|80px|100px|false|false\u00bb custom_padding_tablet=\u00bb50px|50px|50px|50px|false|false\u00bb custom_padding_phone=\u00bb|0px||0px|false|false\u00bb custom_css_main_element=\u00bbmax-width: 1200px;||margin: 100px auto;\u00bb locked=\u00bboff\u00bb global_colors_info=\u00bb{}\u00bb custom_css_main_element_last_edited=\u00bbon|phone\u00bb custom_css_main_element_tablet=\u00bbmargin: 50px auto;\u00bb custom_css_main_element_phone=\u00bbmargin: 50px auto;\u00bb][et_pb_row custom_padding_last_edited=\u00bbon|desktop\u00bb _builder_version=\u00bb4.23.1&#8243; _module_preset=\u00bbdefault\u00bb background_enable_color=\u00bboff\u00bb custom_margin=\u00bb0px||0px||false|false\u00bb custom_padding=\u00bb0px|0px|50px|0px|false|false\u00bb custom_padding_tablet=\u00bb0px|0px||0px|false|false\u00bb custom_padding_phone=\u00bb0px|0px|25px|0px|false|false\u00bb custom_css_main_element=\u00bbdisplay: flex;||align-items: flex-end;\u00bb global_colors_info=\u00bb{}\u00bb custom_css_main_element_last_edited=\u00bbon|desktop\u00bb custom_css_main_element_tablet=\u00bbdisplay: block;\u00bb custom_css_main_element_phone=\u00bbdisplay: block;\u00bb][et_pb_column type=\u00bb4_4&#8243; _builder_version=\u00bb4.23.1&#8243; _module_preset=\u00bbdefault\u00bb global_colors_info=\u00bb{}\u00bb][et_pb_text _builder_version=\u00bb4.23.1&#8243; _module_preset=\u00bb148b6e92-2377-47ed-a4d0-f5bd97198ef5&#8243; text_text_color=\u00bb#ffffff\u00bb header_text_color=\u00bb#006B46&#8243; header_font_size=\u00bb36px\u00bb header_2_text_color=\u00bb#006B46&#8243; header_2_font_size=\u00bb36px\u00bb header_3_text_color=\u00bb#575656&#8243; header_3_font_size=\u00bb30px\u00bb header_font_size_tablet=\u00bb30px\u00bb header_font_size_phone=\u00bb24px\u00bb header_font_size_last_edited=\u00bbon|phone\u00bb header_2_font_size_tablet=\u00bb30px\u00bb header_2_font_size_phone=\u00bb24px\u00bb header_2_font_size_last_edited=\u00bbon|desktop\u00bb header_3_font_size_tablet=\u00bb24px\u00bb header_3_font_size_phone=\u00bb20px\u00bb header_3_font_size_last_edited=\u00bbon|phone\u00bb global_colors_info=\u00bb{}\u00bb]<\/p>\n<h2>\u00a1Tu apoyo econ\u00f3mico a las medidas de protecci\u00f3n del clima puede ligar m\u00e1s di\u00f3xido de carbono de la atm\u00f3sfera!<\/h2>\n<p>[\/et_pb_text][et_pb_button button_url=\u00bbhttp:\/\/www.tropica-verde.de\/helfen-spenden\/spenden\/\u00bb button_text=\u00bbCOMPENSAR VUELO AHORA\u00bb _builder_version=\u00bb4.23.1&#8243; _module_preset=\u00bb03dd6b8a-d2b0-4387-acc1-68ac5dea5195&#8243; button_border_color=\u00bbRGBA(0,0,0,0)\u00bb custom_margin=\u00bb||||false|false\u00bb locked=\u00bboff\u00bb global_colors_info=\u00bb{}\u00bb][\/et_pb_button][\/et_pb_column][\/et_pb_row][et_pb_row custom_padding_last_edited=\u00bbon|phone\u00bb _builder_version=\u00bb4.23.1&#8243; _module_preset=\u00bbdefault\u00bb background_color=\u00bb#ffffff\u00bb custom_margin=\u00bb0px||0px||false|false\u00bb custom_padding=\u00bb50px|70px|50px|70px|false|false\u00bb custom_padding_tablet=\u00bb50px|35px||35px|false|false\u00bb custom_padding_phone=\u00bb25px|25px|25px|25px|false|false\u00bb custom_css_main_element=\u00bbdisplay: flex;||align-items: flex-end;\u00bb global_colors_info=\u00bb{}\u00bb custom_css_main_element_tablet=\u00bbdisplay: block;\u00bb custom_css_main_element_phone=\u00bbdisplay: block;\u00bb custom_css_main_element_last_edited=\u00bbon|desktop\u00bb][et_pb_column type=\u00bb4_4&#8243; _builder_version=\u00bb4.23.1&#8243; _module_preset=\u00bbdefault\u00bb global_colors_info=\u00bb{}\u00bb][et_pb_text _builder_version=\u00bb4.23.1&#8243; _module_preset=\u00bb148b6e92-2377-47ed-a4d0-f5bd97198ef5&#8243; text_text_color=\u00bb#ffffff\u00bb header_text_color=\u00bb#006B46&#8243; header_font_size=\u00bb36px\u00bb header_2_text_color=\u00bb#006B46&#8243; header_2_font_size=\u00bb36px\u00bb header_3_font=\u00bbSource Sans 3|700|||||||\u00bb header_3_text_color=\u00bb#006B46&#8243; header_3_font_size=\u00bb30px\u00bb custom_margin=\u00bb||35px||false|false\u00bb custom_margin_tablet=\u00bb||25px||false|false\u00bb custom_margin_phone=\u00bb||25px||false|false\u00bb custom_margin_last_edited=\u00bbon|phone\u00bb header_font_size_tablet=\u00bb30px\u00bb header_font_size_phone=\u00bb24px\u00bb header_font_size_last_edited=\u00bbon|phone\u00bb header_2_font_size_tablet=\u00bb30px\u00bb header_2_font_size_phone=\u00bb24px\u00bb header_2_font_size_last_edited=\u00bbon|desktop\u00bb header_3_font_size_tablet=\u00bb24px\u00bb header_3_font_size_phone=\u00bb20px\u00bb header_3_font_size_last_edited=\u00bbon|desktop\u00bb global_colors_info=\u00bb{}\u00bb]<\/p>\n<h3>Calcula tu compensaci\u00f3n individual de vuelo  <br \/>(1 persona, Econom\u00eda):<\/h3>\n<p>[\/et_pb_text][et_pb_code _builder_version=\u00bb4.23.1&#8243; _module_preset=\u00bbdefault\u00bb global_colors_info=\u00bb{}\u00bb]<div id=\"react-co2wrapper\" data-europt=\"25\"><\/div>[\/et_pb_code][\/et_pb_column][\/et_pb_row][\/et_pb_section][et_pb_section fb_built=\u00bb1&#8243; custom_padding_last_edited=\u00bbon|desktop\u00bb _builder_version=\u00bb4.23.1&#8243; _module_preset=\u00bbdefault\u00bb background_color=\u00bb#e9eeea\u00bb custom_margin=\u00bb||0px||false|false\u00bb custom_margin_last_edited=\u00bboff|tablet\u00bb custom_padding=\u00bb80px|100px|80px|100px|false|false\u00bb custom_padding_tablet=\u00bb50px|50px|50px|50px|false|false\u00bb custom_padding_phone=\u00bb|0px||0px|false|false\u00bb custom_css_main_element=\u00bbmax-width: 1200px;||margin: 100px auto;\u00bb locked=\u00bboff\u00bb global_colors_info=\u00bb{}\u00bb custom_css_main_element_last_edited=\u00bbon|phone\u00bb custom_css_main_element_tablet=\u00bbmargin: 50px auto;\u00bb custom_css_main_element_phone=\u00bbmargin: 50px auto;\u00bb][et_pb_row custom_padding_last_edited=\u00bbon|desktop\u00bb _builder_version=\u00bb4.23.1&#8243; _module_preset=\u00bbdefault\u00bb background_enable_color=\u00bboff\u00bb custom_margin=\u00bb0px||0px||false|false\u00bb custom_padding=\u00bb0px|0px|0px|0px|false|false\u00bb custom_padding_tablet=\u00bb0px|0px|0px|0px|false|false\u00bb custom_padding_phone=\u00bb0px|0px|0px|0px|false|false\u00bb custom_css_main_element=\u00bbdisplay: flex;||align-items: flex-end;\u00bb global_colors_info=\u00bb{}\u00bb custom_css_main_element_last_edited=\u00bbon|desktop\u00bb custom_css_main_element_tablet=\u00bbdisplay: block;\u00bb custom_css_main_element_phone=\u00bbdisplay: block;\u00bb][et_pb_column type=\u00bb4_4&#8243; _builder_version=\u00bb4.23.1&#8243; _module_preset=\u00bbdefault\u00bb global_colors_info=\u00bb{}\u00bb][et_pb_text _builder_version=\u00bb4.23.1&#8243; _module_preset=\u00bb148b6e92-2377-47ed-a4d0-f5bd97198ef5&#8243; text_text_color=\u00bb#ffffff\u00bb header_text_color=\u00bb#006B46&#8243; header_font_size=\u00bb36px\u00bb header_2_text_color=\u00bb#006B46&#8243; header_2_font_size=\u00bb36px\u00bb header_3_text_color=\u00bb#575656&#8243; header_3_font_size=\u00bb30px\u00bb header_font_size_tablet=\u00bb30px\u00bb header_font_size_phone=\u00bb24px\u00bb header_font_size_last_edited=\u00bbon|phone\u00bb header_2_font_size_tablet=\u00bb30px\u00bb header_2_font_size_phone=\u00bb24px\u00bb header_2_font_size_last_edited=\u00bbon|desktop\u00bb header_3_font_size_tablet=\u00bb24px\u00bb header_3_font_size_phone=\u00bb20px\u00bb header_3_font_size_last_edited=\u00bbon|phone\u00bb global_colors_info=\u00bb{}\u00bb]<\/p>\n<h2>\u00bfC\u00f3mo contribuye Tropica Verde a  <br \/><sub>\u00bfCompensaci\u00f3n de CO2<\/sub> con?<\/h2>\n<p>[\/et_pb_text][et_pb_text _builder_version=\u00bb4.23.1&#8243; _module_preset=\u00bb148b6e92-2377-47ed-a4d0-f5bd97198ef5&#8243; text_text_color=\u00bb#ffffff\u00bb header_text_color=\u00bb#006B46&#8243; header_font_size=\u00bb36px\u00bb header_2_text_color=\u00bb#006B46&#8243; header_2_font_size=\u00bb36px\u00bb header_3_font=\u00bbSource Sans 3|700|||||||\u00bb header_3_text_color=\u00bb#575656&#8243; header_3_font_size=\u00bb30px\u00bb header_font_size_tablet=\u00bb30px\u00bb header_font_size_phone=\u00bb24px\u00bb header_font_size_last_edited=\u00bbon|phone\u00bb header_2_font_size_tablet=\u00bb30px\u00bb header_2_font_size_phone=\u00bb24px\u00bb header_2_font_size_last_edited=\u00bbon|desktop\u00bb header_3_font_size_tablet=\u00bb24px\u00bb header_3_font_size_phone=\u00bb20px\u00bb header_3_font_size_last_edited=\u00bbon|phone\u00bb global_colors_info=\u00bb{}\u00bb]<\/p>\n<h3>Tropica Verde unterst\u00fctzt biologisch nachhaltige <a style=\"color: #a1c611;\" href=\"http:\/\/www.tropica-verde.de\/projekte\/\">Wiederbewaldungs- und Tropenwaldschutzprojekte in Costa Rica<\/a> und tr\u00e4gt somit direkt zu einer Bindung der Treibhausgase bei.<\/h3>\n<p>[\/et_pb_text][et_pb_text _builder_version=\u00bb4.23.1&#8243; _module_preset=\u00bb148b6e92-2377-47ed-a4d0-f5bd97198ef5&#8243; text_text_color=\u00bb#575656&#8243; header_text_color=\u00bb#006B46&#8243; header_font_size=\u00bb36px\u00bb header_2_text_color=\u00bb#006B46&#8243; header_2_font_size=\u00bb36px\u00bb header_3_font=\u00bbSource Sans 3|700|||||||\u00bb header_3_text_color=\u00bb#575656&#8243; header_3_font_size=\u00bb30px\u00bb header_font_size_tablet=\u00bb30px\u00bb header_font_size_phone=\u00bb24px\u00bb header_font_size_last_edited=\u00bbon|phone\u00bb header_2_font_size_tablet=\u00bb30px\u00bb header_2_font_size_phone=\u00bb24px\u00bb header_2_font_size_last_edited=\u00bbon|desktop\u00bb header_3_font_size_tablet=\u00bb24px\u00bb header_3_font_size_phone=\u00bb20px\u00bb header_3_font_size_last_edited=\u00bbon|phone\u00bb global_colors_info=\u00bb{}\u00bb]<\/p>\n<h3>Una hect\u00e1rea de selva tropical de 60 a\u00f1os fija unas 590 toneladas de di\u00f3xido de carbono en este periodo y unas 10 toneladas de<sub>CO2<\/sub> cada a\u00f1o a partir de entonces <sup>[1]<\/sup>.<\/h3>\n<p>Los \u00e1rboles viejos y maduros fijan mucho m\u00e1s CO2 al a\u00f1o que los \u00e1rboles j\u00f3venes. Tropica Verde apoya ambas cosas: por un lado, protegemos los bosques primarios originales, algunos de los cuales tienen \u00e1rboles de m\u00e1s de 100 a\u00f1os, como las ceibas gigantes. Por otro lado, plantamos \u00e1rboles j\u00f3venes en cultivo mixto cuando es necesario. Para nosotros, \u00abselectivo\u00bb significa que s\u00f3lo reforestamos con especies arb\u00f3reas aut\u00f3ctonas en zonas especiales de amortiguaci\u00f3n o biocorredores de conexi\u00f3n forestal, que tambi\u00e9n ampl\u00edan el h\u00e1bitat de los animales. El objetivo es reconectar las zonas escarpadas y garantizar as\u00ed la migraci\u00f3n de los animales.<\/p>\n<p>[\/et_pb_text][et_pb_text _builder_version=\u00bb4.23.1&#8243; _module_preset=\u00bb148b6e92-2377-47ed-a4d0-f5bd97198ef5&#8243; text_text_color=\u00bb#575656&#8243; header_text_color=\u00bb#006B46&#8243; header_font_size=\u00bb36px\u00bb header_2_text_color=\u00bb#006B46&#8243; header_2_font_size=\u00bb36px\u00bb header_3_font=\u00bbSource Sans 3|700|||||||\u00bb header_3_text_color=\u00bb#575656&#8243; header_3_font_size=\u00bb30px\u00bb header_font_size_tablet=\u00bb30px\u00bb header_font_size_phone=\u00bb24px\u00bb header_font_size_last_edited=\u00bbon|phone\u00bb header_2_font_size_tablet=\u00bb30px\u00bb header_2_font_size_phone=\u00bb24px\u00bb header_2_font_size_last_edited=\u00bbon|desktop\u00bb header_3_font_size_tablet=\u00bb24px\u00bb header_3_font_size_phone=\u00bb20px\u00bb header_3_font_size_last_edited=\u00bbon|phone\u00bb global_colors_info=\u00bb{}\u00bb]<\/p>\n<h3>Tropica Verde tambi\u00e9n apoya la <a style=\"color:#A1C611;\" href=\"http:\/\/www.tropica-verde.de\/naturschutz\/umweltbildung\/\">educaci\u00f3n medioambiental<\/a> en guarder\u00edas, escuelas y universidades, ayudando a sensibilizar y educar a las generaciones m\u00e1s j\u00f3venes sobre el tema.<\/h3>\n<p>La poblaci\u00f3n local participa estrechamente en los proyectos de conservaci\u00f3n y apoya la creaci\u00f3n de viveros de \u00e1rboles, la reforestaci\u00f3n y las patrullas para la protecci\u00f3n de los bosques.<\/p>\n<p>[\/et_pb_text][et_pb_text _builder_version=\u00bb4.23.1&#8243; _module_preset=\u00bb148b6e92-2377-47ed-a4d0-f5bd97198ef5&#8243; text_text_color=\u00bb#575656&#8243; header_text_color=\u00bb#006B46&#8243; header_font_size=\u00bb36px\u00bb header_2_text_color=\u00bb#006B46&#8243; header_2_font_size=\u00bb36px\u00bb header_3_font=\u00bbSource Sans 3|700|||||||\u00bb header_3_text_color=\u00bb#575656&#8243; header_3_font_size=\u00bb30px\u00bb header_font_size_tablet=\u00bb30px\u00bb header_font_size_phone=\u00bb24px\u00bb header_font_size_last_edited=\u00bbon|phone\u00bb header_2_font_size_tablet=\u00bb30px\u00bb header_2_font_size_phone=\u00bb24px\u00bb header_2_font_size_last_edited=\u00bbon|desktop\u00bb header_3_font_size_tablet=\u00bb24px\u00bb header_3_font_size_phone=\u00bb20px\u00bb header_3_font_size_last_edited=\u00bbon|phone\u00bb global_colors_info=\u00bb{}\u00bb]<\/p>\n<h3>Como peque\u00f1a organizaci\u00f3n personal, Tropica Verde concede gran importancia al uso correcto y especialmente transparente de las donaciones.<\/h3>\n<p>Por tanto, como donante, puedes estar seguro de que tus donativos se destinar\u00e1n a la protecci\u00f3n actual y futura de la selva tropical y a la educaci\u00f3n medioambiental. El <a style=\"color:#A1C611;\" href=\"http:\/\/www.tropica-verde.de\/ueber-uns\/dzi-spendensiegel\/\">sello de<\/a> aprobaci\u00f3n <a style=\"color:#A1C611;\" href=\"http:\/\/www.tropica-verde.de\/ueber-uns\/dzi-spendensiegel\/\">de donaciones del DZI<\/a> confirma este uso de los fondos orientado a las necesidades.<\/p>\n<p>[\/et_pb_text][\/et_pb_column][\/et_pb_row][\/et_pb_section][et_pb_section fb_built=\u00bb1&#8243; custom_padding_last_edited=\u00bbon|desktop\u00bb _builder_version=\u00bb4.23.1&#8243; _module_preset=\u00bbdefault\u00bb background_color=\u00bb#e9eeea\u00bb custom_margin=\u00bb||0px||false|false\u00bb custom_margin_last_edited=\u00bboff|tablet\u00bb custom_padding=\u00bb80px|100px|80px|100px|false|false\u00bb custom_padding_tablet=\u00bb50px|50px|50px|50px|false|false\u00bb custom_padding_phone=\u00bb|0px||0px|false|false\u00bb custom_css_main_element=\u00bbmax-width: 1200px;||margin: 100px auto;\u00bb locked=\u00bboff\u00bb global_colors_info=\u00bb{}\u00bb custom_css_main_element_last_edited=\u00bbon|phone\u00bb custom_css_main_element_tablet=\u00bbmargin: 50px auto;\u00bb custom_css_main_element_phone=\u00bbmargin: 50px auto;\u00bb][et_pb_row custom_padding_last_edited=\u00bbon|desktop\u00bb _builder_version=\u00bb4.23.1&#8243; _module_preset=\u00bbdefault\u00bb background_enable_color=\u00bboff\u00bb custom_margin=\u00bb0px||0px||false|false\u00bb custom_padding=\u00bb0px|0px|50px|0px|false|false\u00bb custom_padding_tablet=\u00bb0px|0px||0px|false|false\u00bb custom_padding_phone=\u00bb0px|0px|25px|0px|false|false\u00bb custom_css_main_element=\u00bbdisplay: flex;||align-items: flex-end;\u00bb global_colors_info=\u00bb{}\u00bb custom_css_main_element_last_edited=\u00bbon|desktop\u00bb custom_css_main_element_tablet=\u00bbdisplay: block;\u00bb custom_css_main_element_phone=\u00bbdisplay: block;\u00bb][et_pb_column type=\u00bb4_4&#8243; _builder_version=\u00bb4.23.1&#8243; _module_preset=\u00bbdefault\u00bb global_colors_info=\u00bb{}\u00bb][et_pb_text _builder_version=\u00bb4.23.1&#8243; _module_preset=\u00bb148b6e92-2377-47ed-a4d0-f5bd97198ef5&#8243; text_text_color=\u00bb#575656&#8243; header_text_color=\u00bb#006B46&#8243; header_font_size=\u00bb36px\u00bb header_2_text_color=\u00bb#006B46&#8243; header_2_font_size=\u00bb36px\u00bb header_3_text_color=\u00bb#575656&#8243; header_3_font_size=\u00bb30px\u00bb header_font_size_tablet=\u00bb30px\u00bb header_font_size_phone=\u00bb24px\u00bb header_font_size_last_edited=\u00bbon|phone\u00bb header_2_font_size_tablet=\u00bb30px\u00bb header_2_font_size_phone=\u00bb24px\u00bb header_2_font_size_last_edited=\u00bbon|desktop\u00bb header_3_font_size_tablet=\u00bb24px\u00bb header_3_font_size_phone=\u00bb20px\u00bb header_3_font_size_last_edited=\u00bbon|phone\u00bb global_colors_info=\u00bb{}\u00bb]<\/p>\n<h2>\u00bfC\u00f3mo se calcula su<sub>compensaci\u00f3n por CO2<\/sub>?<\/h2>\n<p>Se supone una emisi\u00f3n media de 0,37 kg de CO2 por kil\u00f3metro volado.<\/p>\n<p>[\/et_pb_text][\/et_pb_column][\/et_pb_row][et_pb_row column_structure=\u00bb1_2,1_2&#8243; custom_padding_last_edited=\u00bbon|desktop\u00bb _builder_version=\u00bb4.23.1&#8243; _module_preset=\u00bbdefault\u00bb background_color=\u00bb#ffffff\u00bb custom_margin=\u00bb0px||50px||false|false\u00bb custom_margin_tablet=\u00bb0px||50px||false|false\u00bb custom_margin_phone=\u00bb||25px||false|false\u00bb custom_margin_last_edited=\u00bbon|phone\u00bb custom_padding=\u00bb50px|70px|50px|70px|false|false\u00bb custom_padding_tablet=\u00bb50px|35px||35px|false|false\u00bb custom_padding_phone=\u00bb25px|25px|25px|25px|false|false\u00bb global_colors_info=\u00bb{}\u00bb custom_css_main_element_last_edited=\u00bbon|phone\u00bb][et_pb_column type=\u00bb1_2&#8243; _builder_version=\u00bb4.23.1&#8243; _module_preset=\u00bbdefault\u00bb global_colors_info=\u00bb{}\u00bb][et_pb_text _builder_version=\u00bb4.23.1&#8243; _module_preset=\u00bb148b6e92-2377-47ed-a4d0-f5bd97198ef5&#8243; header_text_color=\u00bb#006B46&#8243; header_font_size=\u00bb36px\u00bb header_2_text_color=\u00bb#006B46&#8243; header_2_font_size=\u00bb36px\u00bb header_3_font=\u00bbSource Sans 3|700|||||||\u00bb header_3_text_color=\u00bb#575656&#8243; header_3_font_size=\u00bb30px\u00bb header_font_size_tablet=\u00bb30px\u00bb header_font_size_phone=\u00bb24px\u00bb header_font_size_last_edited=\u00bbon|phone\u00bb header_2_font_size_tablet=\u00bb30px\u00bb header_2_font_size_phone=\u00bb24px\u00bb header_2_font_size_last_edited=\u00bbon|desktop\u00bb header_3_font_size_tablet=\u00bb24px\u00bb header_3_font_size_phone=\u00bb20px\u00bb header_3_font_size_last_edited=\u00bbon|phone\u00bb global_colors_info=\u00bb{}\u00bb]<\/p>\n<p>C\u00e1lculo de la muestra:  <br \/>Por tanto, un vuelo de Frankfurt a San Jos\u00e9 y vuelta (18.709 km, 1 persona, econ\u00f3mico) genera aproximadamente 6,9 toneladas de<sub>CO2<\/sub>. Un apadrinamiento de un bosque tropical de 25 euros compensa alrededor de 1 tonelada de<sub>CO2<\/sub> <sup>[2]<\/sup>.<\/p>\n<p>[\/et_pb_text][\/et_pb_column][et_pb_column type=\u00bb1_2&#8243; _builder_version=\u00bb4.23.1&#8243; _module_preset=\u00bbdefault\u00bb global_colors_info=\u00bb{}\u00bb][et_pb_text _builder_version=\u00bb4.23.1&#8243; _module_preset=\u00bb148b6e92-2377-47ed-a4d0-f5bd97198ef5&#8243; text_font=\u00bb|700|||||||\u00bb text_text_color=\u00bb#006B46&#8243; text_font_size=\u00bb20px\u00bb header_text_color=\u00bb#006B46&#8243; header_font_size=\u00bb36px\u00bb header_2_text_color=\u00bb#006B46&#8243; header_2_font_size=\u00bb36px\u00bb header_3_font=\u00bbSource Sans 3|700|||||||\u00bb header_3_text_color=\u00bb#575656&#8243; header_3_font_size=\u00bb30px\u00bb header_font_size_tablet=\u00bb30px\u00bb header_font_size_phone=\u00bb24px\u00bb header_font_size_last_edited=\u00bbon|phone\u00bb header_2_font_size_tablet=\u00bb30px\u00bb header_2_font_size_phone=\u00bb24px\u00bb header_2_font_size_last_edited=\u00bbon|desktop\u00bb header_3_font_size_tablet=\u00bb24px\u00bb header_3_font_size_phone=\u00bb20px\u00bb header_3_font_size_last_edited=\u00bbon|phone\u00bb global_colors_info=\u00bb{}\u00bb]<\/p>\n<p>Fr\u00e1ncfort - San Jos\u00e9 (CR) - Fr\u00e1ncfort<br \/>\n18.709 km, 1 persona, Turista<br \/>\n6,9 toneladas de CO2 -&gt; 173 euros de donaci\u00f3n<\/p>\n<p>[\/et_pb_text][et_pb_button button_url=\u00bbhttp:\/\/www.tropica-verde.de\/helfen-spenden\/spenden\/\u00bb button_text=\u00bbCOMPENSAR VUELO AHORA\u00bb _builder_version=\u00bb4.23.1&#8243; _module_preset=\u00bb03dd6b8a-d2b0-4387-acc1-68ac5dea5195&#8243; button_border_color=\u00bbRGBA(0,0,0,0)\u00bb custom_margin=\u00bb||||false|false\u00bb locked=\u00bboff\u00bb global_colors_info=\u00bb{}\u00bb][\/et_pb_button][\/et_pb_column][\/et_pb_row][et_pb_row custom_padding_last_edited=\u00bbon|phone\u00bb _builder_version=\u00bb4.23.1&#8243; _module_preset=\u00bbdefault\u00bb background_enable_color=\u00bboff\u00bb custom_margin=\u00bb0px||0px||false|false\u00bb custom_padding=\u00bb0px|0px|0px|0px|false|false\u00bb custom_padding_tablet=\u00bb0px|0px||0px|false|false\u00bb custom_padding_phone=\u00bb0px|0px|0px|0px|false|false\u00bb custom_css_main_element=\u00bbdisplay: flex;||align-items: flex-end;\u00bb global_colors_info=\u00bb{}\u00bb custom_css_main_element_tablet=\u00bbdisplay: block;\u00bb custom_css_main_element_phone=\u00bbdisplay: block;\u00bb custom_css_main_element_last_edited=\u00bbon|desktop\u00bb][et_pb_column type=\u00bb4_4&#8243; _builder_version=\u00bb4.23.1&#8243; _module_preset=\u00bbdefault\u00bb global_colors_info=\u00bb{}\u00bb][et_pb_text _builder_version=\u00bb4.23.1&#8243; _module_preset=\u00bb148b6e92-2377-47ed-a4d0-f5bd97198ef5&#8243; text_text_color=\u00bb#575656&#8243; header_text_color=\u00bb#006B46&#8243; header_font_size=\u00bb36px\u00bb header_2_text_color=\u00bb#006B46&#8243; header_2_font_size=\u00bb36px\u00bb header_3_font=\u00bbSource Sans 3|700|||||||\u00bb header_3_text_color=\u00bb#575656&#8243; header_3_font_size=\u00bb30px\u00bb header_font_size_tablet=\u00bb30px\u00bb header_font_size_phone=\u00bb24px\u00bb header_font_size_last_edited=\u00bbon|phone\u00bb header_2_font_size_tablet=\u00bb30px\u00bb header_2_font_size_phone=\u00bb24px\u00bb header_2_font_size_last_edited=\u00bbon|desktop\u00bb header_3_font_size_tablet=\u00bb24px\u00bb header_3_font_size_phone=\u00bb20px\u00bb header_3_font_size_last_edited=\u00bbon|phone\u00bb global_colors_info=\u00bb{}\u00bb]<\/p>\n<p>Esta compensaci\u00f3n se basa en un c\u00e1lculo mixto, que consiste principalmente en la protecci\u00f3n de los bosques tropicales existentes, la reforestaci\u00f3n, la educaci\u00f3n medioambiental y una peque\u00f1a proporci\u00f3n de costes administrativos (aproximadamente el 13%) <sup>[3]<\/sup>. Esto significa que se necesitan aproximadamente 173 euros para<sub>compensar las emisiones de CO2<\/sub> de su vuelo, que utilizamos para las medidas<sub>de reducci\u00f3n de CO2<\/sub> descritas anteriormente.<\/p>\n<p>[\/et_pb_text][et_pb_text _builder_version=\u00bb4.23.1&#8243; _module_preset=\u00bb148b6e92-2377-47ed-a4d0-f5bd97198ef5&#8243; text_text_color=\u00bb#575656&#8243; header_text_color=\u00bb#006B46&#8243; header_font_size=\u00bb36px\u00bb header_2_text_color=\u00bb#006B46&#8243; header_2_font_size=\u00bb36px\u00bb header_3_font=\u00bbSource Sans 3|700|||||||\u00bb header_3_text_color=\u00bb#575656&#8243; header_3_font_size=\u00bb30px\u00bb header_font_size_tablet=\u00bb30px\u00bb header_font_size_phone=\u00bb24px\u00bb header_font_size_last_edited=\u00bbon|phone\u00bb header_2_font_size_tablet=\u00bb30px\u00bb header_2_font_size_phone=\u00bb24px\u00bb header_2_font_size_last_edited=\u00bbon|desktop\u00bb header_3_font_size_tablet=\u00bb24px\u00bb header_3_font_size_phone=\u00bb20px\u00bb header_3_font_size_last_edited=\u00bbon|phone\u00bb global_colors_info=\u00bb{}\u00bb]<\/p>\n<h3>\u00a1Apoya los bosques tropicales de Costa Rica y haz un donativo para compensar tus emisiones de CO2! \u00a1Hagamos el mundo un poco mejor!<\/h3>\n<p>[\/et_pb_text][\/et_pb_column][\/et_pb_row][\/et_pb_section][et_pb_section fb_built=\u00bb1&#8243; _builder_version=\u00bb4.23.1&#8243; _module_preset=\u00bbdefault\u00bb custom_margin=\u00bb100px||100px||false|false\u00bb custom_margin_tablet=\u00bb50px||50px||false|false\u00bb custom_margin_phone=\u00bb50px||50px||false|false\u00bb custom_margin_last_edited=\u00bbon|desktop\u00bb custom_padding=\u00bb0px||0px||false|false\u00bb custom_css_main_element=\u00bbmax-width: 1200px;||margin: 100px auto;\u00bb locked=\u00bboff\u00bb global_colors_info=\u00bb{}\u00bb custom_css_main_element_last_edited=\u00bbon|phone\u00bb custom_css_main_element_tablet=\u00bbmargin: 50px auto;\u00bb custom_css_main_element_phone=\u00bbmargin: 50px auto;\u00bb header_font_size_tablet=\u00bb30px\u00bb header_font_size_phone=\u00bb24px\u00bb header_font_size_last_edited=\u00bbon|phone\u00bb header_2_font_size_tablet=\u00bb30px\u00bb header_2_font_size_phone=\u00bb24px\u00bb header_2_font_size_last_edited=\u00bbon|desktop\u00bb header_3_font_size_tablet=\u00bb20px\u00bb header_3_font_size_phone=\u00bb18px\u00bb header_3_font_size_last_edited=\u00bbon|phone\u00bb][et_pb_row column_structure=\u00bb1_4,1_4,1_4,1_4&#8243; custom_padding_last_edited=\u00bbon|desktop\u00bb _builder_version=\u00bb4.23.1&#8243; _module_preset=\u00bbdefault\u00bb background_enable_color=\u00bboff\u00bb custom_margin=\u00bb0px||0px||false|false\u00bb custom_padding=\u00bb0px||0px||false|false\u00bb custom_padding_tablet=\u00bb||0px||false|false\u00bb custom_padding_phone=\u00bb0px|0px|0px|0px|false|false\u00bb global_colors_info=\u00bb{}\u00bb][et_pb_column type=\u00bb1_4&#8243; _builder_version=\u00bb4.23.1&#8243; _module_preset=\u00bbdefault\u00bb global_colors_info=\u00bb{}\u00bb][et_pb_image src=\u00bbhttps:\/\/tropica-verde.de\/wp-content\/uploads\/2024\/06\/Zasob-10.svg\u00bb title_text=\u00bbZas\u00f3b 10&#8243; url=\u00bbhttps:\/\/tropica-verde.de\/es\/ayudardonar\/#spenden\u00bb align=\u00bbcenter\u00bb _builder_version=\u00bb4.23.1&#8243; _module_preset=\u00bbdefault\u00bb max_width=\u00bb220px\u00bb global_colors_info=\u00bb{}\u00bb][\/et_pb_image][et_pb_text _builder_version=\u00bb4.23.1&#8243; _module_preset=\u00bb148b6e92-2377-47ed-a4d0-f5bd97198ef5&#8243; text_text_color=\u00bb#ffffff\u00bb header_text_color=\u00bb#006B46&#8243; header_font_size=\u00bb36px\u00bb header_2_text_color=\u00bb#006B46&#8243; header_2_font_size=\u00bb36px\u00bb header_3_font=\u00bbSource Sans 3|700|||||||\u00bb header_3_text_align=\u00bbcenter\u00bb header_3_text_color=\u00bb#575656&#8243; header_3_font_size=\u00bb24px\u00bb header_font_size_tablet=\u00bb30px\u00bb header_font_size_phone=\u00bb24px\u00bb header_font_size_last_edited=\u00bbon|phone\u00bb header_2_font_size_tablet=\u00bb30px\u00bb header_2_font_size_phone=\u00bb24px\u00bb header_2_font_size_last_edited=\u00bbon|desktop\u00bb header_3_font_size_tablet=\u00bb20px\u00bb header_3_font_size_phone=\u00bb18px\u00bb header_3_font_size_last_edited=\u00bbon|phone\u00bb global_colors_info=\u00bb{}\u00bb]<\/p>\n<h3>Haz un donativo<\/h3>\n<p>[\/et_pb_text][\/et_pb_column][et_pb_column type=\u00bb1_4&#8243; _builder_version=\u00bb4.23.1&#8243; _module_preset=\u00bbdefault\u00bb global_colors_info=\u00bb{}\u00bb][et_pb_image src=\u00bbhttps:\/\/tropica-verde.de\/wp-content\/uploads\/2024\/07\/image-2.svg\u00bb title_text=\u00bbimagen-2&#8243; url=\u00bbhttps:\/\/tropica-verde.de\/es\/ayudardonar\/#mitglied\u00bb align=\u00bbcenter\u00bb admin_label=\u00bbImage\u00bb _builder_version=\u00bb4.23.1&#8243; _module_preset=\u00bbdefault\u00bb max_width=\u00bb220px\u00bb global_colors_info=\u00bb{}\u00bb][\/et_pb_image][et_pb_text _builder_version=\u00bb4.23.1&#8243; _module_preset=\u00bb148b6e92-2377-47ed-a4d0-f5bd97198ef5&#8243; text_text_color=\u00bb#ffffff\u00bb header_text_color=\u00bb#006B46&#8243; header_font_size=\u00bb36px\u00bb header_2_text_color=\u00bb#006B46&#8243; header_2_font_size=\u00bb36px\u00bb header_3_font=\u00bbSource Sans 3|700|||||||\u00bb header_3_text_align=\u00bbcenter\u00bb header_3_text_color=\u00bb#575656&#8243; header_3_font_size=\u00bb24px\u00bb header_font_size_tablet=\u00bb30px\u00bb header_font_size_phone=\u00bb24px\u00bb header_font_size_last_edited=\u00bbon|phone\u00bb header_2_font_size_tablet=\u00bb30px\u00bb header_2_font_size_phone=\u00bb24px\u00bb header_2_font_size_last_edited=\u00bbon|desktop\u00bb header_3_font_size_tablet=\u00bb20px\u00bb header_3_font_size_phone=\u00bb18px\u00bb header_3_font_size_last_edited=\u00bbon|phone\u00bb global_colors_info=\u00bb{}\u00bb]<\/p>\n<h3>Convi\u00e9rtete en<br \/>\u00a1Miembro!<\/h3>\n<p>[\/et_pb_text][\/et_pb_column][et_pb_column type=\u00bb1_4&#8243; _builder_version=\u00bb4.23.1&#8243; _module_preset=\u00bbdefault\u00bb global_colors_info=\u00bb{}\u00bb][et_pb_image src=\u00bbhttps:\/\/tropica-verde.de\/wp-content\/uploads\/2024\/07\/image-3.svg\u00bb title_text=\u00bbimagen-3&#8243; url=\u00bbhttps:\/\/tropica-verde.de\/es\/ayudardonar\/#ehrenamt\u00bb align=\u00bbcenter\u00bb admin_label=\u00bbImage\u00bb _builder_version=\u00bb4.23.1&#8243; _module_preset=\u00bbdefault\u00bb max_width=\u00bb220px\u00bb global_colors_info=\u00bb{}\u00bb][\/et_pb_image][et_pb_text _builder_version=\u00bb4.23.1&#8243; _module_preset=\u00bb148b6e92-2377-47ed-a4d0-f5bd97198ef5&#8243; text_text_color=\u00bb#ffffff\u00bb header_text_color=\u00bb#006B46&#8243; header_font_size=\u00bb36px\u00bb header_2_text_color=\u00bb#006B46&#8243; header_2_font_size=\u00bb36px\u00bb header_3_font=\u00bbSource Sans 3|700|||||||\u00bb header_3_text_align=\u00bbcenter\u00bb header_3_text_color=\u00bb#575656&#8243; header_3_font_size=\u00bb24px\u00bb hover_enabled=\u00bb0&#8243; header_font_size_tablet=\u00bb30px\u00bb header_font_size_phone=\u00bb24px\u00bb header_font_size_last_edited=\u00bbon|phone\u00bb header_2_font_size_tablet=\u00bb30px\u00bb header_2_font_size_phone=\u00bb24px\u00bb header_2_font_size_last_edited=\u00bbon|desktop\u00bb header_3_font_size_tablet=\u00bb20px\u00bb header_3_font_size_phone=\u00bb18px\u00bb header_3_font_size_last_edited=\u00bbon|phone\u00bb global_colors_info=\u00bb{}\u00bb sticky_enabled=\u00bb0&#8243;]<\/p>\n<h3>Seien Sie ehrenamtlich aktiv!<\/h3>\n<p>[\/et_pb_text][\/et_pb_column][et_pb_column type=\u00bb1_4&#8243; _builder_version=\u00bb4.23.1&#8243; _module_preset=\u00bbdefault\u00bb global_colors_info=\u00bb{}\u00bb][et_pb_image src=\u00bbhttps:\/\/tropica-verde.de\/wp-content\/uploads\/2024\/07\/image-4.svg\u00bb title_text=\u00bbimagen-4&#8243; align=\u00bbcenter\u00bb admin_label=\u00bbImage\u00bb _builder_version=\u00bb4.23.1&#8243; _module_preset=\u00bbdefault\u00bb max_width=\u00bb220px\u00bb global_colors_info=\u00bb{}\u00bb][\/et_pb_image][et_pb_text _builder_version=\u00bb4.23.1&#8243; _module_preset=\u00bb148b6e92-2377-47ed-a4d0-f5bd97198ef5&#8243; text_text_color=\u00bb#ffffff\u00bb header_text_color=\u00bb#006B46&#8243; header_font_size=\u00bb36px\u00bb header_2_text_color=\u00bb#006B46&#8243; header_2_font_size=\u00bb36px\u00bb header_3_font=\u00bbSource Sans 3|700|||||||\u00bb header_3_text_align=\u00bbcenter\u00bb header_3_text_color=\u00bb#575656&#8243; header_3_font_size=\u00bb24px\u00bb header_font_size_tablet=\u00bb30px\u00bb header_font_size_phone=\u00bb24px\u00bb header_font_size_last_edited=\u00bbon|phone\u00bb header_2_font_size_tablet=\u00bb30px\u00bb header_2_font_size_phone=\u00bb24px\u00bb header_2_font_size_last_edited=\u00bbon|desktop\u00bb header_3_font_size_tablet=\u00bb20px\u00bb header_3_font_size_phone=\u00bb18px\u00bb header_3_font_size_last_edited=\u00bbon|phone\u00bb global_colors_info=\u00bb{}\u00bb]<\/p>\n<h3>Recomienda<br \/>\u00a1T\u00fa a nosotros!<\/h3>\n<p>[\/et_pb_text][\/et_pb_column][\/et_pb_row][\/et_pb_section][et_pb_section fb_built=\u00bb1&#8243; custom_padding_last_edited=\u00bbon|phone\u00bb _builder_version=\u00bb4.23.1&#8243; _module_preset=\u00bbdefault\u00bb background_enable_color=\u00bboff\u00bb custom_margin=\u00bb100px||100px||false|false\u00bb custom_margin_tablet=\u00bb50px||50px||false|false\u00bb custom_margin_phone=\u00bb50px||50px||false|false\u00bb custom_margin_last_edited=\u00bbon|tablet\u00bb custom_padding=\u00bb0px||0px||false|false\u00bb custom_padding_tablet=\u00bb0px||0px||false|false\u00bb custom_padding_phone=\u00bb||||false|false\u00bb custom_css_main_element=\u00bbmax-width: 1200px;||margin: 100px auto;\u00bb locked=\u00bboff\u00bb global_colors_info=\u00bb{}\u00bb custom_css_main_element_last_edited=\u00bbon|phone\u00bb custom_css_main_element_tablet=\u00bbmargin: 50px auto;\u00bb custom_css_main_element_phone=\u00bbmargin: 50px auto;\u00bb][et_pb_row custom_padding_last_edited=\u00bbon|desktop\u00bb _builder_version=\u00bb4.23.1&#8243; _module_preset=\u00bbdefault\u00bb background_enable_color=\u00bboff\u00bb custom_margin=\u00bb0px||0px||false|false\u00bb custom_padding=\u00bb0px||0px||true|false\u00bb custom_padding_tablet=\u00bb0px||||false|false\u00bb custom_padding_phone=\u00bb0px|0px|0px|0px|false|false\u00bb custom_css_main_element=\u00bbdisplay: flex;||align-items: flex-end;\u00bb global_colors_info=\u00bb{}\u00bb custom_css_main_element_last_edited=\u00bbon|desktop\u00bb custom_css_main_element_tablet=\u00bbdisplay: block;\u00bb custom_css_main_element_phone=\u00bbdisplay: block;\u00bb][et_pb_column type=\u00bb4_4&#8243; _builder_version=\u00bb4.23.1&#8243; _module_preset=\u00bbdefault\u00bb global_colors_info=\u00bb{}\u00bb][et_pb_text _builder_version=\u00bb4.23.1&#8243; _module_preset=\u00bb148b6e92-2377-47ed-a4d0-f5bd97198ef5&#8243; text_text_color=\u00bb#575656&#8243; header_text_color=\u00bb#006B46&#8243; header_font_size=\u00bb36px\u00bb header_2_text_color=\u00bb#006B46&#8243; header_2_font_size=\u00bb36px\u00bb header_3_text_color=\u00bb#575656&#8243; header_3_font_size=\u00bb30px\u00bb header_font_size_tablet=\u00bb30px\u00bb header_font_size_phone=\u00bb24px\u00bb header_font_size_last_edited=\u00bbon|phone\u00bb header_2_font_size_tablet=\u00bb30px\u00bb header_2_font_size_phone=\u00bb24px\u00bb header_2_font_size_last_edited=\u00bbon|desktop\u00bb header_3_font_size_tablet=\u00bb24px\u00bb header_3_font_size_phone=\u00bb20px\u00bb header_3_font_size_last_edited=\u00bbon|phone\u00bb global_colors_info=\u00bb{}\u00bb]<\/p>\n<p>[1] <a href=\"http:\/\/www.tropica-verde.de\/wp-content\/uploads\/2019\/08\/20200205-CO2_Berechnung_Uni-Wien-2011.pdf\">\u00abC\u00e1lculo del secuestro de carbono durante la reforestaci\u00f3n en los tr\u00f3picos\u00bb, Wanek, Richter, Albert y otros, Universidad de Viena, 2011<\/a><br \/>[2] Esto corresponde al precio de una tonelada de CO2 en el comercio de derechos de emisi\u00f3n de la UE (2019). Calculado a la baja, esto corresponde a 2,5 c\u00e9ntimos por kilogramo de CO2.<br \/>[3] Puedes solicitar un modelo de c\u00e1lculo detallado en la oficina de informaci\u00f3n.<\/p>\n<p>Foto: \u00a9 Stefan Rother \/ Faunity<\/p>\n<p>[\/et_pb_text][\/et_pb_column][\/et_pb_row][\/et_pb_section]<\/p>\n","protected":false},"excerpt":{"rendered":"<p>\u00a1Tu apoyo econ\u00f3mico a las medidas de protecci\u00f3n del clima puede ligar m\u00e1s di\u00f3xido de carbono de la atm\u00f3sfera!Calcula tu compensaci\u00f3n individual de vuelo (1 persona, Econom\u00eda):<div id=\"react-co2wrapper\" data-europt=\"25\"><\/div>\u00bfC\u00f3mo contribuye Tropica Verde a \u00bfCompensaci\u00f3n de CO2 con?Tropica Verde unterst\u00fctzt biologisch nachhaltige Wiederbewaldungs- und Tropenwaldschutzprojekte in Costa Rica und tr\u00e4gt somit direkt zu einer Bindung der Treibhausgase bei.Una [&hellip;]<\/p>\n","protected":false},"author":3,"featured_media":5538,"parent":5856,"menu_order":31,"comment_status":"closed","ping_status":"closed","template":"","meta":{"_et_pb_use_builder":"on","_et_pb_old_content":"","_et_gb_content_width":"","inline_featured_image":false,"footnotes":""},"class_list":["post-239093","page","type-page","status-publish","has-post-thumbnail","hentry"],"_links":{"self":[{"href":"https:\/\/tropica-verde.de\/es\/wp-json\/wp\/v2\/pages\/239093","targetHints":{"allow":["GET"]}}],"collection":[{"href":"https:\/\/tropica-verde.de\/es\/wp-json\/wp\/v2\/pages"}],"about":[{"href":"https:\/\/tropica-verde.de\/es\/wp-json\/wp\/v2\/types\/page"}],"author":[{"embeddable":true,"href":"https:\/\/tropica-verde.de\/es\/wp-json\/wp\/v2\/users\/3"}],"replies":[{"embeddable":true,"href":"https:\/\/tropica-verde.de\/es\/wp-json\/wp\/v2\/comments?post=239093"}],"version-history":[{"count":15,"href":"https:\/\/tropica-verde.de\/es\/wp-json\/wp\/v2\/pages\/239093\/revisions"}],"predecessor-version":[{"id":244538,"href":"https:\/\/tropica-verde.de\/es\/wp-json\/wp\/v2\/pages\/239093\/revisions\/244538"}],"up":[{"embeddable":true,"href":"https:\/\/tropica-verde.de\/es\/wp-json\/wp\/v2\/pages\/5856"}],"wp:featuredmedia":[{"embeddable":true,"href":"https:\/\/tropica-verde.de\/es\/wp-json\/wp\/v2\/media\/5538"}],"wp:attachment":[{"href":"https:\/\/tropica-verde.de\/es\/wp-json\/wp\/v2\/media?parent=239093"}],"curies":[{"name":"wp","href":"https:\/\/api.w.org\/{rel}","templated":true}]}}