{"id":239079,"date":"2024-04-13T23:50:08","date_gmt":"2024-04-13T21:50:08","guid":{"rendered":"https:\/\/tropica-verde.de\/educacion-para-el-desarrollo-sostenible\/"},"modified":"2026-03-30T19:05:05","modified_gmt":"2026-03-30T17:05:05","slug":"educacion-para-el-desarrollo-sostenible","status":"publish","type":"page","link":"https:\/\/tropica-verde.de\/es\/educacion-para-el-desarrollo-sostenible\/","title":{"rendered":"Educaci\u00f3n para el desarrollo sostenible"},"content":{"rendered":"<p>[et_pb_section fb_built=\u00bb1&#8243; fullwidth=\u00bbon\u00bb _builder_version=\u00bb4.16&#8243; _module_preset=\u00bbdefault\u00bb min_height_tablet=\u00bb\u00bb min_height_phone=\u00bb\u00bb min_height_last_edited=\u00bbon|phone\u00bb saved_tabs=\u00bball\u00bb global_colors_info=\u00bb{}\u00bb][et_pb_fullwidth_header title=\u00bb&lt;br&gt;EDUCACI\u00d3N PARA EL DESARROLLO SOSTENIBLE\u00bb _builder_version=\u00bb4.23.1&#8243; _module_preset=\u00bb38e78ddb-1661-445f-93ae-5beb778b03b3&#8243; title_font=\u00bb|800|||||||\u00bb title_font_size=\u00bb70px\u00bb title_line_height=\u00bb0.8em\u00bb subhead_font=\u00bbSource Serif Pro Semibold||||||||\u00bb subhead_font_size=\u00bb36px\u00bb subhead_line_height=\u00bb1.2em\u00bb background_color=\u00bbrgba(0,13,53,0.24)\u00bb background_image=\u00bbhttps:\/\/tropica-verde.de\/wp-content\/uploads\/2022\/08\/Huegellandschaft_Monte_Alto-scaled.jpg\u00bb background_position=\u00bbtop_center\u00bb background_vertical_offset=\u00bb30%\u00bb background_blend=\u00bbmultiply\u00bb transform_translate_linked=\u00bboff\u00bb min_height=\u00bb464px\u00bb min_height_tablet=\u00bb\u00bb min_height_phone=\u00bb\u00bb min_height_last_edited=\u00bbon|desktop\u00bb custom_margin=\u00bb||||false|false\u00bb custom_padding=\u00bb180px||||false|false\u00bb custom_padding_tablet=\u00bb60px||||false|false\u00bb custom_padding_phone=\u00bb||||false|false\u00bb custom_padding_last_edited=\u00bbon|tablet\u00bb title_font_size_tablet=\u00bb56px\u00bb title_font_size_phone=\u00bb43px\u00bb title_font_size_last_edited=\u00bbon|desktop\u00bb subhead_font_size_tablet=\u00bb30px\u00bb subhead_font_size_phone=\u00bb24px\u00bb subhead_font_size_last_edited=\u00bbon|phone\u00bb global_colors_info=\u00bb{}\u00bb][\/et_pb_fullwidth_header][\/et_pb_section][et_pb_section fb_built=\u00bb1&#8243; admin_label=\u00bbFeature Section\u00bb _builder_version=\u00bb4.16&#8243; _module_preset=\u00bbdefault\u00bb custom_padding=\u00bb29px||2px|||\u00bb locked=\u00bboff\u00bb global_colors_info=\u00bb{}\u00bb][et_pb_row column_structure=\u00bb1_2,1_2&#8243; custom_padding_last_edited=\u00bboff|phone\u00bb admin_label=\u00bbElemento 01 Zona\u00bb _builder_version=\u00bb4.23.1&#8243; _module_preset=\u00bbdefault\u00bb custom_margin=\u00bb50px||20px||false|false\u00bb custom_margin_tablet=\u00bb50px||20px||false|false\u00bb custom_margin_phone=\u00bb||20px||false|false\u00bb custom_margin_last_edited=\u00bbon|desktop\u00bb custom_padding=\u00bb0px|0px|0px|0px|false|false\u00bb custom_padding_tablet=\u00bb0px||||false|false\u00bb custom_padding_phone=\u00bb0px||||false|false\u00bb custom_css_main_element=\u00bbdisplay: flex;||align-items: center;||flex-direction: row;\u00bb global_colors_info=\u00bb{}\u00bb custom_css_main_element_last_edited=\u00bbon|desktop\u00bb custom_css_main_element_tablet=\u00bbflex-direction: column;\u00bb custom_css_main_element_phone=\u00bbflex-direction: column;\u00bb][et_pb_column type=\u00bb1_2&#8243; _builder_version=\u00bb4.23.1&#8243; _module_preset=\u00bbdefault\u00bb custom_padding=\u00bb|||\u00bb global_colors_info=\u00bb{}\u00bb custom_padding__hover=\u00bb|||\u00bb][et_pb_image src=\u00bbhttps:\/\/tropica-verde.de\/wp-content\/uploads\/2024\/07\/Aktionsstand_Leute-am-Stand_2.jpg\u00bb alt=\u00bbPrueba las plantaciones de pi\u00f1a en el puesto de acci\u00f3n de la Feria Verde\u00bb title_text=\u00bbAction_booth_people_at_the_booth_2&#8243; force_fullwidth=\u00bbon\u00bb align_tablet=\u00bbcenter\u00bb align_phone=\u00bb\u00bb align_last_edited=\u00bbon|desktop\u00bb _builder_version=\u00bb4.23.1&#8243; _module_preset=\u00bbdefault\u00bb custom_margin=\u00bb|||\u00bb custom_margin_tablet=\u00bb\u00bb custom_margin_phone=\u00bb\u00bb custom_margin_last_edited=\u00bbon|phone\u00bb custom_padding=\u00bb|||40px|false|false\u00bb custom_padding_tablet=\u00bb|||0px|false|false\u00bb custom_padding_phone=\u00bb\u00bb custom_padding_last_edited=\u00bbon|phone\u00bb animation_style=\u00bbslide\u00bb animation_direction=\u00bbright\u00bb animation_intensity_slide=\u00bb8%\u00bb animation_starting_opacity=\u00bb100%\u00bb global_colors_info=\u00bb{}\u00bb][\/et_pb_image][\/et_pb_column][et_pb_column type=\u00bb1_2&#8243; _builder_version=\u00bb4.23.1&#8243; _module_preset=\u00bbdefault\u00bb custom_padding=\u00bb||||false|false\u00bb global_colors_info=\u00bb{}\u00bb custom_padding__hover=\u00bb|||\u00bb][et_pb_text admin_label=\u00bbTitle\u00bb _builder_version=\u00bb4.23.1&#8243; _module_preset=\u00bb55d885ef-1670-4ec4-8f70-f0495b132a37&#8243; text_font=\u00bb||||||||\u00bb text_text_color=\u00bb#00512C\u00bb header_font=\u00bb|||on|||||\u00bb header_text_color=\u00bb#00512C\u00bb header_font_size=\u00bb36px\u00bb header_2_font=\u00bb|700|||||||\u00bb header_2_text_color=\u00bb#006B46&#8243; header_2_font_size=\u00bb35px\u00bb module_alignment=\u00bbcenter\u00bb custom_margin=\u00bb||15px|\u00bb custom_margin_tablet=\u00bb\u00bb custom_margin_phone=\u00bb||0px||false|false\u00bb custom_margin_last_edited=\u00bbon|desktop\u00bb custom_padding=\u00bb0px||0px||false|false\u00bb custom_padding_tablet=\u00bb0px||||false|false\u00bb custom_padding_phone=\u00bb0px||0px||false|false\u00bb custom_padding_last_edited=\u00bbon|phone\u00bb animation_direction=\u00bbleft\u00bb header_font_size_tablet=\u00bb30px\u00bb header_font_size_phone=\u00bb24px\u00bb header_font_size_last_edited=\u00bbon|phone\u00bb header_2_font_size_tablet=\u00bb\u00bb header_2_font_size_phone=\u00bb27px\u00bb header_2_font_size_last_edited=\u00bbon|phone\u00bb global_colors_info=\u00bb{}\u00bb]<\/p>\n<h2>La educaci\u00f3n es la clave para actuar reconociendo, probando y comprendiendo<\/h2>\n<p>[\/et_pb_text][et_pb_text _builder_version=\u00bb4.23.1&#8243; _module_preset=\u00bb55d885ef-1670-4ec4-8f70-f0495b132a37&#8243; text_font=\u00bb||||||||\u00bb header_font=\u00bb||||||||\u00bb module_alignment=\u00bbleft\u00bb custom_margin_tablet=\u00bb\u00bb custom_margin_phone=\u00bb||30px||false|false\u00bb custom_margin_last_edited=\u00bbon|phone\u00bb animation_direction=\u00bbleft\u00bb global_colors_info=\u00bb{}\u00bb]<\/p>\n<p>La educaci\u00f3n es uno de los factores centrales del desarrollo individual y social, por lo que no debe faltar en ninguno de nuestros proyectos de Tropica Verde. Defendemos el enfoque de la Educaci\u00f3n para el Desarrollo Sostenible (EDS), un concepto educativo desarrollado por las Naciones Unidas. Representa la educaci\u00f3n que permite a las personas pensar y actuar de forma sostenible.<\/p>\n<p>[\/et_pb_text][\/et_pb_column][\/et_pb_row][et_pb_row column_structure=\u00bb1_2,1_2&#8243; admin_label=\u00bbElemento 02 Zona\u00bb _builder_version=\u00bb4.23.1&#8243; _module_preset=\u00bbdefault\u00bb background_color=\u00bb#b8d79e\u00bb custom_margin=\u00bb20px|auto|20px|auto|false|false\u00bb custom_margin_tablet=\u00bb20px||20px||false|false\u00bb custom_margin_phone=\u00bb\u00bb custom_margin_last_edited=\u00bbon|phone\u00bb custom_padding=\u00bb0px||0px||false|false\u00bb custom_css_main_element=\u00bbdisplay: flex;||align-items: center;||flex-direction: row;\u00bb global_colors_info=\u00bb{}\u00bb custom_css_main_element_last_edited=\u00bbon|phone\u00bb custom_css_main_element_tablet=\u00bbflex-direction: column-reverse;||display: flex;||align-items: center;\u00bb custom_css_main_element_phone=\u00bbflex-direction: column-reverse;||display: flex;||align-items: center;\u00bb][et_pb_column type=\u00bb1_2&#8243; _builder_version=\u00bb4.16&#8243; _module_preset=\u00bbdefault\u00bb custom_padding=\u00bb5%|5%|5%|5%\u00bb custom_padding_tablet=\u00bb0px|0px|0px|0px\u00bb custom_padding_last_edited=\u00bboff|desktop\u00bb global_colors_info=\u00bb{}\u00bb padding_tablet=\u00bb0px|0px|0px|0px\u00bb padding_last_edited=\u00bboff|desktop\u00bb custom_padding__hover=\u00bb|||\u00bb][et_pb_text admin_label=\u00bbTitle\u00bb _builder_version=\u00bb4.23.1&#8243; _module_preset=\u00bb55d885ef-1670-4ec4-8f70-f0495b132a37&#8243; text_font=\u00bb||||||||\u00bb text_font_size=\u00bb16px\u00bb text_line_height=\u00bb1.8em\u00bb header_font=\u00bb|600|||||||\u00bb header_text_color=\u00bb#00512C\u00bb header_2_font=\u00bb|700|||||||\u00bb header_2_text_color=\u00bb#006B46&#8243; header_2_font_size=\u00bb36px\u00bb background_layout=\u00bbdark\u00bb module_alignment=\u00bbcenter\u00bb custom_margin=\u00bb||15px|\u00bb custom_padding=\u00bb|||\u00bb animation_direction=\u00bbleft\u00bb link_option_url=\u00bbhttps:\/\/www.bne-portal.de\/bne\/de\/bne-jetzt\/bne-jetzt_node.html\u00bb link_option_url_new_window=\u00bbon\u00bb header_2_font_size_tablet=\u00bb30px\u00bb header_2_font_size_phone=\u00bb24px\u00bb header_2_font_size_last_edited=\u00bbon|phone\u00bb locked=\u00bboff\u00bb global_colors_info=\u00bb{}\u00bb]<\/p>\n<h2>\u00bfQu\u00e9 es la Educaci\u00f3n para el Desarrollo Sostenible?<\/h2>\n<p>[\/et_pb_text][et_pb_text _builder_version=\u00bb4.23.1&#8243; _module_preset=\u00bb55d885ef-1670-4ec4-8f70-f0495b132a37&#8243; text_font=\u00bb||||||||\u00bb text_text_color=\u00bb#575656&#8243; link_text_color=\u00bb#FFFFFF\u00bb header_font=\u00bb||||||||\u00bb background_layout=\u00bbdark\u00bb module_alignment=\u00bbleft\u00bb animation_direction=\u00bbleft\u00bb locked=\u00bboff\u00bb global_colors_info=\u00bb{}\u00bb]<\/p>\n<p><a href=\"https:\/\/www.bne-portal.de\/bne\/de\/bne-jetzt\/bne-jetzt_node.html\" target=\"_blank\" rel=\"noopener nofollow\">La Educaci\u00f3n para el Desarrollo Sostenible<\/a> o \u00abEDS\u00bb para abreviar, permite a los alumnos tomar decisiones con conocimiento de causa y actuar de forma responsable para proteger el medio ambiente, crear una econom\u00eda sostenible y una sociedad justa para las generaciones actuales y futuras, respetando al mismo tiempo la diversidad cultural. El objetivo y prop\u00f3sito es transformar la sociedad.<\/p>\n<p>[\/et_pb_text][\/et_pb_column][et_pb_column type=\u00bb1_2&#8243; _builder_version=\u00bb4.16&#8243; _module_preset=\u00bbdefault\u00bb custom_padding=\u00bb|||\u00bb global_colors_info=\u00bb{}\u00bb custom_padding__hover=\u00bb|||\u00bb][et_pb_image src=\u00bbhttps:\/\/tropica-verde.de\/wp-content\/uploads\/2024\/07\/Bilder-Wasserkreislauf-2-scaled-2.jpg\u00bb alt=\u00bbEn el m\u00f3dulo educativo sobre el ciclo del agua, los ni\u00f1os recrean el ciclo en un vaso\u00bb title_text=\u00bbIm\u00e1genes-Ciclo del agua-2-escala\u00bb show_bottom_space=\u00bboff\u00bb force_fullwidth=\u00bbon\u00bb align_tablet=\u00bbcenter\u00bb align_phone=\u00bb\u00bb align_last_edited=\u00bbon|desktop\u00bb _builder_version=\u00bb4.23.1&#8243; _module_preset=\u00bbdefault\u00bb custom_margin=\u00bb||||false|false\u00bb custom_margin_tablet=\u00bb||||false|false\u00bb custom_margin_phone=\u00bb0px||0px||false|false\u00bb custom_margin_last_edited=\u00bbon|tablet\u00bb animation_style=\u00bbslide\u00bb animation_direction=\u00bbleft\u00bb animation_intensity_slide=\u00bb8%\u00bb animation_starting_opacity=\u00bb100%\u00bb custom_css_main_element=\u00bbposition: absolute;||top: 50%;||transform: translateY(-50%);\u00bb box_shadow_style=\u00bbpreset1&#8243; box_shadow_blur=\u00bb80px\u00bb global_colors_info=\u00bb{}\u00bb custom_css_main_element_last_edited=\u00bbon|desktop\u00bb custom_css_main_element_tablet=\u00bbposition: relative;||top: auto;||transform: translateY(0);\u00bb custom_css_main_element_phone=\u00bbposition: relative;||top: auto;||transform: translateY(0);\u00bb][\/et_pb_image][\/et_pb_column][\/et_pb_row][et_pb_row column_structure=\u00bb1_2,1_2&#8243; admin_label=\u00bbElemento 01 Zona\u00bb _builder_version=\u00bb4.23.1&#8243; _module_preset=\u00bbdefault\u00bb min_height=\u00bb602.8px\u00bb min_height_tablet=\u00bb\u00bb min_height_phone=\u00bb\u00bb min_height_last_edited=\u00bbon|phone\u00bb custom_margin=\u00bb20px||20px||false|false\u00bb custom_margin_tablet=\u00bb20px||20px||false|false\u00bb custom_margin_phone=\u00bb20px||20px||false|false\u00bb custom_margin_last_edited=\u00bbon|phone\u00bb custom_padding=\u00bb0px||0px||false|false\u00bb custom_css_main_element=\u00bbdisplay: flex;||align-items: center;||flex-direction: row;\u00bb global_colors_info=\u00bb{}\u00bb custom_css_main_element_last_edited=\u00bbon|tablet\u00bb custom_css_main_element_tablet=\u00bbflex-direction: column\u00bb custom_css_main_element_phone=\u00bbflex-direction: column\u00bb][et_pb_column type=\u00bb1_2&#8243; _builder_version=\u00bb4.16&#8243; _module_preset=\u00bbdefault\u00bb custom_padding=\u00bb|||\u00bb global_colors_info=\u00bb{}\u00bb custom_padding__hover=\u00bb|||\u00bb][et_pb_image src=\u00bbhttps:\/\/tropica-verde.de\/wp-content\/uploads\/2024\/07\/DSC00473.jpg\u00bb alt=\u00bb\u00bfCu\u00e1l es la diferencia entre una pi\u00f1a de cultivo convencional y una pi\u00f1a ecol\u00f3gica?\u00bb title_text=\u00bbDSC00473&#8243; show_bottom_space=\u00bboff\u00bb force_fullwidth=\u00bbon\u00bb align_tablet=\u00bbcenter\u00bb align_phone=\u00bb\u00bb align_last_edited=\u00bbon|desktop\u00bb _builder_version=\u00bb4.23.1&#8243; _module_preset=\u00bbdefault\u00bb custom_margin=\u00bb||||false|false\u00bb custom_padding=\u00bb0px|||40px||\u00bb custom_padding_tablet=\u00bb|||0px|false|false\u00bb custom_padding_phone=\u00bb\u00bb custom_padding_last_edited=\u00bbon|tablet\u00bb animation_style=\u00bbslide\u00bb animation_direction=\u00bbright\u00bb animation_intensity_slide=\u00bb8%\u00bb animation_starting_opacity=\u00bb100%\u00bb global_colors_info=\u00bb{}\u00bb][\/et_pb_image][\/et_pb_column][et_pb_column type=\u00bb1_2&#8243; _builder_version=\u00bb4.23.1&#8243; _module_preset=\u00bbdefault\u00bb custom_padding=\u00bb||||false|false\u00bb global_colors_info=\u00bb{}\u00bb custom_padding__hover=\u00bb|||\u00bb][et_pb_text _builder_version=\u00bb4.23.1&#8243; _module_preset=\u00bb55d885ef-1670-4ec4-8f70-f0495b132a37&#8243; text_font=\u00bb||||||||\u00bb header_font=\u00bb||||||||\u00bb header_font_size=\u00bb36px\u00bb header_2_font=\u00bb|700|||||||\u00bb header_2_text_color=\u00bb#006B46&#8243; header_2_font_size=\u00bb36px\u00bb max_width=\u00bb525px\u00bb module_alignment=\u00bbleft\u00bb custom_margin=\u00bb25px||15px||false|false\u00bb custom_margin_tablet=\u00bb0px||||false|false\u00bb custom_margin_phone=\u00bb0px||||false|false\u00bb custom_margin_last_edited=\u00bbon|desktop\u00bb animation_direction=\u00bbleft\u00bb text_font_size_tablet=\u00bb\u00bb text_font_size_phone=\u00bb16px\u00bb text_font_size_last_edited=\u00bbon|phone\u00bb header_font_size_tablet=\u00bb30px\u00bb header_font_size_phone=\u00bb24px\u00bb header_font_size_last_edited=\u00bbon|phone\u00bb header_2_font_size_tablet=\u00bb\u00bb header_2_font_size_phone=\u00bb28px\u00bb header_2_font_size_last_edited=\u00bbon|phone\u00bb global_colors_info=\u00bb{}\u00bb]<\/p>\n<h2>Aprendizaje orientado a la acci\u00f3n basado en temas globales<\/h2>\n<p>[\/et_pb_text][et_pb_text _builder_version=\u00bb4.23.1&#8243; _module_preset=\u00bb55d885ef-1670-4ec4-8f70-f0495b132a37&#8243; text_font=\u00bb||||||||\u00bb text_text_color=\u00bb#575656&#8243; header_font=\u00bb||||||||\u00bb background_layout=\u00bbdark\u00bb module_alignment=\u00bbleft\u00bb animation_direction=\u00bbleft\u00bb locked=\u00bboff\u00bb global_colors_info=\u00bb{}\u00bb]<\/p>\n<p>En pedagog\u00eda, el objetivo es lograr un aprendizaje centrado en el alumno, basado en la investigaci\u00f3n, orientado a la acci\u00f3n y transformador. Los temas deben ilustrar la dimensi\u00f3n global del comportamiento, relacionarse con la vida cotidiana y ser relevantes para los alumnos. Deben tener significado a largo plazo e idealmente incluir aspectos ecol\u00f3gicos, econ\u00f3micos, sociales o culturales. Tambi\u00e9n deben ofrecer oportunidades de participaci\u00f3n y acci\u00f3n e implicar a socios de cooperaci\u00f3n de Costa Rica. Los programas educativos que se desarrollen deben promover las habilidades de dise\u00f1o de la EDS, como la construcci\u00f3n de conocimientos integradores, el pensamiento y la acci\u00f3n con visi\u00f3n de futuro, las percepciones interdisciplinares, la motivaci\u00f3n de otros para actuar, la configuraci\u00f3n de transformaciones, etc. Los alumnos deben aprender a organizar y estructurar sus procesos de aprendizaje de forma aut\u00f3noma, dando mucho espacio a sus procesos de aprendizaje individuales. El contenido del aprendizaje se ampl\u00eda para incluir la adquisici\u00f3n de competencias metodol\u00f3gicas, sociales y personales.     <\/p>\n<p>[\/et_pb_text][\/et_pb_column][\/et_pb_row][et_pb_row column_structure=\u00bb1_2,1_2&#8243; admin_label=\u00bbElemento 02 Zona\u00bb _builder_version=\u00bb4.23.1&#8243; _module_preset=\u00bbdefault\u00bb background_color=\u00bb#b8d79e\u00bb custom_margin=\u00bb20px|auto|20px|auto|true|false\u00bb custom_margin_tablet=\u00bb20px||20px||true|false\u00bb custom_margin_phone=\u00bb\u00bb custom_margin_last_edited=\u00bbon|desktop\u00bb custom_padding=\u00bb0px||0px||false|false\u00bb custom_css_main_element=\u00bbdisplay: flex;||align-items: center;||flex-direction: row;\u00bb global_colors_info=\u00bb{}\u00bb custom_css_main_element_last_edited=\u00bbon|phone\u00bb custom_css_main_element_tablet=\u00bbflex-direction: column-reverse;||display: flex;||align-items: center;\u00bb custom_css_main_element_phone=\u00bbflex-direction: column-reverse;||display: flex;||align-items: center;\u00bb][et_pb_column type=\u00bb1_2&#8243; _builder_version=\u00bb4.16&#8243; _module_preset=\u00bbdefault\u00bb custom_padding=\u00bb5%|5%|5%|5%\u00bb custom_padding_tablet=\u00bb0px|0px|0px|0px\u00bb custom_padding_last_edited=\u00bboff|desktop\u00bb global_colors_info=\u00bb{}\u00bb padding_tablet=\u00bb0px|0px|0px|0px\u00bb padding_last_edited=\u00bboff|desktop\u00bb custom_padding__hover=\u00bb|||\u00bb][et_pb_text admin_label=\u00bbTitle\u00bb _builder_version=\u00bb4.23.1&#8243; _module_preset=\u00bb55d885ef-1670-4ec4-8f70-f0495b132a37&#8243; text_font=\u00bb||||||||\u00bb text_font_size=\u00bb16px\u00bb text_line_height=\u00bb1.8em\u00bb header_font=\u00bb|600|||||||\u00bb header_text_color=\u00bb#00512C\u00bb header_2_font=\u00bb|700|||||||\u00bb header_2_text_color=\u00bb#006B46&#8243; header_2_font_size=\u00bb36px\u00bb background_layout=\u00bbdark\u00bb module_alignment=\u00bbcenter\u00bb custom_margin=\u00bb||15px|\u00bb custom_padding=\u00bb|||\u00bb animation_direction=\u00bbleft\u00bb header_2_font_size_tablet=\u00bb30px\u00bb header_2_font_size_phone=\u00bb24px\u00bb header_2_font_size_last_edited=\u00bbon|phone\u00bb locked=\u00bboff\u00bb global_colors_info=\u00bb{}\u00bb]<\/p>\n<h2>\u00a1Tirando en la misma direcci\u00f3n!<\/h2>\n<p>[\/et_pb_text][et_pb_text _builder_version=\u00bb4.27.4&#8243; _module_preset=\u00bb55d885ef-1670-4ec4-8f70-f0495b132a37&#8243; text_font=\u00bb||||||||\u00bb text_text_color=\u00bb#575656&#8243; header_font=\u00bb||||||||\u00bb background_layout=\u00bbdark\u00bb module_alignment=\u00bbleft\u00bb animation_direction=\u00bbleft\u00bb locked=\u00bboff\u00bb global_colors_info=\u00bb{}\u00bb]<\/p>\n<p>Nos guiamos por los acuerdos y convenios marco mundiales que se refieren a \u00e1mbitos importantes del desarrollo sostenible, como las \u00e1reas de acci\u00f3n prioritarias de la <b>Hoja de Ruta de la UNESCO del Programa de Acci\u00f3n Mundial sobre EDS<\/b>, <b>el Art\u00edculo 6 de la Convenci\u00f3n Marco de las Naciones Unidas sobre el Cambio Clim\u00e1tico<\/b> y sus programas de trabajo y <b>el Art\u00edculo 13 del Convenio sobre la Diversidad Biol\u00f3gica<\/b> y sus programas de trabajo, as\u00ed como el <b>Programa de Estilos de Vida Sostenibles y Educaci\u00f3n<\/b> del Programa Marco Decenal para la Promoci\u00f3n de Modelos de Consumo y Producci\u00f3n Sostenibles (2012-2021). Tambi\u00e9n estamos comprometidos con los <b>Objetivos de Desarrollo Sostenible (ODS) de las Naciones Unidas<\/b> y hemos realizado una encuesta para determinar nuestro <a href=\"https:\/\/tropica-verde.de\/es\/quienes-somos\/#sdgs\">enfoque en los cuatro ODS m\u00e1s importantes para Tropica <\/a>Verde.   <\/p>\n<p>[\/et_pb_text][et_pb_button button_text=\u00bbLa UNESCO nos reconoce como actor oficial de la EDS\u00bb _builder_version=\u00bb4.27.4&#8243; _module_preset=\u00bbdefault\u00bb hover_enabled=\u00bb0&#8243; sticky_enabled=\u00bb0&#8243; button_url=\u00bbhttps:\/\/bne.unesco.de\/bildung\/bne-akteure\/verein-zum-schutz-tropischer-lebensraeume-costa-rica#:~:text=TROPICA%20VERDE%20e.V.%20setzt%20sich,als%20auch%20in%20Deutschland%20begleitet\u00bb url_new_window=\u00bbon\u00bb button_alignment=\u00bbcenter\u00bb][\/et_pb_button][\/et_pb_column][et_pb_column type=\u00bb1_2&#8243; _builder_version=\u00bb4.16&#8243; _module_preset=\u00bbdefault\u00bb custom_padding=\u00bb|||\u00bb global_colors_info=\u00bb{}\u00bb custom_padding__hover=\u00bb|||\u00bb][et_pb_image src=\u00bbhttps:\/\/tropica-verde.de\/wp-content\/uploads\/2024\/06\/image-1.jpg\u00bb alt=\u00bbAntes de que los \u00e1rboles pudieran desarrollarse en el vivero, hab\u00eda que recoger cuidadosamente las semillas en el bosque y hacerlas germinar.\u00bb title_text=\u00bbimagen-1&#8243; url=\u00bbhttps:\/\/www.bne-portal.de\/bne\/de\/bne-jetzt\/bne-jetzt_node.html\u00bb url_new_window=\u00bbon\u00bb show_bottom_space=\u00bboff\u00bb force_fullwidth=\u00bbon\u00bb align_tablet=\u00bbcenter\u00bb align_phone=\u00bb\u00bb align_last_edited=\u00bbon|desktop\u00bb _builder_version=\u00bb4.23.1&#8243; _module_preset=\u00bbdefault\u00bb custom_margin=\u00bb||||false|false\u00bb custom_margin_tablet=\u00bb||||false|false\u00bb custom_margin_phone=\u00bb0px||0px||false|false\u00bb custom_margin_last_edited=\u00bboff|tablet\u00bb animation_style=\u00bbslide\u00bb animation_direction=\u00bbleft\u00bb animation_intensity_slide=\u00bb8%\u00bb animation_starting_opacity=\u00bb100%\u00bb custom_css_main_element=\u00bbposition: absolute;||top: 50%;||transform: translateY(-50%);\u00bb box_shadow_style=\u00bbpreset1&#8243; box_shadow_blur=\u00bb80px\u00bb global_colors_info=\u00bb{}\u00bb custom_css_main_element_last_edited=\u00bbon|tablet\u00bb custom_css_main_element_tablet=\u00bbposition: relative;||top: auto;||transform: translateY(0);\u00bb custom_css_main_element_phone=\u00bbposition: relative;||top: auto;||transform: translateY(0);\u00bb][\/et_pb_image][\/et_pb_column][\/et_pb_row][\/et_pb_section][et_pb_section fb_built=\u00bb1&#8243; custom_padding_last_edited=\u00bbon|tablet\u00bb disabled_on=\u00bbon|on|off\u00bb _builder_version=\u00bb4.23.1&#8243; _module_preset=\u00bbdefault\u00bb background_image=\u00bbhttps:\/\/tropica-verde.de\/wp-content\/uploads\/2024\/05\/bildung-desktop-1.jpg\u00bb custom_margin=\u00bb150px||||false|false\u00bb custom_margin_tablet=\u00bb100px||||false|false\u00bb custom_margin_phone=\u00bb60px||||false|false\u00bb custom_margin_last_edited=\u00bbon|phone\u00bb custom_padding=\u00bb100px||100px||false|false\u00bb custom_padding_tablet=\u00bb50px||50px||false|false\u00bb custom_padding_phone=\u00bb50px||50px||false|false\u00bb locked=\u00bboff\u00bb global_colors_info=\u00bb{}\u00bb][et_pb_row column_structure=\u00bb1_2,1_2&#8243; _builder_version=\u00bb4.23.1&#8243; _module_preset=\u00bbdefault\u00bb custom_padding=\u00bb0px||0px||false|false\u00bb global_colors_info=\u00bb{}\u00bb][et_pb_column type=\u00bb1_2&#8243; _builder_version=\u00bb4.16&#8243; _module_preset=\u00bbdefault\u00bb global_colors_info=\u00bb{}\u00bb][et_pb_text _builder_version=\u00bb4.23.1&#8243; _module_preset=\u00bb55d885ef-1670-4ec4-8f70-f0495b132a37&#8243; text_text_color=\u00bb#ffffff\u00bb header_font_size=\u00bb32px\u00bb header_2_text_color=\u00bb#ffffff\u00bb header_2_font_size=\u00bb36px\u00bb header_2_font_size_tablet=\u00bb30px\u00bb header_2_font_size_phone=\u00bb24px\u00bb header_2_font_size_last_edited=\u00bbon|phone\u00bb global_colors_info=\u00bb{}\u00bb]<\/p>\n<h2>El objetivo es capacitar a las personas para transformar su mundo<\/h2>\n<p>La promoci\u00f3n de competencias b\u00e1sicas como el pensamiento cr\u00edtico y sistem\u00e1tico y la asunci\u00f3n de responsabilidades para con las generaciones actuales y futuras puede fomentarse, por ejemplo, mediante el aprendizaje de un estilo de vida sostenible. Los alumnos de todas las edades deben estar capacitados para cambiarse a s\u00ed mismos y a la sociedad en la que viven; las personas deben convertirse en \u00abciudadanos globales\u00bb comprometidos tanto a nivel local como mundial para resolver los problemas del desarrollo insostenible y transformarlos hacia un desarrollo sostenible.<\/p>\n<p>[\/et_pb_text][\/et_pb_column][et_pb_column type=\u00bb1_2&#8243; _builder_version=\u00bb4.16&#8243; _module_preset=\u00bbdefault\u00bb global_colors_info=\u00bb{}\u00bb][\/et_pb_column][\/et_pb_row][\/et_pb_section][et_pb_section fb_built=\u00bb1&#8243; custom_padding_last_edited=\u00bbon|tablet\u00bb _builder_version=\u00bb4.23.1&#8243; _module_preset=\u00bbdefault\u00bb background_color=\u00bb#e9eeea\u00bb custom_padding=\u00bb100px||100px||false|false\u00bb custom_padding_tablet=\u00bb50px||50px||false|false\u00bb custom_padding_phone=\u00bb50px||50px||false|false\u00bb global_colors_info=\u00bb{}\u00bb][et_pb_row custom_padding_last_edited=\u00bbon|phone\u00bb _builder_version=\u00bb4.23.1&#8243; _module_preset=\u00bbdefault\u00bb background_color=\u00bb#ffffff\u00bb custom_padding=\u00bb100px|140px|100px|140px|false|false\u00bb custom_padding_tablet=\u00bb60px|60px|60px|60px|false|false\u00bb custom_padding_phone=\u00bb25px|25px|25px|25px|false|false\u00bb global_colors_info=\u00bb{}\u00bb][et_pb_column type=\u00bb4_4&#8243; _builder_version=\u00bb4.23.1&#8243; _module_preset=\u00bbdefault\u00bb global_colors_info=\u00bb{}\u00bb][et_pb_text admin_label=\u00bbTitle\u00bb _builder_version=\u00bb4.23.1&#8243; _module_preset=\u00bb55d885ef-1670-4ec4-8f70-f0495b132a37&#8243; text_font=\u00bb||||||||\u00bb text_font_size=\u00bb16px\u00bb text_line_height=\u00bb1.8em\u00bb header_font=\u00bb|600|||||||\u00bb header_text_color=\u00bb#00512C\u00bb header_2_font=\u00bb|700|||||||\u00bb header_2_text_color=\u00bb#006B46&#8243; header_2_font_size=\u00bb36px\u00bb background_layout=\u00bbdark\u00bb module_alignment=\u00bbcenter\u00bb custom_margin=\u00bb||15px|\u00bb custom_padding=\u00bb|||\u00bb animation_direction=\u00bbleft\u00bb header_2_font_size_tablet=\u00bb30px\u00bb header_2_font_size_phone=\u00bb24px\u00bb header_2_font_size_last_edited=\u00bbon|phone\u00bb locked=\u00bboff\u00bb global_colors_info=\u00bb{}\u00bb]<\/p>\n<h2>Reforzar el papel de la educaci\u00f3n a trav\u00e9s de Tropica Verde<\/h2>\n<p>[\/et_pb_text][et_pb_text _builder_version=\u00bb4.23.1&#8243; _module_preset=\u00bb55d885ef-1670-4ec4-8f70-f0495b132a37&#8243; text_font=\u00bb||||||||\u00bb text_text_color=\u00bb#575656&#8243; header_font=\u00bb||||||||\u00bb background_layout=\u00bbdark\u00bb module_alignment=\u00bbleft\u00bb animation_direction=\u00bbleft\u00bb locked=\u00bboff\u00bb global_colors_info=\u00bb{}\u00bb]<\/p>\n<p>Desde hace 30 a\u00f1os, Tropica Verde participa en proyectos educativos en Costa Rica y Alemania para concienciar sobre la protecci\u00f3n de la selva tropical. Nuestras acciones aqu\u00ed influyen en la vida all\u00ed: las pi\u00f1as de Costa Rica que compramos son un ejemplo. Con nuestro consumo, fomentamos las condiciones de trabajo y el uso de pesticidas. La educaci\u00f3n para un mundo conectado es nuestra clave para el cambio.   <\/p>\n<p>[\/et_pb_text][et_pb_text admin_label=\u00bbTitle\u00bb _builder_version=\u00bb4.23.1&#8243; _module_preset=\u00bb55d885ef-1670-4ec4-8f70-f0495b132a37&#8243; text_font=\u00bb||||||||\u00bb text_font_size=\u00bb16px\u00bb text_line_height=\u00bb1.8em\u00bb header_font=\u00bb|600|||||||\u00bb header_text_color=\u00bb#00512C\u00bb header_2_font=\u00bb|700|||||||\u00bb header_2_text_color=\u00bb#006B46&#8243; header_2_font_size=\u00bb36px\u00bb background_layout=\u00bbdark\u00bb module_alignment=\u00bbcenter\u00bb custom_margin=\u00bb||15px|\u00bb custom_padding=\u00bb|||\u00bb animation_direction=\u00bbleft\u00bb header_2_font_size_tablet=\u00bb30px\u00bb header_2_font_size_phone=\u00bb24px\u00bb header_2_font_size_last_edited=\u00bbon|phone\u00bb locked=\u00bboff\u00bb global_colors_info=\u00bb{}\u00bb]<\/p>\n<h2>La educaci\u00f3n forma parte de todos los proyectos en Costa Rica<\/h2>\n<p>[\/et_pb_text][et_pb_text _builder_version=\u00bb4.23.1&#8243; _module_preset=\u00bb55d885ef-1670-4ec4-8f70-f0495b132a37&#8243; text_font=\u00bb||||||||\u00bb text_text_color=\u00bb#575656&#8243; header_font=\u00bb||||||||\u00bb background_layout=\u00bbdark\u00bb module_alignment=\u00bbleft\u00bb animation_direction=\u00bbleft\u00bb locked=\u00bboff\u00bb global_colors_info=\u00bb{}\u00bb]<\/p>\n<p>En Costa Rica, nos centramos en la educaci\u00f3n para el desarrollo sostenible. El pa\u00eds, que alberga el 6% de la biodiversidad mundial, demuestra lo importante que es la conservaci\u00f3n de la naturaleza. S\u00f3lo una selva virgen puede seguir proporcionando recursos vitales como ox\u00edgeno y agua.  <\/p>\n<p>[\/et_pb_text][et_pb_text admin_label=\u00bbTitle\u00bb _builder_version=\u00bb4.23.1&#8243; _module_preset=\u00bb55d885ef-1670-4ec4-8f70-f0495b132a37&#8243; text_font=\u00bb||||||||\u00bb text_font_size=\u00bb16px\u00bb text_line_height=\u00bb1.8em\u00bb header_font=\u00bb|600|||||||\u00bb header_text_color=\u00bb#00512C\u00bb header_2_font=\u00bb|700|||||||\u00bb header_2_text_color=\u00bb#006B46&#8243; header_2_font_size=\u00bb36px\u00bb background_layout=\u00bbdark\u00bb module_alignment=\u00bbcenter\u00bb custom_margin=\u00bb||15px|\u00bb custom_padding=\u00bb|||\u00bb animation_direction=\u00bbleft\u00bb header_2_font_size_tablet=\u00bb30px\u00bb header_2_font_size_phone=\u00bb24px\u00bb header_2_font_size_last_edited=\u00bbon|phone\u00bb locked=\u00bboff\u00bb global_colors_info=\u00bb{}\u00bb]<\/p>\n<h2>Tambi\u00e9n estamos haciendo campa\u00f1a por otro tipo de educaci\u00f3n en Alemania.<\/h2>\n<p>[\/et_pb_text][et_pb_text _builder_version=\u00bb4.23.1&#8243; _module_preset=\u00bb55d885ef-1670-4ec4-8f70-f0495b132a37&#8243; text_font=\u00bb||||||||\u00bb text_text_color=\u00bb#575656&#8243; header_font=\u00bb||||||||\u00bb background_layout=\u00bbdark\u00bb module_alignment=\u00bbleft\u00bb animation_direction=\u00bbleft\u00bb locked=\u00bboff\u00bb global_colors_info=\u00bb{}\u00bb]<\/p>\n<p>Tropica Verde, en Alemania, muestra la importancia de los bosques aut\u00f3ctonos y su similitud con las selvas tropicales de Costa Rica. Los m\u00f3dulos interactivos, las tardes de cine y las conferencias hacen que la conservaci\u00f3n de la naturaleza cobre vida para todos. IGS Nordend ha apoyado la reforestaci\u00f3n en Costa Rica con una carrera ben\u00e9fica y ha conseguido que su escuela sea neutra en emisiones de CO2. Nuestros proyectos acercan la belleza y la importancia de la selva tropical.   <\/p>\n<p>[\/et_pb_text][et_pb_button button_url=\u00bbhttps:\/\/tropica-verde.de\/es\/proyectos\/educacion-medioambiental-en-alemania\/\u00bb button_text=\u00bbM\u00c1S INFO\u00bb _builder_version=\u00bb4.23.1&#8243; _module_preset=\u00bbd9252ca8-f771-4501-b65c-166b9b36b6a2&#8243; button_border_color=\u00bbRGBA(0,0,0,0)\u00bb custom_margin=\u00bb||||false|false\u00bb locked=\u00bboff\u00bb global_colors_info=\u00bb{}\u00bb][\/et_pb_button][\/et_pb_column][\/et_pb_row][\/et_pb_section][et_pb_section fb_built=\u00bb1&#8243; use_custom_gutter=\u00bbon\u00bb gutter_width=\u00bb1&#8243; specialty=\u00bbon\u00bb padding_top_1=\u00bb0px\u00bb padding_bottom_1=\u00bb0px\u00bb admin_label=\u00bbImage Gallery Section\u00bb module_class=\u00bb et_pb_specialty_fullwidth\u00bb _builder_version=\u00bb4.23.1&#8243; _module_preset=\u00bbdefault\u00bb inner_width=\u00bb100%\u00bb inner_width_tablet=\u00bb100%\u00bb inner_width_phone=\u00bb\u00bb inner_width_last_edited=\u00bbon|desktop\u00bb inner_max_width=\u00bb100%\u00bb inner_max_width_tablet=\u00bb100%\u00bb inner_max_width_phone=\u00bb\u00bb inner_max_width_last_edited=\u00bbon|desktop\u00bb custom_margin=\u00bb100px||||false|false\u00bb custom_margin_tablet=\u00bb50px||||false|false\u00bb custom_margin_phone=\u00bb50px||||false|false\u00bb custom_margin_last_edited=\u00bbon|tablet\u00bb custom_padding=\u00bb0px|0px|0px|0px\u00bb make_fullwidth=\u00bbon\u00bb locked=\u00bboff\u00bb global_colors_info=\u00bb{}\u00bb][et_pb_column type=\u00bb1_2&#8243; _builder_version=\u00bb4.16&#8243; _module_preset=\u00bbdefault\u00bb custom_padding=\u00bb|||\u00bb global_colors_info=\u00bb{}\u00bb custom_padding__hover=\u00bb|||\u00bb][et_pb_image src=\u00bbhttps:\/\/tropica-verde.de\/wp-content\/uploads\/2023\/05\/Foto-zum-Vortrag-22Geheimnisse-im-Regenwald22-Mai-2018-Cham-\u00a9-StefanRother-Faunity-0468_926x728.jpg\u00bb alt=\u00bbPlaya caribe\u00f1a Punta Uva, Costa Rica\u00bb title_text=\u00bbConferencia %22Secretos en la selva tropical%22 del coordinador del proyecto Stefan Rother Conferencia %22Secretos en la selva tropical%22 del coordinador del proyecto Stefan Rother \u00a9 Faunity\u00bb show_in_lightbox=\u00bbon\u00bb use_overlay=\u00bbon\u00bb overlay_icon_color=\u00bb#ffffff\u00bb hover_overlay_color=\u00bbrgba(0,0,0,0.3)\u00bb hover_icon=\u00bb&#x30;||divi||400&#8243; force_fullwidth=\u00bbon\u00bb align_tablet=\u00bbcenter\u00bb align_phone=\u00bb\u00bb align_last_edited=\u00bbon|desktop\u00bb module_class=\u00bbobject-fit-cover\u00bb _builder_version=\u00bb4.23.1&#8243; _module_preset=\u00bbdefault\u00bb min_height_tablet=\u00bb\u00bb min_height_phone=\u00bb\u00bb min_height_last_edited=\u00bbon|phone\u00bb height=\u00bb50vw\u00bb height_tablet=\u00bb600px\u00bb height_phone=\u00bb300px\u00bb height_last_edited=\u00bbon|desktop\u00bb custom_margin=\u00bb|||\u00bb box_shadow_style=\u00bbpreset7&#8243; box_shadow_horizontal=\u00bb0px\u00bb box_shadow_vertical=\u00bb0px\u00bb box_shadow_spread=\u00bb8px\u00bb box_shadow_color=\u00bb#ffffff\u00bb locked=\u00bboff\u00bb global_colors_info=\u00bb{}\u00bb][\/et_pb_image][\/et_pb_column][et_pb_column type=\u00bb1_2&#8243; specialty_columns=\u00bb2&#8243; _builder_version=\u00bb4.16&#8243; _module_preset=\u00bbdefault\u00bb custom_padding=\u00bb|||\u00bb global_colors_info=\u00bb{}\u00bb custom_padding__hover=\u00bb|||\u00bb][et_pb_row_inner column_structure=\u00bb1_2,1_2&#8243; use_custom_gutter=\u00bbon\u00bb gutter_width=\u00bb1&#8243; _builder_version=\u00bb4.23.1&#8243; _module_preset=\u00bbdefault\u00bb min_height=\u00bb222.8px\u00bb custom_padding=\u00bb0px|0px|0px|0px||\u00bb global_colors_info=\u00bb{}\u00bb][et_pb_column_inner type=\u00bb1_2&#8243; saved_specialty_column_type=\u00bb1_2&#8243; _builder_version=\u00bb4.16&#8243; _module_preset=\u00bbdefault\u00bb custom_padding=\u00bb|||\u00bb global_colors_info=\u00bb{}\u00bb custom_padding__hover=\u00bb|||\u00bb][et_pb_image src=\u00bbhttps:\/\/tropica-verde.de\/wp-content\/uploads\/2023\/05\/ACBTC-Festival-Ambiental-2017-674&#215;533-1.jpg\u00bb alt=\u00bbACBTC\u00bb title_text=\u00bbLa ni\u00f1a pinta una pancarta para el %22Festival de la Vida%22 cerca de Finca Curr\u00e9\u00bb show_in_lightbox=\u00bbon\u00bb use_overlay=\u00bbon\u00bb overlay_icon_color=\u00bb#ffffff\u00bb hover_overlay_color=\u00bbrgba(0,0,0,0.3)\u00bb hover_icon=\u00bb&#x30;||divi||400&#8243; force_fullwidth=\u00bbon\u00bb align_tablet=\u00bbcenter\u00bb align_phone=\u00bb\u00bb align_last_edited=\u00bbon|desktop\u00bb module_class=\u00bbobject-fit-cover\u00bb _builder_version=\u00bb4.23.1&#8243; _module_preset=\u00bbdefault\u00bb min_height_tablet=\u00bb\u00bb min_height_phone=\u00bb\u00bb min_height_last_edited=\u00bbon|phone\u00bb height=\u00bb25vw\u00bb height_tablet=\u00bb300px\u00bb height_phone=\u00bb300px\u00bb height_last_edited=\u00bbon|desktop\u00bb custom_margin=\u00bb|||\u00bb box_shadow_style=\u00bbpreset7&#8243; box_shadow_horizontal=\u00bb0px\u00bb box_shadow_vertical=\u00bb0px\u00bb box_shadow_spread=\u00bb8px\u00bb box_shadow_color=\u00bb#ffffff\u00bb locked=\u00bboff\u00bb global_colors_info=\u00bb{}\u00bb][\/et_pb_image][\/et_pb_column_inner][et_pb_column_inner type=\u00bb1_2&#8243; saved_specialty_column_type=\u00bb1_2&#8243; _builder_version=\u00bb4.16&#8243; _module_preset=\u00bbdefault\u00bb custom_padding=\u00bb|||\u00bb global_colors_info=\u00bb{}\u00bb custom_padding__hover=\u00bb|||\u00bb][et_pb_image src=\u00bbhttps:\/\/tropica-verde.de\/wp-content\/uploads\/2023\/04\/BNE_Helikonie.jpg\u00bb alt=\u00bbBosque fronterizo de Helikonie, Kinkajou\u00bb title_text=\u00bbBosque fronterizo de Helikonie, Kinkajou\u00bb show_in_lightbox=\u00bbon\u00bb use_overlay=\u00bbon\u00bb overlay_icon_color=\u00bb#ffffff\u00bb hover_overlay_color=\u00bbrgba(0,0,0,0.3)\u00bb hover_icon=\u00bb&#x30;||divi||400&#8243; force_fullwidth=\u00bbon\u00bb align_tablet=\u00bbcenter\u00bb align_phone=\u00bb\u00bb align_last_edited=\u00bbon|desktop\u00bb module_class=\u00bbobject-fit-cover\u00bb _builder_version=\u00bb4.23.1&#8243; _module_preset=\u00bbdefault\u00bb min_height_tablet=\u00bb\u00bb min_height_phone=\u00bb\u00bb min_height_last_edited=\u00bbon|desktop\u00bb height=\u00bb25vw\u00bb height_tablet=\u00bb300px\u00bb height_phone=\u00bb300px\u00bb height_last_edited=\u00bbon|tablet\u00bb custom_margin=\u00bb|||\u00bb box_shadow_style=\u00bbpreset7&#8243; box_shadow_horizontal=\u00bb0px\u00bb box_shadow_vertical=\u00bb0px\u00bb box_shadow_spread=\u00bb8px\u00bb box_shadow_color=\u00bb#ffffff\u00bb locked=\u00bboff\u00bb global_colors_info=\u00bb{}\u00bb][\/et_pb_image][\/et_pb_column_inner][\/et_pb_row_inner][et_pb_row_inner column_structure=\u00bb1_2,1_2&#8243; use_custom_gutter=\u00bbon\u00bb gutter_width=\u00bb1&#8243; _builder_version=\u00bb4.16&#8243; _module_preset=\u00bbdefault\u00bb custom_padding=\u00bb0px|0px|0px|0px\u00bb global_colors_info=\u00bb{}\u00bb][et_pb_column_inner type=\u00bb1_2&#8243; saved_specialty_column_type=\u00bb1_2&#8243; _builder_version=\u00bb4.16&#8243; _module_preset=\u00bbdefault\u00bb custom_padding=\u00bb|||\u00bb global_colors_info=\u00bb{}\u00bb custom_padding__hover=\u00bb|||\u00bb][et_pb_image src=\u00bbhttps:\/\/tropica-verde.de\/wp-content\/uploads\/2023\/04\/BNE_Stirnlappenbasilisk.jpg\u00bb alt=\u00bbBasilisco del l\u00f3bulo frontal\u00bb title_text=\u00bbBasilisco del l\u00f3bulo frontal\u00bb show_in_lightbox=\u00bbon\u00bb use_overlay=\u00bbon\u00bb overlay_icon_color=\u00bb#ffffff\u00bb hover_overlay_color=\u00bbrgba(0,0,0,0.3)\u00bb hover_icon=\u00bb&#x30;||divi||400&#8243; force_fullwidth=\u00bbon\u00bb align_tablet=\u00bbcenter\u00bb align_phone=\u00bb\u00bb align_last_edited=\u00bbon|desktop\u00bb module_class=\u00bbobject-fit-cover\u00bb _builder_version=\u00bb4.23.1&#8243; _module_preset=\u00bbdefault\u00bb min_height_tablet=\u00bb\u00bb min_height_phone=\u00bb\u00bb min_height_last_edited=\u00bbon|tablet\u00bb height=\u00bb25vw\u00bb height_tablet=\u00bb300px\u00bb height_phone=\u00bb300px\u00bb height_last_edited=\u00bbon|phone\u00bb custom_margin=\u00bb|||\u00bb box_shadow_style=\u00bbpreset7&#8243; box_shadow_horizontal=\u00bb0px\u00bb box_shadow_vertical=\u00bb0px\u00bb box_shadow_spread=\u00bb8px\u00bb box_shadow_color=\u00bb#ffffff\u00bb locked=\u00bboff\u00bb global_colors_info=\u00bb{}\u00bb][\/et_pb_image][\/et_pb_column_inner][et_pb_column_inner type=\u00bb1_2&#8243; saved_specialty_column_type=\u00bb1_2&#8243; _builder_version=\u00bb4.16&#8243; _module_preset=\u00bbdefault\u00bb custom_padding=\u00bb|||\u00bb global_colors_info=\u00bb{}\u00bb custom_padding__hover=\u00bb|||\u00bb][et_pb_image src=\u00bbhttps:\/\/tropica-verde.de\/wp-content\/uploads\/2023\/05\/Ninos-explorando-Monte-Alto_Estacion-para-ver-Fauna-674&#215;533-1.jpg\u00bb alt=\u00bbNi\u00f1os tras la pista de animales en Monte Alto\u00bb title_text=\u00bbNi\u00f1os tras la pista de animales en Monte Alto\u00bb show_in_lightbox=\u00bbon\u00bb use_overlay=\u00bbon\u00bb overlay_icon_color=\u00bb#ffffff\u00bb hover_overlay_color=\u00bbrgba(0,0,0,0.3)\u00bb hover_icon=\u00bb&#x30;||divi||400&#8243; force_fullwidth=\u00bbon\u00bb align_tablet=\u00bbcenter\u00bb align_phone=\u00bb\u00bb align_last_edited=\u00bbon|desktop\u00bb module_class=\u00bbobject-fit-cover\u00bb _builder_version=\u00bb4.23.1&#8243; _module_preset=\u00bbdefault\u00bb min_height_tablet=\u00bb\u00bb min_height_phone=\u00bb\u00bb min_height_last_edited=\u00bbon|desktop\u00bb height=\u00bb25vw\u00bb height_tablet=\u00bb300px\u00bb height_phone=\u00bb300px\u00bb height_last_edited=\u00bbon|tablet\u00bb custom_margin=\u00bb|||\u00bb box_shadow_style=\u00bbpreset7&#8243; box_shadow_horizontal=\u00bb0px\u00bb box_shadow_vertical=\u00bb0px\u00bb box_shadow_spread=\u00bb8px\u00bb box_shadow_color=\u00bb#ffffff\u00bb locked=\u00bboff\u00bb global_colors_info=\u00bb{}\u00bb][\/et_pb_image][\/et_pb_column_inner][\/et_pb_row_inner][\/et_pb_column][\/et_pb_section]<\/p>\n","protected":false},"excerpt":{"rendered":"<p>La educaci\u00f3n es la clave para actuar reconociendo, probando y comprendiendoLa educaci\u00f3n es uno de los factores centrales del desarrollo individual y social, por lo que no debe faltar en ninguno de nuestros proyectos de Tropica Verde. Defendemos el enfoque de la Educaci\u00f3n para el Desarrollo Sostenible (EDS), un concepto educativo desarrollado por las Naciones [&hellip;]<\/p>\n","protected":false},"author":10,"featured_media":0,"parent":0,"menu_order":13,"comment_status":"closed","ping_status":"closed","template":"","meta":{"_et_pb_use_builder":"on","_et_pb_old_content":"","_et_gb_content_width":"","inline_featured_image":false,"footnotes":""},"class_list":["post-239079","page","type-page","status-publish","hentry"],"_links":{"self":[{"href":"https:\/\/tropica-verde.de\/es\/wp-json\/wp\/v2\/pages\/239079","targetHints":{"allow":["GET"]}}],"collection":[{"href":"https:\/\/tropica-verde.de\/es\/wp-json\/wp\/v2\/pages"}],"about":[{"href":"https:\/\/tropica-verde.de\/es\/wp-json\/wp\/v2\/types\/page"}],"author":[{"embeddable":true,"href":"https:\/\/tropica-verde.de\/es\/wp-json\/wp\/v2\/users\/10"}],"replies":[{"embeddable":true,"href":"https:\/\/tropica-verde.de\/es\/wp-json\/wp\/v2\/comments?post=239079"}],"version-history":[{"count":41,"href":"https:\/\/tropica-verde.de\/es\/wp-json\/wp\/v2\/pages\/239079\/revisions"}],"predecessor-version":[{"id":250518,"href":"https:\/\/tropica-verde.de\/es\/wp-json\/wp\/v2\/pages\/239079\/revisions\/250518"}],"wp:attachment":[{"href":"https:\/\/tropica-verde.de\/es\/wp-json\/wp\/v2\/media?parent=239079"}],"curies":[{"name":"wp","href":"https:\/\/api.w.org\/{rel}","templated":true}]}}