{"id":239075,"date":"2024-04-13T23:50:08","date_gmt":"2024-04-13T21:50:08","guid":{"rendered":"https:\/\/tropica-verde.de\/proteccion-de-la-selva-tropical\/"},"modified":"2026-03-28T00:26:07","modified_gmt":"2026-03-27T22:26:07","slug":"proteccion-de-la-selva-tropical","status":"publish","type":"page","link":"https:\/\/tropica-verde.de\/es\/proteccion-de-la-selva-tropical\/","title":{"rendered":"Protecci\u00f3n de la selva tropical"},"content":{"rendered":"<p>[et_pb_section fb_built=\u00bb1&#8243; fullwidth=\u00bbon\u00bb _builder_version=\u00bb4.16&#8243; _module_preset=\u00bbdefault\u00bb min_height_tablet=\u00bb\u00bb min_height_phone=\u00bb\u00bb min_height_last_edited=\u00bbon|phone\u00bb saved_tabs=\u00bball\u00bb global_colors_info=\u00bb{}\u00bb][et_pb_fullwidth_header title=\u00bbPROTECCI\u00d3N DE LA SELVA TROPICAL\u00bb subhead=\u00bbPreservar la diversidad, mejorar las condiciones de vida y promover la sostenibilidad\u00bb _builder_version=\u00bb4.23.1&#8243; _module_preset=\u00bbdefault\u00bb title_font=\u00bb|800|||||||\u00bb title_font_size=\u00bb70px\u00bb title_line_height=\u00bb0.8em\u00bb subhead_font=\u00bbSource Serif Pro Semibold||||||||\u00bb subhead_font_size=\u00bb36px\u00bb subhead_line_height=\u00bb1.2em\u00bb background_color=\u00bbrgba(0,13,53,0.24)\u00bb background_image=\u00bbhttps:\/\/tropica-verde.de\/wp-content\/uploads\/2023\/01\/header_regenwaldschutz2.jpg\u00bb background_position=\u00bbbottom_center\u00bb background_vertical_offset=\u00bb30%\u00bb background_blend=\u00bbmultiply\u00bb transform_translate_linked=\u00bboff\u00bb min_height=\u00bb464px\u00bb min_height_tablet=\u00bb\u00bb min_height_phone=\u00bb\u00bb min_height_last_edited=\u00bbon|desktop\u00bb custom_margin=\u00bb||||false|false\u00bb custom_padding=\u00bb180px||||false|false\u00bb custom_padding_tablet=\u00bb60px||||false|false\u00bb custom_padding_phone=\u00bb||||false|false\u00bb custom_padding_last_edited=\u00bbon|tablet\u00bb title_font_size_tablet=\u00bb56px\u00bb title_font_size_phone=\u00bb43px\u00bb title_font_size_last_edited=\u00bbon|desktop\u00bb subhead_font_size_tablet=\u00bb30px\u00bb subhead_font_size_phone=\u00bb24px\u00bb subhead_font_size_last_edited=\u00bbon|phone\u00bb global_colors_info=\u00bb{}\u00bb][\/et_pb_fullwidth_header][\/et_pb_section][et_pb_section fb_built=\u00bb1&#8243; custom_padding_last_edited=\u00bbon|tablet\u00bb _builder_version=\u00bb4.23.1&#8243; _module_preset=\u00bbdefault\u00bb background_color=\u00bb#C2DBE0&#8243; custom_margin=\u00bb||||false|false\u00bb custom_padding=\u00bb100px||100px||false|false\u00bb custom_padding_tablet=\u00bb50px||50px||false|false\u00bb custom_padding_phone=\u00bb50px||50px||false|false\u00bb global_colors_info=\u00bb{}\u00bb][et_pb_row column_structure=\u00bb1_2,1_2&#8243; _builder_version=\u00bb4.23.1&#8243; _module_preset=\u00bbdefault\u00bb width=\u00bb65%\u00bb width_tablet=\u00bb\u00bb width_phone=\u00bb\u00bb width_last_edited=\u00bbon|desktop\u00bb custom_padding=\u00bb0px||0px||false|false\u00bb global_colors_info=\u00bb{}\u00bb][et_pb_column type=\u00bb1_2&#8243; _builder_version=\u00bb4.23.1&#8243; _module_preset=\u00bbdefault\u00bb global_colors_info=\u00bb{}\u00bb custom_css_main_element_last_edited=\u00bbon|phone\u00bb custom_css_main_element_tablet=\u00bbmargin-bottom: 0 !important;\u00bb custom_css_main_element_phone=\u00bbmargin-bottom: 0 !important;\u00bb][et_pb_text _builder_version=\u00bb4.23.1&#8243; _module_preset=\u00bbdefault\u00bb header_font=\u00bb|600|||||||\u00bb header_text_color=\u00bb#105427&#8243; header_2_font=\u00bb|700|||||||\u00bb header_2_font_size=\u00bb36px\u00bb header_2_line_height=\u00bb1.1em\u00bb header_2_font_size_tablet=\u00bb30px\u00bb header_2_font_size_phone=\u00bb24px\u00bb global_colors_info=\u00bb{}\u00bb]<\/p>\n<h2>Las selvas tropicales son los ecosistemas m\u00e1s ricos en especies de la Tierra.<\/h2>\n<p>[\/et_pb_text][\/et_pb_column][et_pb_column type=\u00bb1_2&#8243; _builder_version=\u00bb4.16&#8243; _module_preset=\u00bbdefault\u00bb global_colors_info=\u00bb{}\u00bb][et_pb_text _builder_version=\u00bb4.23.1&#8243; _module_preset=\u00bbdefault\u00bb global_colors_info=\u00bb{}\u00bb]Estabilizan el clima y regulan el equilibrio h\u00eddrico mundial. Son la fuente de alimentos, medicinas, ideas y materias primas que se han convertido en parte integrante de nuestra vida actual. Son la base de la existencia y el hogar de millones de personas. A pesar de ello, la destrucci\u00f3n de estos h\u00e1bitats \u00fanicos no cesa. Cada a\u00f1o se destruyen irremediablemente unos 15 millones de hect\u00e1reas de bosques tropicales. Con estos bosques, cada d\u00eda desaparecen para siempre de la biblioteca de la vida hasta 70 especies, muchas de ellas incluso antes de que sepamos de su existencia [1].[\/et_pb_text][\/et_pb_column][\/et_pb_row][\/et_pb_section][et_pb_section fb_built=\u00bb1&#8243; custom_padding_last_edited=\u00bbon|phone\u00bb _builder_version=\u00bb4.23.1&#8243; _module_preset=\u00bbdefault\u00bb custom_padding=\u00bb77px||0px||false|false\u00bb custom_padding_tablet=\u00bb27px||0px||false|false\u00bb custom_padding_phone=\u00bb27px||0px||false|false\u00bb global_colors_info=\u00bb{}\u00bb][et_pb_row _builder_version=\u00bb4.23.1&#8243; _module_preset=\u00bbdefault\u00bb custom_padding=\u00bb0px||0px||false|false\u00bb global_colors_info=\u00bb{}\u00bb][et_pb_column type=\u00bb4_4&#8243; _builder_version=\u00bb4.16&#8243; _module_preset=\u00bbdefault\u00bb global_colors_info=\u00bb{}\u00bb][et_pb_divider show_divider=\u00bboff\u00bb _builder_version=\u00bb4.16&#8243; _module_preset=\u00bbdefault\u00bb global_colors_info=\u00bb{}\u00bb][\/et_pb_divider][\/et_pb_column][\/et_pb_row][\/et_pb_section][et_pb_section fb_built=\u00bb1&#8243; custom_padding_last_edited=\u00bbon|tablet\u00bb _builder_version=\u00bb4.23.1&#8243; _module_preset=\u00bbdefault\u00bb background_image=\u00bbhttps:\/\/tropica-verde.de\/wp-content\/uploads\/2023\/01\/Bromelien_bg.jpg.jpg\u00bb custom_padding=\u00bb100px||100px||false|false\u00bb custom_padding_tablet=\u00bb50px||50px||false|false\u00bb custom_padding_phone=\u00bb50px||50px||false|false\u00bb global_colors_info=\u00bb{}\u00bb][et_pb_row _builder_version=\u00bb4.23.1&#8243; _module_preset=\u00bbdefault\u00bb custom_padding=\u00bb0px||0px||false|false\u00bb global_colors_info=\u00bb{}\u00bb][et_pb_column type=\u00bb4_4&#8243; _builder_version=\u00bb4.16&#8243; _module_preset=\u00bbdefault\u00bb global_colors_info=\u00bb{}\u00bb][et_pb_text _builder_version=\u00bb4.23.1&#8243; _module_preset=\u00bbdefault\u00bb text_text_color=\u00bb#ffffff\u00bb header_font_size=\u00bb32px\u00bb header_2_text_color=\u00bb#ffffff\u00bb header_2_font_size=\u00bb36px\u00bb custom_margin=\u00bb||5px|||\u00bb header_2_font_size_tablet=\u00bb30px\u00bb header_2_font_size_phone=\u00bb24px\u00bb global_colors_info=\u00bb{}\u00bb]<\/p>\n<h2>La destrucci\u00f3n actual de los bosques tropicales es responsable de aproximadamente una novena parte de las emisiones de <span>CO\u2082<\/span> causantes del cambio clim\u00e1tico en todo el mundo<sup style=\"font-size: 16px;\">[2]<\/sup>.<\/h2>\n<p>Tropica Verde lleva desde 1989 comprometida con la conservaci\u00f3n de las selvas tropicales del mundo, contribuyendo as\u00ed directamente a la protecci\u00f3n del clima.<\/p>\n<p>[\/et_pb_text][\/et_pb_column][\/et_pb_row][\/et_pb_section][et_pb_section fb_built=\u00bb1&#8243; custom_padding_last_edited=\u00bbon|desktop\u00bb _builder_version=\u00bb4.23.1&#8243; _module_preset=\u00bbdefault\u00bb custom_padding=\u00bb77px||0px||false|false\u00bb custom_padding_tablet=\u00bb27px||0px||false|false\u00bb custom_padding_phone=\u00bb27px||0px||false|false\u00bb global_colors_info=\u00bb{}\u00bb][et_pb_row _builder_version=\u00bb4.23.1&#8243; _module_preset=\u00bbdefault\u00bb custom_padding=\u00bb0px||0px||false|false\u00bb global_colors_info=\u00bb{}\u00bb][et_pb_column type=\u00bb4_4&#8243; _builder_version=\u00bb4.16&#8243; _module_preset=\u00bbdefault\u00bb global_colors_info=\u00bb{}\u00bb][et_pb_divider show_divider=\u00bboff\u00bb _builder_version=\u00bb4.16&#8243; _module_preset=\u00bbdefault\u00bb global_colors_info=\u00bb{}\u00bb][\/et_pb_divider][\/et_pb_column][\/et_pb_row][\/et_pb_section][et_pb_section fb_built=\u00bb1&#8243; custom_padding_last_edited=\u00bbon|tablet\u00bb disabled_on=\u00bboff|off|on\u00bb _builder_version=\u00bb4.23.1&#8243; _module_preset=\u00bbdefault\u00bb background_color=\u00bb#439095&#8243; background_enable_image=\u00bboff\u00bb background_position=\u00bbtop_center\u00bb custom_margin=\u00bb0px||||false|false\u00bb custom_padding=\u00bb50px||||false|false\u00bb custom_padding_tablet=\u00bb0px||||false|false\u00bb custom_padding_phone=\u00bb0px||||false|false\u00bb locked=\u00bboff\u00bb global_colors_info=\u00bb{}\u00bb][et_pb_row custom_padding_last_edited=\u00bboff|desktop\u00bb _builder_version=\u00bb4.23.1&#8243; _module_preset=\u00bbdefault\u00bb width=\u00bb65%\u00bb width_tablet=\u00bb\u00bb width_phone=\u00bb\u00bb width_last_edited=\u00bbon|phone\u00bb custom_margin=\u00bb||||false|false\u00bb custom_padding=\u00bb0px||0px||false|false\u00bb global_colors_info=\u00bb{}\u00bb][et_pb_column type=\u00bb4_4&#8243; _builder_version=\u00bb4.16&#8243; _module_preset=\u00bbdefault\u00bb custom_padding=\u00bb|||0px|false|false\u00bb global_colors_info=\u00bb{}\u00bb][et_pb_image src=\u00bbhttps:\/\/tropica-verde.de\/wp-content\/uploads\/2024\/05\/regenwaldschutz.jpg\u00bb alt=\u00bbLas parejas de guacamayos permanecen unidas de por vida y pueden vivir hasta 60 a\u00f1os en libertad\u00bb title_text=\u00bbprotecci\u00f3n de la selva tropical\u00bb _builder_version=\u00bb4.23.1&#8243; _module_preset=\u00bbdefault\u00bb global_colors_info=\u00bb{}\u00bb][\/et_pb_image][et_pb_text _builder_version=\u00bb4.23.1&#8243; _module_preset=\u00bbdefault\u00bb text_text_color=\u00bb#ffffff\u00bb header_2_text_color=\u00bb#ffffff\u00bb header_2_font_size=\u00bb36px\u00bb header_2_font_size_tablet=\u00bb30px\u00bb header_2_font_size_phone=\u00bb24px\u00bb global_colors_info=\u00bb{}\u00bb]<\/p>\n<h2>La protecci\u00f3n de los bosques es la protecci\u00f3n del clima<\/h2>\n<p>  Tropica Verde utiliza los donativos y las cuotas de los socios para apoyar proyectos espec\u00edficos de conservaci\u00f3n de la naturaleza y las especies en Costa Rica. Los bosques protegidos y reforestados sirven de h\u00e1bitat a animales y plantas en peligro de extinci\u00f3n y garantizan el suministro de agua potable a toda una regi\u00f3n. La conservaci\u00f3n de esta riqueza natural diversa e insustituible es uno de los problemas medioambientales m\u00e1s acuciantes de nuestro tiempo. Todos tenemos que hacer algo contra la destrucci\u00f3n en curso.[\/et_pb_text][\/et_pb_column][\/et_pb_row][\/et_pb_section][et_pb_section fb_built=\u00bb1&#8243; custom_padding_last_edited=\u00bbon|tablet\u00bb disabled_on=\u00bbon|on|off\u00bb _builder_version=\u00bb4.23.1&#8243; _module_preset=\u00bbdefault\u00bb background_image=\u00bbhttps:\/\/tropica-verde.de\/wp-content\/uploads\/2023\/01\/Gelbohrfledermaeuse_bg2.jpg\u00bb custom_padding=\u00bb100px||100px||false|false\u00bb custom_padding_tablet=\u00bb50px||50px||false|false\u00bb custom_padding_phone=\u00bb50px||50px||false|false\u00bb global_colors_info=\u00bb{}\u00bb][et_pb_row column_structure=\u00bb1_2,1_2&#8243; _builder_version=\u00bb4.23.1&#8243; _module_preset=\u00bbdefault\u00bb custom_padding=\u00bb0px||0px||false|false\u00bb global_colors_info=\u00bb{}\u00bb][et_pb_column type=\u00bb1_2&#8243; _builder_version=\u00bb4.16&#8243; _module_preset=\u00bbdefault\u00bb global_colors_info=\u00bb{}\u00bb][et_pb_text _builder_version=\u00bb4.23.1&#8243; _module_preset=\u00bbdefault\u00bb text_text_color=\u00bb#ffffff\u00bb header_font_size=\u00bb32px\u00bb header_2_text_color=\u00bb#ffffff\u00bb header_2_font_size=\u00bb36px\u00bb header_2_font_size_tablet=\u00bb30px\u00bb header_2_font_size_phone=\u00bb24px\u00bb global_colors_info=\u00bb{}\u00bb]<\/p>\n<h2>Proteger los bosques es proteger el clima<\/h2>\n<p>  Tropica Verde utiliza los donativos y las cuotas de los socios para apoyar proyectos espec\u00edficos de conservaci\u00f3n de la naturaleza y las especies en Costa Rica. Los bosques protegidos y reforestados sirven de h\u00e1bitat a animales y plantas en peligro de extinci\u00f3n y garantizan el suministro de agua potable a toda una regi\u00f3n. La conservaci\u00f3n de esta riqueza natural diversa e insustituible es uno de los problemas medioambientales m\u00e1s acuciantes de nuestro tiempo. Todos tenemos que hacer algo contra la destrucci\u00f3n en curso.[\/et_pb_text][et_pb_button button_url=\u00bb#more\u00bb button_text=\u00bbLEER M\u00c1S\u00bb module_class=\u00bbdl-read-more\u00bb _builder_version=\u00bb4.23.1&#8243; _module_preset=\u00bb70b994c3-2b68-43f9-baa1-aee328fdc428&#8243; custom_margin=\u00bb||||false|false\u00bb global_colors_info=\u00bb{}\u00bb][\/et_pb_button][\/et_pb_column][et_pb_column type=\u00bb1_2&#8243; _builder_version=\u00bb4.16&#8243; _module_preset=\u00bbdefault\u00bb global_colors_info=\u00bb{}\u00bb][\/et_pb_column][\/et_pb_row][et_pb_row column_structure=\u00bb1_2,1_2&#8243; module_id=\u00bbmore\u00bb _builder_version=\u00bb4.23.1&#8243; _module_preset=\u00bbdefault\u00bb custom_margin=\u00bb|auto||auto|false|false\u00bb custom_padding=\u00bb0px||0px||false|false\u00bb global_colors_info=\u00bb{}\u00bb][et_pb_column type=\u00bb1_2&#8243; _builder_version=\u00bb4.16&#8243; _module_preset=\u00bbdefault\u00bb global_colors_info=\u00bb{}\u00bb][et_pb_text _builder_version=\u00bb4.23.1&#8243; _module_preset=\u00bbdefault\u00bb text_text_color=\u00bb#ffffff\u00bb global_colors_info=\u00bb{}\u00bb]Cuando protegemos la selva tropical, protegemos tambi\u00e9n su funci\u00f3n como dep\u00f3sito de <span>CO\u2082<\/span>. Las plantas de la selva tropical absorben <span>CO\u2082<\/span> y producen az\u00facar mediante fotos\u00edntesis para cubrir sus necesidades energ\u00e9ticas. El carbono se almacena en el material vegetal y se elimina as\u00ed de la atm\u00f3sfera. Si se talan y queman los bosques, este <span>CO\u2082<\/span> vuelve a liberarse. Esto aumenta el efecto invernadero y suben las temperaturas en la Tierra. [3] Por tanto, \u00a1es extremadamente importante proteger los bosques existentes para preservarlos como dep\u00f3sitos de <span>CO\u2082<\/span>! La reforestaci\u00f3n de antiguas zonas forestales tambi\u00e9n absorbe <span>CO\u2082<\/span> de la atm\u00f3sfera. Una hect\u00e1rea de selva tropical de 60 a\u00f1os absorbe unas 590 toneladas de <span>CO\u2082<\/span> a lo largo de su vida y unas 10 toneladas de <span>CO\u2082<\/span> cada a\u00f1o a partir de entonces [4]. Los \u00e1rboles viejos y maduros fijan mucho m\u00e1s <span>CO\u2082<\/span> al a\u00f1o que los j\u00f3venes. Tropica Verde apoya ambas cosas: por un lado, protegemos los bosques primarios originales, algunos de los cuales tienen \u00e1rboles de m\u00e1s de 100 a\u00f1os, como las ceibas gigantes. Por otro lado, plantamos \u00e1rboles j\u00f3venes en cultivo mixto cuando es necesario. Para nosotros, \u00abselectivo\u00bb significa que s\u00f3lo reforestamos con especies arb\u00f3reas aut\u00f3ctonas en zonas especiales de amortiguaci\u00f3n o biocorredores de conexi\u00f3n forestal, que tambi\u00e9n ampl\u00edan el h\u00e1bitat de los animales. De este modo, nuestras zonas protegidas contribuyen a estabilizar el clima.[\/et_pb_text][et_pb_code _builder_version=\u00bb4.16&#8243; _module_preset=\u00bbdefault\u00bb global_colors_info=\u00bb{}\u00bb]<script><!-- [et_pb_line_break_holder] -->jQuery(document).ready(function($) {<!-- [et_pb_line_break_holder] -->\t$('.dl-read-more').click(function(){<!-- [et_pb_line_break_holder] -->\t\t$('#more').slideDown();<!-- [et_pb_line_break_holder] -->\t\t$(this).hide();<!-- [et_pb_line_break_holder] -->\t});<!-- [et_pb_line_break_holder] -->});<!-- [et_pb_line_break_holder] --><\/script>[\/et_pb_code][\/et_pb_column][et_pb_column type=\u00bb1_2&#8243; _builder_version=\u00bb4.16&#8243; _module_preset=\u00bbdefault\u00bb global_colors_info=\u00bb{}\u00bb][\/et_pb_column][\/et_pb_row][\/et_pb_section][et_pb_section fb_built=\u00bb1&#8243; custom_padding_last_edited=\u00bbon|tablet\u00bb _builder_version=\u00bb4.23.1&#8243; _module_preset=\u00bbdefault\u00bb background_image=\u00bbhttps:\/\/tropica-verde.de\/wp-content\/uploads\/2022\/08\/Regenwald-im-Haengebrueckenparks-am-Vulkan-Arenal-2019-\u00a9-Stefan-Rother-Faunity-4174-1024&#215;682-1.jpg\u00bb custom_margin=\u00bb100px|||||\u00bb custom_margin_tablet=\u00bb50px||||false|false\u00bb custom_margin_phone=\u00bb50px||||false|false\u00bb custom_margin_last_edited=\u00bbon|tablet\u00bb custom_padding=\u00bb100px||100px||false|false\u00bb custom_padding_tablet=\u00bb50px||50px||false|false\u00bb custom_padding_phone=\u00bb50px||50px||false|false\u00bb saved_tabs=\u00bball\u00bb global_colors_info=\u00bb{}\u00bb][et_pb_row column_structure=\u00bb1_2,1_2&#8243; _builder_version=\u00bb4.23.1&#8243; _module_preset=\u00bbdefault\u00bb custom_padding=\u00bb0px||0px||false|false\u00bb global_colors_info=\u00bb{}\u00bb][et_pb_column type=\u00bb1_2&#8243; _builder_version=\u00bb4.16&#8243; _module_preset=\u00bbdefault\u00bb global_colors_info=\u00bb{}\u00bb][\/et_pb_column][et_pb_column type=\u00bb1_2&#8243; _builder_version=\u00bb4.16&#8243; _module_preset=\u00bbdefault\u00bb global_colors_info=\u00bb{}\u00bb][et_pb_text module_class=\u00bbwmtv\u00bb _builder_version=\u00bb4.23.1&#8243; _module_preset=\u00bbdefault\u00bb text_font=\u00bb||||||||\u00bb text_text_color=\u00bb#000000&#8243; header_text_color=\u00bb#ffffff\u00bb header_2_font=\u00bbSource Sans 3|800||on|||||\u00bb header_2_text_color=\u00bb#ffffff\u00bb header_2_font_size=\u00bb36px\u00bb background_color=\u00bbrgba(161,198,17,0.8)\u00bb custom_margin=\u00bb|-71px||-71px|false|true\u00bb custom_margin_tablet=\u00bb|0px||0px|false|true\u00bb custom_margin_phone=\u00bb|0px||0px|false|true\u00bb custom_margin_last_edited=\u00bbon|tablet\u00bb custom_padding=\u00bb55px|55px|55px|55px|true|true\u00bb custom_padding_tablet=\u00bb50px|0px|50px|0px|true|true\u00bb custom_padding_phone=\u00bb50px|0px|50px|0px|true|true\u00bb custom_padding_last_edited=\u00bbon|desktop\u00bb header_2_font_size_tablet=\u00bb30px\u00bb header_2_font_size_phone=\u00bb24px\u00bb global_colors_info=\u00bb{}\u00bb]<\/p>\n<h2>\u00bfQU\u00c9 PUEDES HACER PARA PROTEGER EL CLIMA?<\/h2>\n<p>Para proteger el clima, la m\u00e1xima prioridad debe ser evitar las emisiones. En concreto, esto significa no poner la calefacci\u00f3n a 25 grados, reformar las casas para hacerlas m\u00e1s eficientes energ\u00e9ticamente, sacar los electrodom\u00e9sticos del modo de espera, repararlos en lugar de comprar otros nuevos, comer menos carne y dejar el coche en casa m\u00e1s a menudo. Por desgracia, algunas acciones perjudiciales para el clima no pueden evitarse. Si quiere viajar a Costa Rica, por ejemplo, un vuelo es esencial. Aqu\u00ed es donde entra en juego una donaci\u00f3n a Tropica Verde, porque con tu donaci\u00f3n o afiliaci\u00f3n est\u00e1s haciendo una contribuci\u00f3n espec\u00edfica para reducir las <span>emisiones de CO\u2082<\/span> y proteger el clima. Para proteger nuestro clima, te pedimos que hagas ambas cosas: \u00a1donar a la conservaci\u00f3n de la selva tropical y ahorrar emisiones de gases de efecto invernadero siempre que sea posible! Puedes obtener m\u00e1s consejos sobre comportamientos respetuosos con el clima y la selva tropical en <a href=\"https:\/\/www.nabu.de\/natur-und-landschaft\/%20waelder\/18882.html\" target=\"_blank\" rel=\"noopener nofollow\">NABU<\/a>\u00a0por ejemplo.<\/p>\n<p>[\/et_pb_text][et_pb_button button_url=\u00bbhttps:\/\/tropica-verde.de\/es\/ayudardonar\/\u00bb button_text=\u00bbC\u00d3MO PUEDES APOYARNOS\u00bb button_alignment=\u00bbright\u00bb _builder_version=\u00bb4.23.1&#8243; _module_preset=\u00bb70b994c3-2b68-43f9-baa1-aee328fdc428&#8243; background_layout=\u00bbdark\u00bb global_colors_info=\u00bb{}\u00bb][\/et_pb_button][\/et_pb_column][\/et_pb_row][\/et_pb_section][et_pb_section fb_built=\u00bb1&#8243; custom_padding_last_edited=\u00bbon|tablet\u00bb _builder_version=\u00bb4.23.1&#8243; _module_preset=\u00bbdefault\u00bb custom_padding=\u00bb100px||100px||false|false\u00bb custom_padding_tablet=\u00bb50px||50px||false|false\u00bb custom_padding_phone=\u00bb50px||50px||false|false\u00bb global_colors_info=\u00bb{}\u00bb][et_pb_row _builder_version=\u00bb4.23.1&#8243; _module_preset=\u00bbdefault\u00bb custom_padding=\u00bb0px||0px||false|false\u00bb global_colors_info=\u00bb{}\u00bb][et_pb_column type=\u00bb4_4&#8243; _builder_version=\u00bb4.16&#8243; _module_preset=\u00bbdefault\u00bb global_colors_info=\u00bb{}\u00bb][et_pb_text _builder_version=\u00bb4.23.1&#8243; _module_preset=\u00bbdefault\u00bb global_colors_info=\u00bb{}\u00bb]<\/p>\n<h2 style=\"text-align: center; margin-bottom:0;padding--bottom:0;\">\u00abMucha gente peque\u00f1a en muchos lugares peque\u00f1os, dando muchos pasos peque\u00f1os, puede cambiar la faz del mundo\u00bb. <span style=\"font-size: 16px;\">Proverbio africano<\/span><\/h2>\n<p>[\/et_pb_text][\/et_pb_column][\/et_pb_row][\/et_pb_section][et_pb_section fb_built=\u00bb1&#8243; make_equal=\u00bbon\u00bb use_custom_gutter=\u00bbon\u00bb gutter_width=\u00bb1&#8243; specialty=\u00bbon\u00bb padding_top_1=\u00bb0px\u00bb padding_bottom_1=\u00bb0px\u00bb admin_label=\u00bbImage Gallery Section\u00bb module_class=\u00bb et_pb_specialty_fullwidth\u00bb _builder_version=\u00bb4.23.1&#8243; inner_width=\u00bb100%\u00bb inner_width_tablet=\u00bb100%\u00bb inner_width_phone=\u00bb\u00bb inner_width_last_edited=\u00bbon|desktop\u00bb inner_max_width=\u00bb100%\u00bb inner_max_width_tablet=\u00bb100%\u00bb inner_max_width_phone=\u00bb\u00bb inner_max_width_last_edited=\u00bbon|desktop\u00bb custom_padding=\u00bb0px|0px|0px|0px\u00bb make_fullwidth=\u00bbon\u00bb global_colors_info=\u00bb{}\u00bb][et_pb_column type=\u00bb1_2&#8243; _builder_version=\u00bb4.16&#8243; custom_padding=\u00bb|||\u00bb global_colors_info=\u00bb{}\u00bb custom_padding__hover=\u00bb|||\u00bb][et_pb_image src=\u00bbhttps:\/\/tropica-verde.de\/wp-content\/uploads\/2023\/01\/wissen_krokodil.jpg\u00bb alt=\u00bbCaim\u00e1n joven en los manglares\u00bb title_text=\u00bbCaim\u00e1n joven en los manglares\u00bb show_in_lightbox=\u00bbon\u00bb use_overlay=\u00bbon\u00bb overlay_icon_color=\u00bb#ffffff\u00bb hover_overlay_color=\u00bbrgba(0,0,0,0.3)\u00bb hover_icon=\u00bb&#x30;||divi||400&#8243; force_fullwidth=\u00bbon\u00bb align_tablet=\u00bbcenter\u00bb align_phone=\u00bb\u00bb align_last_edited=\u00bbon|desktop\u00bb module_class=\u00bbobject-fit-cover\u00bb _builder_version=\u00bb4.23.1&#8243; min_height_tablet=\u00bb\u00bb min_height_phone=\u00bb\u00bb min_height_last_edited=\u00bbon|tablet\u00bb height=\u00bb50vw\u00bb height_tablet=\u00bb600px\u00bb height_phone=\u00bb300px\u00bb height_last_edited=\u00bbon|desktop\u00bb custom_margin=\u00bb|||\u00bb box_shadow_style=\u00bbpreset7&#8243; box_shadow_horizontal=\u00bb0px\u00bb box_shadow_vertical=\u00bb0px\u00bb box_shadow_spread=\u00bb8px\u00bb box_shadow_color=\u00bb#ffffff\u00bb locked=\u00bboff\u00bb global_colors_info=\u00bb{}\u00bb][\/et_pb_image][\/et_pb_column][et_pb_column type=\u00bb1_2&#8243; specialty_columns=\u00bb2&#8243; _builder_version=\u00bb4.16&#8243; custom_padding=\u00bb|||\u00bb global_colors_info=\u00bb{}\u00bb custom_padding__hover=\u00bb|||\u00bb][et_pb_row_inner column_structure=\u00bb1_2,1_2&#8243; use_custom_gutter=\u00bbon\u00bb gutter_width=\u00bb1&#8243; _builder_version=\u00bb4.23.1&#8243; custom_padding=\u00bb0px|0px|0px|0px\u00bb global_colors_info=\u00bb{}\u00bb][et_pb_column_inner type=\u00bb1_2&#8243; saved_specialty_column_type=\u00bb1_2&#8243; _builder_version=\u00bb4.16&#8243; custom_padding=\u00bb|||\u00bb global_colors_info=\u00bb{}\u00bb custom_padding__hover=\u00bb|||\u00bb][et_pb_image src=\u00bbhttps:\/\/tropica-verde.de\/wp-content\/uploads\/2023\/01\/wissen_waschbaeren.jpg\u00bb alt=\u00bbMapaches de Cahuita Costa-Rica\u00bb title_text=\u00bbknow_wash_babies\u00bb show_in_lightbox=\u00bbon\u00bb use_overlay=\u00bbon\u00bb overlay_icon_color=\u00bb#ffffff\u00bb hover_overlay_color=\u00bbrgba(0,0,0,0.3)\u00bb hover_icon=\u00bb&#x30;||divi||400&#8243; force_fullwidth=\u00bbon\u00bb align_tablet=\u00bbcenter\u00bb align_phone=\u00bb\u00bb align_last_edited=\u00bbon|desktop\u00bb module_class=\u00bbobject-fit-cover\u00bb _builder_version=\u00bb4.23.1&#8243; min_height_tablet=\u00bb\u00bb min_height_phone=\u00bb\u00bb min_height_last_edited=\u00bbon|phone\u00bb height=\u00bb25vw\u00bb height_tablet=\u00bb300px\u00bb height_phone=\u00bb300px\u00bb height_last_edited=\u00bbon|tablet\u00bb custom_margin=\u00bb|||\u00bb box_shadow_style=\u00bbpreset7&#8243; box_shadow_horizontal=\u00bb0px\u00bb box_shadow_vertical=\u00bb0px\u00bb box_shadow_spread=\u00bb8px\u00bb box_shadow_color=\u00bb#ffffff\u00bb locked=\u00bboff\u00bb global_colors_info=\u00bb{}\u00bb][\/et_pb_image][\/et_pb_column_inner][et_pb_column_inner type=\u00bb1_2&#8243; saved_specialty_column_type=\u00bb1_2&#8243; _builder_version=\u00bb4.16&#8243; custom_padding=\u00bb|||\u00bb global_colors_info=\u00bb{}\u00bb custom_padding__hover=\u00bb|||\u00bb][et_pb_image src=\u00bbhttps:\/\/tropica-verde.de\/wp-content\/uploads\/2023\/01\/wissen_Raupe.jpg\u00bb alt=\u00bbOruga de mariposa espinosa en la reserva natural de Las-Brisas\u00bb title_text=\u00bbconocer_la_oruga\u00bb show_in_lightbox=\u00bbon\u00bb use_overlay=\u00bbon\u00bb overlay_icon_color=\u00bb#ffffff\u00bb hover_overlay_color=\u00bbrgba(0,0,0,0.3)\u00bb hover_icon=\u00bb&#x30;||divi||400&#8243; force_fullwidth=\u00bbon\u00bb align_tablet=\u00bbcenter\u00bb align_phone=\u00bb\u00bb align_last_edited=\u00bbon|desktop\u00bb module_class=\u00bbobject-fit-cover\u00bb _builder_version=\u00bb4.23.1&#8243; min_height_tablet=\u00bb\u00bb min_height_phone=\u00bb\u00bb min_height_last_edited=\u00bbon|desktop\u00bb height=\u00bb25vw\u00bb height_tablet=\u00bb300px\u00bb height_phone=\u00bb300px\u00bb height_last_edited=\u00bbon|tablet\u00bb custom_margin=\u00bb|||\u00bb box_shadow_style=\u00bbpreset7&#8243; box_shadow_horizontal=\u00bb0px\u00bb box_shadow_vertical=\u00bb0px\u00bb box_shadow_spread=\u00bb8px\u00bb box_shadow_color=\u00bb#ffffff\u00bb locked=\u00bboff\u00bb global_colors_info=\u00bb{}\u00bb][\/et_pb_image][\/et_pb_column_inner][\/et_pb_row_inner][et_pb_row_inner column_structure=\u00bb1_2,1_2&#8243; use_custom_gutter=\u00bbon\u00bb gutter_width=\u00bb1&#8243; _builder_version=\u00bb4.16&#8243; custom_padding=\u00bb0px|0px|0px|0px\u00bb global_colors_info=\u00bb{}\u00bb][et_pb_column_inner type=\u00bb1_2&#8243; saved_specialty_column_type=\u00bb1_2&#8243; _builder_version=\u00bb4.16&#8243; custom_padding=\u00bb|||\u00bb global_colors_info=\u00bb{}\u00bb custom_padding__hover=\u00bb|||\u00bb][et_pb_image src=\u00bbhttps:\/\/tropica-verde.de\/wp-content\/uploads\/2023\/01\/wissen_Papagei.jpg\u00bb alt=\u00bbAmazonas y loros en la selva tropical cerca de Boca-Tapada\u00bb title_text=\u00bbknow_parrot\u00bb show_in_lightbox=\u00bbon\u00bb use_overlay=\u00bbon\u00bb overlay_icon_color=\u00bb#ffffff\u00bb hover_overlay_color=\u00bbrgba(0,0,0,0.3)\u00bb hover_icon=\u00bb&#x30;||divi||400&#8243; force_fullwidth=\u00bbon\u00bb align_tablet=\u00bbcenter\u00bb align_phone=\u00bb\u00bb align_last_edited=\u00bbon|desktop\u00bb module_class=\u00bbobject-fit-cover\u00bb _builder_version=\u00bb4.23.1&#8243; min_height_tablet=\u00bb\u00bb min_height_phone=\u00bb\u00bb min_height_last_edited=\u00bbon|phone\u00bb height=\u00bb25vw\u00bb height_tablet=\u00bb300px\u00bb height_phone=\u00bb300px\u00bb height_last_edited=\u00bbon|desktop\u00bb custom_margin=\u00bb|||\u00bb box_shadow_style=\u00bbpreset7&#8243; box_shadow_horizontal=\u00bb0px\u00bb box_shadow_vertical=\u00bb0px\u00bb box_shadow_spread=\u00bb8px\u00bb box_shadow_color=\u00bb#ffffff\u00bb locked=\u00bboff\u00bb global_colors_info=\u00bb{}\u00bb][\/et_pb_image][\/et_pb_column_inner][et_pb_column_inner type=\u00bb1_2&#8243; saved_specialty_column_type=\u00bb1_2&#8243; _builder_version=\u00bb4.16&#8243; custom_padding=\u00bb|||\u00bb global_colors_info=\u00bb{}\u00bb custom_padding__hover=\u00bb|||\u00bb][et_pb_image src=\u00bbhttps:\/\/tropica-verde.de\/wp-content\/uploads\/2023\/01\/wissen_Spinne.jpg\u00bb alt=\u00bbAra\u00f1a de seda dorada hembra grande y macho peque\u00f1o, Puerto-Viejo Costa-Rica\u00bb title_text=\u00bbconocer_la_ara\u00f1a\u00bb show_in_lightbox=\u00bbon\u00bb use_overlay=\u00bbon\u00bb overlay_icon_color=\u00bb#ffffff\u00bb hover_overlay_color=\u00bbrgba(0,0,0,0.3)\u00bb hover_icon=\u00bb&#x30;||divi||400&#8243; force_fullwidth=\u00bbon\u00bb align_tablet=\u00bbcenter\u00bb align_phone=\u00bb\u00bb align_last_edited=\u00bbon|desktop\u00bb module_class=\u00bbobject-fit-cover\u00bb _builder_version=\u00bb4.23.1&#8243; min_height_tablet=\u00bb\u00bb min_height_phone=\u00bb\u00bb min_height_last_edited=\u00bbon|desktop\u00bb height=\u00bb25vw\u00bb height_tablet=\u00bb300px\u00bb height_phone=\u00bb300px\u00bb height_last_edited=\u00bbon|tablet\u00bb custom_margin=\u00bb|||\u00bb box_shadow_style=\u00bbpreset7&#8243; box_shadow_horizontal=\u00bb0px\u00bb box_shadow_vertical=\u00bb0px\u00bb box_shadow_spread=\u00bb8px\u00bb box_shadow_color=\u00bb#ffffff\u00bb locked=\u00bboff\u00bb global_colors_info=\u00bb{}\u00bb][\/et_pb_image][\/et_pb_column_inner][\/et_pb_row_inner][\/et_pb_column][\/et_pb_section][et_pb_section fb_built=\u00bb1&#8243; custom_padding_last_edited=\u00bbon|desktop\u00bb _builder_version=\u00bb4.23.1&#8243; _module_preset=\u00bbdefault\u00bb custom_padding=\u00bb77px||0px||false|false\u00bb custom_padding_tablet=\u00bb27px||0px||false|false\u00bb custom_padding_phone=\u00bb27px||0px||false|false\u00bb global_colors_info=\u00bb{}\u00bb][et_pb_row _builder_version=\u00bb4.23.1&#8243; _module_preset=\u00bbdefault\u00bb custom_padding=\u00bb0px||0px||false|false\u00bb global_colors_info=\u00bb{}\u00bb][et_pb_column type=\u00bb4_4&#8243; _builder_version=\u00bb4.16&#8243; _module_preset=\u00bbdefault\u00bb global_colors_info=\u00bb{}\u00bb][et_pb_divider show_divider=\u00bboff\u00bb _builder_version=\u00bb4.16&#8243; _module_preset=\u00bbdefault\u00bb global_colors_info=\u00bb{}\u00bb][\/et_pb_divider][\/et_pb_column][\/et_pb_row][\/et_pb_section][et_pb_section fb_built=\u00bb1&#8243; custom_padding_last_edited=\u00bbon|tablet\u00bb _builder_version=\u00bb4.23.1&#8243; _module_preset=\u00bbdefault\u00bb background_color=\u00bb#e9eeea\u00bb custom_margin=\u00bb||||false|false\u00bb custom_padding=\u00bb100px||100px||false|false\u00bb custom_padding_tablet=\u00bb50px||50px||false|false\u00bb custom_padding_phone=\u00bb50px||50px||false|false\u00bb global_colors_info=\u00bb{}\u00bb][et_pb_row _builder_version=\u00bb4.23.1&#8243; _module_preset=\u00bbdefault\u00bb width=\u00bb65%\u00bb width_tablet=\u00bb\u00bb width_phone=\u00bb\u00bb width_last_edited=\u00bbon|desktop\u00bb custom_padding=\u00bb0px||0px||false|false\u00bb global_colors_info=\u00bb{}\u00bb][et_pb_column type=\u00bb4_4&#8243; _builder_version=\u00bb4.16&#8243; _module_preset=\u00bbdefault\u00bb global_colors_info=\u00bb{}\u00bb][et_pb_text _builder_version=\u00bb4.23.1&#8243; _module_preset=\u00bbdefault\u00bb header_font=\u00bb|600|||||||\u00bb header_text_color=\u00bb#105427&#8243; header_2_font=\u00bb|700|||||||\u00bb header_2_font_size=\u00bb40px\u00bb header_2_line_height=\u00bb1.5em\u00bb global_colors_info=\u00bb{}\u00bb]<\/p>\n<p>Nos gustar\u00eda se\u00f1alar en este punto que Tropica Verde no hace publicidad ni vende compensaciones cl\u00e1sicas de CO2. Las empresas suelen citar la compensaci\u00f3n de CO2 como medida ecol\u00f3gica para mejorar su imagen. Hay que tener en cuenta muchos factores cuando se trata de indemnizaciones por CO2. La compensaci\u00f3n del CO2 sigue siendo un tema muy debatido. Quien dona a Tropica Verde no est\u00e1 compensando, sino apoyando proyectos de protecci\u00f3n del clima en general. Como peque\u00f1a organizaci\u00f3n personal, Tropica Verde tambi\u00e9n concede gran importancia al uso correcto y especialmente transparente de las donaciones. Esto significa que puede estar seguro de que sus donaciones se destinar\u00e1n a la protecci\u00f3n actual y futura de la selva tropical y a la educaci\u00f3n medioambiental. El sello de aprobaci\u00f3n de donaciones del DZI confirma este uso de los fondos orientado a las necesidades.<em><strong><span style=\"font-size: small;\"><\/span><\/strong><\/em><\/p>\n<p>Fuentes y m\u00e1s informaci\u00f3n: [1]<a href=\"https:\/\/www.spektrum.de\/lexikon\/biologie\/regenwald\/56026\" target=\"_blank\" rel=\"noopener nofollow\">https:\/\/www.spektrum.de\/lexikon\/biologie\/regenwald\/56026<\/a> [2]<a href=\"https:\/\/www.umweltbundesamt.de\/themen\/regenwald-abholzung-klimafolgen-sind-groesser-als\" target=\"_blank\" rel=\"noopener nofollow\">https:\/\/www.umweltbundesamt.de\/themen\/regenwald-abholzung-klimafolgen-sind-groesser-als<\/a> [3]<a href=\"https:\/\/www.nature.com\/articles\/s41586-020-2035-0\" target=\"_blank\" rel=\"noopener nofollow\">https:\/\/www.nature.com\/articles\/s41586-020-2035-0<\/a> [4]<a href=\"http:\/\/www.tropica-verde.de\/wp-content\/uploads\/2019\/08\/20200205-CO2_Berechnung_Uni-Wien-2011.pdf\" target=\"_blank\" rel=\"noopener\">http:\/\/www.tropica-verde.de\/wp-content\/uploads\/2019\/08\/20200205-CO2_Berechnung_Uni-Wien-2011.pdf<\/a> [5]<a href=\"https:\/\/www.planet-wissen.de\/natur\/landschaften\/regenwald\/index.html\" target=\"_blank\" rel=\"noopener nofollow\">https:\/\/www.planet-wissen.de\/natur\/landschaften\/regenwald\/index.html<\/a> [6]<a href=\"https:\/\/www.wald.de\/waldwissen\/tropischer-regenwald\/\" target=\"_blank\" rel=\"noopener nofollow\">https:\/\/www.wald.de\/waldwissen\/tropischer-regenwald\/<\/a> [7]<a href=\"https:\/\/www.bmuv.de\/themen\/klimaanpassung\/ueberblick-klimaanpassung\" rel=\"nofollow noopener\" target=\"_blank\">https:\/\/www.bmuv.de\/themen\/klimaanpassung\/ueberblick-klimaanpassung<\/a><\/p>\n<p>&nbsp;<\/p>\n<p style=\"text-align: right;\"><span style=\"font-size: large;\"><em><strong>Para obtener informaci\u00f3n detallada sobre las selvas tropicales, te recomendamos que eches un vistazo al<br \/><\/strong><\/em><\/span><span style=\"font-size: large;\"><em><strong><a href=\"https:\/\/www.faszination-regenwald.de\/info-center\/\" rel=\"nofollow noopener\" target=\"_blank\">Centro de Informaci\u00f3n sobre la Selva Tropical<\/a><\/strong><\/em><\/span><\/p>\n<p>[\/et_pb_text][\/et_pb_column][\/et_pb_row][\/et_pb_section][et_pb_section fb_built=\u00bb1&#8243; fullwidth=\u00bbon\u00bb admin_label=\u00bbCall to Action\u00bb _builder_version=\u00bb4.16&#8243; animation_style=\u00bbslide\u00bb animation_direction=\u00bbbottom\u00bb animation_intensity_slide=\u00bb6%\u00bb animation_starting_opacity=\u00bb100%\u00bb locked=\u00bboff\u00bb global_colors_info=\u00bb{}\u00bb][et_pb_fullwidth_header title=\u00bbAyudar en lugar de quejarse\u00bb subhead=\u00bbApoye la selva tropical con su donativo o h\u00e1gase socio de la organizaci\u00f3n\u00bb text_orientation=\u00bbcenter\u00bb button_one_text=\u00bbDONAR AHORA\u00bb button_one_url=\u00bbhttps:\/\/tropica-verde.de\/es\/ayudardonar\/donaciones\/\u00bb button_two_text=\u00bbH\u00c1GASE SOCIO\u00bb button_two_url=\u00bbhttps:\/\/tropica-verde.de\/es\/ayudardonar\/afiliarse\/\u00bb content_max_width=\u00bb800px\u00bb _builder_version=\u00bb4.23.1&#8243; title_level=\u00bbh2&#8243; title_font=\u00bb|700|||||||\u00bb title_text_color=\u00bb#006B46&#8243; title_font_size=\u00bb60px\u00bb title_line_height=\u00bb1.2em\u00bb content_font=\u00bbSource Sans 3||||||||\u00bb content_font_size=\u00bb20px\u00bb content_line_height=\u00bb1.8em\u00bb subhead_font=\u00bb||||||||\u00bb subhead_text_color=\u00bb#555858&#8243; subhead_font_size=\u00bb28px\u00bb subhead_line_height=\u00bb1.5em\u00bb background_color=\u00bbrgba(255, 255, 255, 0)\u00bb background_color_gradient_direction=\u00bb90deg\u00bb background_image=\u00bbhttps:\/\/tropica-verde.de\/wp-content\/uploads\/2022\/08\/footer_bg.png\u00bb button_one_text_size=\u00bb26px\u00bb button_one_text_color=\u00bb#ffffff\u00bb button_one_bg_color=\u00bb#ff6a09&#8243; button_one_border_width=\u00bb1px\u00bb button_one_border_color=\u00bb#ff6a09&#8243; button_one_border_radius=\u00bb15px\u00bb button_one_letter_spacing=\u00bb1px\u00bb button_two_text_size=\u00bb26px\u00bb button_two_text_color=\u00bb#555858&#8243; button_two_bg_color=\u00bb#ffffff\u00bb button_two_border_width=\u00bb1px\u00bb button_two_border_radius=\u00bb15px\u00bb min_height=\u00bb542.8px\u00bb custom_margin=\u00bb|||\u00bb custom_padding=\u00bb8%||8%|\u00bb animation_style=\u00bbfade\u00bb title_font_size_tablet=\u00bb48px\u00bb title_font_size_phone=\u00bb36px\u00bb title_font_size_last_edited=\u00bbon|phone\u00bb custom_css_subtitle=\u00bbfont-family: &#8216;Source Sans 3 Bold&#8217;!important;||  \u00bb button_one_letter_spacing_hover=\u00bb1px\u00bb button_two_letter_spacing_hover=\u00bb1px\u00bb global_colors_info=\u00bb{}\u00bb button_one_text_size__hover_enabled=\u00bboff\u00bb button_one_text_color__hover_enabled=\u00bboff\u00bb button_one_border_width__hover_enabled=\u00bboff\u00bb button_one_border_color__hover_enabled=\u00bboff\u00bb button_one_border_radius__hover_enabled=\u00bboff\u00bb button_one_letter_spacing__hover_enabled=\u00bbon|desktop\u00bb button_one_letter_spacing__hover=\u00bb1px\u00bb button_one_bg_color__hover_enabled=\u00bboff\u00bb button_two_letter_spacing__hover=\u00bb\u00bb button_two_letter_spacing__hover_enabled=\u00bbon|desktop\u00bb][\/et_pb_fullwidth_header][\/et_pb_section]<\/p>\n","protected":false},"excerpt":{"rendered":"<p>Las selvas tropicales son los ecosistemas m\u00e1s ricos en especies de la Tierra.Estabilizan el clima y regulan el equilibrio h\u00eddrico mundial. Son la fuente de alimentos, medicinas, ideas y materias primas que se han convertido en parte integrante de nuestra vida actual. Son la base de la existencia y el hogar de millones de personas. [&hellip;]<\/p>\n","protected":false},"author":10,"featured_media":0,"parent":0,"menu_order":13,"comment_status":"closed","ping_status":"closed","template":"","meta":{"_et_pb_use_builder":"on","_et_pb_old_content":"","_et_gb_content_width":"","inline_featured_image":false,"footnotes":""},"class_list":["post-239075","page","type-page","status-publish","hentry"],"_links":{"self":[{"href":"https:\/\/tropica-verde.de\/es\/wp-json\/wp\/v2\/pages\/239075","targetHints":{"allow":["GET"]}}],"collection":[{"href":"https:\/\/tropica-verde.de\/es\/wp-json\/wp\/v2\/pages"}],"about":[{"href":"https:\/\/tropica-verde.de\/es\/wp-json\/wp\/v2\/types\/page"}],"author":[{"embeddable":true,"href":"https:\/\/tropica-verde.de\/es\/wp-json\/wp\/v2\/users\/10"}],"replies":[{"embeddable":true,"href":"https:\/\/tropica-verde.de\/es\/wp-json\/wp\/v2\/comments?post=239075"}],"version-history":[{"count":24,"href":"https:\/\/tropica-verde.de\/es\/wp-json\/wp\/v2\/pages\/239075\/revisions"}],"predecessor-version":[{"id":250492,"href":"https:\/\/tropica-verde.de\/es\/wp-json\/wp\/v2\/pages\/239075\/revisions\/250492"}],"wp:attachment":[{"href":"https:\/\/tropica-verde.de\/es\/wp-json\/wp\/v2\/media?parent=239075"}],"curies":[{"name":"wp","href":"https:\/\/api.w.org\/{rel}","templated":true}]}}