{"id":238987,"date":"2024-04-13T23:49:57","date_gmt":"2024-04-13T21:49:57","guid":{"rendered":"https:\/\/tropica-verde.de\/socio\/"},"modified":"2026-07-21T15:36:15","modified_gmt":"2026-07-21T13:36:15","slug":"partner","status":"publish","type":"page","link":"https:\/\/tropica-verde.de\/es\/partner\/","title":{"rendered":"Socio"},"content":{"rendered":"\n<div class=\"et_pb_section_0 et_pb_section et_pb_fullwidth_section et_section_regular et_block_section\"><section class=\"et_pb_fullwidth_header_0 et_pb_fullwidth_header et_pb_bg_layout_dark et_pb_text_align_left et_pb_module et_flex_module preset--module--divi-fullwidth-header--default\"><div class=\"et_pb_fullwidth_header_container left\"><div class=\"header-content-container center\"><div class=\"header-content et_flex_module\"><h1 class=\"et_pb_module_header\">Socio<\/h1><div class=\"et_pb_header_button_wrapper\"><\/div><\/div><\/div><\/div><div class=\"et_pb_fullwidth_header_overlay\"><\/div><div class=\"et_pb_fullwidth_header_scroll\"><\/div><\/section><\/div><div class=\"et_pb_section_1 et_pb_section et_section_regular et_block_section\"><div class=\"et_pb_row_0 et_pb_row et_block_row\"><div class=\"et_pb_column_0 et_pb_column et_pb_column_4_4 et-last-child et_block_column et_pb_css_mix_blend_mode_passthrough\"><div class=\"et_pb_text_0 et_pb_text et_pb_bg_layout_light et_pb_module et_block_module preset--module--divi-text--default\"><div class=\"et_pb_text_inner\"><h3 class=\"serif\">Nuestro trabajo no ser\u00eda posible sin una estrecha colaboraci\u00f3n con organizaciones de Alemania, Suiza y Costa Rica. M\u00e1s informaci\u00f3n sobre nuestros socios y la importante labor que realizan.<\/h3>\n<\/div><\/div><\/div><\/div><\/div><div class=\"et_pb_section_2 et_pb_section et_section_regular et_block_section\"><div class=\"et_pb_row_1 et_pb_row et_block_row\"><div class=\"et_pb_column_1 et_pb_column et_pb_column_4_4 et-last-child et_block_column et_pb_css_mix_blend_mode_passthrough\"><div class=\"et_pb_text_1 et_pb_text et_pb_bg_layout_light et_pb_module et_block_module preset--module--divi-text--default\"><div class=\"et_pb_text_inner\"><h2 style=\"text-align: center;\">En Costa Rica<\/h2>\n<\/div><\/div><\/div><\/div><\/div><div class=\"et_pb_section_3 et_pb_section et_section_regular et_block_section\"><div class=\"et_pb_row_2 et_pb_row et_block_row\" id=\"acbtc\"><div class=\"et_pb_column_2 et_pb_column et_pb_column_1_5 et_block_column et_pb_css_mix_blend_mode_passthrough\"><div class=\"et_pb_code_0 et_pb_code et_pb_text_align_right et_pb_module\"><div class=\"et_pb_code_inner\"><span class=\"et-pb-icon\" style=\"color:#238da2; font-size:30px\">$<\/span><\/div><\/div><\/div><div class=\"et_pb_column_3 et_pb_column et_pb_column_3_5 et_block_column et_pb_css_mix_blend_mode_passthrough\"><div class=\"et_pb_text_2 et_pb_text et_pb_bg_layout_light et_pb_module et_block_module preset--module--divi-text--default\"><div class=\"et_pb_text_inner\"><h2>ACBTC - Asociaci\u00f3n Corredor Biol\u00f3gico Talamanca-Caribe<\/h2>\n<p>En el corredor biol\u00f3gico de Talamanca-Caribe, Tropica Verde financia proyectos escolares a trav\u00e9s de la organizaci\u00f3n local ACBTC. Aqu\u00ed se tratan temas importantes, como los efectos del cambio clim\u00e1tico y la importancia de proteger los bosques ricos en especies de la regi\u00f3n. Este trabajo llega tanto a los alumnos como a sus padres de la regi\u00f3n que rodea la Reserva Finca Curr\u00e9. Los conferencistas cuentan con el apoyo de Tropica Verde, entre otros, para su labor de educaci\u00f3n medioambiental.<\/p>\n<\/div><\/div><div class=\"et_pb_module et_pb_button_module_wrapper et_pb_button_0_wrapper preset--module--divi-button--70b994c3-2b68-43f9-baa1-aee328fdc428_wrapper\"><a class=\"et_pb_button_0 et_pb_button et_pb_bg_layout_light et_pb_module et_block_module button preset--module--divi-button--70b994c3-2b68-43f9-baa1-aee328fdc428\" href=\"http:\/\/www.corredortalamanca.org\/\" target=\"_blank\" rel=\"nofollow noopener\">M\u00c1S INFO<\/a><\/div><\/div><div class=\"et_pb_column_4 et_pb_column et_pb_column_1_5 et-last-child et_block_column et_pb_css_mix_blend_mode_passthrough\"><div class=\"et_pb_image_0 et_pb_image et_pb_module et_block_module\"><span class=\"et_pb_image_wrap\"><img loading=\"lazy\" decoding=\"async\" src=\"https:\/\/tropica-verde.de\/wp-content\/uploads\/2023\/01\/logo_corredor_top.png\" width=\"216\" height=\"140\" class=\"wp-image-236216\" title=\"logo_corredor_top\" alt=\"\"><\/span><\/div><\/div><\/div><div class=\"et_pb_row_3 et_pb_row et_block_row\"><div class=\"et_pb_column_5 et_pb_column et_pb_column_4_4 et-last-child et_block_column et_pb_css_mix_blend_mode_passthrough\"><div class=\"et_pb_divider_0 et_pb_divider_hidden et_pb_space et_pb_divider_position_top et_pb_module\"><div class=\"et_pb_divider_internal\"><\/div><\/div><\/div><\/div><div class=\"et_pb_row_4 et_pb_row et_block_row\" id=\"ecodesi\"><div class=\"et_pb_column_6 et_pb_column et_pb_column_1_5 et_block_column et_pb_css_mix_blend_mode_passthrough\"><div class=\"et_pb_code_1 et_pb_code et_pb_text_align_right et_pb_module\"><div class=\"et_pb_code_inner\"><span class=\"et-pb-icon\" style=\"color:#238da2; font-size:30px\">$<\/span><\/div><\/div><\/div><div class=\"et_pb_column_7 et_pb_column et_pb_column_3_5 et_block_column et_pb_css_mix_blend_mode_passthrough\"><div class=\"et_pb_text_3 et_pb_text et_pb_bg_layout_light et_pb_module et_block_module preset--module--divi-text--default\"><div class=\"et_pb_text_inner\"><h2>ECODESI - Educaci\u00f3n y compromiso con el desarrollo social integral<\/h2>\n<p>En el peque\u00f1o pueblo de Villareal, cerca de Tamarindo, Tropica Verde apoya el proyecto \"Colores de Identidad\", dirigido por la organizaci\u00f3n local asociada ECODESI. Los principales grupos destinatarios de este proyecto son las personas mayores del municipio de Villareal y los escolares de la regi\u00f3n. Se ayuda a los mayores a aprender y poner en pr\u00e1ctica importantes medidas medioambientales (reciclar, sembrar, etc.). Al mismo tiempo, los participantes de m\u00e1s edad transmiten su experiencia en el cultivo tradicional de hortalizas y frutas a la generaci\u00f3n m\u00e1s joven. Adem\u00e1s de numerosos talleres y cursos de formaci\u00f3n, las actividades de este proyecto incluyen la creaci\u00f3n de un vivero con plantas locales, reforestaci\u00f3n, reciclaje, compostaje, campa\u00f1as para r\u00edos limpios, un banco de semillas con semillas locales y mucho m\u00e1s.<\/p>\n<\/div><\/div><div class=\"et_pb_module et_pb_button_module_wrapper et_pb_button_1_wrapper preset--module--divi-button--70b994c3-2b68-43f9-baa1-aee328fdc428_wrapper\"><a class=\"et_pb_button_1 et_pb_button et_pb_bg_layout_light et_pb_module et_block_module button preset--module--divi-button--70b994c3-2b68-43f9-baa1-aee328fdc428\" href=\"https:\/\/asociacionecodesi.wixsite.com\/my-site\" target=\"_blank\" rel=\"nofollow noopener\">M\u00c1S INFO<\/a><\/div><\/div><div class=\"et_pb_column_8 et_pb_column et_pb_column_1_5 et-last-child et_block_column et_pb_css_mix_blend_mode_passthrough\"><div class=\"et_pb_image_1 et_pb_image et_pb_module et_block_module\"><span class=\"et_pb_image_wrap\"><img loading=\"lazy\" decoding=\"async\" src=\"https:\/\/tropica-verde.de\/wp-content\/uploads\/2024\/09\/LOGO-ECODESI.jpg\" width=\"777\" height=\"510\" class=\"wp-image-244900\" alt=\"Logotipo ECODESI\" title=\"LOGO ECODESI\" \/><\/span><\/div><\/div><\/div><div class=\"et_pb_row_5 et_pb_row et_block_row\"><div class=\"et_pb_column_9 et_pb_column et_pb_column_4_4 et-last-child et_block_column et_pb_css_mix_blend_mode_passthrough\"><div class=\"et_pb_divider_1 et_pb_divider_hidden et_pb_space et_pb_divider_position_top et_pb_module\"><div class=\"et_pb_divider_internal\"><\/div><\/div><\/div><\/div><div class=\"et_pb_row_6 et_pb_row et_block_row\" id=\"montealto\"><div class=\"et_pb_column_10 et_pb_column et_pb_column_1_5 et_block_column et_pb_css_mix_blend_mode_passthrough\"><div class=\"et_pb_code_2 et_pb_code et_pb_text_align_right et_pb_module\"><div class=\"et_pb_code_inner\"><span class=\"et-pb-icon\" style=\"color:#238da2; font-size:30px\">$<\/span><\/div><\/div><\/div><div class=\"et_pb_column_11 et_pb_column et_pb_column_3_5 et_block_column et_pb_css_mix_blend_mode_passthrough\"><div class=\"et_pb_text_4 et_pb_text et_pb_bg_layout_light et_pb_module et_block_module preset--module--divi-text--default\"><div class=\"et_pb_text_inner\"><h2>Fundaci\u00f3n Pro Reserva Forestal Monte Alto<\/h2>\n<p>En 1994, los agricultores locales unieron sus fuerzas para mejorar la protecci\u00f3n de los bosques locales y crear la zona de conservaci\u00f3n de Monte Alto, gestionada conjuntamente, para combatir la deforestaci\u00f3n en el curso superior del r\u00edo Nosara, fuente de agua potable y bienestar para los habitantes de la peque\u00f1a localidad de Hojancha, en las tierras altas centrales de la pen\u00ednsula de Nicoya. Esta zona de 924 hect\u00e1reas se cre\u00f3 mediante la adquisici\u00f3n de terrenos para su regeneraci\u00f3n natural o reforestaci\u00f3n. Un acuerdo de gesti\u00f3n conjunta con el Ministerio de Medio Ambiente de Costa Rica garantiza la participaci\u00f3n local en las decisiones administrativas de la zona.<\/p>\n<\/div><\/div><div class=\"et_pb_module et_pb_button_module_wrapper et_pb_button_2_wrapper preset--module--divi-button--70b994c3-2b68-43f9-baa1-aee328fdc428_wrapper\"><a class=\"et_pb_button_2 et_pb_button et_pb_bg_layout_light et_pb_module et_block_module button preset--module--divi-button--70b994c3-2b68-43f9-baa1-aee328fdc428\" href=\"https:\/\/www.instagram.com\/reservamontealto\/\" target=\"_blank\" rel=\"nofollow noopener\">M\u00c1S INFO<\/a><\/div><\/div><div class=\"et_pb_column_12 et_pb_column et_pb_column_1_5 et-last-child et_block_column et_pb_css_mix_blend_mode_passthrough\"><div class=\"et_pb_image_2 et_pb_image et_pb_module et_block_module\"><span class=\"et_pb_image_wrap\"><img loading=\"lazy\" decoding=\"async\" src=\"https:\/\/tropica-verde.de\/wp-content\/uploads\/2024\/09\/Logo-Monte-Alto-scaled.jpg\" width=\"1984\" height=\"2560\" class=\"wp-image-244897\" alt=\"Logo Reserva Natural Monte Alto\" title=\"Logo Reserva Natural Monte Alto\" \/><\/span><\/div><\/div><\/div><div class=\"et_pb_row_7 et_pb_row et_block_row\"><div class=\"et_pb_column_13 et_pb_column et_pb_column_4_4 et-last-child et_block_column et_pb_css_mix_blend_mode_passthrough\"><div class=\"et_pb_divider_2 et_pb_divider_hidden et_pb_space et_pb_divider_position_top et_pb_module\"><div class=\"et_pb_divider_internal\"><\/div><\/div><\/div><\/div><div class=\"et_pb_row_8 et_pb_row et_block_row\" id=\"abuelaecologica\"><div class=\"et_pb_column_14 et_pb_column et_pb_column_1_5 et_block_column et_pb_css_mix_blend_mode_passthrough\"><div class=\"et_pb_code_3 et_pb_code et_pb_text_align_right et_pb_module\"><div class=\"et_pb_code_inner\"><span class=\"et-pb-icon\" style=\"color:#238da2; font-size:30px\">$<\/span><\/div><\/div><\/div><div class=\"et_pb_column_15 et_pb_column et_pb_column_3_5 et_block_column et_pb_css_mix_blend_mode_passthrough\"><div class=\"et_pb_text_5 et_pb_text et_pb_bg_layout_light et_pb_module et_block_module preset--module--divi-text--default\"><div class=\"et_pb_text_inner\"><h2 data-section-id=\"j6e66m\" data-start=\"0\" data-end=\"29\">Fundaci\u00f3n Abuela Ecol\u00f3gica<\/h2>\n<p data-start=\"31\" data-end=\"914\">La Fundaci\u00f3n Abuela Ecol\u00f3gica est\u00e1 comprometida con la protecci\u00f3n de los bosques aut\u00f3ctonos, la educaci\u00f3n medioambiental y la restauraci\u00f3n de importantes h\u00e1bitats del norte de Costa Rica. La iniciativa naci\u00f3 de una historia extraordinaria: Bertal\u00eda Gonz\u00e1lez, conocida como \"Abuela Ecol\u00f3gica\", empez\u00f3 a recoger semillas de especies raras de \u00e1rboles y a plantar \u00e1rboles con m\u00e1s de 70 a\u00f1os. Empez\u00f3 por amor a la naturaleza y con la visi\u00f3n de dejar a las generaciones futuras un entorno en el que mereciera la pena vivir. Hoy, su hija Laura Alfaro contin\u00faa esta labor junto con las comunidades locales, escuelas y voluntarios. Se centra en la protecci\u00f3n de la biodiversidad, el cultivo de especies arb\u00f3reas aut\u00f3ctonas, la educaci\u00f3n medioambiental y el trabajo comunitario, especialmente en cooperaci\u00f3n con el territorio ind\u00edgena de los Maleku.    <\/p>\n<\/div><\/div><div class=\"et_pb_module et_pb_button_module_wrapper et_pb_button_3_wrapper preset--module--divi-button--70b994c3-2b68-43f9-baa1-aee328fdc428_wrapper\"><a class=\"et_pb_button_3 et_pb_button et_pb_bg_layout_light et_pb_module et_block_module button preset--module--divi-button--70b994c3-2b68-43f9-baa1-aee328fdc428\" href=\"https:\/\/www.instagram.com\/abuelaecologica\/\" target=\"_blank\" rel=\"nofollow noopener\">M\u00c1S INFO<\/a><\/div><\/div><div class=\"et_pb_column_16 et_pb_column et_pb_column_1_5 et-last-child et_block_column et_pb_css_mix_blend_mode_passthrough\"><div class=\"et_pb_image_3 et_pb_image et_pb_module et_block_module\"><span class=\"et_pb_image_wrap\"><img loading=\"lazy\" decoding=\"async\" src=\"https:\/\/tropica-verde.de\/wp-content\/uploads\/2026\/05\/logoabuelaeco_negro-scaled.png\" width=\"2560\" height=\"2560\" class=\"wp-image-251309\" alt=\"Logo Reserva Natural Monte Alto\" title=\"logoabuelaeco_negro\" \/><\/span><\/div><\/div><\/div><div class=\"et_pb_row_9 et_pb_row et_block_row\"><div class=\"et_pb_column_17 et_pb_column et_pb_column_4_4 et-last-child et_block_column et_pb_css_mix_blend_mode_passthrough\"><div class=\"et_pb_divider_3 et_pb_divider_hidden et_pb_space et_pb_divider_position_top et_pb_module\"><div class=\"et_pb_divider_internal\"><\/div><\/div><\/div><\/div><div class=\"et_pb_row_10 et_pb_row et_block_row\" id=\"asoguabo\"><div class=\"et_pb_column_18 et_pb_column et_pb_column_1_5 et_block_column et_pb_css_mix_blend_mode_passthrough\"><div class=\"et_pb_code_4 et_pb_code et_pb_text_align_right et_pb_module\"><div class=\"et_pb_code_inner\"><span class=\"et-pb-icon\" style=\"color:#238da2; font-size:30px\">$<\/span><\/div><\/div><\/div><div class=\"et_pb_column_19 et_pb_column et_pb_column_3_5 et_block_column et_pb_css_mix_blend_mode_passthrough\"><div class=\"et_pb_text_6 et_pb_text et_pb_bg_layout_light et_pb_module et_block_module preset--module--divi-text--default\"><div class=\"et_pb_text_inner\"><h2>ASOGUABO - Asociaci\u00f3n Guardianes del Bosque<\/h2>\n<p>Aso.Gua.Bo es una organizaci\u00f3n que se fund\u00f3 en 2023 tras a\u00f1os de reuniones y organizaci\u00f3n constante de diversas partes interesadas en torno a la Finca Curr\u00e9. Est\u00e1 comprometida con la concienciaci\u00f3n sobre el valor de los recursos naturales y el uso y cuidado respetuoso de los mismos. Promueve y apoya medidas que ayuden a las comunidades del Caribe Sur de Costa Rica a establecer asentamientos y actividades econ\u00f3micas en armon\u00eda con la vida silvestre, los ecosistemas locales y la diversidad cultural de la regi\u00f3n. Practica y promueve la conservaci\u00f3n, la educaci\u00f3n, la investigaci\u00f3n, la permacultura, la restauraci\u00f3n ecol\u00f3gica, el \"Buen Vivir\" y las pr\u00e1cticas regenerativas.   <\/p>\n<\/div><\/div><div class=\"et_pb_module et_pb_button_module_wrapper et_pb_button_4_wrapper preset--module--divi-button--70b994c3-2b68-43f9-baa1-aee328fdc428_wrapper\"><a class=\"et_pb_button_4 et_pb_button et_pb_bg_layout_light et_pb_module et_block_module button preset--module--divi-button--70b994c3-2b68-43f9-baa1-aee328fdc428\" href=\"https:\/\/www.instagram.com\/guardianes.del.bosque.cr\/\" target=\"_blank\" rel=\"nofollow noopener\">M\u00c1S INFO<\/a><\/div><\/div><div class=\"et_pb_column_20 et_pb_column et_pb_column_1_5 et-last-child et_block_column et_pb_css_mix_blend_mode_passthrough\"><div class=\"et_pb_image_4 et_pb_image et_pb_module et_block_module\"><span class=\"et_pb_image_wrap\"><img loading=\"lazy\" decoding=\"async\" src=\"https:\/\/tropica-verde.de\/wp-content\/uploads\/2024\/09\/Logo-ASOGUABO.png\" width=\"1130\" height=\"1353\" class=\"wp-image-244910\" alt=\"Logotipo ASOGUABO\" title=\"Logotipo ASOGUABO\" \/><\/span><\/div><\/div><\/div><div class=\"et_pb_row_11 et_pb_row et_block_row\"><div class=\"et_pb_column_21 et_pb_column et_pb_column_4_4 et-last-child et_block_column et_pb_css_mix_blend_mode_passthrough\"><div class=\"et_pb_divider_4 et_pb_divider_hidden et_pb_space et_pb_divider_position_top et_pb_module\"><div class=\"et_pb_divider_internal\"><\/div><\/div><\/div><\/div><div class=\"et_pb_row_12 et_pb_row et_block_row\" id=\"coasts\"><div class=\"et_pb_column_22 et_pb_column et_pb_column_1_5 et_block_column et_pb_css_mix_blend_mode_passthrough\"><div class=\"et_pb_code_5 et_pb_code et_pb_text_align_right et_pb_module\"><div class=\"et_pb_code_inner\"><span class=\"et-pb-icon\" style=\"color:#238da2; font-size:30px\">$<\/span><\/div><\/div><\/div><div class=\"et_pb_column_23 et_pb_column et_pb_column_3_5 et_block_column et_pb_css_mix_blend_mode_passthrough\"><div class=\"et_pb_text_7 et_pb_text et_pb_bg_layout_light et_pb_module et_block_module preset--module--divi-text--default\"><div class=\"et_pb_text_inner\"><h2>COASTS - Alianza Costarricense para la Conservaci\u00f3n de las Tortugas Marinas y la Ciencia<\/h2>\n<p>COASTS Costa Rica es una organizaci\u00f3n centrada en la protecci\u00f3n y el uso sostenible de las zonas costeras y marinas protegidas. Est\u00e1 comprometida con la conservaci\u00f3n de la biodiversidad y promueve pr\u00e1cticas respetuosas con el medio ambiente para mejorar la calidad de vida de las comunidades locales. Esto incluye programas educativos, proyectos de investigaci\u00f3n y la colaboraci\u00f3n con diversas partes interesadas para concienciar sobre la importancia de los ecosistemas costeros y marinos. En 2020, COASTS puso en marcha un nuevo proyecto de seguimiento y conservaci\u00f3n de tortugas marinas en Costa Rica, en Gandoca-Manzanillo, despu\u00e9s de que no se hubiera llevado a cabo ninguna recogida de datos coherente desde 2010. COASTS tambi\u00e9n est\u00e1 llevando a cabo proyectos para restaurar h\u00e1bitats, eliminar pl\u00e1sticos, reforestar el bosque de manglares y participa en un proyecto de ciencia ciudadana que investiga las poblaciones de manat\u00edes en el Caribe.    <\/p>\n<\/div><\/div><div class=\"et_pb_module et_pb_button_module_wrapper et_pb_button_5_wrapper preset--module--divi-button--70b994c3-2b68-43f9-baa1-aee328fdc428_wrapper\"><a class=\"et_pb_button_5 et_pb_button et_pb_bg_layout_light et_pb_module et_block_module button preset--module--divi-button--70b994c3-2b68-43f9-baa1-aee328fdc428\" href=\"https:\/\/www.coasts-cr.org\/\" target=\"_blank\" rel=\"nofollow noopener\">M\u00c1S INFO<\/a><\/div><\/div><div class=\"et_pb_column_24 et_pb_column et_pb_column_1_5 et-last-child et_block_column et_pb_css_mix_blend_mode_passthrough\"><div class=\"et_pb_image_5 et_pb_image et_pb_module et_block_module\"><span class=\"et_pb_image_wrap\"><img loading=\"lazy\" decoding=\"async\" src=\"https:\/\/tropica-verde.de\/wp-content\/uploads\/2024\/09\/COASTS_2020_2_black-background.png\" width=\"5260\" height=\"1316\" class=\"wp-image-244907\" alt=\"Logo COSTAS\" title=\"Logo COSTAS\" \/><\/span><\/div><\/div><\/div><div class=\"et_pb_row_13 et_pb_row et_block_row\"><div class=\"et_pb_column_25 et_pb_column et_pb_column_4_4 et-last-child et_block_column et_pb_css_mix_blend_mode_passthrough\"><div class=\"et_pb_divider_5 et_pb_divider_hidden et_pb_space et_pb_divider_position_top et_pb_module\"><div class=\"et_pb_divider_internal\"><\/div><\/div><\/div><\/div><div class=\"et_pb_row_14 et_pb_row et_block_row\" id=\"cuencasdelimon\"><div class=\"et_pb_column_26 et_pb_column et_pb_column_1_5 et_block_column et_pb_css_mix_blend_mode_passthrough\"><div class=\"et_pb_code_6 et_pb_code et_pb_text_align_right et_pb_module\"><div class=\"et_pb_code_inner\"><span class=\"et-pb-icon\" style=\"color:#238da2; font-size:30px\">$<\/span><\/div><\/div><\/div><div class=\"et_pb_column_27 et_pb_column et_pb_column_3_5 et_block_column et_pb_css_mix_blend_mode_passthrough\"><div class=\"et_pb_text_8 et_pb_text et_pb_bg_layout_light et_pb_module et_block_module preset--module--divi-text--default\"><div class=\"et_pb_text_inner\"><h2>Fundaci\u00f3n Cuencas de Lim\u00f3n<\/h2>\n<p>En <strong data-start=\"4\" data-end=\"45\"><span class=\"hover:entity-accent entity-underline inline cursor-pointer align-baseline\"><span class=\"whitespace-normal\">Fundaci\u00f3n Cuencas de Lim\u00f3n<\/span><\/span><\/strong> se ha comprometido a proteger la selva tropical, los recursos h\u00eddricos y la biodiversidad de la regi\u00f3n de Lim\u00f3n para garantizar a largo plazo los medios de subsistencia naturales de la poblaci\u00f3n. Desde 1996, la organizaci\u00f3n trabaja para preservar las cuencas hidrogr\u00e1ficas de los r\u00edos Banano y Bananito, que proporcionan agua potable a unas 100.000 personas. Combina la conservaci\u00f3n de la naturaleza con medidas de protecci\u00f3n del clima, la restauraci\u00f3n de corredores biol\u00f3gicos, la educaci\u00f3n medioambiental y la participaci\u00f3n activa de las comunidades locales. Con una campa\u00f1a de educaci\u00f3n medioambiental, lleg\u00f3 a 100.000 personas y concienci\u00f3 sobre la importancia de los r\u00edos y la necesidad de reducir la deforestaci\u00f3n ilegal de la selva tropical. La organizaci\u00f3n visita las escuelas locales y las invita a visitar su centro educativo u organiza ecomercados comunitarios y eventos ciclistas recreativos en el corredor biol\u00f3gico del Bosque de Las Madres. El reconocimiento oficial de este corredor biol\u00f3gico propuesto por el gobierno de Costa Rica fue un hito en 2020. En el futuro, se incluir\u00e1 en todos los mapas oficiales del pa\u00eds.      <\/p>\n<\/div><\/div><div class=\"et_pb_module et_pb_button_module_wrapper et_pb_button_6_wrapper preset--module--divi-button--70b994c3-2b68-43f9-baa1-aee328fdc428_wrapper\"><a class=\"et_pb_button_6 et_pb_button et_pb_bg_layout_light et_pb_module et_block_module button preset--module--divi-button--70b994c3-2b68-43f9-baa1-aee328fdc428\" href=\"https:\/\/www.fclimon.org\/\" target=\"_blank\" rel=\"nofollow noopener\">M\u00c1S INFO<\/a><\/div><\/div><div class=\"et_pb_column_28 et_pb_column et_pb_column_1_5 et-last-child et_block_column et_pb_css_mix_blend_mode_passthrough\"><div class=\"et_pb_image_6 et_pb_image et_pb_module et_block_module\"><span class=\"et_pb_image_wrap\"><img loading=\"lazy\" decoding=\"async\" src=\"https:\/\/tropica-verde.de\/wp-content\/uploads\/2024\/09\/Logo-FCL-letras-al-lado-copy-scaled.jpg\" width=\"2560\" height=\"1438\" class=\"wp-image-244913\" alt=\"Logo FUNDACI\u00d3N CUENCAS DE LIM\u00d3N\" title=\"Logo FUNDACI\u00d3N CUENCAS DE LIM\u00d3N\" \/><\/span><\/div><\/div><\/div><div class=\"et_pb_row_15 et_pb_row et_block_row\"><div class=\"et_pb_column_29 et_pb_column et_pb_column_4_4 et-last-child et_block_column et_pb_css_mix_blend_mode_passthrough\"><div class=\"et_pb_divider_6 et_pb_divider_hidden et_pb_space et_pb_divider_position_top et_pb_module\"><div class=\"et_pb_divider_internal\"><\/div><\/div><\/div><\/div><div class=\"et_pb_row_16 et_pb_row et_block_row\" id=\"goracao\"><div class=\"et_pb_column_30 et_pb_column et_pb_column_1_5 et_block_column et_pb_css_mix_blend_mode_passthrough\"><div class=\"et_pb_code_7 et_pb_code et_pb_text_align_right et_pb_module\"><div class=\"et_pb_code_inner\"><span class=\"et-pb-icon\" style=\"color:#238da2; font-size:30px\">$<\/span><\/div><\/div><\/div><div class=\"et_pb_column_31 et_pb_column et_pb_column_3_5 et_block_column et_pb_css_mix_blend_mode_passthrough\"><div class=\"et_pb_text_9 et_pb_text et_pb_bg_layout_light et_pb_module et_block_module preset--module--divi-text--default\"><div class=\"et_pb_text_inner\"><h2>Ina Ramos - Chocolate Goracao<\/h2>\n<p>\"Goracao - Organic Chocolate Farming\" es una peque\u00f1a empresa familiar muy cercana a la Reserva Finca Curr\u00e9, en la costa caribe\u00f1a costarricense. La propietaria, Ina Ramos, y su marido, Guilio, se han propuesto combinar el cultivo ecol\u00f3gico del cacao con la protecci\u00f3n de la selva tropical en su Reserva. El concepto \"del \u00e1rbol a la barra\" significa que el cuidado, la recolecci\u00f3n y la transformaci\u00f3n de los frutos del cacao hasta el chocolate se realizan in situ, totalmente libres de pesticidas y en armon\u00eda con la naturaleza.<\/p>\n<\/div><\/div><div class=\"et_pb_module et_pb_button_module_wrapper et_pb_button_7_wrapper preset--module--divi-button--70b994c3-2b68-43f9-baa1-aee328fdc428_wrapper\"><a class=\"et_pb_button_7 et_pb_button et_pb_bg_layout_light et_pb_module et_block_module button preset--module--divi-button--70b994c3-2b68-43f9-baa1-aee328fdc428\" href=\"https:\/\/www.instagram.com\/goracao_tree_tobar\/?utm_medium=copy_link\" target=\"_blank\" rel=\"nofollow noopener\">M\u00c1S INFO<\/a><\/div><\/div><div class=\"et_pb_column_32 et_pb_column et_pb_column_1_5 et-last-child et_block_column et_pb_css_mix_blend_mode_passthrough\"><div class=\"et_pb_image_7 et_pb_image et_pb_module et_block_module\"><span class=\"et_pb_image_wrap\"><img loading=\"lazy\" decoding=\"async\" src=\"https:\/\/tropica-verde.de\/wp-content\/uploads\/2023\/02\/Goracao_Logokl.jpg\" width=\"171\" height=\"200\" class=\"wp-image-236696\" alt=\"Ina Ramos - Chocolate Goracao\" title=\"Ina Ramos - Chocolate Goracao\" \/><\/span><\/div><\/div><\/div><div class=\"et_pb_row_17 et_pb_row et_block_row\"><div class=\"et_pb_column_33 et_pb_column et_pb_column_4_4 et-last-child et_block_column et_pb_css_mix_blend_mode_passthrough\"><div class=\"et_pb_divider_7 et_pb_divider_hidden et_pb_space et_pb_divider_position_top et_pb_module\"><div class=\"et_pb_divider_internal\"><\/div><\/div><\/div><\/div><div class=\"et_pb_row_18 et_pb_row et_block_row\" id=\"yatama\"><div class=\"et_pb_column_34 et_pb_column et_pb_column_1_5 et_block_column et_pb_css_mix_blend_mode_passthrough\"><div class=\"et_pb_code_8 et_pb_code et_pb_text_align_right et_pb_module\"><div class=\"et_pb_code_inner\"><span class=\"et-pb-icon\" style=\"color:#238da2; font-size:30px\">$<\/span><\/div><\/div><\/div><div class=\"et_pb_column_35 et_pb_column et_pb_column_3_5 et_block_column et_pb_css_mix_blend_mode_passthrough\"><div class=\"et_pb_text_10 et_pb_text et_pb_bg_layout_light et_pb_module et_block_module preset--module--divi-text--default\"><div class=\"et_pb_text_inner\"><h2>Ecolodge de la selva tropical de Yatama<\/h2>\n<p>Yatama Lodge est\u00e1 a s\u00f3lo 500 metros de nuestra Reserva Kinkajou y es un albergue 100% ecol\u00f3gico. Por ejemplo, la electricidad se genera \u00edntegramente a partir de energ\u00eda solar. El propietario, Pedro M\u00e9ndez Tam, ha apoyado la labor de Tropica Verde de forma voluntaria durante muchos a\u00f1os y es un socio importante de la Reserva Kinkajou.<\/p>\n<\/div><\/div><\/div><div class=\"et_pb_column_36 et_pb_column et_pb_column_1_5 et-last-child et_block_column et_pb_css_mix_blend_mode_passthrough\"><div class=\"et_pb_image_8 et_pb_image et_pb_module et_block_module\"><span class=\"et_pb_image_wrap\"><img loading=\"lazy\" decoding=\"async\" src=\"https:\/\/tropica-verde.de\/wp-content\/uploads\/2024\/09\/YATAMA-ECOLODGE-LOGO-01.png\" width=\"2680\" height=\"3544\" class=\"wp-image-244904\" alt=\"Logotipo Yatama Ecolodge\" title=\"Logotipo Yatama Ecolodge\" \/><\/span><\/div><\/div><\/div><div class=\"et_pb_row_19 et_pb_row et_block_row\"><div class=\"et_pb_column_37 et_pb_column et_pb_column_4_4 et-last-child et_block_column et_pb_css_mix_blend_mode_passthrough\"><div class=\"et_pb_divider_8 et_pb_divider_hidden et_pb_space et_pb_divider_position_top et_pb_module\"><div class=\"et_pb_divider_internal\"><\/div><\/div><\/div><\/div><div class=\"et_pb_row_20 et_pb_row et_block_row\" id=\"cct\"><div class=\"et_pb_column_38 et_pb_column et_pb_column_1_5 et_block_column et_pb_css_mix_blend_mode_passthrough\"><div class=\"et_pb_code_9 et_pb_code et_pb_text_align_right et_pb_module\"><div class=\"et_pb_code_inner\"><span class=\"et-pb-icon\" style=\"color:#238da2; font-size:30px\">$<\/span><\/div><\/div><\/div><div class=\"et_pb_column_39 et_pb_column et_pb_column_3_5 et_block_column et_pb_css_mix_blend_mode_passthrough\"><div class=\"et_pb_text_11 et_pb_text et_pb_bg_layout_light et_pb_module et_block_module preset--module--divi-text--default\"><div class=\"et_pb_text_inner\"><h2>CCT - Centro Cent\u00edfico Tropical<\/h2>\n<p>En Costa Rica, la organizaci\u00f3n CCT est\u00e1 especializada, entre otras cosas, en el desarrollo y la conservaci\u00f3n de corredores biol\u00f3gicos. Junto con el CCT, Tropica Verde lleva m\u00e1s de 20 a\u00f1os trabajando para conservar la lapa verde conectando bosques. Tenemos una larga y fruct\u00edfera relaci\u00f3n de trabajo con el director del proyecto, Alexander Gonzales.<\/p>\n<\/div><\/div><div class=\"et_pb_module et_pb_button_module_wrapper et_pb_button_8_wrapper preset--module--divi-button--70b994c3-2b68-43f9-baa1-aee328fdc428_wrapper\"><a class=\"et_pb_button_8 et_pb_button et_pb_bg_layout_light et_pb_module et_block_module button preset--module--divi-button--70b994c3-2b68-43f9-baa1-aee328fdc428\" href=\"https:\/\/corredoresvivos.org\/\" target=\"_blank\" rel=\"nofollow noopener\">M\u00c1S INFO<\/a><\/div><\/div><div class=\"et_pb_column_40 et_pb_column et_pb_column_1_5 et-last-child et_block_column et_pb_css_mix_blend_mode_passthrough\"><div class=\"et_pb_image_9 et_pb_image et_pb_module et_block_module\"><span class=\"et_pb_image_wrap\"><img loading=\"lazy\" decoding=\"async\" src=\"https:\/\/tropica-verde.de\/wp-content\/uploads\/2023\/02\/CCT_Logo.png\" width=\"276\" height=\"276\" class=\"wp-image-236703\" title=\"CCT_Logo\" alt=\"\"><\/span><\/div><\/div><\/div><div class=\"et_pb_row_21 et_pb_row et_block_row\"><div class=\"et_pb_column_41 et_pb_column et_pb_column_4_4 et-last-child et_block_column et_pb_css_mix_blend_mode_passthrough\"><div class=\"et_pb_divider_9 et_pb_divider_hidden et_pb_space et_pb_divider_position_top et_pb_module\"><div class=\"et_pb_divider_internal\"><\/div><\/div><\/div><\/div><div class=\"et_pb_row_22 et_pb_row et_block_row\"><div class=\"et_pb_column_42 et_pb_column et_pb_column_1_5 et_block_column et_pb_css_mix_blend_mode_passthrough\"><div class=\"et_pb_code_10 et_pb_code et_pb_text_align_right et_pb_module\"><div class=\"et_pb_code_inner\"><span class=\"et-pb-icon\" style=\"color:#238da2; font-size:30px\">$<\/span><\/div><\/div><\/div><div class=\"et_pb_column_43 et_pb_column et_pb_column_3_5 et_block_column et_pb_css_mix_blend_mode_passthrough\"><div class=\"et_pb_text_12 et_pb_text et_pb_bg_layout_light et_pb_module et_block_module preset--module--divi-text--default\"><div class=\"et_pb_text_inner\"><h2>Aguilar Castillo Love - nuestro socio jur\u00eddico en Costa Rica<\/h2>\n<p>Como organizaci\u00f3n de protecci\u00f3n del medio ambiente en Costa Rica, Tropica Verde necesita un socio jur\u00eddico con coraz\u00f3n para la causa y conciencia ecol\u00f3gica. Hemos disfrutado de una relaci\u00f3n de trabajo de confianza con el socio principal John Aguilar Quesada durante m\u00e1s de 30 a\u00f1os. John nos asesora en todas las formalidades contractuales relacionadas con la conservaci\u00f3n de la naturaleza en Costa Rica.<\/p>\n<\/div><\/div><div class=\"et_pb_module et_pb_button_module_wrapper et_pb_button_9_wrapper preset--module--divi-button--70b994c3-2b68-43f9-baa1-aee328fdc428_wrapper\"><a class=\"et_pb_button_9 et_pb_button et_pb_bg_layout_light et_pb_module et_block_module button preset--module--divi-button--70b994c3-2b68-43f9-baa1-aee328fdc428\" href=\"https:\/\/www.aguilarcastillolove.com\/a-welcome-from-our-senior-partners\" target=\"_blank\" rel=\"nofollow noopener\">M\u00c1S INFO<\/a><\/div><\/div><div class=\"et_pb_column_44 et_pb_column et_pb_column_1_5 et-last-child et_block_column et_pb_column_empty et_pb_css_mix_blend_mode_passthrough\"><\/div><\/div><\/div><div class=\"et_pb_section_4 et_pb_section et_section_regular et_block_section\"><div class=\"et_pb_row_23 et_pb_row et_block_row\"><div class=\"et_pb_column_45 et_pb_column et_pb_column_4_4 et-last-child et_block_column et_pb_css_mix_blend_mode_passthrough\"><div class=\"et_pb_text_13 et_pb_text et_pb_bg_layout_light et_pb_module et_block_module preset--module--divi-text--default\"><div class=\"et_pb_text_inner\"><h2 style=\"text-align: center;\">En Alemania y Suiza<\/h2>\n<\/div><\/div><\/div><\/div><\/div><div class=\"et_pb_section_5 et_pb_section et_section_regular et_block_section\"><div class=\"et_pb_row_24 et_pb_row et_block_row\"><div class=\"et_pb_column_46 et_pb_column et_pb_column_1_5 et_block_column et_pb_css_mix_blend_mode_passthrough\"><div class=\"et_pb_code_11 et_pb_code et_pb_text_align_right et_pb_module\"><div class=\"et_pb_code_inner\"><span class=\"et-pb-icon\" style=\"color:#238da2; font-size:30px\">$<\/span><\/div><\/div><\/div><div class=\"et_pb_column_47 et_pb_column et_pb_column_3_5 et_block_column et_pb_css_mix_blend_mode_passthrough\"><div class=\"et_pb_text_14 et_pb_text et_pb_bg_layout_light et_pb_module et_block_module preset--module--divi-text--default\"><div class=\"et_pb_text_inner\"><h2>BIOFRANKFURT<\/h2>\n<h3 class=\"serif\">Red para la Biodiversidad e.V.<\/h3>\n<p>BioFrankfurt se fund\u00f3 como red en 2004. Adem\u00e1s de Tropica Verde, otras 13 instituciones pertenecen actualmente a la asociaci\u00f3n BioFrankfurt - Das Netzwerk f\u00fcr Biodiversit\u00e4t e.V. Juntos nos hemos fijado el objetivo de sensibilizar a los medios de comunicaci\u00f3n y a la opini\u00f3n p\u00fablica sobre la extraordinaria importancia de la biodiversidad y su conservaci\u00f3n. El objetivo es aunar los conocimientos y la experiencia de las distintas instituciones y lograr un \u00e9xito m\u00e1s eficaz mediante la cooperaci\u00f3n y el intercambio de informaci\u00f3n. El compromiso especial con la biodiversidad de la regi\u00f3n de Fr\u00e1ncfort en los \u00e1mbitos de la investigaci\u00f3n, la conservaci\u00f3n y la educaci\u00f3n debe posicionarse con m\u00e1s fuerza ante la opini\u00f3n p\u00fablica.<\/p>\n<\/div><\/div><div class=\"et_pb_module et_pb_button_module_wrapper et_pb_button_10_wrapper preset--module--divi-button--70b994c3-2b68-43f9-baa1-aee328fdc428_wrapper\"><a class=\"et_pb_button_10 et_pb_button et_pb_bg_layout_light et_pb_module et_block_module button preset--module--divi-button--70b994c3-2b68-43f9-baa1-aee328fdc428\" href=\"https:\/\/www.biofrankfurt.de\/\" target=\"_blank\" rel=\"nofollow noopener\">M\u00c1S INFO<\/a><\/div><\/div><div class=\"et_pb_column_48 et_pb_column et_pb_column_1_5 et-last-child et_block_column et_pb_css_mix_blend_mode_passthrough\"><div class=\"et_pb_image_10 et_pb_image et_pb_module et_block_module partnerimg\"><span class=\"et_pb_image_wrap\"><img loading=\"lazy\" decoding=\"async\" src=\"https:\/\/tropica-verde.de\/wp-content\/uploads\/2023\/01\/BioFrankfurt_Deutsch_CMYK_mittel.jpg\" width=\"2000\" height=\"715\" class=\"wp-image-236197\" title=\"BioFrankfurt_alem\u00e1n_CMYK_medio\" alt=\"\"><\/span><\/div><\/div><\/div><div class=\"et_pb_row_25 et_pb_row et_block_row\"><div class=\"et_pb_column_49 et_pb_column et_pb_column_4_4 et-last-child et_block_column et_pb_css_mix_blend_mode_passthrough\"><div class=\"et_pb_divider_10 et_pb_divider_hidden et_pb_space et_pb_divider_position_top et_pb_module\"><div class=\"et_pb_divider_internal\"><\/div><\/div><\/div><\/div><div class=\"et_pb_row_26 et_pb_row et_block_row\"><div class=\"et_pb_column_50 et_pb_column et_pb_column_1_5 et_block_column et_pb_css_mix_blend_mode_passthrough\"><div class=\"et_pb_code_12 et_pb_code et_pb_text_align_right et_pb_module\"><div class=\"et_pb_code_inner\"><span class=\"et-pb-icon\" style=\"color:#238da2; font-size:30px\">$<\/span><\/div><\/div><\/div><div class=\"et_pb_column_51 et_pb_column et_pb_column_3_5 et_block_column et_pb_css_mix_blend_mode_passthrough\"><div class=\"et_pb_text_15 et_pb_text et_pb_bg_layout_light et_pb_module et_block_module preset--module--divi-text--default\"><div class=\"et_pb_text_inner\"><h2>Red \"Aprender sostenibilidad en Fr\u00e1ncfort\"<\/h2>\n<p class=\"bodytext\">La red \"Aprender sostenibilidad en Fr\u00e1ncfort\" se cre\u00f3 para vincular a los agentes educativos con la sociedad civil y las empresas. Umweltlernen in Frankfurt e.V. lo coordina en nombre de la ciudad. Adem\u00e1s de Tropica Verde, otras organizaciones implicadas son la Autoridad de Educaci\u00f3n de la ciudad, la Agencia de Medio Ambiente, la red BioFrankfurt, varios bancos, empresas y la Asociaci\u00f3n de Protecci\u00f3n de la Infancia de Frankfurt.<\/p>\n<\/div><\/div><div class=\"et_pb_module et_pb_button_module_wrapper et_pb_button_11_wrapper preset--module--divi-button--70b994c3-2b68-43f9-baa1-aee328fdc428_wrapper\"><a class=\"et_pb_button_11 et_pb_button et_pb_bg_layout_light et_pb_module et_block_module button preset--module--divi-button--70b994c3-2b68-43f9-baa1-aee328fdc428\" href=\"http:\/\/www.bne-frankfurt.de\/bne-in-frankfurt\/\" target=\"_blank\" rel=\"nofollow noopener\">M\u00c1S INFO<\/a><\/div><\/div><div class=\"et_pb_column_52 et_pb_column et_pb_column_1_5 et-last-child et_block_column et_pb_css_mix_blend_mode_passthrough\"><div class=\"et_pb_image_11 et_pb_image et_pb_module et_block_module partnerimg\"><span class=\"et_pb_image_wrap\"><img loading=\"lazy\" decoding=\"async\" src=\"https:\/\/tropica-verde.de\/wp-content\/uploads\/2023\/05\/Netzwerk_Frankfurt.jpg\" width=\"402\" height=\"144\" class=\"wp-image-237253\" title=\"Red ESD de Fr\u00e1ncfort\" alt=\"\"><\/span><\/div><\/div><\/div><div class=\"et_pb_row_27 et_pb_row et_block_row\"><div class=\"et_pb_column_53 et_pb_column et_pb_column_4_4 et-last-child et_block_column et_pb_css_mix_blend_mode_passthrough\"><div class=\"et_pb_divider_11 et_pb_divider_hidden et_pb_space et_pb_divider_position_top et_pb_module\"><div class=\"et_pb_divider_internal\"><\/div><\/div><\/div><\/div><div class=\"et_pb_row_28 et_pb_row et_block_row\"><div class=\"et_pb_column_54 et_pb_column et_pb_column_1_5 et_block_column et_pb_css_mix_blend_mode_passthrough\"><div class=\"et_pb_code_13 et_pb_code et_pb_text_align_right et_pb_module\"><div class=\"et_pb_code_inner\"><span class=\"et-pb-icon\" style=\"color:#238da2; font-size:30px\">$<\/span><\/div><\/div><\/div><div class=\"et_pb_column_55 et_pb_column et_pb_column_3_5 et_block_column et_pb_css_mix_blend_mode_passthrough\"><div class=\"et_pb_text_16 et_pb_text et_pb_bg_layout_light et_pb_module et_block_module preset--module--divi-text--default\"><div class=\"et_pb_text_inner\"><h2>Red de Pol\u00edticas de Desarrollo de Hesse e.V. (epn Hessen)<\/h2>\n<p>La Entwicklungspolitische Netzwerk Hessen e.V. (epn Hessen) es una plataforma conjunta de acci\u00f3n y comunicaci\u00f3n de organizaciones no gubernamentales y redes de Hesse, grupos e iniciativas comprometidos con la pol\u00edtica de desarrollo y miembros patrocinadores privados. Globalmente, las organizaciones miembros apoyan el objetivo de un mundo basado en la justicia y la reciprocidad. epn Hessen y sus organizaciones miembros defienden un mundo que aspire a un desarrollo justo y anteponga una actividad econ\u00f3mica cuidadosa y sostenible a la maximizaci\u00f3n del beneficio.<\/p>\n<\/div><\/div><div class=\"et_pb_module et_pb_button_module_wrapper et_pb_button_12_wrapper preset--module--divi-button--70b994c3-2b68-43f9-baa1-aee328fdc428_wrapper\"><a class=\"et_pb_button_12 et_pb_button et_pb_bg_layout_light et_pb_module et_block_module button preset--module--divi-button--70b994c3-2b68-43f9-baa1-aee328fdc428\" href=\"https:\/\/www.epn-hessen.de\/\" target=\"_blank\" rel=\"nofollow noopener\">M\u00c1S INFO<\/a><\/div><\/div><div class=\"et_pb_column_56 et_pb_column et_pb_column_1_5 et-last-child et_block_column et_pb_css_mix_blend_mode_passthrough\"><div class=\"et_pb_image_12 et_pb_image et_pb_module et_block_module partnerimg\"><span class=\"et_pb_image_wrap\"><img loading=\"lazy\" decoding=\"async\" src=\"https:\/\/tropica-verde.de\/wp-content\/uploads\/2023\/05\/epn_logo.jpg\" width=\"670\" height=\"186\" class=\"wp-image-237258\" title=\"logotipo epn\" alt=\"\"><\/span><\/div><\/div><\/div><div class=\"et_pb_row_29 et_pb_row et_block_row\"><div class=\"et_pb_column_57 et_pb_column et_pb_column_4_4 et-last-child et_block_column et_pb_css_mix_blend_mode_passthrough\"><div class=\"et_pb_divider_12 et_pb_divider_hidden et_pb_space et_pb_divider_position_top et_pb_module\"><div class=\"et_pb_divider_internal\"><\/div><\/div><\/div><\/div><div class=\"et_pb_row_30 et_pb_row et_block_row\"><div class=\"et_pb_column_58 et_pb_column et_pb_column_1_5 et_block_column et_pb_css_mix_blend_mode_passthrough\"><div class=\"et_pb_code_14 et_pb_code et_pb_text_align_right et_pb_module\"><div class=\"et_pb_code_inner\"><span class=\"et-pb-icon\" style=\"color:#238da2; font-size:30px\">$<\/span><\/div><\/div><\/div><div class=\"et_pb_column_59 et_pb_column et_pb_column_3_5 et_block_column et_pb_css_mix_blend_mode_passthrough\"><div class=\"et_pb_text_17 et_pb_text et_pb_bg_layout_light et_pb_module et_block_module preset--module--divi-text--default\"><div class=\"et_pb_text_inner\"><h2>Centro Medioambiental de Hanau<\/h2>\n<h3 class=\"serif\">El Centro Medioambiental de Hanau apoya a socios escolares y no escolares en su camino hacia la sostenibilidad.<\/h3>\n<p>Para ello es necesario comprender las interrelaciones entre las ciencias naturales, econ\u00f3micas y sociales. El objetivo final es reforzar la capacidad de actuar mediante procesos educativos para poder tomar mejores decisiones en el propio entorno vital. En colaboraci\u00f3n con el Centro Medioambiental de Hanau, Tropica Verde ha desarrollado el m\u00f3dulo educativo sobre el tema del \"ciclo del agua\". Se ofrece para escuelas primarias y guarder\u00edas.<\/p>\n<\/div><\/div><div class=\"et_pb_module et_pb_button_module_wrapper et_pb_button_13_wrapper preset--module--divi-button--70b994c3-2b68-43f9-baa1-aee328fdc428_wrapper\"><a class=\"et_pb_button_13 et_pb_button et_pb_bg_layout_light et_pb_module et_block_module button preset--module--divi-button--70b994c3-2b68-43f9-baa1-aee328fdc428\" href=\"https:\/\/www.hanau.de\/vielfalt-leben\/bildung\/umweltzentrum\/index.html\" target=\"_blank\" rel=\"nofollow noopener\">M\u00c1S INFO<\/a><\/div><\/div><div class=\"et_pb_column_60 et_pb_column et_pb_column_1_5 et-last-child et_block_column et_pb_css_mix_blend_mode_passthrough\"><div class=\"et_pb_image_13 et_pb_image et_pb_module et_block_module partnerimg\"><span class=\"et_pb_image_wrap\"><img loading=\"lazy\" decoding=\"async\" src=\"https:\/\/tropica-verde.de\/wp-content\/uploads\/2023\/01\/UWZ-Logo-Nachhaltigkeit_mit-Schriftzug_copyright_Stadt-Hanau-scaled.jpg\" width=\"2560\" height=\"1115\" class=\"wp-image-236208\" title=\"Logotipo UWZ Sostenibilidad_con_letras_copyright_Ciudad de Hanau\" alt=\"\"><\/span><\/div><\/div><\/div><div class=\"et_pb_row_31 et_pb_row et_block_row\"><div class=\"et_pb_column_61 et_pb_column et_pb_column_4_4 et-last-child et_block_column et_pb_css_mix_blend_mode_passthrough\"><div class=\"et_pb_divider_13 et_pb_divider_hidden et_pb_space et_pb_divider_position_top et_pb_module\"><div class=\"et_pb_divider_internal\"><\/div><\/div><\/div><\/div><div class=\"et_pb_row_32 et_pb_row et_block_row\"><div class=\"et_pb_column_62 et_pb_column et_pb_column_1_5 et_block_column et_pb_css_mix_blend_mode_passthrough\"><div class=\"et_pb_code_15 et_pb_code et_pb_text_align_right et_pb_module\"><div class=\"et_pb_code_inner\"><span class=\"et-pb-icon\" style=\"color:#238da2; font-size:30px\">$<\/span><\/div><\/div><\/div><div class=\"et_pb_column_63 et_pb_column et_pb_column_3_5 et_block_column et_pb_css_mix_blend_mode_passthrough\"><div class=\"et_pb_text_18 et_pb_text et_pb_bg_layout_light et_pb_module et_block_module preset--module--divi-text--default\"><div class=\"et_pb_text_inner\"><h2>FAUNITY PHOTOGRAPHY<\/h2>\n<h3 class=\"serif\">Stefan Rother es el fot\u00f3grafo detr\u00e1s de Faunity Photography.<\/h3>\n<p>Como bi\u00f3logo y miembro de Tropica Verde desde hace muchos a\u00f1os, conoce a la perfecci\u00f3n la selva tropical de Costa Rica. Su programa tambi\u00e9n incluye reportajes en directo sobre el tema \"Biodiversidad y protecci\u00f3n de las selvas tropicales\". Las interrelaciones se explican de forma comprensible y se ense\u00f1a, sobre todo a los ni\u00f1os, la fascinaci\u00f3n que ejerce la naturaleza. Las fotos y reportajes de Stefan se producen a menudo en colaboraci\u00f3n con Tropica Verde.<\/p>\n<\/div><\/div><div class=\"et_pb_module et_pb_button_module_wrapper et_pb_button_14_wrapper preset--module--divi-button--70b994c3-2b68-43f9-baa1-aee328fdc428_wrapper\"><a class=\"et_pb_button_14 et_pb_button et_pb_bg_layout_light et_pb_module et_block_module button preset--module--divi-button--70b994c3-2b68-43f9-baa1-aee328fdc428\" href=\"https:\/\/www.faunity.ch\/\" target=\"_blank\" rel=\"nofollow noopener\">M\u00c1S INFO<\/a><\/div><\/div><div class=\"et_pb_column_64 et_pb_column et_pb_column_1_5 et-last-child et_block_column et_pb_css_mix_blend_mode_passthrough\"><div class=\"et_pb_image_14 et_pb_image et_pb_module et_block_module\"><span class=\"et_pb_image_wrap\"><img loading=\"lazy\" decoding=\"async\" src=\"https:\/\/tropica-verde.de\/wp-content\/uploads\/2023\/01\/Faunity-Stefan-Rother.png\" width=\"800\" height=\"206\" class=\"wp-image-236213\" title=\"Faunity-Stefan-Rother\" alt=\"\"><\/span><\/div><\/div><\/div><div class=\"et_pb_row_33 et_pb_row et_block_row\"><div class=\"et_pb_column_65 et_pb_column et_pb_column_4_4 et-last-child et_block_column et_pb_css_mix_blend_mode_passthrough\"><div class=\"et_pb_divider_14 et_pb_divider_hidden et_pb_space et_pb_divider_position_top et_pb_module\"><div class=\"et_pb_divider_internal\"><\/div><\/div><\/div><\/div><div class=\"et_pb_row_34 et_pb_row et_block_row\"><div class=\"et_pb_column_66 et_pb_column et_pb_column_1_5 et_block_column et_pb_css_mix_blend_mode_passthrough\"><div class=\"et_pb_code_16 et_pb_code et_pb_text_align_right et_pb_module\"><div class=\"et_pb_code_inner\"><span class=\"et-pb-icon\" style=\"color:#238da2; font-size:30px\">$<\/span><\/div><\/div><\/div><div class=\"et_pb_column_67 et_pb_column et_pb_column_3_5 et_block_column et_pb_css_mix_blend_mode_passthrough\"><div class=\"et_pb_text_19 et_pb_text et_pb_bg_layout_light et_pb_module et_block_module preset--module--divi-text--default\"><div class=\"et_pb_text_inner\"><h2>BOTAS VERDES<\/h2>\n<p>GREEN BOOTS es una organizaci\u00f3n joven suiza que apoya proyectos locales de conservaci\u00f3n de la selva tropical, acerca a la poblaci\u00f3n suiza al ecosistema de la selva tropical y a su importancia, y se compromete pol\u00edticamente por una mayor protecci\u00f3n de la selva tropical en Suiza y en los pa\u00edses con selva tropical. La filosof\u00eda de GREEN BOOTS y Tropica Verde es muy similar en cuanto a la protecci\u00f3n de los bosques con estrechos v\u00ednculos con la poblaci\u00f3n local y la educaci\u00f3n medioambiental. Tropica Verde y GREEN BOOTS organizan peri\u00f3dicamente actos conjuntos de educaci\u00f3n medioambiental en Suiza.<\/p>\n<\/div><\/div><div class=\"et_pb_module et_pb_button_module_wrapper et_pb_button_15_wrapper preset--module--divi-button--70b994c3-2b68-43f9-baa1-aee328fdc428_wrapper\"><a class=\"et_pb_button_15 et_pb_button et_pb_bg_layout_light et_pb_module et_block_module button preset--module--divi-button--70b994c3-2b68-43f9-baa1-aee328fdc428\" href=\"https:\/\/www.green-boots.ch\/\" target=\"_blank\" rel=\"nofollow noopener\">M\u00c1S INFO<\/a><\/div><\/div><div class=\"et_pb_column_68 et_pb_column et_pb_column_1_5 et-last-child et_block_column et_pb_css_mix_blend_mode_passthrough\"><div class=\"et_pb_image_15 et_pb_image et_pb_module et_block_module\"><span class=\"et_pb_image_wrap\"><img loading=\"lazy\" decoding=\"async\" src=\"https:\/\/tropica-verde.de\/wp-content\/uploads\/2023\/05\/Logo_Green_Boots_High_mit_Rahmen.png\" width=\"8384\" height=\"8384\" class=\"wp-image-237641\" title=\"Logo_Botas_Verdes_Altas_con_Cuadro\" alt=\"\"><\/span><\/div><\/div><\/div><div class=\"et_pb_row_35 et_pb_row et_block_row\"><div class=\"et_pb_column_69 et_pb_column et_pb_column_4_4 et-last-child et_block_column et_pb_css_mix_blend_mode_passthrough\"><div class=\"et_pb_divider_15 et_pb_divider_hidden et_pb_space et_pb_divider_position_top et_pb_module\"><div class=\"et_pb_divider_internal\"><\/div><\/div><\/div><\/div><div class=\"et_pb_row_36 et_pb_row et_block_row\"><div class=\"et_pb_column_70 et_pb_column et_pb_column_1_5 et_block_column et_pb_css_mix_blend_mode_passthrough\"><div class=\"et_pb_code_17 et_pb_code et_pb_text_align_right et_pb_module\"><div class=\"et_pb_code_inner\"><span class=\"et-pb-icon\" style=\"color:#238da2; font-size:30px\">$<\/span><\/div><\/div><\/div><div class=\"et_pb_column_71 et_pb_column et_pb_column_3_5 et_block_column et_pb_css_mix_blend_mode_passthrough\"><div class=\"et_pb_text_20 et_pb_text et_pb_bg_layout_light et_pb_module et_block_module preset--module--divi-text--default\"><div class=\"et_pb_text_inner\"><h2>Caf\u00e9 Don Roberto<\/h2>\n<p>Don Roberto produce caf\u00e9 de Costa Rica respetuoso con el medio ambiente. Junto con Don Roberto, hemos lanzado una edici\u00f3n de conservaci\u00f3n de este delicioso caf\u00e9. Por cada paquete de caf\u00e9 Tropica Verde vendido, se donan 2 euros a proyectos de protecci\u00f3n del guacamayo soldado.<\/p>\n<\/div><\/div><div class=\"et_pb_module et_pb_button_module_wrapper et_pb_button_16_wrapper preset--module--divi-button--70b994c3-2b68-43f9-baa1-aee328fdc428_wrapper\"><a class=\"et_pb_button_16 et_pb_button et_pb_bg_layout_light et_pb_module et_block_module button preset--module--divi-button--70b994c3-2b68-43f9-baa1-aee328fdc428\" href=\"https:\/\/donrobertocoffee.com\/tropica-verde-e-v\/\" target=\"_blank\" rel=\"nofollow noopener\">M\u00c1S INFO<\/a><\/div><\/div><div class=\"et_pb_column_72 et_pb_column et_pb_column_1_5 et-last-child et_block_column et_pb_css_mix_blend_mode_passthrough\"><div class=\"et_pb_image_16 et_pb_image et_pb_module et_block_module\"><span class=\"et_pb_image_wrap\"><img loading=\"lazy\" decoding=\"async\" src=\"https:\/\/tropica-verde.de\/wp-content\/uploads\/2023\/05\/Kaffee_Logo.png\" width=\"730\" height=\"727\" class=\"wp-image-237612\" title=\"Logo_caf\u00e9\" alt=\"\"><\/span><\/div><\/div><\/div><div class=\"et_pb_row_37 et_pb_row et_block_row\"><div class=\"et_pb_column_73 et_pb_column et_pb_column_4_4 et-last-child et_block_column et_pb_css_mix_blend_mode_passthrough\"><div class=\"et_pb_divider_16 et_pb_divider_hidden et_pb_space et_pb_divider_position_top et_pb_module\"><div class=\"et_pb_divider_internal\"><\/div><\/div><\/div><\/div><div class=\"et_pb_row_38 et_pb_row et_block_row\"><div class=\"et_pb_column_74 et_pb_column et_pb_column_1_5 et_block_column et_pb_css_mix_blend_mode_passthrough\"><div class=\"et_pb_code_18 et_pb_code et_pb_text_align_right et_pb_module\"><div class=\"et_pb_code_inner\"><span class=\"et-pb-icon\" style=\"color:#238da2; font-size:30px\">$<\/span><\/div><\/div><\/div><div class=\"et_pb_column_75 et_pb_column et_pb_column_3_5 et_block_column et_pb_css_mix_blend_mode_passthrough\"><div class=\"et_pb_text_21 et_pb_text et_pb_bg_layout_light et_pb_module et_block_module preset--module--divi-text--default\"><div class=\"et_pb_text_inner\"><h2>Red de Papel Medioambiental<\/h2>\n<p>La Red Medioambiental del Papel (EPN) es una red mundial de m\u00e1s de 150 organizaciones de la sociedad civil que trabajan juntas en la \"Visi\u00f3n Mundial del Papel\". Esta visi\u00f3n expresa nuestro objetivo compartido de provocar un cambio en la industria de la pasta y el papel y en la sociedad para que la producci\u00f3n y el uso del papel contribuyan a un futuro limpio, saludable, justo y sostenible para toda la vida en la Tierra. <\/p>\n<\/div><\/div><div class=\"et_pb_module et_pb_button_module_wrapper et_pb_button_17_wrapper preset--module--divi-button--70b994c3-2b68-43f9-baa1-aee328fdc428_wrapper\"><a class=\"et_pb_button_17 et_pb_button et_pb_bg_layout_light et_pb_module et_block_module button preset--module--divi-button--70b994c3-2b68-43f9-baa1-aee328fdc428\" href=\"https:\/\/environmentalpaper.org\/\" target=\"_blank\" rel=\"nofollow noopener\">M\u00c1S INFO<\/a><\/div><\/div><div class=\"et_pb_column_76 et_pb_column et_pb_column_1_5 et-last-child et_block_column et_pb_css_mix_blend_mode_passthrough\"><div class=\"et_pb_image_17 et_pb_image et_pb_module et_block_module\"><span class=\"et_pb_image_wrap\"><img loading=\"lazy\" decoding=\"async\" src=\"https:\/\/tropica-verde.de\/wp-content\/uploads\/2024\/08\/EPN_Logo_cmyk.jpg\" width=\"1350\" height=\"265\" class=\"wp-image-244776\" alt=\"Logotipo de la Red de Papel Medioambiental\" title=\"Logotipo de la Red de Papel Medioambiental\" \/><\/span><\/div><\/div><\/div><div class=\"et_pb_row_39 et_pb_row et_block_row\"><div class=\"et_pb_column_77 et_pb_column et_pb_column_4_4 et-last-child et_block_column et_pb_css_mix_blend_mode_passthrough\"><div class=\"et_pb_divider_17 et_pb_divider_hidden et_pb_space et_pb_divider_position_top et_pb_module\"><div class=\"et_pb_divider_internal\"><\/div><\/div><\/div><\/div><div class=\"et_pb_row_40 et_pb_row et_block_row\" id=\"#ruemhart\"><div class=\"et_pb_column_78 et_pb_column et_pb_column_1_5 et_block_column et_pb_css_mix_blend_mode_passthrough\"><div class=\"et_pb_code_19 et_pb_code et_pb_text_align_right et_pb_module\"><div class=\"et_pb_code_inner\"><span class=\"et-pb-icon\" style=\"color:#238da2; font-size:30px\">$<\/span><\/div><\/div><\/div><div class=\"et_pb_column_79 et_pb_column et_pb_column_3_5 et_block_column et_pb_css_mix_blend_mode_passthrough\"><div class=\"et_pb_text_22 et_pb_text et_pb_bg_layout_light et_pb_module et_block_module preset--module--divi-text--default\"><div class=\"et_pb_text_inner\"><h2>Fundaci\u00f3n R\u00fcm Hart de la familia Janssen<\/h2>\n<p>Esta peque\u00f1a fundaci\u00f3n familiar con sede en Hamburgo est\u00e1 comprometida con la protecci\u00f3n del medio ambiente y los animales. Se sabe que los h\u00e1bitats naturales est\u00e1n amenazados y en declive en todas partes. El cambio clim\u00e1tico tambi\u00e9n est\u00e1 contribuyendo a la amenaza a la biodiversidad. Su motivaci\u00f3n es que nosotros -las personas que vivimos ahora- a\u00fan podemos marcar la diferencia y salvar la biodiversidad. La Fundaci\u00f3n R\u00fcm Hart permite a la familia Janssen desarrollar y poner en pr\u00e1ctica sus propios proyectos de educaci\u00f3n medioambiental y protecci\u00f3n de la biodiversidad. R\u00fcm Hart es fris\u00f3n y significa \"coraz\u00f3n amplio\". Al mismo tiempo, tambi\u00e9n es una referencia a la tierra natal de la familia en el norte de Alemania. En concreto, la fundaci\u00f3n apoya la educaci\u00f3n medioambiental de Tropica Verde en la regi\u00f3n del Caribe.       <\/p>\n<\/div><\/div><div class=\"et_pb_module et_pb_button_module_wrapper et_pb_button_18_wrapper preset--module--divi-button--70b994c3-2b68-43f9-baa1-aee328fdc428_wrapper\"><a class=\"et_pb_button_18 et_pb_button et_pb_bg_layout_light et_pb_module et_block_module button preset--module--divi-button--70b994c3-2b68-43f9-baa1-aee328fdc428\" href=\"https:\/\/stiftung-ruem-hart.de\/\" target=\"_blank\" rel=\"nofollow noopener\">M\u00c1S INFO<\/a><\/div><\/div><div class=\"et_pb_column_80 et_pb_column et_pb_column_1_5 et-last-child et_block_column et_pb_css_mix_blend_mode_passthrough\"><div class=\"et_pb_image_18 et_pb_image et_pb_module et_block_module\"><span class=\"et_pb_image_wrap\"><img loading=\"lazy\" decoding=\"async\" src=\"https:\/\/tropica-verde.de\/wp-content\/uploads\/2025\/02\/Logo-Ruem-Hart-Stiftung.png\" width=\"946\" height=\"411\" class=\"wp-image-246587\" alt=\"Logotipo de la Fundaci\u00f3n R\u00fcm Hart\" title=\"La Fundaci\u00f3n R\u00fcm Hart apoya nuestros proyectos en la selva tropical\" \/><\/span><\/div><\/div><\/div><\/div>\n","protected":false},"excerpt":{"rendered":"<p>\u279c SOCIO EN COSTA RICA: Junto con las organizaciones locales, Tropica Verde se compromete con la conservaci\u00f3n de la selva tropical &#x2714;&#xfe0f; Biodiversidad &#x2714;&#xfe0f; Educaci\u00f3n medioambiental &#x2714;&#xfe0f;<\/p>\n","protected":false},"author":10,"featured_media":236721,"parent":0,"menu_order":28,"comment_status":"closed","ping_status":"closed","template":"","meta":{"inline_featured_image":false,"footnotes":""},"class_list":["post-238987","page","type-page","status-publish","has-post-thumbnail","hentry"],"_links":{"self":[{"href":"https:\/\/tropica-verde.de\/es\/wp-json\/wp\/v2\/pages\/238987","targetHints":{"allow":["GET"]}}],"collection":[{"href":"https:\/\/tropica-verde.de\/es\/wp-json\/wp\/v2\/pages"}],"about":[{"href":"https:\/\/tropica-verde.de\/es\/wp-json\/wp\/v2\/types\/page"}],"author":[{"embeddable":true,"href":"https:\/\/tropica-verde.de\/es\/wp-json\/wp\/v2\/users\/10"}],"replies":[{"embeddable":true,"href":"https:\/\/tropica-verde.de\/es\/wp-json\/wp\/v2\/comments?post=238987"}],"version-history":[{"count":57,"href":"https:\/\/tropica-verde.de\/es\/wp-json\/wp\/v2\/pages\/238987\/revisions"}],"predecessor-version":[{"id":252687,"href":"https:\/\/tropica-verde.de\/es\/wp-json\/wp\/v2\/pages\/238987\/revisions\/252687"}],"wp:featuredmedia":[{"embeddable":true,"href":"https:\/\/tropica-verde.de\/es\/wp-json\/wp\/v2\/media\/236721"}],"wp:attachment":[{"href":"https:\/\/tropica-verde.de\/es\/wp-json\/wp\/v2\/media?parent=238987"}],"curies":[{"name":"wp","href":"https:\/\/api.w.org\/{rel}","templated":true}]}}