{"id":4042,"date":"2017-03-30T08:37:27","date_gmt":"2017-03-30T08:37:27","guid":{"rendered":"https:\/\/www.tropica-verde.de\/reserva-finca-curre\/"},"modified":"2025-01-12T00:04:35","modified_gmt":"2025-01-11T22:04:35","slug":"reserva-finca-curre","status":"publish","type":"page","link":"https:\/\/tropica-verde.de\/en\/projekte\/reserva-finca-curre\/","title":{"rendered":"Finca Curr\u00e9"},"content":{"rendered":"<p>[et_pb_section fb_built=&#8221;1&#8243; fullwidth=&#8221;on&#8221; _builder_version=&#8221;4.16&#8243; _module_preset=&#8221;default&#8221; min_height_tablet=&#8221;&#8221; min_height_phone=&#8221;&#8221; min_height_last_edited=&#8221;on|phone&#8221; saved_tabs=&#8221;all&#8221; global_colors_info=&#8221;{}&#8221;][et_pb_fullwidth_header title=&#8221;RESERVA FINCA CURR\u00c9&#8221; subhead=&#8221;Protecting the primary forest on the Caribbean coast&#8221; _builder_version=&#8221;4.23.1&#8243; _module_preset=&#8221;default&#8221; title_font=&#8221;|800|||||||&#8221; title_font_size=&#8221;70px&#8221; title_line_height=&#8221;0.8em&#8221; subhead_font=&#8221;Source Serif Pro Semibold||||||||&#8221; subhead_font_size=&#8221;36px&#8221; subhead_line_height=&#8221;1.2em&#8221; background_color=&#8221;rgba(0,13,53,0.24)&#8221; background_image=&#8221;https:\/\/tropica-verde.de\/wp-content\/uploads\/2022\/08\/finca_curre_bg.jpg&#8221; background_position=&#8221;top_center&#8221; background_vertical_offset=&#8221;30%&#8221; background_blend=&#8221;multiply&#8221; transform_translate_linked=&#8221;off&#8221; min_height=&#8221;464px&#8221; min_height_tablet=&#8221;&#8221; min_height_phone=&#8221;&#8221; min_height_last_edited=&#8221;on|desktop&#8221; custom_margin=&#8221;||||false|false&#8221; custom_padding=&#8221;180px||||false|false&#8221; custom_padding_tablet=&#8221;60px||||false|false&#8221; custom_padding_phone=&#8221;||||false|false&#8221; custom_padding_last_edited=&#8221;on|tablet&#8221; title_font_size_tablet=&#8221;56px&#8221; title_font_size_phone=&#8221;43px&#8221; title_font_size_last_edited=&#8221;on|desktop&#8221; subhead_font_size_tablet=&#8221;30px&#8221; subhead_font_size_phone=&#8221;24px&#8221; subhead_font_size_last_edited=&#8221;on|phone&#8221; global_colors_info=&#8221;{}&#8221;][\/et_pb_fullwidth_header][\/et_pb_section][et_pb_section fb_built=&#8221;1&#8243; custom_padding_last_edited=&#8221;on|tablet&#8221; _builder_version=&#8221;4.23.1&#8243; _module_preset=&#8221;default&#8221; background_color=&#8221;#C2DBE0&#8243; custom_padding=&#8221;100px||100px||false|false&#8221; custom_padding_tablet=&#8221;50px||50px||false|false&#8221; custom_padding_phone=&#8221;50px||50px||false|false&#8221; global_colors_info=&#8221;{}&#8221;][et_pb_row column_structure=&#8221;1_2,1_2&#8243; _builder_version=&#8221;4.23.1&#8243; _module_preset=&#8221;default&#8221; custom_padding=&#8221;0px||0px||false|false&#8221; global_colors_info=&#8221;{}&#8221;][et_pb_column type=&#8221;1_2&#8243; _builder_version=&#8221;4.16&#8243; _module_preset=&#8221;default&#8221; global_colors_info=&#8221;{}&#8221;][et_pb_text _builder_version=&#8221;4.23.1&#8243; _module_preset=&#8221;default&#8221; header_text_color=&#8221;#006B46&#8243; header_2_font=&#8221;|700|||||||&#8221; header_2_text_color=&#8221;#006B46&#8243; header_2_font_size=&#8221;36px&#8221; header_2_font_size_tablet=&#8221;30px&#8221; header_2_font_size_phone=&#8221;24px&#8221; header_2_font_size_last_edited=&#8221;on|phone&#8221; global_colors_info=&#8221;{}&#8221;]<\/p>\n<h2>Urban sprawl and land speculation threaten remaining primary forests<\/h2>\n<p>[\/et_pb_text][\/et_pb_column][et_pb_column type=&#8221;1_2&#8243; _builder_version=&#8221;4.16&#8243; _module_preset=&#8221;default&#8221; global_colors_info=&#8221;{}&#8221;][et_pb_text _builder_version=&#8221;4.16&#8243; _module_preset=&#8221;default&#8221; global_colors_info=&#8221;{}&#8221;]On the southern Caribbean coast of Costa Rica, tourism has developed more and more since 2010, with the result that road and building construction, deforestation and fragmentation of intact forest areas have taken on enormous proportions. In addition, small forest plots are for sale everywhere, where retirees and emigrants are creating their own little paradises &#8211; at the expense of previously intact forests.[\/et_pb_text][\/et_pb_column][\/et_pb_row][\/et_pb_section][et_pb_section fb_built=&#8221;1&#8243; custom_padding_last_edited=&#8221;on|desktop&#8221; _builder_version=&#8221;4.23.1&#8243; _module_preset=&#8221;default&#8221; custom_padding=&#8221;70px||70px||false|false&#8221; custom_padding_tablet=&#8221;20px||20px||false|false&#8221; custom_padding_phone=&#8221;20px||20px||false|false&#8221; global_colors_info=&#8221;{}&#8221;][et_pb_row column_structure=&#8221;1_2,1_2&#8243; _builder_version=&#8221;4.23.1&#8243; _module_preset=&#8221;default&#8221; custom_css_main_element=&#8221;display: flex;||align-items: center;&#8221; global_colors_info=&#8221;{}&#8221; custom_css_main_element_last_edited=&#8221;on|tablet&#8221; custom_css_main_element_tablet=&#8221;display: flex;||flex-direction: column-reverse;&#8221; custom_css_main_element_phone=&#8221;display: flex;||flex-direction: column-reverse;&#8221;][et_pb_column type=&#8221;1_2&#8243; _builder_version=&#8221;4.16&#8243; _module_preset=&#8221;default&#8221; global_colors_info=&#8221;{}&#8221;][et_pb_text _builder_version=&#8221;4.16&#8243; _module_preset=&#8221;default&#8221; global_colors_info=&#8221;{}&#8221;]<\/p>\n<p>Tropica Verde has been protecting a unique primary forest, the Reserva Finca Curr\u00e9, which is several hundred years old, in this rapidly developing region since 1991. Part of this forest has been integrated into the neighboring &#8220;Kek\u00f6ldi forest&#8221; of the local indigenous population. Kek\u00f6ldi is one of the indigenous communities of Cost Rica from the Bribri tribe. Today, Finca Curr\u00e9, which covers almost 100 hectares, represents an important forest link &#8211; a so-called biological corridor &#8211; between the Kek\u00f6ldi area and the Gandoca-Manzanillo wildlife reserve. <span role=\"presentation\" dir=\"ltr\">Tropica Verde works together with <a href=\"https:\/\/tropica-verde.de\/en\/projekte\/sea-turtles-in-gandoca\/\">COASTS<\/a> to protect the sea turtles in Gandoca. <\/span> <\/p>\n<p>Biological corridors are particularly vital for larger mammals such as the tapir and jaguar. Jaguars, for example, have hunting areas of 50 &#8211; 100 km\u00b2 in size and require connected forest areas. Such biocorridors are also extremely important for the genetic stability of animal populations, and not only in <a href=\"https:\/\/tropica-verde.de\/en\/rainforest-protection\/regenwaldschutz-2\/\">tropical rainforests<\/a>. Poaching and illegal logging are unfortunately commonplace in the region today. The pressure on these coastal rainforests is high and only through neighborly networks, links with existing conservation reserves, <a href=\"https:\/\/tropica-verde.de\/en\/umweltbildung-3\/#umweltbildung_costa_rica\">continuous environmental education<\/a> in schools and guided tours for nature lovers as well as the integration of committed local people does this type of forest with its high biodiversity have a chance of survival.  <\/p>\n<p>[\/et_pb_text][\/et_pb_column][et_pb_column type=&#8221;1_2&#8243; _builder_version=&#8221;4.23.1&#8243; _module_preset=&#8221;default&#8221; custom_padding=&#8221;||0px||false|false&#8221; custom_padding_tablet=&#8221;||30px||false|false&#8221; custom_padding_phone=&#8221;||30px||false|false&#8221; custom_padding_last_edited=&#8221;on|desktop&#8221; global_colors_info=&#8221;{}&#8221;][et_pb_image src=&#8221;https:\/\/tropica-verde.de\/wp-content\/uploads\/2022\/09\/Finca_Curre_Erdbeerfrosch2.jpg&#8221; alt=&#8221;Strawberry frog from the poison dart frog family&#8221; title_text=&#8221;Strawberry frog from the poison dart frog family&#8221; admin_label=&#8221;Erdbeerfrosch&#8221; _builder_version=&#8221;4.16&#8243; _module_preset=&#8221;default&#8221; global_colors_info=&#8221;{}&#8221;][\/et_pb_image][\/et_pb_column][\/et_pb_row][\/et_pb_section][et_pb_section fb_built=&#8221;1&#8243; custom_padding_last_edited=&#8221;on|tablet&#8221; _builder_version=&#8221;4.23.1&#8243; _module_preset=&#8221;default&#8221; background_color=&#8221;#B6D79F&#8221; custom_padding=&#8221;100px||100px||false|false&#8221; custom_padding_tablet=&#8221;50px||50px||false|false&#8221; custom_padding_phone=&#8221;50px||50px||false|false&#8221; global_colors_info=&#8221;{}&#8221;][et_pb_row _builder_version=&#8221;4.23.1&#8243; _module_preset=&#8221;default&#8221; width=&#8221;65%&#8221; width_tablet=&#8221;&#8221; width_phone=&#8221;&#8221; width_last_edited=&#8221;on|desktop&#8221; custom_padding=&#8221;0px||0px||true|false&#8221; global_colors_info=&#8221;{}&#8221;][et_pb_column type=&#8221;4_4&#8243; _builder_version=&#8221;4.16&#8243; _module_preset=&#8221;default&#8221; global_colors_info=&#8221;{}&#8221;][et_pb_text _builder_version=&#8221;4.23.1&#8243; _module_preset=&#8221;default&#8221; link_text_color=&#8221;#FFFFFF&#8221; header_font=&#8221;|600|||||||&#8221; header_text_color=&#8221;#105427&#8243; header_2_font=&#8221;|700|||||||&#8221; header_2_font_size=&#8221;40px&#8221; header_2_line_height=&#8221;1.1em&#8221; global_colors_info=&#8221;{}&#8221;]<\/p>\n<h2 style=\"text-align: left;\"><span role=\"presentation\" dir=\"ltr\">ASOGUABO: Guardian of the forest in the southern Caribbean<\/span><br role=\"presentation\"><span role=\"presentation\" dir=\"ltr\"><\/span><\/h2>\n<p><span role=\"presentation\" dir=\"ltr\">The region of the southern Caribbean of Costa Rica impresses with its enormous biodiversity: here you will find trees up to 300 years old and 50 meters high, beautiful year-round flowering plants, monkeys, jaguars, tapirs, green macaws and, on the coasts, mangroves and sea turtles, to name but a few. While the indigenous inhabitants and newcomers used to live in harmony with this nature, the threats posed by infrastructure, including road construction, have increased once again in recent years. Many local residents are fighting back!  <br role=\"presentation\">Tropica Verde has been protecting the primary forest on Finca Curr\u00e9 since 1991 and is committed to cooperation between various stakeholders in the region. The owners of the land around Finca Curr\u00e9 joined forces with like-minded neighbors many years ago as &#8220;guardians of the forest&#8221;. The association ASOGUABO (Asociaci\u00f3n de los Guardianes del Bosque) was then founded in October 2023. In total, over 200 hectares on these neighboring properties are under protection. And the number is growing.      <\/span><\/p>\n<p>You can find out more about ASOGUABO, the origins and development of the association in this report <a href=\"https:\/\/tropica-verde.de\/en\/asoguabo-the-roads-that-separate-the-biological-corridor\/\">Southern Caribbean &#8211; the roads that separate the biological corridor<\/a><\/p>\n<p>[\/et_pb_text][\/et_pb_column][\/et_pb_row][\/et_pb_section][et_pb_section fb_built=&#8221;1&#8243; _builder_version=&#8221;4.16&#8243; _module_preset=&#8221;default&#8221; custom_padding=&#8221;2px||4px|||&#8221; global_colors_info=&#8221;{}&#8221;][et_pb_row _builder_version=&#8221;4.16&#8243; _module_preset=&#8221;default&#8221; custom_padding=&#8221;3px|||||&#8221; global_colors_info=&#8221;{}&#8221;][et_pb_column type=&#8221;4_4&#8243; _builder_version=&#8221;4.16&#8243; _module_preset=&#8221;default&#8221; global_colors_info=&#8221;{}&#8221;][et_pb_divider show_divider=&#8221;off&#8221; _builder_version=&#8221;4.16&#8243; _module_preset=&#8221;default&#8221; global_colors_info=&#8221;{}&#8221;][\/et_pb_divider][\/et_pb_column][\/et_pb_row][\/et_pb_section][et_pb_section fb_built=&#8221;1&#8243; use_custom_gutter=&#8221;on&#8221; gutter_width=&#8221;1&#8243; specialty=&#8221;on&#8221; padding_top_1=&#8221;0px&#8221; padding_bottom_1=&#8221;0px&#8221; admin_label=&#8221;Image Gallery Section&#8221; module_class=&#8221; et_pb_specialty_fullwidth&#8221; _builder_version=&#8221;4.16&#8243; inner_width=&#8221;100%&#8221; inner_width_tablet=&#8221;100%&#8221; inner_width_phone=&#8221;&#8221; inner_width_last_edited=&#8221;on|desktop&#8221; inner_max_width=&#8221;100%&#8221; inner_max_width_tablet=&#8221;100%&#8221; inner_max_width_phone=&#8221;&#8221; inner_max_width_last_edited=&#8221;on|desktop&#8221; custom_padding=&#8221;0px|0px|0px|0px&#8221; make_fullwidth=&#8221;on&#8221; global_colors_info=&#8221;{}&#8221;][et_pb_column type=&#8221;1_2&#8243; _builder_version=&#8221;4.16&#8243; custom_padding=&#8221;|||&#8221; global_colors_info=&#8221;{}&#8221; custom_padding__hover=&#8221;|||&#8221;][et_pb_image src=&#8221;https:\/\/tropica-verde.de\/wp-content\/uploads\/2022\/08\/Schlafendes_Faultier6-1.jpg&#8221; alt=&#8221;Sloths are typical inhabitants of the Caribbean coastal rainforest. Here, as so often during a nap&#8230;.&#8221; title_text=&#8221;Sleeping sloth&#8221; show_in_lightbox=&#8221;on&#8221; use_overlay=&#8221;on&#8221; overlay_icon_color=&#8221;#ffffff&#8221; hover_overlay_color=&#8221;rgba(0,0,0,0.3)&#8221; hover_icon=&#8221;&#x30;||divi||400&#8243; force_fullwidth=&#8221;on&#8221; align_tablet=&#8221;center&#8221; align_phone=&#8221;&#8221; align_last_edited=&#8221;on|desktop&#8221; _builder_version=&#8221;4.16&#8243; custom_margin=&#8221;|||&#8221; box_shadow_style=&#8221;preset7&#8243; box_shadow_horizontal=&#8221;0px&#8221; box_shadow_vertical=&#8221;0px&#8221; box_shadow_spread=&#8221;8px&#8221; box_shadow_color=&#8221;#ffffff&#8221; locked=&#8221;off&#8221; global_colors_info=&#8221;{}&#8221;][\/et_pb_image][\/et_pb_column][et_pb_column type=&#8221;1_2&#8243; specialty_columns=&#8221;2&#8243; _builder_version=&#8221;4.16&#8243; custom_padding=&#8221;|||&#8221; global_colors_info=&#8221;{}&#8221; custom_padding__hover=&#8221;|||&#8221;][et_pb_row_inner column_structure=&#8221;1_2,1_2&#8243; use_custom_gutter=&#8221;on&#8221; gutter_width=&#8221;1&#8243; _builder_version=&#8221;4.16&#8243; custom_padding=&#8221;0px|0px|0px|0px&#8221; global_colors_info=&#8221;{}&#8221;][et_pb_column_inner type=&#8221;1_2&#8243; saved_specialty_column_type=&#8221;1_2&#8243; _builder_version=&#8221;4.16&#8243; custom_padding=&#8221;|||&#8221; global_colors_info=&#8221;{}&#8221; custom_padding__hover=&#8221;|||&#8221;][et_pb_image src=&#8221;https:\/\/tropica-verde.de\/wp-content\/uploads\/2022\/08\/Fischertukan.jpg&#8221; alt=&#8221;The fishing toucan can be heard from afar in the morning and heralds the start of the day.&#8221; title_text=&#8221;Fisherman&#039;s toucan&#8221; show_in_lightbox=&#8221;on&#8221; use_overlay=&#8221;on&#8221; overlay_icon_color=&#8221;#ffffff&#8221; hover_overlay_color=&#8221;rgba(0,0,0,0.3)&#8221; hover_icon=&#8221;&#x30;||divi||400&#8243; force_fullwidth=&#8221;on&#8221; align_tablet=&#8221;center&#8221; align_phone=&#8221;&#8221; align_last_edited=&#8221;on|desktop&#8221; _builder_version=&#8221;4.16&#8243; custom_margin=&#8221;|||&#8221; box_shadow_style=&#8221;preset7&#8243; box_shadow_horizontal=&#8221;0px&#8221; box_shadow_vertical=&#8221;0px&#8221; box_shadow_spread=&#8221;8px&#8221; box_shadow_color=&#8221;#ffffff&#8221; locked=&#8221;off&#8221; global_colors_info=&#8221;{}&#8221;][\/et_pb_image][\/et_pb_column_inner][et_pb_column_inner type=&#8221;1_2&#8243; saved_specialty_column_type=&#8221;1_2&#8243; _builder_version=&#8221;4.16&#8243; custom_padding=&#8221;|||&#8221; global_colors_info=&#8221;{}&#8221; custom_padding__hover=&#8221;|||&#8221;][et_pb_image src=&#8221;https:\/\/tropica-verde.de\/wp-content\/uploads\/2022\/08\/Ameive_Echse_Finca-Curre.jpg&#8221; alt=&#8221;The Ameiven lizard uses every ray of sunlight on the dark forest floor, as little light penetrates the treetops&#8221; title_text=&#8221;Ameive lizard&#8221; show_in_lightbox=&#8221;on&#8221; use_overlay=&#8221;on&#8221; overlay_icon_color=&#8221;#ffffff&#8221; hover_overlay_color=&#8221;rgba(0,0,0,0.3)&#8221; hover_icon=&#8221;&#x30;||divi||400&#8243; force_fullwidth=&#8221;on&#8221; align_tablet=&#8221;center&#8221; align_phone=&#8221;&#8221; align_last_edited=&#8221;on|desktop&#8221; _builder_version=&#8221;4.16&#8243; custom_margin=&#8221;|||&#8221; box_shadow_style=&#8221;preset7&#8243; box_shadow_horizontal=&#8221;0px&#8221; box_shadow_vertical=&#8221;0px&#8221; box_shadow_spread=&#8221;8px&#8221; box_shadow_color=&#8221;#ffffff&#8221; locked=&#8221;off&#8221; global_colors_info=&#8221;{}&#8221;][\/et_pb_image][\/et_pb_column_inner][\/et_pb_row_inner][et_pb_row_inner _builder_version=&#8221;4.16&#8243; custom_padding=&#8221;0px|0px|0px|0px&#8221; global_colors_info=&#8221;{}&#8221;][et_pb_column_inner saved_specialty_column_type=&#8221;1_2&#8243; _builder_version=&#8221;4.16&#8243; custom_padding=&#8221;|||&#8221; global_colors_info=&#8221;{}&#8221; custom_padding__hover=&#8221;|||&#8221;][et_pb_image src=&#8221;https:\/\/tropica-verde.de\/wp-content\/uploads\/2022\/08\/Stefan_Finca_Curre.jpg&#8221; alt=&#8221;Stefan Rother in front of a huge, more than 500-year-old kapok tree on the Finca Curr\u00e9&#8221; title_text=&#8221;Stefan Rother in front of a huge, more than 500-year-old kapok tree on the Finca Curr\u00e9&#8221; show_in_lightbox=&#8221;on&#8221; use_overlay=&#8221;on&#8221; overlay_icon_color=&#8221;#ffffff&#8221; hover_overlay_color=&#8221;rgba(0,0,0,0.3)&#8221; hover_icon=&#8221;&#x30;||divi||400&#8243; force_fullwidth=&#8221;on&#8221; align_tablet=&#8221;center&#8221; align_phone=&#8221;&#8221; align_last_edited=&#8221;on|desktop&#8221; _builder_version=&#8221;4.16&#8243; custom_margin=&#8221;|||&#8221; box_shadow_style=&#8221;preset7&#8243; box_shadow_horizontal=&#8221;0px&#8221; box_shadow_vertical=&#8221;0px&#8221; box_shadow_spread=&#8221;8px&#8221; box_shadow_color=&#8221;#ffffff&#8221; locked=&#8221;off&#8221; global_colors_info=&#8221;{}&#8221;][\/et_pb_image][\/et_pb_column_inner][\/et_pb_row_inner][\/et_pb_column][\/et_pb_section][et_pb_section fb_built=&#8221;1&#8243; fullwidth=&#8221;on&#8221; custom_padding_last_edited=&#8221;off|desktop&#8221; _builder_version=&#8221;4.23.1&#8243; _module_preset=&#8221;default&#8221; custom_margin=&#8221;100px||100px||false|false&#8221; custom_margin_tablet=&#8221;50px||50px||false|false&#8221; custom_margin_phone=&#8221;50px||50px||false|false&#8221; custom_margin_last_edited=&#8221;on|tablet&#8221; custom_padding=&#8221;||||false|false&#8221; custom_padding_tablet=&#8221;20px||20px||false|false&#8221; custom_padding_phone=&#8221;20px||20px||false|false&#8221; global_colors_info=&#8221;{}&#8221;][et_pb_fullwidth_image src=&#8221;https:\/\/tropica-verde.de\/wp-content\/uploads\/2022\/08\/Thierry_Finca_Curre.jpg&#8221; title_text=&#8221;Widh\u00fcter Thierry at the Finca Curr\u00e9&#8221; admin_label=&#8221;Wildh\u00fcter Thierry XXX&#8221; _builder_version=&#8221;4.16&#8243; _module_preset=&#8221;default&#8221; custom_margin=&#8221;-9px|||||&#8221; custom_padding=&#8221;0px|||||&#8221; global_colors_info=&#8221;{}&#8221;][\/et_pb_fullwidth_image][\/et_pb_section][et_pb_section fb_built=&#8221;1&#8243; custom_padding_last_edited=&#8221;on|tablet&#8221; _builder_version=&#8221;4.23.1&#8243; _module_preset=&#8221;default&#8221; background_image=&#8221;https:\/\/tropica-verde.de\/wp-content\/uploads\/2022\/08\/Sonnenaufgang-Finca-Curre_-C-Stefan-Rother-Faunity-6863-scaled.jpg&#8221; custom_margin=&#8221;||||false|false&#8221; custom_padding=&#8221;70px||70px||false|false&#8221; custom_padding_tablet=&#8221;20px||20px||false|false&#8221; custom_padding_phone=&#8221;20px||20px||false|false&#8221; saved_tabs=&#8221;all&#8221; global_colors_info=&#8221;{}&#8221;][et_pb_row column_structure=&#8221;2_5,3_5&#8243; _builder_version=&#8221;4.23.1&#8243; _module_preset=&#8221;default&#8221; global_colors_info=&#8221;{}&#8221;][et_pb_column type=&#8221;2_5&#8243; _builder_version=&#8221;4.16&#8243; _module_preset=&#8221;default&#8221; global_colors_info=&#8221;{}&#8221;][\/et_pb_column][et_pb_column type=&#8221;3_5&#8243; _builder_version=&#8221;4.23.1&#8243; _module_preset=&#8221;default&#8221; global_colors_info=&#8221;{}&#8221;][et_pb_text module_class=&#8221;wmtvbox&#8221; _builder_version=&#8221;4.23.1&#8243; _module_preset=&#8221;default&#8221; text_text_color=&#8221;#0a0a0a&#8221; link_text_color=&#8221;#FFFFFF&#8221; header_text_color=&#8221;#ffffff&#8221; header_2_font=&#8221;Source Sans 3|800|||||||&#8221; header_2_text_color=&#8221;#ffffff&#8221; background_color=&#8221;rgba(161,198,17,0.9)&#8221; custom_margin=&#8221;||||false|true&#8221; custom_margin_tablet=&#8221;||||false|true&#8221; custom_margin_phone=&#8221;||||false|true&#8221; custom_margin_last_edited=&#8221;off|desktop&#8221; custom_padding=&#8221;55px|55px|55px|55px|true|true&#8221; custom_padding_tablet=&#8221;|20px||20px|true|true&#8221; custom_padding_phone=&#8221;|20px||20px|true|true&#8221; custom_padding_last_edited=&#8221;on|tablet&#8221; text_text_color_tablet=&#8221;&#8221; text_text_color_phone=&#8221;&#8221; text_text_color_last_edited=&#8221;on|desktop&#8221; header_2_font_size_tablet=&#8221;&#8221; header_2_font_size_phone=&#8221;28px&#8221; header_2_font_size_last_edited=&#8221;on|phone&#8221; global_colors_info=&#8221;{}&#8221;]<\/p>\n<h2>WHAT DOES TROPICA VERDE DO?<\/h2>\n<ul class=\"wmtv\">\n<li>The preservation of contiguous primary forest areas within the biological corridor supports regional biodiversity. Tropica Verde also supports scientific studies on biodiversity in the Reserva Finca Curr\u00e9.<\/li>\n<li>Regular patrols are needed to protect the Reserva, which are carried out regularly by committed local partners. Gentle, sustainable tourism with expert guided tours by locals is also part of the concept, as regular presence in the area sends out important signals against illegal logging and poaching.<\/li>\n<li>The project is also supplemented by local environmental education in the sense of education for sustainable development for Caribbean and indigenous schools through our project partners <a href=\"https:\/\/tropica-verde.de\/en\/umweltbildung-3\/#acbtc\" target=\"_blank\" rel=\"noopener\">ACBTC<\/a> and the neighborhood association <a href=\"https:\/\/tropica-verde.de\/en\/umweltbildung-3\/#asoguabo\" target=\"_blank\" rel=\"noopener\">ASOGUABO &#8211; Guardians of the Forest<\/a> with additional activities to <span style=\"font-size: 17px;\">raise awareness of the careful use of resources and adapted environmental techniques, including in ecotourism<\/span>.<\/li>\n<li>We support ASOGUABO in a wide range of measures that are intended to lead to even more effective resource protection: Inventories of biodiversity and its threats using GPS and drones, tests of soils and water, development of plans for the most ecologically suitable reforestation and use, a tree nursery for ecologically adapted plant species.<\/li>\n<li><span>In order to link the Costa Rica-wide environmental education activities of our local partner organizations, Tropica Verde 2024 launched a<\/span> <a href=\"https:\/\/tropica-verde.de\/en\/education-network-in-costa-rica-interview-with-new-coordinator\/\" target=\"_blank\" rel=\"noopener\">cross-project education network<\/a>.<\/li>\n<\/ul>\n<p>[\/et_pb_text][\/et_pb_column][\/et_pb_row][\/et_pb_section][et_pb_section fb_built=&#8221;1&#8243; _builder_version=&#8221;4.23.1&#8243; _module_preset=&#8221;default&#8221; background_color=&#8221;#C2DBE0&#8243; custom_margin=&#8221;100px||100px||false|false&#8221; custom_margin_tablet=&#8221;50px||50px||false|false&#8221; custom_margin_phone=&#8221;50px||50px||false|false&#8221; custom_margin_last_edited=&#8221;on|desktop&#8221; global_colors_info=&#8221;{}&#8221;][et_pb_row _builder_version=&#8221;4.16&#8243; _module_preset=&#8221;default&#8221; global_colors_info=&#8221;{}&#8221;][et_pb_column type=&#8221;4_4&#8243; _builder_version=&#8221;4.16&#8243; _module_preset=&#8221;default&#8221; global_colors_info=&#8221;{}&#8221;][et_pb_text _builder_version=&#8221;4.23.1&#8243; _module_preset=&#8221;default&#8221; header_2_text_align=&#8221;center&#8221; header_2_font_size=&#8221;36px&#8221; header_3_text_align=&#8221;center&#8221; header_3_font_size=&#8221;36px&#8221; custom_margin=&#8221;10px||||false|false&#8221; custom_margin_tablet=&#8221;0px||||false|false&#8221; custom_margin_phone=&#8221;||||false|false&#8221; custom_margin_last_edited=&#8221;on|desktop&#8221; header_2_font_size_tablet=&#8221;30px&#8221; header_2_font_size_phone=&#8221;24px&#8221; header_2_font_size_last_edited=&#8221;on|phone&#8221; global_colors_info=&#8221;{}&#8221;]<\/p>\n<h2>News about this project<\/h2>\n<p>[\/et_pb_text][\/et_pb_column][\/et_pb_row][\/et_pb_section][et_pb_section fb_built=&#8221;1&#8243; _builder_version=&#8221;4.23.1&#8243; _module_preset=&#8221;default&#8221; custom_padding=&#8221;0px||||false|false&#8221; global_colors_info=&#8221;{}&#8221;][et_pb_row _builder_version=&#8221;4.23.1&#8243; _module_preset=&#8221;default&#8221; custom_padding=&#8221;0px||||false|false&#8221; global_colors_info=&#8221;{}&#8221;][et_pb_column type=&#8221;4_4&#8243; _builder_version=&#8221;4.16&#8243; _module_preset=&#8221;default&#8221; global_colors_info=&#8221;{}&#8221;][et_pb_blog fullwidth=&#8221;off&#8221; posts_number=&#8221;3&#8243; include_categories=&#8221;36&#8243; meta_date=&#8221;j. F Y&#8221; show_more=&#8221;on&#8221; show_author=&#8221;off&#8221; module_class=&#8221;dt-blog-equal-height&#8221; _builder_version=&#8221;4.27.4&#8243; hover_enabled=&#8221;0&#8243; global_colors_info=&#8221;{}&#8221; theme_builder_area=&#8221;post_content&#8221; sticky_enabled=&#8221;0&#8243;][\/et_pb_blog][\/et_pb_column][\/et_pb_row][\/et_pb_section]<\/p>\n","protected":false},"excerpt":{"rendered":"<p>Urban sprawl and land speculation threaten remaining primary forestsOn the southern Caribbean coast of Costa Rica, tourism has developed more and more since 2010, with the result that road and building construction, deforestation and fragmentation of intact forest areas have taken on enormous proportions. In addition, small forest plots are for sale everywhere, where retirees [&hellip;]<\/p>\n","protected":false},"author":2,"featured_media":0,"parent":4061,"menu_order":0,"comment_status":"closed","ping_status":"closed","template":"","meta":{"_et_pb_use_builder":"on","_et_pb_old_content":"","_et_gb_content_width":"","inline_featured_image":false,"footnotes":""},"class_list":["post-4042","page","type-page","status-publish","hentry"],"_links":{"self":[{"href":"https:\/\/tropica-verde.de\/en\/wp-json\/wp\/v2\/pages\/4042","targetHints":{"allow":["GET"]}}],"collection":[{"href":"https:\/\/tropica-verde.de\/en\/wp-json\/wp\/v2\/pages"}],"about":[{"href":"https:\/\/tropica-verde.de\/en\/wp-json\/wp\/v2\/types\/page"}],"author":[{"embeddable":true,"href":"https:\/\/tropica-verde.de\/en\/wp-json\/wp\/v2\/users\/2"}],"replies":[{"embeddable":true,"href":"https:\/\/tropica-verde.de\/en\/wp-json\/wp\/v2\/comments?post=4042"}],"version-history":[{"count":46,"href":"https:\/\/tropica-verde.de\/en\/wp-json\/wp\/v2\/pages\/4042\/revisions"}],"predecessor-version":[{"id":246116,"href":"https:\/\/tropica-verde.de\/en\/wp-json\/wp\/v2\/pages\/4042\/revisions\/246116"}],"up":[{"embeddable":true,"href":"https:\/\/tropica-verde.de\/en\/wp-json\/wp\/v2\/pages\/4061"}],"wp:attachment":[{"href":"https:\/\/tropica-verde.de\/en\/wp-json\/wp\/v2\/media?parent=4042"}],"curies":[{"name":"wp","href":"https:\/\/api.w.org\/{rel}","templated":true}]}}