{"id":251385,"date":"2026-05-31T02:05:07","date_gmt":"2026-05-31T00:05:07","guid":{"rendered":"https:\/\/tropica-verde.de\/projekte\/abuela-ecologica\/"},"modified":"2026-08-02T22:45:03","modified_gmt":"2026-08-02T20:45:03","slug":"abuela-ecologica","status":"publish","type":"page","link":"https:\/\/tropica-verde.de\/en\/projekte\/abuela-ecologica\/","title":{"rendered":"Fundaci\u00f3n Abuela Ecol\u00f3gica"},"content":{"rendered":"<div class=\"et_pb_section_0 et_pb_section et_pb_fullwidth_section et_section_regular et_block_section\">\n<section class=\"et_pb_fullwidth_header_0 et_pb_fullwidth_header et_pb_bg_layout_dark et_pb_text_align_left et_pb_module et_flex_module preset--module--divi-fullwidth-header--default\"><div class=\"et_pb_fullwidth_header_container left\"><div class=\"header-content-container center\"><div class=\"header-content et_flex_module\"><h1 class=\"et_pb_module_header\">FUNDACI\u00d3N ABUELA ECOL\u00d3GICA<\/h1><span class=\"et_pb_fullwidth_header_subhead\">Trees and feathers for the rainforest<\/span><div class=\"et_pb_header_button_wrapper\"><\/div><\/div><\/div><\/div><div class=\"et_pb_fullwidth_header_overlay\"><\/div><div class=\"et_pb_fullwidth_header_scroll\"><\/div><\/section>\n<\/div>\n\n<div class=\"et_pb_section_1 et_pb_section et_section_regular et_block_section\">\n<div class=\"et_pb_row_0 et_pb_row et_block_row\">\n<div class=\"et_pb_column_0 et_pb_column et_pb_column_4_4 et-last-child et_block_column et_pb_css_mix_blend_mode_passthrough\">\n<div class=\"et_pb_text_0 et_pb_text et_pb_bg_layout_light et_pb_module et_block_module preset--module--divi-text--default\"><div class=\"et_pb_text_inner\"><h2>When an idea becomes a movement<\/h2>\n<p data-start=\"4326\" data-end=\"4397\">What began with a grandmother continues to grow today - tree by tree.<\/p>\n<p data-start=\"599\" data-end=\"837\">Laura Gonz\u00e1les' mother - known as the \"Abuela Ecol\u00f3gica\" - started collecting seeds and planting trees when she was over 70 years old. Out of her own conviction, without great means, but with a clear goal: to protect nature on her doorstep. Today, the Abuela Ecol\u00f3gica family has set itself the task of continuing their idea. Step by step, this initiative has developed into the Fundaci\u00f3n Abuela Ecol\u00f3gica. Today, numerous people are working together to preserve the forests in the region - supported by the local community, knowledge and a genuine connection with nature.    <\/p>\n<\/div><\/div>\n<\/div>\n<\/div>\n<\/div>\n\n<div class=\"et_pb_section_2 et_pb_section et_section_regular et_block_section\">\n<div class=\"et_pb_row_1 et_pb_row et_block_row\">\n<div class=\"et_pb_column_1 et_pb_column et_pb_column_1_2 et_block_column et_pb_css_mix_blend_mode_passthrough\">\n<div class=\"et_pb_text_1 et_pb_text et_pb_bg_layout_light et_pb_module et_block_module preset--module--divi-text--default\"><div class=\"et_pb_text_inner\"><h2>Protecting the rainforest in northern Costa Rica<\/h2>\n<p data-start=\"1182\" data-end=\"1472\">The Fundaci\u00f3n's work focuses on the San Carlos region in northern Costa Rica - an area of high biodiversity that is also under severe pressure: Deforestation, agricultural expansion and the loss of natural habitats are threatening the ecosystems.<\/p>\n<p data-start=\"1474\" data-end=\"1676\">Together with local partners, Tropica Verde is committed to reversing these developments. The aim is to plant around 8,000 trees by mid-2027 and thus secure habitats in the long term. The project focuses on protecting the greater soldier macaw<em> (Ara ambiguus)<\/em>.  <\/p>\n<p data-start=\"1828\" data-end=\"2015\">This impressive bird is dependent on certain tree species that have become rare. Both for foraging and nesting. If these trees disappear, so does the macaw. The targeted planting of precisely these species creates new habitats, not only for the soldier macaw, but also for many other animal and plant species such as the motmot <em>(photo: Electron platyrhynchum)<\/em>.   <\/p>\n<\/div><\/div>\n<\/div>\n\n<div class=\"et_pb_column_2 et_pb_column et_pb_column_1_2 et-last-child et_block_column et_pb_css_mix_blend_mode_passthrough\">\n<div class=\"et_pb_image_0 et_pb_image et_pb_module et_block_module\"><span class=\"et_pb_image_wrap\"><img loading=\"lazy\" decoding=\"async\" src=\"https:\/\/tropica-verde.de\/wp-content\/uploads\/2026\/05\/Auch-der-Breitschnabel-Motmot-lebt-in-der-Region-e1780182515677.jpeg\" width=\"1223\" height=\"1424\" class=\"wp-image-251304\" alt=\"Pupils are proud of their planted forest\" title=\"The broad-billed motmot also lives in the region\" \/><\/span><\/div>\n<\/div>\n<\/div>\n<\/div>\n\n<div class=\"et_pb_section_3 et_pb_section et_section_regular et_block_section\">\n<div class=\"et_pb_row_2 et_pb_row et_block_row\">\n<div class=\"et_pb_column_3 et_pb_column et_pb_column_4_4 et-last-child et_block_column et_pb_css_mix_blend_mode_passthrough\">\n<div class=\"et_pb_text_2 et_pb_text et_pb_bg_layout_light et_pb_module et_block_module preset--module--divi-text--default\"><div class=\"et_pb_text_inner\"><h2>\u00c1rboles y Plumas<\/h2>\n<p data-start=\"506\" data-end=\"597\">The \"\u00c1rboles y Plumas\" (Trees and Plumes) project shows how holistic nature conservation works: From collecting rare seeds to growing them in the tree nursery and planting them in ecologically important areas, new rainforest is being created step by step. This is not just about individual areas, but about restoring connected habitats so that forests, animals and water resources are protected in the long term. <\/p>\n<\/div><\/div>\n<\/div>\n<\/div>\n\n<div class=\"et_pb_row_3 et_pb_row et_block_row\">\n<div class=\"et_pb_column_4 et_pb_column et_pb_column_1_2 et_block_column et_pb_css_mix_blend_mode_passthrough\">\n<div class=\"et_pb_text_3 et_pb_text et_pb_bg_layout_light et_pb_module et_block_module preset--module--divi-text--default\"><div class=\"et_pb_text_inner\"><p data-start=\"3760\" data-end=\"3797\">The project combines several levels:<\/p>\n<ul data-start=\"3799\" data-end=\"3973\">\n<li data-section-id=\"nyo7ou\" data-start=\"3799\" data-end=\"3831\">Protection of biodiversity<\/li>\n<li data-section-id=\"gquk3u\" data-start=\"3832\" data-end=\"3873\">Restoration of ecosystems<\/li>\n<li data-section-id=\"1vjy8ba\" data-start=\"3874\" data-end=\"3919\">Environmental education and awareness-raising<\/li>\n<li data-section-id=\"xy4rsv\" data-start=\"3920\" data-end=\"3973\">Strengthening local and indigenous communities<\/li>\n<\/ul>\n<p data-start=\"3975\" data-end=\"4119\">Especially in a region that is severely affected by environmental changes, this approach creates long-term prospects for people and nature.<\/p>\n<\/div><\/div>\n<\/div>\n\n<div class=\"et_pb_column_5 et_pb_column et_pb_column_1_2 et-last-child et_block_column et_pb_css_mix_blend_mode_passthrough\">\n<div class=\"et_pb_divider_0 et_pb_divider_hidden et_pb_space et_pb_divider_position_top et_pb_module\"><div class=\"et_pb_divider_internal\"><\/div><\/div>\n\n<div class=\"et_pb_blurb_0 et_pb_blurb et_pb_bg_layout_light et_pb_blurb_position_left et_pb_module et_block_module preset--module--divi-blurb--default\"><div class=\"et_pb_blurb_content\"><div class=\"et_pb_main_blurb_image et_animated\"><a href=\"https:\/\/youtu.be\/Gp-6xaPbbTQ?si=QGubbn6-iHLYUakk\" rel=\"nofollow noopener\" target=\"_blank\"><span class=\"et_pb_image_wrap\"><span class=\"et-pb-icon\">\ue04e<\/span><\/span><\/a><\/div><div class=\"et_pb_blurb_container\"><h2 class=\"et_pb_module_header\"><a href=\"https:\/\/youtu.be\/Gp-6xaPbbTQ?si=QGubbn6-iHLYUakk\" rel=\"nofollow noopener\" target=\"_blank\">Video about the work at the Fundaci\u00f3n Abuela Ecol\u00f3gica<\/a><\/h2><div class=\"et_pb_blurb_description\"><p>You can get an insight into the project from a volunteer <a href=\"https:\/\/youtu.be\/Gp-6xaPbbTQ?si=QGubbn6-iHLYUakk\" rel=\"nofollow noopener\" target=\"_blank\">in this short video<\/a> <\/p>\n<\/div><\/div><\/div><\/div>\n<\/div>\n<\/div>\n<\/div>\n\n<div class=\"et_pb_section_4 et_pb_section et_section_specialty et_pb_gutters1 et_block_section et_pb_specialty_fullwidth\"><div class=\"et_pb_row et_block_row\">\n<div class=\"et_pb_column_6 et_pb_column et_pb_column_single et_pb_column_1_2 et_block_column et_pb_css_mix_blend_mode_passthrough\">\n<div class=\"et_pb_image_1 et_pb_image et_pb_has_overlay et_pb_module et_block_module\"><a href=\"https:\/\/tropica-verde.de\/wp-content\/uploads\/2026\/05\/Seltener-Kronenlaubfrosch--e1780178849470.jpeg\" class=\"et_pb_lightbox_image\"><span class=\"et_pb_image_wrap has-box-shadow-overlay\"><div class=\"box-shadow-overlay\"><\/div><img loading=\"lazy\" decoding=\"async\" src=\"https:\/\/tropica-verde.de\/wp-content\/uploads\/2026\/05\/Seltener-Kronenlaubfrosch--e1780178849470.jpeg\" width=\"1250\" height=\"1066\" class=\"wp-image-251311\" title=\"Rare crowned tree frog\" alt=\"\"><span class=\"et_overlay\" data-icon=\"0\"><\/span><\/span><\/a><\/div>\n<\/div>\n\n<div class=\"et_pb_column_7 et_pb_column et_pb_specialty_column et_pb_column_1_2 et-last-child et_block_column et_pb_css_mix_blend_mode_passthrough\">\n<div class=\"et_pb_row_inner_0 et_pb_row_inner et_block_row\">\n<div class=\"et_pb_column_inner_0 et_pb_column_inner et_pb_column et_pb_column_4_4 et-last-child et_block_column et_pb_css_mix_blend_mode_passthrough\">\n<div class=\"et_pb_image_2 et_pb_image et_pb_has_overlay et_pb_module et_block_module\"><a href=\"https:\/\/tropica-verde.de\/wp-content\/uploads\/2026\/05\/WhatsApp-Image-2026-05-01-at-11.22.05-e1780280305805.jpeg\" class=\"et_pb_lightbox_image\"><span class=\"et_pb_image_wrap has-box-shadow-overlay\"><div class=\"box-shadow-overlay\"><\/div><img loading=\"lazy\" decoding=\"async\" src=\"https:\/\/tropica-verde.de\/wp-content\/uploads\/2026\/05\/WhatsApp-Image-2026-05-01-at-11.22.05-e1780280305805.jpeg\" width=\"1280\" height=\"520\" class=\"wp-image-251320\" title=\"Native seeds are collected in the Trees and Feathers project\" alt=\"\"><span class=\"et_overlay\" data-icon=\"0\"><\/span><\/span><\/a><\/div>\n<\/div>\n<\/div>\n\n<div class=\"et_pb_row_inner_1 et_pb_row_inner et_pb_gutters1 et_block_row\">\n<div class=\"et_pb_column_inner_1 et_pb_column_inner et_pb_column et_pb_column_1_4 et_block_column et_pb_css_mix_blend_mode_passthrough\">\n<div class=\"et_pb_image_3 et_pb_image et_pb_has_overlay et_pb_module et_block_module\"><a href=\"https:\/\/tropica-verde.de\/wp-content\/uploads\/2026\/05\/WhatsApp-Image-2026-05-01-at-11.22.06-1-e1780178480983.jpeg\" class=\"et_pb_lightbox_image\"><span class=\"et_pb_image_wrap has-box-shadow-overlay\"><div class=\"box-shadow-overlay\"><\/div><img loading=\"lazy\" decoding=\"async\" src=\"https:\/\/tropica-verde.de\/wp-content\/uploads\/2026\/05\/WhatsApp-Image-2026-05-01-at-11.22.06-1-e1780178480983.jpeg\" width=\"850\" height=\"757\" class=\"wp-image-251321\" title=\"Laura Gonz\u00e1les from the Fundaci\u00f3n Abuela Ecol\u00f3gica\" alt=\"\"><span class=\"et_overlay\" data-icon=\"0\"><\/span><\/span><\/a><\/div>\n<\/div>\n\n<div class=\"et_pb_column_inner_2 et_pb_column_inner et_pb_column et_pb_column_1_4 et-last-child et_block_column et_pb_css_mix_blend_mode_passthrough\">\n<div class=\"et_pb_image_4 et_pb_image et_pb_has_overlay et_pb_module et_block_module\"><a href=\"https:\/\/tropica-verde.de\/wp-content\/uploads\/2026\/05\/Arten-die-ebenfalls-vom-Arboles-y-Plumas-Projekt-profitieren-sind-z.B.-die-Klammer-Affen-Spinnen-Affen-e1780184250166.jpeg\" class=\"et_pb_lightbox_image\"><span class=\"et_pb_image_wrap has-box-shadow-overlay\"><div class=\"box-shadow-overlay\"><\/div><img loading=\"lazy\" decoding=\"async\" src=\"https:\/\/tropica-verde.de\/wp-content\/uploads\/2026\/05\/Arten-die-ebenfalls-vom-Arboles-y-Plumas-Projekt-profitieren-sind-z.B.-die-Klammer-Affen-Spinnen-Affen-e1780184250166.jpeg\" width=\"1200\" height=\"1066\" class=\"wp-image-251303\" title=\"Species that also benefit from the Arboles y Plumas project include the spider monkeys (spider monkeys)\" alt=\"\"><span class=\"et_overlay\" data-icon=\"0\"><\/span><\/span><\/a><\/div>\n<\/div>\n<\/div>\n<\/div>\n<\/div><\/div>\n\n<div class=\"et_pb_section_5 et_pb_section et_section_regular et_block_section\">\n<div class=\"et_pb_row_4 et_pb_row et_block_row\">\n<div class=\"et_pb_column_8 et_pb_column et_pb_column_1_2 et_block_column et_pb_css_mix_blend_mode_passthrough\">\n<div class=\"et_pb_image_5 et_pb_image et_animated et_pb_module et_block_module\"><span class=\"et_pb_image_wrap\"><img loading=\"lazy\" decoding=\"async\" src=\"https:\/\/tropica-verde.de\/wp-content\/uploads\/2026\/05\/WhatsApp-Image-2026-05-01-at-12.08.52-5-e1779734659142.jpeg\" width=\"720\" height=\"743\" class=\"wp-image-251297\" alt=\"Forest engineer Victor Esquivel catalogs and evaluates the growth of the reforestation on Finca Alicia\" title=\"This is the Abuela Ecol\u00f3gica\" \/><\/span><\/div>\n<\/div>\n\n<div class=\"et_pb_column_9 et_pb_column et_pb_column_1_2 et-last-child et_block_column et_pb_css_mix_blend_mode_passthrough\">\n<div class=\"et_pb_text_4 et_pb_text et_pb_bg_layout_light et_pb_module et_block_module preset--module--divi-text--default\"><div class=\"et_pb_text_inner\"><blockquote>\n<h2><span>\"A tree is a gift for those who are yet to be born. Let us continue to sow life.\"<\/span><\/h2>\n<p>- Abuela ecol\u00f3gica (The Ecological Grandmother)<\/p>\n<\/blockquote>\n<\/div><\/div>\n<\/div>\n<\/div>\n\n<div class=\"et_pb_row_5 et_pb_row et_block_row\">\n<div class=\"et_pb_column_10 et_pb_column et_pb_column_1_2 et_block_column et_pb_css_mix_blend_mode_passthrough\">\n<div class=\"et_pb_text_5 et_pb_text et_pb_bg_layout_dark et_pb_module et_block_module preset--module--divi-text--default\"><div class=\"et_pb_text_inner\"><h2>Active together: involving and empowering people<\/h2>\n<\/div><\/div>\n\n<div class=\"et_pb_text_6 et_pb_text et_pb_bg_layout_dark et_pb_module et_block_module preset--module--divi-text--default\"><div class=\"et_pb_text_inner\"><p data-start=\"2730\" data-end=\"2813\">A key success factor is the active participation of local people. The Fundaci\u00f3n works closely with communities, schools, volunteers and indigenous groups.  Cooperation with the indigenous territory of the Maleku in Guatuso is particularly important.  <\/p>\n<\/div><\/div>\n<\/div>\n\n<div class=\"et_pb_column_11 et_pb_column et_pb_column_1_2 et-last-child et_block_column et_pb_css_mix_blend_mode_passthrough\">\n<div class=\"et_pb_image_6 et_pb_image et_animated et_pb_module et_block_module\"><span class=\"et_pb_image_wrap\"><img loading=\"lazy\" decoding=\"async\" src=\"https:\/\/tropica-verde.de\/wp-content\/uploads\/2026\/05\/WhatsApp-Image-2026-05-01-at-12.08.52-e1779735174222.jpeg\" width=\"960\" height=\"843\" class=\"wp-image-251300\" alt=\"Tree seeds first had to be laboriously collected in the forest and germinated before trees could be grown in the nursery\" title=\"Abulea Ecol\u00f3gica with women from Maleku\" \/><\/span><\/div>\n<\/div>\n<\/div>\n\n<div class=\"et_pb_row_6 et_pb_row et_block_row\">\n<div class=\"et_pb_column_12 et_pb_column et_pb_column_1_2 et_block_column et_pb_css_mix_blend_mode_passthrough\">\n<div class=\"et_pb_image_7 et_pb_image et_animated et_pb_module et_block_module\"><span class=\"et_pb_image_wrap\"><img loading=\"lazy\" decoding=\"async\" src=\"https:\/\/tropica-verde.de\/wp-content\/uploads\/2026\/05\/WhatsApp-Image-2026-05-01-at-11.22.04-1-e1780184432150.jpeg\" width=\"750\" height=\"796\" class=\"wp-image-251316\" alt=\"Stefan Rother, Alexis Obregon &amp; Miguel M\u00e9ndez (from left) with camera trap in Monte Alto \u00a9 V\u00edctor Esquivel\" title=\"The tree nursery of the Fundaci\u00f3n Abuela Ecol\u00f3gica\" \/><\/span><\/div>\n<\/div>\n\n<div class=\"et_pb_column_13 et_pb_column et_pb_column_1_2 et-last-child et_block_column et_pb_css_mix_blend_mode_passthrough\">\n<div class=\"et_pb_text_7 et_pb_text et_pb_bg_layout_light et_pb_module et_block_module preset--module--divi-text--default\"><div class=\"et_pb_text_inner\"><h2>From local commitment to concrete impact<\/h2>\n<\/div><\/div>\n\n<div class=\"et_pb_text_8 et_pb_text et_pb_bg_layout_dark et_pb_module et_block_module preset--module--divi-text--default\"><div class=\"et_pb_text_inner\"><p data-start=\"3283\" data-end=\"3336\">The work is already showing tangible results:<\/p>\n<ul data-start=\"3338\" data-end=\"3571\">\n<li data-section-id=\"urjwk2\" data-start=\"3338\" data-end=\"3382\">Collection and cultivation of rare tree species<\/li>\n<li data-section-id=\"16ais8z\" data-start=\"3383\" data-end=\"3425\">Restoration of degraded areas<\/li>\n<li data-section-id=\"1sgqdsp\" data-start=\"3426\" data-end=\"3461\">Strengthening biological corridors<\/li>\n<li data-section-id=\"zldl2g\" data-start=\"3462\" data-end=\"3524\">Active participation of children, young people and communities<\/li>\n<li data-section-id=\"17580ht\" data-start=\"3525\" data-end=\"3571\">growing environmental awareness in the region.<\/li>\n<\/ul>\n<p data-start=\"3573\" data-end=\"3698\">What is created here is more than just reforestation. It is a living process of learning, acting and growing together. <\/p>\n<\/div><\/div>\n<\/div>\n<\/div>\n<\/div>\n\n<div class=\"et_pb_section_6 et_pb_section et_section_regular et_block_section\">\n<div class=\"et_pb_row_7 et_pb_row et_block_row\">\n<div class=\"et_pb_column_14 et_pb_column et_pb_column_2_5 et_block_column et_pb_column_empty et_pb_css_mix_blend_mode_passthrough\"><\/div>\n\n<div class=\"et_pb_column_15 et_pb_column et_pb_column_3_5 et-last-child et_block_column et_pb_css_mix_blend_mode_passthrough\">\n<div class=\"et_pb_text_9 et_pb_text et_pb_bg_layout_light et_pb_module et_block_module wmtvbox preset--module--divi-text--default\"><div class=\"et_pb_text_inner\"><h2>WHAT DOES TROPICA VERDE DO?<\/h2>\n<ul class=\"wmtv\">\n<li>\n<p data-start=\"2123\" data-end=\"2356\" data-is-last-node=\"\" data-is-only-node=\"\">The work of Fundaci\u00f3n Abuela Ecol\u00f3gica has received national recognition: project manager Laura and her commitment to nature and community conservation have been honored by the United Nations Development Program (PNUD), among others.<\/p>\n<\/li>\n<li>Environmental education campaigns are an important component of the project. Together with schools, families and local groups, environmental education measures, planting campaigns and awareness-raising activities are carried out to pass on knowledge about biodiversity and local ecosystems. Knowledge is not only imparted, but also directly applied.  <\/li>\n<li><span style=\"font-size: 17px;\">A particular focus is on cooperation with the indigenous Maleku region in Guatuso. The project combines nature conservation with cultural exchange and strengthens local participation. <\/span><\/li>\n<li>In addition to planting, the project supports other measures such as local greening campaigns, waste collection campaigns and initiatives to restore ecologically important connections between forest areas - so-called biological corridors.<\/li>\n<li>\n<p data-start=\"457\" data-end=\"771\">Valuable tree species that are important for the food and nesting sites of the greater soldier macaw are cultivated in the tree nursery. More than 20 native species have already been collected and over 2,700 young plants have been grown. <\/p>\n<\/li>\n<li>Together with communities in the San Carlos region, seeds of important forage and nesting tree species are collected. To this end, central seed boxes for rare native tree species have been set up in several locations. Rare species such as the titor tree (Sacoglottis trichogyna) have also been secured in this way.  <\/li>\n<li>\n<p data-start=\"457\" data-end=\"771\"><span style=\"font-size: 17px;\">Around <\/span>8,000 trees <span style=\"font-size: 17px;\">are to <\/span><span style=\"font-size: 17px;\"> be planted<\/span><span style=\"font-size: 17px;\">by mid-2027 <\/span><span style=\"font-size: 17px;\"> to create ecological stepping stones and habitats for the greater spotted macaw and many other animal species.<\/span><\/p>\n<\/li>\n<li>\n<p data-start=\"457\" data-end=\"771\"><span style=\"font-size: 17px;\"><\/span><span style=\"font-size: 17px;\">Since 2025, we have been supporting the project \"\u00c1rboles y Plumas para la Zona Norte e Inclusi\u00f3n Cultural con Territorio Ind\u00edgena Maleku en Guatuso\" of the Fundaci\u00f3n Abuela Ecol\u00f3gica to preserve habitats for the endangered Great Soldier Macaw, protect species and empower local people.<\/span><\/p>\n<\/li>\n<\/ul>\n<\/div><\/div>\n<\/div>\n<\/div>\n<\/div>\n\n<div class=\"et_pb_section_7 et_pb_section et_section_regular et_block_section\">\n<div class=\"et_pb_row_8 et_pb_row et_block_row\">\n<div class=\"et_pb_column_16 et_pb_column et_pb_column_4_4 et-last-child et_block_column et_pb_css_mix_blend_mode_passthrough\">\n<div class=\"et_pb_divider_1 et_pb_divider_hidden et_pb_space et_pb_divider_position_top et_pb_module\"><div class=\"et_pb_divider_internal\"><\/div><\/div>\n<\/div>\n<\/div>\n<\/div>\n\n<div class=\"et_pb_section_8 et_pb_section et_section_regular et_block_section\">\n<div class=\"et_pb_row_9 et_pb_row et_block_row\">\n<div class=\"et_pb_column_17 et_pb_column et_pb_column_4_4 et-last-child et_block_column et_pb_css_mix_blend_mode_passthrough\">\n<div class=\"et_pb_text_10 et_pb_text et_pb_bg_layout_light et_pb_module et_block_module preset--module--divi-text--default\"><div class=\"et_pb_text_inner\"><h2>News about this project<\/h2>\n<\/div><\/div>\n<\/div>\n<\/div>\n<\/div>\n\n<div class=\"et_pb_section_9 et_pb_section et_section_regular et_block_section\">\n<div class=\"et_pb_row_10 et_pb_row et_block_row\">\n<div class=\"et_pb_column_18 et_pb_column et_pb_column_4_4 et-last-child et_block_column et_pb_css_mix_blend_mode_passthrough\">\n<div class=\"et_pb_post_nav_0 et_pb_posts_nav nav-single et_pb_module et_block_module\"><\/div>\n\n<div class=\"et_pb_blog_0 et_pb_blog et_pb_bg_layout_light et_pb_posts et_pb_module dt-blog-equal-height preset--group--divi-blog--divi-image--h1qhhdc--default preset--module--divi-blog--default\"><div class=\"et_pb_ajax_pagination_container\"><div class=\"et_pb_blog_posts et_grid_module\"><article class=\"et_pb_post et_pb_post_id_248884 clearfix et_pb_blog_item_0_0 post-248884 post type-post status-publish format-standard has-post-thumbnail hentry category-educational-work-cr category-news-abuela-ecologica-en category-sdg-13-en category-sdg-15-en tag-costa-rica-en tag-sdgs-en tag-umweltbildung\"><div class=\"et_pb_image_container\"><a href=\"https:\/\/tropica-verde.de\/en\/arboles-y-plumas\/\" class=\"entry-featured-image-url\"><img loading=\"lazy\" decoding=\"async\" src=\"https:\/\/tropica-verde.de\/wp-content\/uploads\/2025\/08\/1000009739-e1756158021567.jpg\" width=\"400\" height=\"250\" alt=\"NEW PROJECT | \u00c1rboles y Plumas &#8211; Trees and feathers for the north\" class=\"\" title=\"\"><span data-icon=\"\ue050\" class=\"et_overlay et_pb_inline_icon\"><\/span><\/a><\/div><h2 class=\"entry-title\"><a href=\"https:\/\/tropica-verde.de\/en\/arboles-y-plumas\/\">NEW PROJECT | \u00c1rboles y Plumas &#8211; Trees and feathers for the north<\/a><\/h2><p class=\"post-meta\"><span class=\"published\">22. August 2025<\/span> | <span class=\"entry-categories\"><a href=\"https:\/\/tropica-verde.de\/en\/projects-news\/educational-work-cr\/\" rel=\"tag\">Educational Work in Costa Rica<\/a>, <a href=\"https:\/\/tropica-verde.de\/en\/projects-news\/news-abuela-ecologica-en\/\" rel=\"tag\">Fundaci\u00f3n Abuela Ecol\u00f3gica<\/a>, <a href=\"https:\/\/tropica-verde.de\/en\/sdgs-en\/sdg-13-en\/\" rel=\"tag\">SDG 13: Climate action<\/a>, <a href=\"https:\/\/tropica-verde.de\/en\/sdgs-en\/sdg-15-en\/\" rel=\"tag\">SDG 15: Life on Land<\/a><\/span><\/p><div class=\"post-content\"><div class=\"post-content-inner\"><p>Interview: Laura Alfaro Gonzalez presents the project &nbsp; What is the \"\u00c1rboles y Plumas para la Zona Norte\" (Trees and Plumes for the North Zone) project? This is a project for the ecological restoration and protection of biodiversity in the canton of San Carlos,...<\/p>\n<\/div><a href=\"https:\/\/tropica-verde.de\/en\/arboles-y-plumas\/\" class=\"more-link\">read more...<\/a><\/div><\/article><\/div><div class=\"pagination clearfix\">\n\t<div class=\"alignleft\"><\/div>\n\t<div class=\"alignright\"><\/div>\n<\/div><\/div><\/div>\n<\/div>\n<\/div>\n<\/div>","protected":false},"excerpt":{"rendered":"","protected":false},"author":5,"featured_media":251386,"parent":4061,"menu_order":0,"comment_status":"closed","ping_status":"closed","template":"","meta":{"inline_featured_image":false,"footnotes":""},"class_list":["post-251385","page","type-page","status-publish","has-post-thumbnail","hentry"],"_links":{"self":[{"href":"https:\/\/tropica-verde.de\/en\/wp-json\/wp\/v2\/pages\/251385","targetHints":{"allow":["GET"]}}],"collection":[{"href":"https:\/\/tropica-verde.de\/en\/wp-json\/wp\/v2\/pages"}],"about":[{"href":"https:\/\/tropica-verde.de\/en\/wp-json\/wp\/v2\/types\/page"}],"author":[{"embeddable":true,"href":"https:\/\/tropica-verde.de\/en\/wp-json\/wp\/v2\/users\/5"}],"replies":[{"embeddable":true,"href":"https:\/\/tropica-verde.de\/en\/wp-json\/wp\/v2\/comments?post=251385"}],"version-history":[{"count":23,"href":"https:\/\/tropica-verde.de\/en\/wp-json\/wp\/v2\/pages\/251385\/revisions"}],"predecessor-version":[{"id":253442,"href":"https:\/\/tropica-verde.de\/en\/wp-json\/wp\/v2\/pages\/251385\/revisions\/253442"}],"up":[{"embeddable":true,"href":"https:\/\/tropica-verde.de\/en\/wp-json\/wp\/v2\/pages\/4061"}],"wp:featuredmedia":[{"embeddable":true,"href":"https:\/\/tropica-verde.de\/en\/wp-json\/wp\/v2\/media\/251386"}],"wp:attachment":[{"href":"https:\/\/tropica-verde.de\/en\/wp-json\/wp\/v2\/media?parent=251385"}],"curies":[{"name":"wp","href":"https:\/\/api.w.org\/{rel}","templated":true}]}}